{"id":2830,"date":"2021-09-02T11:47:56","date_gmt":"2021-09-02T09:47:56","guid":{"rendered":"https:\/\/www.oehweb.at\/?page_id=2830"},"modified":"2026-05-04T09:47:46","modified_gmt":"2026-05-04T07:47:46","slug":"zuschusstopf-fuer-psychotherapie","status":"publish","type":"page","link":"https:\/\/www.oehweb.at\/en\/zuschusstopf-fuer-psychotherapie\/","title":{"rendered":"Zuschusstopf f\u00fcr Psychotherapie und klinisch-psychologische Behandlungen"},"content":{"rendered":"<div class=\"grve-section grve-row-section grve-fullwidth-background grve-padding-top-3x grve-padding-bottom-3x grve-bg-none grve-headings-light\"  style=\"color:#ffffff;\"><div class=\"grve-container\"><div class=\"grve-row grve-bookmark grve-columns-gap-30\"><div class=\"grve-column wpb_column grve-column-3-4 grve-mobile-column-hide\" ><div class=\"grve-column-wrapper\" ><div class=\"grve-element grve-text grve-leader-text vc_custom_1769080577456\">\r\n\t\t\t<div class=\"grve-small-text\"><\/div>\n<h1 class=\"headline-medium-small-mobile\">Zuschusstopf f\u00fcr Psychotherapie und klinisch-psychologische Behandlungen<\/h1>\n<p>Hier erf\u00e4hrst du, wie du finanzielle Unterst\u00fctzung f\u00fcr deine psychische Gesundheit erhalten kannst!<\/p>\n\r\n\t\t<\/div>\r\n\t<\/div><\/div><div class=\"grve-column wpb_column grve-column-1 grve-desktop-column-hide grve-tablet-column-hide grve-tablet-sm-column-hide\" ><div class=\"grve-column-wrapper\" ><div class=\"grve-element grve-text grve-leader-text vc_custom_1769080590084\">\r\n\t\t\t<div class=\"grve-small-text\"><\/div>\n<h1 class=\"headline-medium-small-mobile\">Zuschusstopf f\u00fcr Psychotherapie und klinisch-psychologische Behandlungen<\/h1>\n<p>Hier erf\u00e4hrst du, wie du finanzielle Unterst\u00fctzung f\u00fcr deine psychische Gesundheit erhalten kannst!<\/p>\n\r\n\t\t<\/div>\r\n\t<\/div><\/div><\/div><\/div><div class=\"grve-background-wrapper\">  <div class=\"grve-bg-image grve-bg-center-center grve-bg-image-id-11246\"   style=\"background-image: url(https:\/\/www.oehweb.at\/wp-content\/uploads\/2026\/03\/Header-Baum-6.12.22-1.jpg);\"><\/div>  <div class=\"grve-bg-overlay\" style=\"background:rgba(27,29,31,0.5); background: linear-gradient(180deg,rgba(27,29,31,0.5) 0%,rgba(27,29,31,0.75) 100%);\"><\/div><\/div><\/div><div class=\"grve-section grve-row-section grve-fullwidth-background grve-bg-none\"  style=\"background:#ff9000;background: linear-gradient(90deg,#ff9000 0%,#ff9000 100%);padding-top: 15px;\"><div class=\"grve-container\"><div class=\"grve-row grve-bookmark grve-columns-gap-30\"><div class=\"grve-column wpb_column grve-column-1\" ><div class=\"grve-column-wrapper\" ><\/div><\/div><\/div><\/div><div class=\"grve-background-wrapper\"><\/div><\/div><div class=\"grve-section grve-row-section grve-fullwidth-background grve-padding-top-4x grve-padding-bottom-4x grve-bg-none grve-desktop-row-hide grve-tablet-row-hide grve-tablet-sm-row-hide grve-mobile-row-hide\"><div class=\"grve-container\"><div class=\"grve-row grve-bookmark grve-columns-gap-60\"><div class=\"grve-column wpb_column grve-column-1\" ><div class=\"grve-column-wrapper\" ><div class=\"grve-element grve-text\">\r\n\t\t\t<p><span style=\"color: #ff0000;\"><strong>Aufgrund der Nachfrage, kann es nach der Antragsstellung einige Zeit dauern, bis dieser bearbeitet wurde. Wir bitten um Geduld und Verst\u00e4ndnis.<\/strong><\/span><\/p>\n\r\n\t\t<\/div>\r\n\t<div class=\"grve-element grve-text vc_custom_1769080600123\">\r\n\t\t\t<h2>Psychotherapie und klinisch-psychologische Behandlung darf nicht am Geld scheitern!<\/h2>\n\r\n\t\t<\/div>\r\n\t<div class=\"grve-element grve-text vc_custom_1635940470157\">\r\n\t\t\t<p>Die psychische Gesundheit vieler Studierender hat sich w\u00e4hrend der Pandemie zunehmend verschlechtert. Bestehende Probleme und Belastungen wurden intensiviert, aber auch vollkommen neue Erschwernisse setzten vielen so weit zu, dass\u00a0 Psychotherapie und klinisch-psychologische Behandlungen dringend notwendig sind, um die psychische Gesundheit wiederherzustellen.<\/p>\n<p>Zu unserem gro\u00dfen Bedauern werden psychische Erkrankungen immer noch nicht vollst\u00e4ndig als Erkrankungen angesehen \u2013 jedenfalls sind Psychotherapien und klinisch-psychologische Behandlungen nicht vollends von der gesetzlichen Krankenversicherung gedeckt. Daher setzen wir ein Zeichen und greifen dir bei der Inanspruchnahme professioneller psychologischer Hilfe im Rahmen einer Psychotherapie und klinisch-psychologischen Behandlung unter die Arme!<\/p>\n\r\n\t\t<\/div>\r\n\t<div class=\"grve-row-inner grve-bookmark vc_custom_1630650650302 no-mobile\">\r\n\t\t<div class=\"grve-column-inner wpb_column grve-column-1 grve-mobile-column-hide grve-drop-shadow\">\r\n\t\t\t<div class=\"grve-column-wrapper-inner vc_custom_1630650529214\">\r\n\t\t\t<div class=\"grve-element grve-text vc_custom_1741685946995\">\r\n\t\t\t<p><strong>\u00d6H Zuschuss<\/strong><\/p>\n<p style=\"margin-bottom: 22.5pt; vertical-align: baseline;\"><span style=\"font-size: 10.5pt; font-family: 'Arial',sans-serif;\">Stelle deinen Antrag und erhalte bis zu 55 \u20ac pro Behandlungs-, Therapie- oder Beratungseinheit f\u00fcr bis zu 10 Einheiten klinisch-psychologischer Behandlung durch Klinische Psycholog:innen und\/oder Psychotherapie durch Psychotherapeut:innen (max. Refundierung: 550 Euro).<\/span><\/p>\n<p style=\"margin-bottom: 22.5pt; vertical-align: baseline; box-sizing: border-box; font-stretch: inherit; line-height: inherit; font-size-adjust: inherit; font-kerning: inherit; font-variant-alternates: inherit; font-variant-ligatures: inherit; font-variant-numeric: inherit; font-variant-east-asian: inherit; font-variant-position: inherit; font-feature-settings: inherit; font-optical-sizing: inherit; font-variation-settings: inherit; caret-color: #5e5e5e;\"><span style=\"font-size: 10.5pt; font-family: 'Arial',sans-serif;\">Bei Psychotherapeut:innen in Ausbildung unter Supervision k\u00f6nnen bis zu 40 \u20ac pro Therapie- und Beratungseinheit f\u00fcr bis zu 14 Einheiten eingereicht werden (max. Refundierung: 560 Euro).<\/span><\/p>\n<p>Gef\u00f6rdert werden s\u00e4mtliche psychologische Therapien und klinisch-psychologische Behandlungen.<br \/>\nSolltest du dir nicht sicher sein ob deine Behandlung f\u00f6rderungsw\u00fcrdig ist, stelle jedenfalls einen Antrag!<\/p>\n\r\n\t\t<\/div>\r\n\t\r\n\t\t\t<\/div>\r\n\t\t<\/div>\r\n\t<\/div><div class=\"grve-row-inner grve-bookmark vc_custom_1630650650302 no-mobile\">\r\n\t\t<div class=\"grve-column-inner wpb_column grve-column-1 grve-mobile-column-hide grve-drop-shadow\">\r\n\t\t\t<div class=\"grve-column-wrapper-inner vc_custom_1630650529214\">\r\n\t\t\t<div class=\"grve-element grve-text vc_custom_1769080659594\">\r\n\t\t\t<p class=\"headline-medium-small-mobile\"><strong>Zuschusstopf f\u00fcr Psychotherapie und klinisch-psychologische Behandlungen endet am 30.04.2026!<br \/>\n<\/strong>Stelle unbedingt zeitgerecht deinen Antrag &#8211; alle nach dem 30.04.2026 abgegebenen Antr\u00e4ge werden ausnahmslos nicht mehr ber\u00fccksichtigt!<\/p>\n\r\n\t\t<\/div>\r\n\t<div class=\"grve-element grve-text vc_custom_1705338661682\">\r\n\t\t\t<p class=\"headline-medium-small-mobile\"><strong>In 5 Schritten zu deinem Zuschuss:<\/strong><\/p>\n<div>\n<p>1. Lies dir die <strong>Richtlinien<\/strong> genau durch<br \/>\n2. Antrag runterladen und ausf\u00fcllen<br \/>\n3. Erforderliche <strong>Unterlagen<\/strong> bereitstellen<br \/>\n4. Per Formular auf der Webseite direkt absenden (siehe unten)<br \/>\n5. Regelm\u00e4\u00dfig deine Student-Mail checken<\/p>\n<\/div>\n\r\n\t\t<\/div>\r\n\t\r\n\t\t\t<\/div>\r\n\t\t<\/div>\r\n\t<\/div><\/div><\/div><\/div><\/div><div class=\"grve-background-wrapper\"><\/div><\/div><div class=\"grve-section grve-row-section grve-fullwidth-background grve-padding-top-4x grve-padding-bottom-3x grve-bg-none grve-headings-dark grve-desktop-row-hide grve-tablet-row-hide grve-tablet-sm-row-hide grve-mobile-row-hide\"  style=\"background-color:#f4f4f4;color:#000000;\"><div class=\"grve-container\"><div class=\"grve-row grve-bookmark grve-columns-gap-30\"><div class=\"grve-column wpb_column grve-column-1\" ><div class=\"grve-column-wrapper\" ><div class=\"grve-element grve-text vc_custom_1769080624326\">\r\n\t\t\t<h1><span style=\"color: #ff0000;\"><strong>Achtung!!<\/strong><\/span><\/h1>\n<p><strong>Unbedingt darauf achten, welche Dokumente mitzusenden sind!!<\/strong><\/p>\n<p><em>Bitte dringend die <strong>Richtlinien<\/strong> durchlesen, damit der Antrag richtig ausgef\u00fcllt wird und es hier so schnell wie m\u00f6glich zu einer Auszahlung kommen kann.<\/em><\/p>\n<p>Der Antrag alleine reicht nicht aus!! Alle geforderten Dokumente beilegen!<\/p>\n\r\n\t\t<\/div>\r\n\t<div class=\"grve-row-inner grve-bookmark\">\r\n\t\t<div class=\"grve-column-inner wpb_column grve-column-1-3\">\r\n\t\t\t<div class=\"grve-column-wrapper-inner\">\r\n\t\t\t<div class=\"grve-element grve-box-icon grve-large grve-top-icon grve-align-center\" style=\"\"><div class=\"grve-wrapper-icon grve-no-shape\" style=\"\"><i class=\"grve-text-primary-1 smp-icon-doc\"><\/i><\/div><div class=\"grve-box-content\"><div class=\"grve-box-title-wrapper\"><div class=\"grve-box-title grve-leader-text\">Richtlinien<\/div><\/div><\/div><\/div>\r\n\t\t\t<\/div>\r\n\t\t<\/div>\r\n\t\r\n\t\t<div class=\"grve-column-inner wpb_column grve-column-1-3\">\r\n\t\t\t<div class=\"grve-column-wrapper-inner\">\r\n\t\t\t<div class=\"grve-element grve-box-icon grve-large grve-top-icon grve-align-center\" style=\"\"><div class=\"grve-wrapper-icon grve-no-shape\" style=\"\"><i class=\"grve-text-primary-1 smp-icon-doc\"><\/i><\/div><div class=\"grve-box-content\"><div class=\"grve-box-title-wrapper\"><div class=\"grve-box-title grve-leader-text\">Antrag<\/div><\/div><\/div><\/div>\r\n\t\t\t<\/div>\r\n\t\t<\/div>\r\n\t\r\n\t\t<div class=\"grve-column-inner wpb_column grve-column-1-3\">\r\n\t\t\t<div class=\"grve-column-wrapper-inner\">\r\n\t\t\t\r\n\t\t\t<\/div>\r\n\t\t<\/div>\r\n\t<\/div><\/div><\/div><div class=\"grve-column wpb_column grve-column-1\" ><div class=\"grve-column-wrapper\" >\n<div class=\"wpcf7 no-js\" id=\"wpcf7-f7942-o1\" lang=\"de-DE\" dir=\"ltr\">\n<div class=\"screen-reader-response\"><p role=\"status\" aria-live=\"polite\" aria-atomic=\"true\"><\/p> <ul><\/ul><\/div>\n<form action=\"\/en\/wp-json\/wp\/v2\/pages\/2830#wpcf7-f7942-o1\" method=\"post\" class=\"wpcf7-form init\" aria-label=\"Kontaktformular\" enctype=\"multipart\/form-data\" novalidate=\"novalidate\" data-status=\"init\" data-trp-original-action=\"\/en\/wp-json\/wp\/v2\/pages\/2830#wpcf7-f7942-o1\">\n<div style=\"display: none;\">\n<input type=\"hidden\" name=\"_wpcf7\" value=\"7942\" \/>\n<input type=\"hidden\" name=\"_wpcf7_version\" value=\"5.8.6\" \/>\n<input type=\"hidden\" name=\"_wpcf7_locale\" value=\"de_DE\" \/>\n<input type=\"hidden\" name=\"_wpcf7_unit_tag\" value=\"wpcf7-f7942-o1\" \/>\n<input type=\"hidden\" name=\"_wpcf7_container_post\" value=\"0\" \/>\n<input type=\"hidden\" name=\"_wpcf7_posted_data_hash\" value=\"\" \/>\n<\/div>\n<div class=\"uacf7-form-7942\"><label> Surname\n    <span class=\"wpcf7-form-control-wrap\" data-name=\"your-name\"><input size=\"40\" class=\"wpcf7-form-control wpcf7-text wpcf7-validates-as-required\" autocomplete=\"name\" aria-required=\"true\" aria-invalid=\"false\" value=\"\" type=\"text\" name=\"your-name\" \/><\/span> <\/label>\n\n<label> Firstname\n    <span class=\"wpcf7-form-control-wrap\" data-name=\"your-vorname\"><input size=\"40\" class=\"wpcf7-form-control wpcf7-text wpcf7-validates-as-required\" autocomplete=\"vorname\" aria-required=\"true\" aria-invalid=\"false\" value=\"\" type=\"text\" name=\"your-vorname\" \/><\/span> <\/label>\n\n<label> Date of birth\n    <span class=\"wpcf7-form-control-wrap\" data-name=\"Geburtsdatum\"><input class=\"wpcf7-form-control wpcf7-date wpcf7-validates-as-required wpcf7-validates-as-date\" min=\"1900-01-01\" max=\"2024-01-01\" aria-required=\"true\" aria-invalid=\"false\" placeholder=\"01.01.1990\" value=\"\" type=\"date\" name=\"Geburtsdatum\" \/><\/span> <\/label>\n\n<label> Studierenden Emailadresse (@student.uibk.ac.at)\n    <span class=\"wpcf7-form-control-wrap\" data-name=\"your-email\"><input size=\"40\" class=\"wpcf7-form-control wpcf7-email wpcf7-validates-as-required wpcf7-text wpcf7-validates-as-email\" autocomplete=\"email\" aria-required=\"true\" aria-invalid=\"false\" value=\"\" type=\"email\" name=\"your-email\" \/><\/span> <\/label>\n\n<label> IBAN\n    <span class=\"wpcf7-form-control-wrap\" data-name=\"your-iban\"><input size=\"40\" class=\"wpcf7-form-control wpcf7-text wpcf7-validates-as-required\" autocomplete=\"iban\" aria-required=\"true\" aria-invalid=\"false\" value=\"\" type=\"text\" name=\"your-iban\" \/><\/span> <\/label>\n\n<label> Ausgef\u00fclltes Antragsformular \n    <span class=\"wpcf7-form-control-wrap\" data-name=\"Antragsformular\"><input size=\"40\" class=\"wpcf7-form-control wpcf7-file wpcf7-validates-as-required\" accept=\".pdf\" aria-required=\"true\" aria-invalid=\"false\" type=\"file\" name=\"Antragsformular\" \/><\/span> <\/label>\n\n<label> Studienblatt des aktuellen Semesters\n    <span class=\"wpcf7-form-control-wrap\" data-name=\"Studienblatt\"><input size=\"40\" class=\"wpcf7-form-control wpcf7-file wpcf7-validates-as-required\" accept=\".pdf\" aria-required=\"true\" aria-invalid=\"false\" type=\"file\" name=\"Studienblatt\" \/><\/span> <\/label>\n\n<label> Vollst\u00e4ndiger Studienerfolgsnachweis\n    <span class=\"wpcf7-form-control-wrap\" data-name=\"Studienerfolgsnachweis\"><input size=\"40\" class=\"wpcf7-form-control wpcf7-file wpcf7-validates-as-required\" accept=\".pdf\" aria-required=\"true\" aria-invalid=\"false\" type=\"file\" name=\"Studienerfolgsnachweis\" \/><\/span> <\/label>\n\n<label> Rechnungskopie der Therapie bzw. klinisch-psychologische Behandlungen\n    <span class=\"wpcf7-form-control-wrap\" data-name=\"Rechnungskopie\"><input size=\"40\" class=\"wpcf7-form-control wpcf7-file wpcf7-validates-as-required\" accept=\".pdf\" aria-required=\"true\" aria-invalid=\"false\" type=\"file\" name=\"Rechnungskopie\" \/><\/span> <\/label>\n\n<label> Zahlungsbest\u00e4tigung der Therapie bzw. klinisch- psychologische Behandlungen\n    <span class=\"wpcf7-form-control-wrap\" data-name=\"Zahlungsbesttigung\"><input size=\"40\" class=\"wpcf7-form-control wpcf7-file wpcf7-validates-as-required\" accept=\".pdf\" aria-required=\"true\" aria-invalid=\"false\" type=\"file\" name=\"Zahlungsbesttigung\" \/><\/span> <\/label>\n\n<br>\n<h3> Optional: <\/h3>\n<label> Best\u00e4tigung \u00fcber erfolgte Versicherungsleistungen zur Psychotherapie und klinisch-psychologische Behandlung\n    <span class=\"wpcf7-form-control-wrap\" data-name=\"erfolgteVersicherungsleistungen\"><input size=\"40\" class=\"wpcf7-form-control wpcf7-file\" accept=\".pdf\" aria-invalid=\"false\" type=\"file\" name=\"erfolgteVersicherungsleistungen\" \/><\/span> <\/label>\n\n<label> Schriftliche Begr\u00fcndung f\u00fcr das Nicht-Erreichen des g\u00fcnstigen Studienerfolgs\n    <span class=\"wpcf7-form-control-wrap\" data-name=\"Studienerfolgs\"><input size=\"40\" class=\"wpcf7-form-control wpcf7-file\" accept=\".pdf\" aria-invalid=\"false\" type=\"file\" name=\"Studienerfolgs\" \/><\/span> <\/label>\n\n<input class=\"wpcf7-form-control wpcf7-submit has-spinner\" type=\"submit\" value=\"Senden\" \/><\/div><div class=\"wpcf7-response-output\" aria-hidden=\"true\"><\/div>\n<input type=\"hidden\" name=\"trp-form-language\" value=\"en\"\/><\/form>\n<\/div>\n<\/div><\/div><\/div><\/div><div class=\"grve-background-wrapper\"><\/div><\/div><div class=\"grve-section grve-row-section grve-fullwidth-background grve-padding-top-4x grve-padding-bottom-3x grve-bg-none grve-headings-dark grve-desktop-row-hide grve-tablet-row-hide grve-tablet-sm-row-hide grve-mobile-row-hide\"  style=\"background-color:#f4f4f4;color:#000000;\"><div class=\"grve-container\"><div class=\"grve-row grve-bookmark grve-columns-gap-30\"><div class=\"grve-column wpb_column grve-column-1\" ><div class=\"grve-column-wrapper vc_custom_1668518967063\" ><div class=\"grve-row-inner grve-bookmark\">\r\n\t\t<div class=\"grve-column-inner wpb_column grve-column-1-2\">\r\n\t\t\t<div class=\"grve-column-wrapper-inner\">\r\n\t\t\t<div class=\"grve-element grve-text vc_custom_1668678348284\">\r\n\t\t\t<h5><strong>\u00d6H Unterst\u00fctzungsleistung:<\/strong><\/h5>\n<p>Insgesamt bis zu 550\u20ac bzw. 560\u20ac bei Supervision.<br \/>\nOb du f\u00f6rderw\u00fcrdig bist, erf\u00e4hrst du in den Richtlinien des Antrags.<\/p>\n\r\n\t\t<\/div>\r\n\t\r\n\t\t\t<\/div>\r\n\t\t<\/div>\r\n\t\r\n\t\t<div class=\"grve-column-inner wpb_column grve-column-1-2\">\r\n\t\t\t<div class=\"grve-column-wrapper-inner\">\r\n\t\t\t\r\n\t\t\t<\/div>\r\n\t\t<\/div>\r\n\t<\/div><\/div><\/div><div class=\"grve-column wpb_column grve-column-2-3 grve-desktop-column-hide grve-tablet-column-hide grve-tablet-sm-column-hide grve-mobile-column-hide\" ><div class=\"grve-column-wrapper\" ><\/div><\/div><\/div><\/div><div class=\"grve-background-wrapper\"><\/div><\/div><div class=\"grve-section grve-row-section grve-fullwidth-background grve-padding-top-5x grve-padding-bottom-1x grve-bg-none\"><div class=\"grve-container\"><div class=\"grve-row grve-bookmark grve-columns-gap-30\"><div class=\"grve-column wpb_column grve-column-1\" ><div class=\"grve-column-wrapper\" ><div class=\"grve-element grve-text\">\r\n\t\t\t\r\n\t\t<\/div>\r\n\t<div class=\"grve-element grve-text grve-leader-text\">\r\n\t\t\t<h2>Informationen zur psychischen Gesundheit<\/h2>\n\r\n\t\t<\/div>\r\n\t<\/div><\/div><\/div><\/div><div class=\"grve-background-wrapper\"><\/div><\/div><div class=\"grve-section grve-row-section grve-fullwidth-background grve-padding-top-1x grve-padding-bottom-3x grve-bg-none\"><div class=\"grve-container\"><div class=\"grve-row grve-bookmark grve-columns-gap-60\"><div class=\"grve-column wpb_column grve-column-1-3\" ><div class=\"grve-column-wrapper\" ><div class=\"grve-element grve-text vc_custom_1630572036046\">\r\n\t\t\t<h5 class=\"faq-titel\">Erste Anlaufstelle f\u00fcr Studierende<\/h5>\n<p>Die Psychologische Studierendenberatung ist deine erste Anlaufstelle f\u00fcr alle Fragen und Anliegen zu deiner psychischen Gesundheit! Nat\u00fcrlich f\u00fcr alle Studierenden GRATIS!<\/p>\n\r\n\t\t<\/div>\r\n\t<div class=\"grve-element grve-align-left\"><a href=\"https:\/\/www.studierendenberatung.at\/standorte\/innsbruck\/ueberblick\/\" target=\"_blank\" rel=\"noopener noreferrer\" class=\"grve-btn grve-btn-medium grve-btn-underline grve-text-primary-1 grve-text-hover-primary-1\"><span>weitere Infos<span class=\"grve-btn-bottom-line grve-bg-primary-1\"><\/span><\/span><\/a><\/div><\/div><\/div><div class=\"grve-column wpb_column grve-column-1-3\" ><div class=\"grve-column-wrapper\" ><div class=\"grve-element grve-text vc_custom_1630572054395\">\r\n\t\t\t<h5 class=\"faq-titel\">F\u00f6rderungsm\u00f6glichkeiten und Kassenleistungen<\/h5>\n<p>Auf dieser Website findest du aktuelle Informationen rund um Psychotherapie generell, verschiedene Kassenleistungen der g\u00e4ngigsten Sozialversicherungstr\u00e4ger und weitere M\u00f6glichkeiten der Kosten\u00fcbernahme:<\/p>\n\r\n\t\t<\/div>\r\n\t<div class=\"grve-element grve-align-left\"><a href=\"https:\/\/www.psyonline.at\/contents\/7437\/ueberblick-kosten-der-psychotherapie\" target=\"_blank\" rel=\"noopener noreferrer\" class=\"grve-btn grve-btn-medium grve-btn-underline grve-text-primary-1 grve-text-hover-primary-1\"><span>weitere Infos<span class=\"grve-btn-bottom-line grve-bg-primary-1\"><\/span><\/span><\/a><\/div><\/div><\/div><div class=\"grve-column wpb_column grve-column-1-3\" ><div class=\"grve-column-wrapper\" ><div class=\"grve-element grve-text vc_custom_1630572072201\">\r\n\t\t\t<h5 class=\"faq-titel\">Tiroler Landesverbandes f\u00fcr Psychotherapie<\/h5>\n<p>Auf der Website des Tiroler Landesverbandes f\u00fcr Psychotherapie findest du ebenso spezifische Informationen zur Psychotherapie allgemein, dem Ablauf einer Therapie und auch verschiedener Finanzierungsm\u00f6glichkeiten:<\/p>\n\r\n\t\t<\/div>\r\n\t<div class=\"grve-element grve-align-left\"><a href=\"https:\/\/www.psychotherapie-tirol.at\/patientinnen\/allgemeines\/was-ist-psychotherapie\" target=\"_blank\" rel=\"noopener noreferrer\" class=\"grve-btn grve-btn-medium grve-btn-underline grve-text-primary-1 grve-text-hover-primary-1\"><span>weitere Infos<span class=\"grve-btn-bottom-line grve-bg-primary-1\"><\/span><\/span><\/a><\/div><\/div><\/div><\/div><\/div><div class=\"grve-background-wrapper\"><\/div><\/div><div class=\"grve-section grve-row-section grve-fullwidth-background grve-padding-top-1x grve-padding-bottom-3x grve-bg-none\"><div class=\"grve-container\"><div class=\"grve-row grve-bookmark grve-columns-gap-60\"><div class=\"grve-column wpb_column grve-column-1-3\" ><div class=\"grve-column-wrapper\" ><div class=\"grve-element grve-text vc_custom_1635941525606\">\r\n\t\t\t<h5>Psychnet \u2013 Psycholog_innen-Register<\/h5>\n<p>In diesem Register finden sich s\u00e4mtliche Psycholog_innen in deiner Umgebung und ist damit eine gute Unterst\u00fctzung bei der Suchen ach der geeigneten Behandlung.<\/p>\n\r\n\t\t<\/div>\r\n\t<div class=\"grve-element grve-align-left\"><a href=\"https:\/\/www.psychnet.at\/\" target=\"_blank\" rel=\"noopener noreferrer\" class=\"grve-btn grve-btn-medium grve-btn-underline grve-text-primary-1 grve-text-hover-primary-1\"><span>weitere Infos<span class=\"grve-btn-bottom-line grve-bg-primary-1\"><\/span><\/span><\/a><\/div><\/div><\/div><div class=\"grve-column wpb_column grve-column-1-3\" ><div class=\"grve-column-wrapper\" ><div class=\"grve-element grve-text vc_custom_1649321279092\">\r\n\t\t\t<h5>Bundesweite Krisenhotline<\/h5>\n<p>Die Helpline ist unter der Nummer<br \/>\n01\/ 504 8000<br \/>\nvon Montag \u2013 Donnerstag von 9:00 \u2013 13:00 Uhr<br \/>\nzu erreichen.<\/p>\n<p>F\u00fcr Fragen und pers\u00f6nlichen Anliegen am Telefon und per e-Mail (<a href=\"mailto:helpline@psychologiehilft.at\">helpline@psychologiehilft.at<\/a>) stehen hochqualifizierte PsychologInnen zur Verf\u00fcgung.<\/p>\n\r\n\t\t<\/div>\r\n\t<\/div><\/div><div class=\"grve-column wpb_column grve-column-1-3\" ><div class=\"grve-column-wrapper\" ><div class=\"grve-element grve-text vc_custom_1635941681237\">\r\n\t\t\t<h5>B\u00d6P Tirol<\/h5>\n<p>Der Berufsverband der \u00d6sterreichischen Psycholog_innen ist die gr\u00f6\u00dfte Interessenvertretung der \u00f6sterreichischen Psycholog_innen und ist damit ausgezeichnet mit der psychosozialen Versorgung \u00d6sterreichs vertraut.<\/p>\n\r\n\t\t<\/div>\r\n\t<div class=\"grve-element grve-align-left\"><a href=\"https:\/\/www.boep.or.at\/berufsverband\/landesgruppen\/tirol\" target=\"_blank\" rel=\"noopener noreferrer\" class=\"grve-btn grve-btn-medium grve-btn-underline grve-text-primary-1 grve-text-hover-primary-1\"><span>weitere Infos<span class=\"grve-btn-bottom-line grve-bg-primary-1\"><\/span><\/span><\/a><\/div><\/div><\/div><\/div><\/div><div class=\"grve-background-wrapper\"><\/div><\/div><div class=\"grve-section grve-row-section grve-fullwidth-background grve-padding-top-1x grve-padding-bottom-3x grve-bg-none\"><div class=\"grve-container\"><div class=\"grve-row grve-bookmark grve-columns-gap-60\"><div class=\"grve-column wpb_column grve-column-1\" ><div class=\"grve-column-wrapper\" ><div class=\"grve-element grve-text vc_custom_1674634543334\">\r\n\t\t\t<h5>Hier findest du diverse Listen zu Behandlungs- und Therapiem\u00f6glichkeiten<\/h5>\n<p><em>\u201eWir \u00fcbernehmen keinerlei Garantie f\u00fcr die G\u00fcltigkeit und Aktualit\u00e4t der Listen, da wir diese nur als Unterst\u00fctzung und niederschwellige Information hier verlinken.\u201c<\/em><\/p>\n<ol>\n<li><strong>BMSGPK \u2013 Gesundheitspsycholog:innen<\/strong> <strong>&#8211;<\/strong> <a href=\"https:\/\/gesundheitspsychologie.ehealth.gv.at\/\">https:\/\/gesundheitspsychologie.ehealth.gv.at\/<\/a><\/li>\n<li><strong>BMSGPK Psychotherapie<\/strong> &#8211; <a href=\"https:\/\/psychotherapie.ehealth.gv.at\/\">https:\/\/psychotherapie.ehealth.gv.at\/<\/a><\/li>\n<li><strong>B\u00d6P PsychNet &#8211; \u00a0Beratung, Behandlung und Therapie<\/strong> <strong>&#8211;<\/strong> <a href=\"https:\/\/www.psychnet.at\/suche?geo_search_type=state_region&amp;geo_address=Tirol&amp;geo_state=Tirol&amp;setting=ALT2+40\">https:\/\/www.psychnet.at<br \/>\n\/suche?geo_search_type=state_region&amp;geo_address=Tirol&amp;geo_state=Tirol&amp;setting=ALT2+40<\/a><\/li>\n<li><strong>B\u00d6P PsychNet \u2013 Klinisch-psychologische Diagnostik &#8211;\u00a0<\/strong><a href=\"https:\/\/www.psychnet.at\/suche?clinical=1&amp;geo_search_type=state_region&amp;geo_state=Tirol\">https:\/\/www.psychnet.at\/suche?clinical=1&amp;geo_search_type=state_region&amp;geo_state=Tirol<\/a><\/li>\n<li><strong>TLP \u2013 Psychotherapeut:innen &#8211;<\/strong> <a href=\"https:\/\/www.psychotherapie-tirol.at\/patientinnen\/psychotherapeutinnen-suche?familienname=&amp;bezirk=Alle&amp;plz=&amp;ort=&amp;berufsgruppe=pth&amp;geschlecht=P&amp;suchen=Suchen&amp;suchen=Erweiterte+Suche\">https:\/\/www.psychotherapie-tirol.at\/patientinnen\/psychotherapeutinnen-suche?familienname=&amp;bezirk=Alle&amp;plz=&amp;ort=&amp;berufsgruppe=pth&amp;geschlecht=P&amp;suchen=Suchen&amp;suchen=Erweiterte+Suche<\/a><\/li>\n<li><strong>PsyOnline Therapeut:innensuche &#8211;<\/strong> <a href=\"https:\/\/www.psyonline.at\/\">https:\/\/www.psyonline.at\/<\/a><\/li>\n<li><strong>Queermed \u2013<\/strong> <a href=\"https:\/\/www.queermed.at\/2020\/09\/03\/tirol\/\">https:\/\/www.queermed.at\/2020\/09\/03\/tirol\/<\/a><\/li>\n<li><strong>Psychotherapie in einer Fremdsprache &#8211;<\/strong> <a href=\"https:\/\/www.psyonline.at\/fremdsprachen\">https:\/\/www.psyonline.at\/fremdsprachen<\/a><\/li>\n<\/ol>\n\r\n\t\t<\/div>\r\n\t<\/div><\/div><\/div><\/div><div class=\"grve-background-wrapper\"><\/div><\/div><div class=\"grve-section grve-row-section grve-fullwidth-background grve-padding-top-5x grve-padding-bottom-3x grve-bg-none grve-custom-height grve-middle-content\"  style=\"background-color:#f4f4f4;\"><div class=\"grve-container\"><div class=\"grve-row grve-bookmark grve-columns-gap-60\"><div class=\"grve-column wpb_column grve-column-1-2\" ><div class=\"grve-column-wrapper\" ><div class=\"grve-element grve-text vc_custom_1630572638702\">\r\n\t\t\t<h2>Kontakt<\/h2>\n\r\n\t\t<\/div>\r\n\t<div class=\"grve-element grve-text zeilenabstand-large\">\r\n\t\t\t<h5><span style=\"color: #000000;\">Sozialreferat<br \/>\n<\/span><\/h5>\n<p><strong>E-Mail:<\/strong> <a href=\"mailto:psychotherapie@oeh.cc\">psychotherapie@oeh.cc<\/a><\/p>\n\r\n\t\t<\/div>\r\n\t<\/div><\/div><div class=\"grve-column wpb_column grve-column-1-2\" ><div class=\"grve-column-wrapper vc_custom_1630909887277 grve-shadow-small grve-with-shadow\" ><div class=\"grve-element grve-text vc_custom_1630573240669\">\r\n\t\t\t<p>Hast du Fragen oder ein Anliegen zum Thema?<\/p>\n\r\n\t\t<\/div>\r\n\t\n<div class=\"wpcf7 no-js\" id=\"wpcf7-f2846-o2\" lang=\"de-DE\" dir=\"ltr\">\n<div class=\"screen-reader-response\"><p role=\"status\" aria-live=\"polite\" aria-atomic=\"true\"><\/p> <ul><\/ul><\/div>\n<form action=\"\/en\/wp-json\/wp\/v2\/pages\/2830#wpcf7-f2846-o2\" method=\"post\" class=\"wpcf7-form init\" aria-label=\"Kontaktformular\" novalidate=\"novalidate\" data-status=\"init\" data-trp-original-action=\"\/en\/wp-json\/wp\/v2\/pages\/2830#wpcf7-f2846-o2\">\n<div style=\"display: none;\">\n<input type=\"hidden\" name=\"_wpcf7\" value=\"2846\" \/>\n<input type=\"hidden\" name=\"_wpcf7_version\" value=\"5.8.6\" \/>\n<input type=\"hidden\" name=\"_wpcf7_locale\" value=\"de_DE\" \/>\n<input type=\"hidden\" name=\"_wpcf7_unit_tag\" value=\"wpcf7-f2846-o2\" \/>\n<input type=\"hidden\" name=\"_wpcf7_container_post\" value=\"0\" \/>\n<input type=\"hidden\" name=\"_wpcf7_posted_data_hash\" value=\"\" \/>\n<\/div>\n<div class=\"uacf7-form-2846\"><div class=\"grve-form grve-underline grve-fields-round\">\n<div class=\"grve-fields-wrapper\">\n<div><span class=\"wpcf7-form-control-wrap\" data-name=\"your-name\"><input size=\"40\" class=\"wpcf7-form-control wpcf7-text wpcf7-validates-as-required\" aria-required=\"true\" aria-invalid=\"false\" placeholder=\"Dein Name\" value=\"\" type=\"text\" name=\"your-name\" \/><\/span><\/div>\n<div><span class=\"wpcf7-form-control-wrap\" data-name=\"your-email\"><input size=\"40\" class=\"wpcf7-form-control wpcf7-email wpcf7-validates-as-required wpcf7-text wpcf7-validates-as-email\" aria-required=\"true\" aria-invalid=\"false\" placeholder=\"Deine E-Mail Adresse\" value=\"\" type=\"email\" name=\"your-email\" \/><\/span><\/div>\n<div><span class=\"wpcf7-form-control-wrap\" data-name=\"your-message\"><textarea cols=\"10\" rows=\"3\" class=\"wpcf7-form-control wpcf7-textarea\" aria-invalid=\"false\" placeholder=\"Dein Fragen oder Anliegen\" name=\"your-message\"><\/textarea><\/span><\/div>\n<div><input class=\"wpcf7-form-control wpcf7-submit has-spinner btn-sml-cf7\" type=\"submit\" value=\"Nachricht senden\" \/><\/div>\n<\/div>\n<\/div><\/div><div class=\"wpcf7-response-output\" aria-hidden=\"true\"><\/div>\n<input type=\"hidden\" name=\"trp-form-language\" value=\"en\"\/><\/form>\n<\/div>\n<\/div><\/div><\/div><\/div><div class=\"grve-background-wrapper\"><\/div><\/div><div class=\"grve-column wpb_column grve-column-1-3\" ><div class=\"grve-column-wrapper vc_custom_1604660442510\" ><\/div><\/div>","protected":false},"excerpt":{"rendered":"Zuschusstopf f\u00fcr Psychotherapie und klinisch-psychologische Behandlungen Hier erf\u00e4hrst du, wie du finanzielle Unterst\u00fctzung f\u00fcr deine psychische Gesundheit erhalten kannst! Zuschusstopf f\u00fcr Psychotherapie und klinisch-psychologische Behandlungen Hier erf\u00e4hrst du, wie du finanzielle Unterst\u00fctzung f\u00fcr deine psychische Gesundheit erhalten kannst! Aufgrund der Nachfrage, kann es nach der Antragsstellung einige Zeit dauern, bis dieser bearbeitet wurde. Wir bitten [...]","protected":false},"author":1,"featured_media":0,"parent":0,"menu_order":0,"comment_status":"closed","ping_status":"closed","template":"","meta":{"inline_featured_image":false,"footnotes":""},"class_list":["post-2830","page","type-page","status-publish","hentry"],"yoast_head":"<!-- This site is optimized with the Yoast SEO plugin v21.8.1 - https:\/\/yoast.com\/wordpress\/plugins\/seo\/ -->\n<title>Zuschusstopf f\u00fcr Psychotherapie und klinisch-psychologische Behandlungen - \u00d6H Innsbruck<\/title>\n<meta name=\"robots\" content=\"noindex, nofollow\" \/>\n<meta property=\"og:locale\" content=\"en_GB\" \/>\n<meta property=\"og:type\" content=\"article\" \/>\n<meta property=\"og:title\" content=\"Zuschusstopf f\u00fcr Psychotherapie und klinisch-psychologische Behandlungen - \u00d6H Innsbruck\" \/>\n<meta property=\"og:url\" content=\"https:\/\/www.oehweb.at\/en\/zuschusstopf-fuer-psychotherapie\/\" \/>\n<meta property=\"og:site_name\" content=\"\u00d6H Innsbruck\" \/>\n<meta property=\"article:modified_time\" content=\"2026-05-04T07:47:46+00:00\" \/>\n<meta name=\"twitter:card\" content=\"summary_large_image\" \/>\n<meta name=\"twitter:label1\" content=\"Estimated reading time\" \/>\n\t<meta name=\"twitter:data1\" content=\"6 minutes\" \/>\n<script type=\"application\/ld+json\" class=\"yoast-schema-graph\">{\"@context\":\"https:\/\/schema.org\",\"@graph\":[{\"@type\":\"WebPage\",\"@id\":\"https:\/\/www.oehweb.at\/zuschusstopf-fuer-psychotherapie\/\",\"url\":\"https:\/\/www.oehweb.at\/zuschusstopf-fuer-psychotherapie\/\",\"name\":\"Zuschusstopf f\u00fcr Psychotherapie und klinisch-psychologische Behandlungen - \u00d6H Innsbruck\",\"isPartOf\":{\"@id\":\"https:\/\/www.oehweb.at\/#website\"},\"datePublished\":\"2021-09-02T09:47:56+00:00\",\"dateModified\":\"2026-05-04T07:47:46+00:00\",\"breadcrumb\":{\"@id\":\"https:\/\/www.oehweb.at\/zuschusstopf-fuer-psychotherapie\/#breadcrumb\"},\"inLanguage\":\"en-GB\",\"potentialAction\":[{\"@type\":\"ReadAction\",\"target\":[\"https:\/\/www.oehweb.at\/zuschusstopf-fuer-psychotherapie\/\"]}]},{\"@type\":\"BreadcrumbList\",\"@id\":\"https:\/\/www.oehweb.at\/zuschusstopf-fuer-psychotherapie\/#breadcrumb\",\"itemListElement\":[{\"@type\":\"ListItem\",\"position\":1,\"name\":\"Home\",\"item\":\"https:\/\/www.oehweb.at\/\"},{\"@type\":\"ListItem\",\"position\":2,\"name\":\"Zuschusstopf f\u00fcr Psychotherapie und klinisch-psychologische Behandlungen\"}]},{\"@type\":\"WebSite\",\"@id\":\"https:\/\/www.oehweb.at\/#website\",\"url\":\"https:\/\/www.oehweb.at\/\",\"name\":\"\u00d6H Innsbruck\",\"description\":\"Wir sind die \u00d6sterreichische Hochsch\u00fclerInnenschaft an der Universit\u00e4t Innsbruck\",\"publisher\":{\"@id\":\"https:\/\/www.oehweb.at\/#organization\"},\"potentialAction\":[{\"@type\":\"SearchAction\",\"target\":{\"@type\":\"EntryPoint\",\"urlTemplate\":\"https:\/\/www.oehweb.at\/?s={search_term_string}\"},\"query-input\":\"required name=search_term_string\"}],\"inLanguage\":\"en-GB\"},{\"@type\":\"Organization\",\"@id\":\"https:\/\/www.oehweb.at\/#organization\",\"name\":\"\u00d6H Innsrbruck\",\"url\":\"https:\/\/www.oehweb.at\/\",\"logo\":{\"@type\":\"ImageObject\",\"inLanguage\":\"en-GB\",\"@id\":\"https:\/\/www.oehweb.at\/#\/schema\/logo\/image\/\",\"url\":\"https:\/\/www.oehweb.at\/wp-content\/uploads\/2020\/11\/OEH-Innsbruck-Logo.svg\",\"contentUrl\":\"https:\/\/www.oehweb.at\/wp-content\/uploads\/2020\/11\/OEH-Innsbruck-Logo.svg\",\"width\":448,\"height\":255,\"caption\":\"\u00d6H Innsrbruck\"},\"image\":{\"@id\":\"https:\/\/www.oehweb.at\/#\/schema\/logo\/image\/\"}}]}<\/script>\n<!-- \/ Yoast SEO plugin. -->","yoast_head_json":{"title":"Zuschusstopf f\u00fcr Psychotherapie und klinisch-psychologische Behandlungen - \u00d6H Innsbruck","robots":{"index":"noindex","follow":"nofollow"},"og_locale":"en_GB","og_type":"article","og_title":"Zuschusstopf f\u00fcr Psychotherapie und klinisch-psychologische Behandlungen - \u00d6H Innsbruck","og_url":"https:\/\/www.oehweb.at\/en\/zuschusstopf-fuer-psychotherapie\/","og_site_name":"\u00d6H Innsbruck","article_modified_time":"2026-05-04T07:47:46+00:00","twitter_card":"summary_large_image","twitter_misc":{"Estimated reading time":"6 minutes"},"schema":{"@context":"https:\/\/schema.org","@graph":[{"@type":"WebPage","@id":"https:\/\/www.oehweb.at\/zuschusstopf-fuer-psychotherapie\/","url":"https:\/\/www.oehweb.at\/zuschusstopf-fuer-psychotherapie\/","name":"Zuschusstopf f\u00fcr Psychotherapie und klinisch-psychologische Behandlungen - \u00d6H Innsbruck","isPartOf":{"@id":"https:\/\/www.oehweb.at\/#website"},"datePublished":"2021-09-02T09:47:56+00:00","dateModified":"2026-05-04T07:47:46+00:00","breadcrumb":{"@id":"https:\/\/www.oehweb.at\/zuschusstopf-fuer-psychotherapie\/#breadcrumb"},"inLanguage":"en-GB","potentialAction":[{"@type":"ReadAction","target":["https:\/\/www.oehweb.at\/zuschusstopf-fuer-psychotherapie\/"]}]},{"@type":"BreadcrumbList","@id":"https:\/\/www.oehweb.at\/zuschusstopf-fuer-psychotherapie\/#breadcrumb","itemListElement":[{"@type":"ListItem","position":1,"name":"Home","item":"https:\/\/www.oehweb.at\/"},{"@type":"ListItem","position":2,"name":"Zuschusstopf f\u00fcr Psychotherapie und klinisch-psychologische Behandlungen"}]},{"@type":"WebSite","@id":"https:\/\/www.oehweb.at\/#website","url":"https:\/\/www.oehweb.at\/","name":"\u00d6H Innsbruck","description":"Wir sind die \u00d6sterreichische Hochsch\u00fclerInnenschaft an der Universit\u00e4t Innsbruck","publisher":{"@id":"https:\/\/www.oehweb.at\/#organization"},"potentialAction":[{"@type":"SearchAction","target":{"@type":"EntryPoint","urlTemplate":"https:\/\/www.oehweb.at\/?s={search_term_string}"},"query-input":"required name=search_term_string"}],"inLanguage":"en-GB"},{"@type":"Organization","@id":"https:\/\/www.oehweb.at\/#organization","name":"\u00d6H Innsrbruck","url":"https:\/\/www.oehweb.at\/","logo":{"@type":"ImageObject","inLanguage":"en-GB","@id":"https:\/\/www.oehweb.at\/#\/schema\/logo\/image\/","url":"https:\/\/www.oehweb.at\/wp-content\/uploads\/2020\/11\/OEH-Innsbruck-Logo.svg","contentUrl":"https:\/\/www.oehweb.at\/wp-content\/uploads\/2020\/11\/OEH-Innsbruck-Logo.svg","width":448,"height":255,"caption":"\u00d6H Innsrbruck"},"image":{"@id":"https:\/\/www.oehweb.at\/#\/schema\/logo\/image\/"}}]}},"_links":{"self":[{"href":"https:\/\/www.oehweb.at\/en\/wp-json\/wp\/v2\/pages\/2830","targetHints":{"allow":["GET"]}}],"collection":[{"href":"https:\/\/www.oehweb.at\/en\/wp-json\/wp\/v2\/pages"}],"about":[{"href":"https:\/\/www.oehweb.at\/en\/wp-json\/wp\/v2\/types\/page"}],"author":[{"embeddable":true,"href":"https:\/\/www.oehweb.at\/en\/wp-json\/wp\/v2\/users\/1"}],"replies":[{"embeddable":true,"href":"https:\/\/www.oehweb.at\/en\/wp-json\/wp\/v2\/comments?post=2830"}],"version-history":[{"count":208,"href":"https:\/\/www.oehweb.at\/en\/wp-json\/wp\/v2\/pages\/2830\/revisions"}],"predecessor-version":[{"id":11341,"href":"https:\/\/www.oehweb.at\/en\/wp-json\/wp\/v2\/pages\/2830\/revisions\/11341"}],"wp:attachment":[{"href":"https:\/\/www.oehweb.at\/en\/wp-json\/wp\/v2\/media?parent=2830"}],"curies":[{"name":"wp","href":"https:\/\/api.w.org\/{rel}","templated":true}]}}