{"id":335,"date":"2020-11-09T13:17:38","date_gmt":"2020-11-09T12:17:38","guid":{"rendered":"https:\/\/www.oehweb.at\/?page_id=335"},"modified":"2026-08-26T10:44:48","modified_gmt":"2026-08-26T08:44:48","slug":"heime-und-wohnen","status":"publish","type":"page","link":"https:\/\/www.oehweb.at\/en\/deine-oeh\/referate\/heime-und-wohnen\/","title":{"rendered":"Referat f\u00fcr Heime und Wohnen"},"content":{"rendered":"<div class=\"grve-section grve-row-section grve-fullwidth-background grve-padding-top-3x grve-padding-bottom-3x grve-bg-none grve-headings-light\"  style=\"color:#ffffff;\"><div class=\"grve-container\"><div class=\"grve-row grve-bookmark grve-columns-gap-30\"><div class=\"grve-column wpb_column grve-column-3-4\" ><div class=\"grve-column-wrapper\" ><div class=\"grve-element grve-text grve-leader-text\">\r\n\t\t\t<div class=\"grve-small-text\"><span class=\"\">Referat f\u00fcr<\/span><\/div>\n<h1>Heime und Wohnen<\/h1>\n<p>Wir helfen dir bei der Wahl des richtigen Studentenheimes, bei der Wohnungssuche und stehen auch in Konflikten rund ums Wohnen fest an deiner Seite!<\/p>\n\r\n\t\t<\/div>\r\n\t<\/div><\/div><\/div><\/div><div class=\"grve-background-wrapper\">  <div class=\"grve-bg-image grve-bg-center-center grve-bg-image-id-519\"   style=\"background-image: url(https:\/\/www.oehweb.at\/wp-content\/uploads\/2020\/11\/oeh-innsbruck-heime-wohnen.jpg);\"><\/div>  <div class=\"grve-bg-overlay\" style=\"background:rgba(27,29,31,0.5); background: linear-gradient(180deg,rgba(27,29,31,0.5) 0%,rgba(27,29,31,0.75) 100%);\"><\/div><\/div><\/div><div class=\"grve-section grve-row-section grve-fullwidth-background grve-bg-none\"  style=\"background:#ff9000;background: linear-gradient(90deg,#ff9000 0%,#ff9000 100%);padding-top: 15px;\"><div class=\"grve-container\"><div class=\"grve-row grve-bookmark grve-columns-gap-30\"><div class=\"grve-column wpb_column grve-column-1\" ><div class=\"grve-column-wrapper\" ><div class=\"grve-element grve-text\">\r\n\t\t\t\r\n\t\t<\/div>\r\n\t<\/div><\/div><\/div><\/div><div class=\"grve-background-wrapper\"><\/div><\/div><div class=\"grve-section grve-row-section grve-fullwidth-background grve-padding-top-4x grve-padding-bottom-1x grve-bg-none\"><div class=\"grve-container\"><div class=\"grve-row grve-bookmark grve-columns-gap-60\"><div class=\"grve-column wpb_column grve-column-1-3\" ><div class=\"grve-column-wrapper\" ><div class=\"grve-element grve-text\">\r\n\t\t\t<h2>Alles Rund um das Thema Wohnen<\/h2>\n\r\n\t\t<\/div>\r\n\t<\/div><\/div><div class=\"grve-column wpb_column grve-column-2-3\" ><div class=\"grve-column-wrapper\" ><div class=\"grve-element grve-text vc_custom_1753087820530\">\r\n\t\t\t<p>Du suchst eine dauerhafte Unterkunft oder hast ein Problem mit dem\/der VermieterIn? Wir beraten dich gerne bei Fragen zu Heimpl\u00e4tzen, Wohngemeinschaften und Mietwohnungen und unterst\u00fctzen dich bestm\u00f6glichst bei deiner Wohnungssuche.<\/p>\n<p>Wir bieten dir Innsbrucks beste Wohnungsb\u00f6rse, Studentenheimf\u00fchrungen, Erfahrungsberichte von Heimbewohnern und Wohnungssuchenden, einen Heimkompass mit Detailinformationen sowie pers\u00f6nliche und individuelle Beratung bei all deinen Anliegen und Problemen. Nat\u00fcrlich kannst du uns auch jederzeit per Mail kontaktieren.<\/p>\n\r\n\t\t<\/div>\r\n\t<\/div><\/div><\/div><\/div><div class=\"grve-background-wrapper\"><\/div><\/div><div class=\"grve-section grve-row-section grve-fullwidth-background grve-padding-top-1x grve-padding-bottom-1x grve-bg-none\"  style=\"color:#000000;\"><div class=\"grve-container\"><div class=\"grve-row grve-bookmark grve-columns-gap-50\"><div class=\"grve-column wpb_column grve-column-1-3\" ><div class=\"grve-column-wrapper\" ><div class=\"grve-element grve-text\">\r\n\t\t\t<h2>Deine<br \/>\nAnsprech-<br \/>\nperson<\/h2>\n\r\n\t\t<\/div>\r\n\t<div class=\"grve-element grve-text\">\r\n\t\t\t<p><strong>E-Mail:<\/strong>\u00a0 <a href=\"mailto:Wohnen-oeh@uibk.ac.at\">Wohnen-oeh@uibk.ac.at<\/a><br \/>\n<strong>Telefon:<\/strong> <a href=\"tel:+43 512 507-35590\">+43 512 507-35590<\/a><br \/>\n<strong>Adresse:<\/strong> Josef-Hirn Stra\u00dfe 7, 2. Stock<\/p>\n\r\n\t\t<\/div>\r\n\t<div class=\"grve-element grve-text\">\r\n\t\t\t<p>\u00a0<\/p>\n\r\n\t\t<\/div>\r\n\t<div class=\"grve-element grve-text\">\r\n\t\t\t<p><strong>Beratungszeiten SoSe 2026 Vorlesungszeit:<br \/>\n<\/strong>MO 10:30 &#8211; 12:00 Uhr<br \/>\nMI 11:30 &#8211; 12:30 Uhr<\/p>\n<p>Gerne auch zus\u00e4tzliche Termine &#8211; nach vorheriger Anfrage per Mail!<\/p>\n<p><strong>Beratungszeiten Sommerferien 2026:<\/strong><br \/>\nEmails werden selbstverst\u00e4ndlich auch in den Ferien beantwortet!<\/p>\n\r\n\t\t<\/div>\r\n\t<\/div><\/div><div class=\"grve-column wpb_column grve-column-2-3\" ><div class=\"grve-column-wrapper\" ><div class=\"grve-row-inner grve-bookmark\">\r\n\t\t<div class=\"grve-column-inner wpb_column grve-column-1-3\">\r\n\t\t\t<div class=\"grve-column-wrapper-inner\">\r\n\t\t\t\r\n\t\t\t\t<div class=\"grve-team grve-element grve-layout-1\" style=\"\">\r\n\t\t\t<figure class=\"grve-image-hover grve-zoom-none\">\r\n\t\t\t\t\t\t\t\t<div class=\"grve-team-person\">\r\n\t\t\t\t\t<div class=\"grve-bg-light grve-hover-overlay grve-opacity-0\"><\/div>\r\n\t\t\t\t\t<img loading=\"lazy\" decoding=\"async\" width=\"1200\" height=\"1800\" src=\"https:\/\/www.oehweb.at\/wp-content\/uploads\/2025\/07\/Martina-Baur_geaendert.jpg\" class=\"attachment-full size-full\" alt=\"\" srcset=\"https:\/\/www.oehweb.at\/wp-content\/uploads\/2025\/07\/Martina-Baur_geaendert.jpg 1200w, https:\/\/www.oehweb.at\/wp-content\/uploads\/2025\/07\/Martina-Baur_geaendert-200x300.jpg 200w, https:\/\/www.oehweb.at\/wp-content\/uploads\/2025\/07\/Martina-Baur_geaendert-683x1024.jpg 683w, https:\/\/www.oehweb.at\/wp-content\/uploads\/2025\/07\/Martina-Baur_geaendert-768x1152.jpg 768w, https:\/\/www.oehweb.at\/wp-content\/uploads\/2025\/07\/Martina-Baur_geaendert-1024x1536.jpg 1024w\" sizes=\"auto, (max-width: 1200px) 100vw, 1200px\" \/>\t\t\t\t<\/div>\r\n\t\t\t\t<figcaption>\r\n\t\t\t\t\t<ul class=\"grve-team-social grve-align-center\">\r\n\t\t\t\t\t\t\t\t\t\t\t<\/ul>\r\n\t\t\t\t<\/figcaption>\r\n\t\t\t<\/figure>\r\n\t\t\t<div class=\"grve-team-description grve-align-center\">\r\n\t\t\t\t\t\t\t\t<div class=\"grve-team-identity grve-link-text\">Referent_in<\/div>\r\n\t\t\t\t\t\t\t\t\t\t\t\t<h6 class=\"grve-team-name grve-text-hover-primary-1 grve-h6\">Martina Baur<\/h6>\r\n\t\t\t\t\t\t\t<\/div>\r\n\t\t<\/div>\r\n\t\t\r\n\t\t\r\n\t\t\t<\/div>\r\n\t\t<\/div>\r\n\t\r\n\t\t<div class=\"grve-column-inner wpb_column grve-column-1-3\">\r\n\t\t\t<div class=\"grve-column-wrapper-inner\">\r\n\t\t\t\r\n\t\t\t\t<div class=\"grve-team grve-element grve-layout-1\" style=\"\">\r\n\t\t\t<figure class=\"grve-image-hover grve-zoom-none\">\r\n\t\t\t\t\t\t\t\t<div class=\"grve-team-person\">\r\n\t\t\t\t\t<div class=\"grve-bg-light grve-hover-overlay grve-opacity-0\"><\/div>\r\n\t\t\t\t\t<img loading=\"lazy\" decoding=\"async\" width=\"667\" height=\"1000\" src=\"https:\/\/www.oehweb.at\/wp-content\/uploads\/2020\/12\/OEH-Innsbruck-dummy.svg\" class=\"attachment-full size-full\" alt=\"\" \/>\t\t\t\t<\/div>\r\n\t\t\t\t<figcaption>\r\n\t\t\t\t\t<ul class=\"grve-team-social grve-align-center\">\r\n\t\t\t\t\t\t\t\t\t\t\t<\/ul>\r\n\t\t\t\t<\/figcaption>\r\n\t\t\t<\/figure>\r\n\t\t\t<div class=\"grve-team-description grve-align-center\">\r\n\t\t\t\t\t\t\t\t<div class=\"grve-team-identity grve-link-text\">SB<\/div>\r\n\t\t\t\t\t\t\t\t\t\t\t\t<h6 class=\"grve-team-name grve-text-hover-primary-1 grve-h6\">Roland Wen<\/h6>\r\n\t\t\t\t\t\t\t<\/div>\r\n\t\t<\/div>\r\n\t\t\r\n\t\t\r\n\t\t\t<\/div>\r\n\t\t<\/div>\r\n\t<\/div><\/div><\/div><\/div><\/div><div class=\"grve-background-wrapper\"><\/div><\/div><div class=\"grve-section grve-row-section grve-fullwidth-background grve-padding-top-1x grve-padding-bottom-1x grve-bg-none grve-headings-light\"  style=\"color:#000000;\"><div class=\"grve-container\"><div class=\"grve-row grve-bookmark grve-columns-gap-60\"><div class=\"grve-column wpb_column grve-column-1-2\"  style=\"color:#b2b2b2;\" ><div class=\"grve-column-wrapper vc_custom_1700471476216\" ><div class=\"grve-element grve-text vc_custom_1700472228099\">\r\n\t\t\t<h2 class=\"center-mobile\"><span style=\"color: #000000;\"><strong>Relevante Dokumente<\/strong><\/span><\/h2>\n\r\n\t\t<\/div>\r\n\t<div class=\"grve-element grve-text\">\r\n\t\t\t<p>Heimkompass &#8211; wird derzeit \u00fcberarbeitet<\/p>\n<p><a href=\"https:\/\/www.oehweb.at\/wp-content\/uploads\/2023\/09\/Barrierefreie_Studierendenheime_in_Innsbruck_2023.pdf\">Barrierefreie Studierendenheime<\/a><\/p>\n<p><a href=\"https:\/\/www.innsbruck.gv.at\/leben\/wohnen\/mietzinsbeihilfe\">Mietzinsbeihilfe FAQs<\/a><\/p>\n<p><a href=\"https:\/\/www.oehweb.at\/wp-content\/uploads\/2022\/11\/ansuchen_mietzinsbeihilfe.pdf\">ansuchen_mietzinsbeihilfe<\/a><\/p>\n<p><a href=\"https:\/\/www.oehweb.at\/wp-content\/uploads\/2025\/03\/OeH-Wohnumfrage-Studierendenheime-2025.pdf\">Wohnungsumfrage &#8211; Studierendenheime<\/a><\/p>\n<p><a href=\"https:\/\/www.oehweb.at\/wp-content\/uploads\/2026\/05\/Richtlinien-Wohnungsvergabe-gem-\u00a7-14a-5-der-Satzung_2026.pdf\">Richtlinien Wohnungsvergabe gem \u00a7 14a (5) der Satzung<\/a><\/p>\n<p><a href=\"https:\/\/www.oehweb.at\/en\/formular-wohnungsvergabe\/\">Bewerbung Wohnungsvergabe<\/a><\/p>\n\r\n\t\t<\/div>\r\n\t<\/div><\/div><div class=\"grve-column wpb_column grve-column-1-2\" ><div class=\"grve-column-wrapper\" ><\/div><\/div><\/div><\/div><div class=\"grve-background-wrapper\"><\/div><\/div><div class=\"grve-section grve-row-section grve-fullwidth-background grve-padding-top-1x grve-padding-bottom-1x grve-bg-none\"><div class=\"grve-container\"><div class=\"grve-row grve-bookmark grve-columns-gap-30\"><div class=\"grve-column wpb_column grve-column-1\" ><div class=\"grve-column-wrapper\" ><div class=\"grve-element grve-text grve-leader-text\">\r\n\t\t\t<h2>FAQs<\/h2>\n\r\n\t\t<\/div>\r\n\t<div class=\"grve-element grve-accordion\"><ul class=\"grve-accordion-wrapper grve-action-accordion grve-style-1\"><li><div class=\"grve-title-wrapper grve-tab-link grve-align-left\" data-rel=\"#1756282976441-1f4675d2-831f\"><div class=\"grve-accordion-arrow grve-accordion-plus grve-position-left\"><i class=\"fa fa-plus\"><\/i><\/div><h3 class=\"grve-title grve-h6\">Vermietet die \u00d6H Wohnungen oder besitzt die \u00d6H ein Studentenheim?<\/h3><\/div><div class=\"grve-accordion-content\" id=\"1756282976441-1f4675d2-831f\"><div class=\"grve-element grve-text\">\r\n\t\t\t<p>Nein. Wir als \u00d6H haben selbst kein Studentenheim und k\u00f6nnen daher leider keine Zimmer vergeben.<\/p>\n\r\n\t\t<\/div>\r\n\t<\/div><\/li><li><div class=\"grve-title-wrapper grve-tab-link grve-align-left\" data-rel=\"#1756282976454-f42b4aed-3412\"><div class=\"grve-accordion-arrow grve-accordion-plus grve-position-left\"><i class=\"fa fa-plus\"><\/i><\/div><h3 class=\"grve-title grve-h6\">Welche Studentenheime gibt es?<\/h3><\/div><div class=\"grve-accordion-content\" id=\"1756282976454-f42b4aed-3412\"><div class=\"grve-element grve-text\">\r\n\t\t\t<p>Alle Studentenheime sind in unserem Heimkompass aufgelistet. Diesen findest du <a href=\"https:\/\/www.oehweb.at\/wp-content\/uploads\/2025\/09\/Heimkompass2025.pdf\"><span style=\"color: #ff9000;\">hier<\/span><\/a>.<\/p>\n\r\n\t\t<\/div>\r\n\t<\/div><\/li><li><div class=\"grve-title-wrapper grve-tab-link grve-align-left\" data-rel=\"#1756283041134-f9be96db-c850\"><div class=\"grve-accordion-arrow grve-accordion-plus grve-position-left\"><i class=\"fa fa-plus\"><\/i><\/div><h3 class=\"grve-title grve-h6\">Wohin kann ich mich bei Problemen mit der Vermieter*in oder sonstigen Problemen rund ums Thema Wohnen wenden?<\/h3><\/div><div class=\"grve-accordion-content\" id=\"1756283041134-f9be96db-c850\"><div class=\"grve-element grve-text\">\r\n\t\t\t<p>In einer solchen Situation ist unsere Mailadresse <span style=\"color: #ff9900;\"><a href=\"mailto:wohnen-oeh@uibk.ac.at\">wohnen-oeh@uibk.ac.at<\/a> <\/span>die richtige Anlaufstelle! Je nach Art des Problems geben wir dir dann selbst Auskunft oder stellen einen Gutschein f\u00fcr eine Mietrechtsberatung der Arbeiterkammer Tirol aus.<\/p>\n\r\n\t\t<\/div>\r\n\t<\/div><\/li><li><div class=\"grve-title-wrapper grve-tab-link grve-align-left\" data-rel=\"#1756283055216-e75807e2-c7f6\"><div class=\"grve-accordion-arrow grve-accordion-plus grve-position-left\"><i class=\"fa fa-plus\"><\/i><\/div><h3 class=\"grve-title grve-h6\">Wo kann ich Wohnungen finden?<\/h3><\/div><div class=\"grve-accordion-content\" id=\"1756283055216-e75807e2-c7f6\"><div class=\"grve-element grve-text\">\r\n\t\t\t<p>Du findest sehr viele Angebote f\u00fcr WG-Zimmer und Wohnungen auf unser <a href=\"http:\/\/wohnen.oehweb.at\"><span style=\"color: #ff9000;\">\u00d6H-Wohnungsb\u00f6rse<\/span><\/a>.<\/p>\n<p>Alle Inserate auf unserer Seite sind provisionsfrei. Weitere Wohnungsangebote findest du auf der Seite der Tiroler Tageszeitung <span style=\"color: #ff9900;\"><a href=\"http:\/\/immo.tt.com\/\"><span style=\"color: #ff9000;\">immo.tt.com<\/span><\/a><\/span>.<\/p>\n<p>Wohnungsinserate gibt es auch in zahlreichen Facebook-Gruppen zum Thema Wohnen in Innsbruck.<\/p>\n\r\n\t\t<\/div>\r\n\t<\/div><\/li><li><div class=\"grve-title-wrapper grve-tab-link grve-align-left\" data-rel=\"#1756283093151-8473bf75-7763\"><div class=\"grve-accordion-arrow grve-accordion-plus grve-position-left\"><i class=\"fa fa-plus\"><\/i><\/div><h3 class=\"grve-title grve-h6\">Welche Bewerbungsfristen f\u00fcr Heimpl\u00e4tze gibt es?<\/h3><\/div><div class=\"grve-accordion-content\" id=\"1756283093151-8473bf75-7763\"><div class=\"grve-element grve-text\">\r\n\t\t\t<p>In unserem Heimatlas findest du alle Bewerbungsfristen der Studentenheime in Innsbruck. In der Regel gilt der 30.06., wenn du im Herbst einziehen m\u00f6chtest. In manchen F\u00e4llen kann die Anmeldefrist bereits vor\u00fcber sein. Du kannst dich aber dennoch bei den Heimen anmelden und einen Platz bekommen, wenn andere absagen. Frage am besten direkt bei den Heimen nach.<\/p>\n\r\n\t\t<\/div>\r\n\t<\/div><\/li><li><div class=\"grve-title-wrapper grve-tab-link grve-align-left\" data-rel=\"#1756283115865-166027d6-06db\"><div class=\"grve-accordion-arrow grve-accordion-plus grve-position-left\"><i class=\"fa fa-plus\"><\/i><\/div><h3 class=\"grve-title grve-h6\">Wo finde ich Informationen zu den einzelnen Studentenheimen in Innsbruck?<\/h3><\/div><div class=\"grve-accordion-content\" id=\"1756283115865-166027d6-06db\"><div class=\"grve-element grve-text\">\r\n\t\t\t<p>Du kannst dir auf unserer Seite einen \u00dcberblick \u00fcber die Lage der Studentenheime verschaffen und den Heimkompass herunterladen.<\/p>\n\r\n\t\t<\/div>\r\n\t<\/div><\/li><li><div class=\"grve-title-wrapper grve-tab-link grve-align-left\" data-rel=\"#1756283127454-31cc560b-b9e6\"><div class=\"grve-accordion-arrow grve-accordion-plus grve-position-left\"><i class=\"fa fa-plus\"><\/i><\/div><h3 class=\"grve-title grve-h6\">Welche Tipps f\u00fcr die Wohnungssuche in Innsbruck gibt es?<\/h3><\/div><div class=\"grve-accordion-content\" id=\"1756283127454-31cc560b-b9e6\"><div class=\"grve-element grve-text\">\r\n\t\t\t<p>Wohnungen in Innsbruck sind vor allem im Wintersemester sehr begehrt! Da es sehr viele Wohnungsinteressierte gibt, bekommen oft die Personen die Wohnung, welche sie zuerst besichtigt haben. Es macht daher Sinn die Vermieter telefonisch zu kontaktieren und sofort Besichtigungstermine zu vereinbaren! Mails werden oft erst mit Verz\u00f6gerung beantwortet, wenn die Wohnung vielleicht schon vergeben ist.<\/p>\n\r\n\t\t<\/div>\r\n\t<\/div><\/li><\/ul><\/div><\/div><\/div><\/div><\/div><div class=\"grve-background-wrapper\"><\/div><\/div><div class=\"grve-section grve-row-section grve-fullwidth-background grve-padding-top-3x grve-padding-bottom-3x grve-bg-none grve-headings-light\"  style=\"background-color:#ff9000;color:#ffffff;\"><div class=\"grve-container\"><div class=\"grve-row grve-bookmark grve-columns-gap-none\"><div class=\"grve-column wpb_column grve-column-2-3\" ><div class=\"grve-column-wrapper\" ><div class=\"grve-element grve-text vc_custom_1605348270130\">\r\n\t\t\t<div class=\"cta-text\"><span style=\"color: #ffffff;\">Es gibt noch viele weitere Angebote f\u00fcr dich<\/span><\/div>\n\r\n\t\t<\/div>\r\n\t<\/div><\/div><div class=\"grve-column wpb_column grve-column-1-3\" ><div class=\"grve-column-wrapper\" ><div class=\"grve-element grve-align-center\"><a href=\"https:\/\/www.oehweb.at\/en\/services\/\" title=\"Services\" class=\"grve-btn grve-btn-small grve-round grve-bg-white grve-bg-hover-grey\"><span>alle Services<\/span><\/a><\/div><\/div><\/div><\/div><\/div><div class=\"grve-background-wrapper\"><\/div><\/div>","protected":false},"excerpt":{"rendered":"Referat f\u00fcr Heime und Wohnen Wir helfen dir bei der Wahl des richtigen Studentenheimes, bei der Wohnungssuche und stehen auch in Konflikten rund ums Wohnen fest an deiner Seite! Alles Rund um das Thema Wohnen Du suchst eine dauerhafte Unterkunft oder hast ein Problem mit dem\/der VermieterIn? Wir beraten dich gerne bei Fragen zu Heimpl\u00e4tzen, [...]","protected":false},"author":1,"featured_media":0,"parent":638,"menu_order":0,"comment_status":"closed","ping_status":"closed","template":"","meta":{"inline_featured_image":false,"footnotes":""},"class_list":["post-335","page","type-page","status-publish","hentry"],"yoast_head":"<!-- This site is optimized with the Yoast SEO plugin v21.8.1 - https:\/\/yoast.com\/wordpress\/plugins\/seo\/ -->\n<title>Referat f\u00fcr Heime und Wohnen - \u00d6H Innsbruck<\/title>\n<meta name=\"robots\" content=\"index, follow, max-snippet:-1, max-image-preview:large, max-video-preview:-1\" \/>\n<link rel=\"canonical\" href=\"https:\/\/www.oehweb.at\/en\/deine-oeh\/referate\/heime-und-wohnen\/\" \/>\n<meta property=\"og:locale\" content=\"en_GB\" \/>\n<meta property=\"og:type\" content=\"article\" \/>\n<meta property=\"og:title\" content=\"Referat f\u00fcr Heime und Wohnen - \u00d6H Innsbruck\" \/>\n<meta property=\"og:url\" content=\"https:\/\/www.oehweb.at\/en\/deine-oeh\/referate\/heime-und-wohnen\/\" \/>\n<meta property=\"og:site_name\" content=\"\u00d6H Innsbruck\" \/>\n<meta property=\"article:modified_time\" content=\"2026-08-26T08:44:48+00:00\" \/>\n<meta name=\"twitter:card\" content=\"summary_large_image\" \/>\n<meta name=\"twitter:label1\" content=\"Estimated reading time\" \/>\n\t<meta name=\"twitter:data1\" content=\"4 minutes\" \/>\n<script type=\"application\/ld+json\" class=\"yoast-schema-graph\">{\"@context\":\"https:\/\/schema.org\",\"@graph\":[{\"@type\":\"WebPage\",\"@id\":\"https:\/\/www.oehweb.at\/deine-oeh\/referate\/heime-und-wohnen\/\",\"url\":\"https:\/\/www.oehweb.at\/deine-oeh\/referate\/heime-und-wohnen\/\",\"name\":\"Referat f\u00fcr Heime und Wohnen - \u00d6H Innsbruck\",\"isPartOf\":{\"@id\":\"https:\/\/www.oehweb.at\/#website\"},\"datePublished\":\"2020-11-09T12:17:38+00:00\",\"dateModified\":\"2026-08-26T08:44:48+00:00\",\"breadcrumb\":{\"@id\":\"https:\/\/www.oehweb.at\/deine-oeh\/referate\/heime-und-wohnen\/#breadcrumb\"},\"inLanguage\":\"en-GB\",\"potentialAction\":[{\"@type\":\"ReadAction\",\"target\":[\"https:\/\/www.oehweb.at\/deine-oeh\/referate\/heime-und-wohnen\/\"]}]},{\"@type\":\"BreadcrumbList\",\"@id\":\"https:\/\/www.oehweb.at\/deine-oeh\/referate\/heime-und-wohnen\/#breadcrumb\",\"itemListElement\":[{\"@type\":\"ListItem\",\"position\":1,\"name\":\"Home\",\"item\":\"https:\/\/www.oehweb.at\/\"},{\"@type\":\"ListItem\",\"position\":2,\"name\":\"Deine \u00d6H\",\"item\":\"https:\/\/www.oehweb.at\/deine-oeh\/\"},{\"@type\":\"ListItem\",\"position\":3,\"name\":\"Referate\",\"item\":\"https:\/\/www.oehweb.at\/deine-oeh\/referate\/\"},{\"@type\":\"ListItem\",\"position\":4,\"name\":\"Referat f\u00fcr Heime und Wohnen\"}]},{\"@type\":\"WebSite\",\"@id\":\"https:\/\/www.oehweb.at\/#website\",\"url\":\"https:\/\/www.oehweb.at\/\",\"name\":\"\u00d6H Innsbruck\",\"description\":\"Wir sind die \u00d6sterreichische Hochsch\u00fclerInnenschaft an der Universit\u00e4t Innsbruck\",\"publisher\":{\"@id\":\"https:\/\/www.oehweb.at\/#organization\"},\"potentialAction\":[{\"@type\":\"SearchAction\",\"target\":{\"@type\":\"EntryPoint\",\"urlTemplate\":\"https:\/\/www.oehweb.at\/?s={search_term_string}\"},\"query-input\":\"required name=search_term_string\"}],\"inLanguage\":\"en-GB\"},{\"@type\":\"Organization\",\"@id\":\"https:\/\/www.oehweb.at\/#organization\",\"name\":\"\u00d6H Innsrbruck\",\"url\":\"https:\/\/www.oehweb.at\/\",\"logo\":{\"@type\":\"ImageObject\",\"inLanguage\":\"en-GB\",\"@id\":\"https:\/\/www.oehweb.at\/#\/schema\/logo\/image\/\",\"url\":\"https:\/\/www.oehweb.at\/wp-content\/uploads\/2020\/11\/OEH-Innsbruck-Logo.svg\",\"contentUrl\":\"https:\/\/www.oehweb.at\/wp-content\/uploads\/2020\/11\/OEH-Innsbruck-Logo.svg\",\"width\":448,\"height\":255,\"caption\":\"\u00d6H Innsrbruck\"},\"image\":{\"@id\":\"https:\/\/www.oehweb.at\/#\/schema\/logo\/image\/\"}}]}<\/script>\n<!-- \/ Yoast SEO plugin. -->","yoast_head_json":{"title":"Referat f\u00fcr Heime und Wohnen - \u00d6H Innsbruck","robots":{"index":"index","follow":"follow","max-snippet":"max-snippet:-1","max-image-preview":"max-image-preview:large","max-video-preview":"max-video-preview:-1"},"canonical":"https:\/\/www.oehweb.at\/en\/deine-oeh\/referate\/heime-und-wohnen\/","og_locale":"en_GB","og_type":"article","og_title":"Referat f\u00fcr Heime und Wohnen - \u00d6H Innsbruck","og_url":"https:\/\/www.oehweb.at\/en\/deine-oeh\/referate\/heime-und-wohnen\/","og_site_name":"\u00d6H Innsbruck","article_modified_time":"2026-08-26T08:44:48+00:00","twitter_card":"summary_large_image","twitter_misc":{"Estimated reading time":"4 minutes"},"schema":{"@context":"https:\/\/schema.org","@graph":[{"@type":"WebPage","@id":"https:\/\/www.oehweb.at\/deine-oeh\/referate\/heime-und-wohnen\/","url":"https:\/\/www.oehweb.at\/deine-oeh\/referate\/heime-und-wohnen\/","name":"Referat f\u00fcr Heime und Wohnen - \u00d6H Innsbruck","isPartOf":{"@id":"https:\/\/www.oehweb.at\/#website"},"datePublished":"2020-11-09T12:17:38+00:00","dateModified":"2026-08-26T08:44:48+00:00","breadcrumb":{"@id":"https:\/\/www.oehweb.at\/deine-oeh\/referate\/heime-und-wohnen\/#breadcrumb"},"inLanguage":"en-GB","potentialAction":[{"@type":"ReadAction","target":["https:\/\/www.oehweb.at\/deine-oeh\/referate\/heime-und-wohnen\/"]}]},{"@type":"BreadcrumbList","@id":"https:\/\/www.oehweb.at\/deine-oeh\/referate\/heime-und-wohnen\/#breadcrumb","itemListElement":[{"@type":"ListItem","position":1,"name":"Home","item":"https:\/\/www.oehweb.at\/"},{"@type":"ListItem","position":2,"name":"Deine \u00d6H","item":"https:\/\/www.oehweb.at\/deine-oeh\/"},{"@type":"ListItem","position":3,"name":"Referate","item":"https:\/\/www.oehweb.at\/deine-oeh\/referate\/"},{"@type":"ListItem","position":4,"name":"Referat f\u00fcr Heime und Wohnen"}]},{"@type":"WebSite","@id":"https:\/\/www.oehweb.at\/#website","url":"https:\/\/www.oehweb.at\/","name":"\u00d6H Innsbruck","description":"Wir sind die \u00d6sterreichische Hochsch\u00fclerInnenschaft an der Universit\u00e4t Innsbruck","publisher":{"@id":"https:\/\/www.oehweb.at\/#organization"},"potentialAction":[{"@type":"SearchAction","target":{"@type":"EntryPoint","urlTemplate":"https:\/\/www.oehweb.at\/?s={search_term_string}"},"query-input":"required name=search_term_string"}],"inLanguage":"en-GB"},{"@type":"Organization","@id":"https:\/\/www.oehweb.at\/#organization","name":"\u00d6H Innsrbruck","url":"https:\/\/www.oehweb.at\/","logo":{"@type":"ImageObject","inLanguage":"en-GB","@id":"https:\/\/www.oehweb.at\/#\/schema\/logo\/image\/","url":"https:\/\/www.oehweb.at\/wp-content\/uploads\/2020\/11\/OEH-Innsbruck-Logo.svg","contentUrl":"https:\/\/www.oehweb.at\/wp-content\/uploads\/2020\/11\/OEH-Innsbruck-Logo.svg","width":448,"height":255,"caption":"\u00d6H Innsrbruck"},"image":{"@id":"https:\/\/www.oehweb.at\/#\/schema\/logo\/image\/"}}]}},"_links":{"self":[{"href":"https:\/\/www.oehweb.at\/en\/wp-json\/wp\/v2\/pages\/335","targetHints":{"allow":["GET"]}}],"collection":[{"href":"https:\/\/www.oehweb.at\/en\/wp-json\/wp\/v2\/pages"}],"about":[{"href":"https:\/\/www.oehweb.at\/en\/wp-json\/wp\/v2\/types\/page"}],"author":[{"embeddable":true,"href":"https:\/\/www.oehweb.at\/en\/wp-json\/wp\/v2\/users\/1"}],"replies":[{"embeddable":true,"href":"https:\/\/www.oehweb.at\/en\/wp-json\/wp\/v2\/comments?post=335"}],"version-history":[{"count":242,"href":"https:\/\/www.oehweb.at\/en\/wp-json\/wp\/v2\/pages\/335\/revisions"}],"predecessor-version":[{"id":11717,"href":"https:\/\/www.oehweb.at\/en\/wp-json\/wp\/v2\/pages\/335\/revisions\/11717"}],"up":[{"embeddable":true,"href":"https:\/\/www.oehweb.at\/en\/wp-json\/wp\/v2\/pages\/638"}],"wp:attachment":[{"href":"https:\/\/www.oehweb.at\/en\/wp-json\/wp\/v2\/media?parent=335"}],"curies":[{"name":"wp","href":"https:\/\/api.w.org\/{rel}","templated":true}]}}