{"id":448,"date":"2020-11-12T05:37:18","date_gmt":"2020-11-12T04:37:18","guid":{"rendered":"https:\/\/www.oehweb.at\/services\/studien-und-maturantinnenberatung-copy\/"},"modified":"2026-07-31T09:09:28","modified_gmt":"2026-07-31T07:09:28","slug":"sozialreferat","status":"publish","type":"page","link":"https:\/\/www.oehweb.at\/en\/deine-oeh\/referate\/sozialreferat\/","title":{"rendered":"Sozialreferat"},"content":{"rendered":"<div class=\"grve-section grve-row-section grve-fullwidth-background grve-padding-top-3x grve-padding-bottom-3x grve-bg-none grve-headings-light\"  style=\"color:#ffffff;\"><div class=\"grve-container\"><div class=\"grve-row grve-bookmark grve-columns-gap-30\"><div class=\"grve-column wpb_column grve-column-3-4\" ><div class=\"grve-column-wrapper\" ><div class=\"grve-element grve-text grve-leader-text\">\r\n\t\t\t<div class=\"grve-small-text\"><span class=\"\">Referat<\/span><\/div>\n<h1>Sozialreferat<\/h1>\n<p>Wir sind dein Ansprechpartner f\u00fcr Fragen zur Studien- und Familienbeihilfe, helfen dir in Notsituationen mit den Notfall- und H\u00e4rtefallfonds und unterst\u00fctzen dich beim Studieren mit Kind.<\/p>\n\r\n\t\t<\/div>\r\n\t<\/div><\/div><\/div><\/div><div class=\"grve-background-wrapper\">  <div class=\"grve-bg-image grve-bg-center-center grve-bg-image-id-523\"   style=\"background-image: url(https:\/\/www.oehweb.at\/wp-content\/uploads\/2020\/11\/oeh-innsbruck-sozialreferat.jpg);\"><\/div>  <div class=\"grve-bg-overlay\" style=\"background:rgba(27,29,31,0.5); background: linear-gradient(180deg,rgba(27,29,31,0.5) 0%,rgba(27,29,31,0.75) 100%);\"><\/div><\/div><\/div><div class=\"grve-section grve-row-section grve-fullwidth-background grve-bg-none\"  style=\"background:#ff9000;background: linear-gradient(90deg,#ff9000 0%,#ff9000 100%);padding-top: 15px;\"><div class=\"grve-container\"><div class=\"grve-row grve-bookmark grve-columns-gap-30\"><div class=\"grve-column wpb_column grve-column-1\" ><div class=\"grve-column-wrapper\" ><\/div><\/div><\/div><\/div><div class=\"grve-background-wrapper\"><\/div><\/div><div class=\"grve-section grve-row-section grve-fullwidth-background grve-padding-top-4x grve-padding-bottom-1x grve-bg-none\"><div class=\"grve-container\"><div class=\"grve-row grve-bookmark grve-columns-gap-60\"><div class=\"grve-column wpb_column grve-column-1-3\" ><div class=\"grve-column-wrapper\" ><div class=\"grve-element grve-text\">\r\n\t\t\t<h2>Studium finanzieren?<br \/>\nWir helfen!<\/h2>\n\r\n\t\t<\/div>\r\n\t<\/div><\/div><div class=\"grve-column wpb_column grve-column-2-3\" ><div class=\"grve-column-wrapper\" ><div class=\"grve-element grve-text vc_custom_1668081475120\">\r\n\t\t\t<p>Du hast dein Studium erst begonnen, oder bist schon voll im Studentenleben angekommen und hast Fragen bez\u00fcglich der Finanzierung oder generell einer finanziellen Unterst\u00fctzung deines Studiums? Dann bist du bei uns richtig.<\/p>\n<p>Wir vom Sozialreferat beraten dich \u00fcber die Kriterien f\u00fcr die Studienbeihilfe, Familienbeihilfe und Mietzinsbeihilfe. Diese Beratung umfasst die Einreichfristen der unterschiedlichsten Antr\u00e4ge, die Leistungsnachweise der Beihilfen, sowie die Informationen die f\u00fcr einen eventuellen Studienwechsel n\u00f6tig sind. Au\u00dferdem helfen wir dir gerne weiter, solltest du Fragen zu deiner \u00d6H-Versicherung haben oder Unterst\u00fctzung beim Studieren mit Kind brauchen.<\/p>\n<p>Ruf uns an, schreibe eine <a href=\"mailto:sozial@oeh.cc\">Mail<\/a> oder schau direkt bei uns w\u00e4hrend den Beratungszeiten vorbei. Wir helfen dir gerne weiter.<\/p>\n\r\n\t\t<\/div>\r\n\t<\/div><\/div><\/div><\/div><div class=\"grve-background-wrapper\"><\/div><\/div><div class=\"grve-section grve-row-section grve-fullwidth-background grve-padding-top-1x grve-padding-bottom-1x grve-bg-none\"  style=\"color:#000000;\"><div class=\"grve-container\"><div class=\"grve-row grve-bookmark grve-columns-gap-50\"><div class=\"grve-column wpb_column grve-column-1-3\" ><div class=\"grve-column-wrapper\" ><div class=\"grve-element grve-text vc_custom_1604990589953\">\r\n\t\t\t<h2>Deine<br \/>\nAnsprech-<br \/>\npersonen<\/h2>\n\r\n\t\t<\/div>\r\n\t<div class=\"grve-element grve-text zeilenabstand-large\">\r\n\t\t\t<div><strong>E-Mail:<\/strong><span style=\"color: #000000;\">\u00a0<\/span> <a href=\"mailto:Sozialreferat-oeh@uibk.ac.at\">Sozialreferat-oeh@uibk.ac.at<\/a>| <span style=\"color: #000000;\"><a href=\"mailto:StudierenmitKind-oeh@uibk.ac.at\"> StudierenmitKind-oeh@uibk.ac.at<\/a><\/span><br \/>\n<strong>Telefon:<\/strong> +43 512 507-35540<br \/>\n<strong>Adresse:<\/strong> Josef-Hirn Stra\u00dfe 7, 2. Stock<br \/>\n<strong><br \/>\n<\/strong><\/div>\n<div><\/div>\n\r\n\t\t<\/div>\r\n\t<div class=\"grve-element grve-text\">\r\n\t\t\t<p>&nbsp;<\/p>\n\r\n\t\t<\/div>\r\n\t<div class=\"grve-element grve-text\">\r\n\t\t\t<p><strong>Beratungszeiten SoSe 2026 Vorlesungszeit:<br \/>\n<\/strong>Gerne bekommst du einen Termin &#8211; nach vorheriger Anfrage per Mail!<\/p>\n<p><strong>Beratungszeiten Sommerferien 2026:<\/strong><br \/>\nEmails werden selbstverst\u00e4ndlich auch in den Ferien beantwortet!<\/p>\n\r\n\t\t<\/div>\r\n\t<\/div><\/div><div class=\"grve-column wpb_column grve-column-2-3\" ><div class=\"grve-column-wrapper\" ><div class=\"grve-row-inner grve-bookmark\">\r\n\t\t<div class=\"grve-column-inner wpb_column grve-column-1-3\">\r\n\t\t\t<div class=\"grve-column-wrapper-inner\">\r\n\t\t\t\r\n\t\t\t\t<div class=\"grve-team grve-element grve-layout-1\" style=\"\">\r\n\t\t\t<figure class=\"grve-image-hover grve-zoom-none\">\r\n\t\t\t\t\t\t\t\t<div class=\"grve-team-person\">\r\n\t\t\t\t\t<div class=\"grve-bg-light grve-hover-overlay grve-opacity-0\"><\/div>\r\n\t\t\t\t\t<img loading=\"lazy\" decoding=\"async\" width=\"667\" height=\"1000\" src=\"https:\/\/www.oehweb.at\/wp-content\/uploads\/2020\/12\/OEH-Innsbruck-dummy.svg\" class=\"attachment-full size-full\" alt=\"\" \/>\t\t\t\t<\/div>\r\n\t\t\t\t<figcaption>\r\n\t\t\t\t\t<ul class=\"grve-team-social grve-align-center\">\r\n\t\t\t\t\t\t\t\t\t\t\t<\/ul>\r\n\t\t\t\t<\/figcaption>\r\n\t\t\t<\/figure>\r\n\t\t\t<div class=\"grve-team-description grve-align-center\">\r\n\t\t\t\t\t\t\t\t<div class=\"grve-team-identity grve-link-text\">int. Referent_in<\/div>\r\n\t\t\t\t\t\t\t\t\t\t\t\t<h6 class=\"grve-team-name grve-text-hover-primary-1 grve-h6\">Charlotte Bellaire<\/h6>\r\n\t\t\t\t\t\t\t<\/div>\r\n\t\t<\/div>\r\n\t\t\r\n\t\t\r\n\t\t\t<\/div>\r\n\t\t<\/div>\r\n\t\r\n\t\t<div class=\"grve-column-inner wpb_column grve-column-1-3\">\r\n\t\t\t<div class=\"grve-column-wrapper-inner\">\r\n\t\t\t\r\n\t\t\t\t<div class=\"grve-team grve-element grve-layout-1\" style=\"\">\r\n\t\t\t<figure class=\"grve-image-hover grve-zoom-none\">\r\n\t\t\t\t\t\t\t\t<div class=\"grve-team-person\">\r\n\t\t\t\t\t<div class=\"grve-bg-light grve-hover-overlay grve-opacity-0\"><\/div>\r\n\t\t\t\t\t<img loading=\"lazy\" decoding=\"async\" width=\"1200\" height=\"1800\" src=\"https:\/\/www.oehweb.at\/wp-content\/uploads\/2025\/07\/Sofie-Flaggl_geaendert-1.jpg\" class=\"attachment-full size-full\" alt=\"\" srcset=\"https:\/\/www.oehweb.at\/wp-content\/uploads\/2025\/07\/Sofie-Flaggl_geaendert-1.jpg 1200w, https:\/\/www.oehweb.at\/wp-content\/uploads\/2025\/07\/Sofie-Flaggl_geaendert-1-200x300.jpg 200w, https:\/\/www.oehweb.at\/wp-content\/uploads\/2025\/07\/Sofie-Flaggl_geaendert-1-683x1024.jpg 683w, https:\/\/www.oehweb.at\/wp-content\/uploads\/2025\/07\/Sofie-Flaggl_geaendert-1-768x1152.jpg 768w, https:\/\/www.oehweb.at\/wp-content\/uploads\/2025\/07\/Sofie-Flaggl_geaendert-1-1024x1536.jpg 1024w\" sizes=\"auto, (max-width: 1200px) 100vw, 1200px\" \/>\t\t\t\t<\/div>\r\n\t\t\t\t<figcaption>\r\n\t\t\t\t\t<ul class=\"grve-team-social grve-align-center\">\r\n\t\t\t\t\t\t\t\t\t\t\t<\/ul>\r\n\t\t\t\t<\/figcaption>\r\n\t\t\t<\/figure>\r\n\t\t\t<div class=\"grve-team-description grve-align-center\">\r\n\t\t\t\t\t\t\t\t<div class=\"grve-team-identity grve-link-text\">SB<\/div>\r\n\t\t\t\t\t\t\t\t\t\t\t\t<h6 class=\"grve-team-name grve-text-hover-primary-1 grve-h6\">Sofie Flaggl<\/h6>\r\n\t\t\t\t\t\t\t<\/div>\r\n\t\t<\/div>\r\n\t\t\r\n\t\t\r\n\t\t\t<\/div>\r\n\t\t<\/div>\r\n\t\r\n\t\t<div class=\"grve-column-inner wpb_column grve-column-1-3\">\r\n\t\t\t<div class=\"grve-column-wrapper-inner\">\r\n\t\t\t\r\n\t\t\t\t<div class=\"grve-team grve-element grve-layout-1\" style=\"\">\r\n\t\t\t<figure class=\"grve-image-hover grve-zoom-none\">\r\n\t\t\t\t\t\t\t\t<div class=\"grve-team-person\">\r\n\t\t\t\t\t<div class=\"grve-bg-light grve-hover-overlay grve-opacity-0\"><\/div>\r\n\t\t\t\t\t<img loading=\"lazy\" decoding=\"async\" width=\"667\" height=\"1000\" src=\"https:\/\/www.oehweb.at\/wp-content\/uploads\/2020\/12\/OEH-Innsbruck-dummy.svg\" class=\"attachment-full size-full\" alt=\"\" \/>\t\t\t\t<\/div>\r\n\t\t\t\t<figcaption>\r\n\t\t\t\t\t<ul class=\"grve-team-social grve-align-center\">\r\n\t\t\t\t\t\t\t\t\t\t\t<\/ul>\r\n\t\t\t\t<\/figcaption>\r\n\t\t\t<\/figure>\r\n\t\t\t<div class=\"grve-team-description grve-align-center\">\r\n\t\t\t\t\t\t\t\t<div class=\"grve-team-identity grve-link-text\">SB<\/div>\r\n\t\t\t\t\t\t\t\t\t\t\t\t<h6 class=\"grve-team-name grve-text-hover-primary-1 grve-h6\">Pia Mitterer<\/h6>\r\n\t\t\t\t\t\t\t<\/div>\r\n\t\t<\/div>\r\n\t\t\r\n\t\t\r\n\t\t\t<\/div>\r\n\t\t<\/div>\r\n\t<\/div><\/div><\/div><div class=\"grve-column wpb_column grve-column-1\"  style=\"color:#000000;\" ><div class=\"grve-column-wrapper\" ><div class=\"grve-row-inner grve-bookmark\">\r\n\t\t<div class=\"grve-column-inner wpb_column grve-column-1\">\r\n\t\t\t<div class=\"grve-column-wrapper-inner\">\r\n\t\t\t\r\n\t\t\t<\/div>\r\n\t\t<\/div>\r\n\t<\/div><\/div><\/div><\/div><\/div><div class=\"grve-background-wrapper\"><\/div><\/div><div class=\"grve-section grve-row-section grve-fullwidth-background grve-padding-top-1x grve-padding-bottom-1x grve-bg-none grve-headings-light\"  style=\"color:#000000;\"><div class=\"grve-container\"><div class=\"grve-row grve-bookmark grve-columns-gap-60\"><div class=\"grve-column wpb_column grve-column-1-2\"  style=\"color:#b2b2b2;\" ><div class=\"grve-column-wrapper vc_custom_1668079018053\" ><div class=\"grve-element grve-text vc_custom_1668080782440\">\r\n\t\t\t<h3 class=\"center-mobile\"><span style=\"color: #000000;\"><strong>Relevante Dokumente<\/strong><\/span><\/h3>\n\r\n\t\t<\/div>\r\n\t<div class=\"grve-element grve-text\">\r\n\t\t\t<p><a href=\"https:\/\/www.oehweb.at\/wp-content\/uploads\/2025\/02\/Richtlinien-Unterstuetzung-aus-dem-Sozialtopf_neu-2025.pdf\">Richtlinien &#8211; \u00d6H Sozialtopf\u00a0<\/a><\/p>\n<p><a href=\"https:\/\/www.oehweb.at\/wp-content\/uploads\/2026\/01\/Antrag-fuer-den-Sozialtopf-OeH-Innsbruck.pdf\">Antragsformular Sozialfonds \u00d6H UNI Innsbruck<\/a><\/p>\n<p><a href=\"https:\/\/www.innsbruck.gv.at\/leben\/wohnen\/mietzinsbeihilfe\">Infos Mietziensbeihilfe <\/a><\/p>\n<p><a href=\"https:\/\/www.oehweb.at\/wp-content\/uploads\/2022\/11\/ansuchen_mietzinsbeihilfe.pdf\">Mietzinsbeihilfe Antrag<\/a><\/p>\n<p><a href=\"https:\/\/tirol.arbeiterkammer.at\/service\/broschuerenundratgeber\/Arbeitsrecht\/Studieren_Arbeiten_Wohnen.pdf\">Studieren &#8211; Arbeiten &#8211; Wohnen<\/a><\/p>\n<p><a href=\"https:\/\/www.oeh.ac.at\/wp-content\/uploads\/shop\/Studieren_mit_Kind_web.pdf\">Studieren mit Kind<\/a><\/p>\n<p><a href=\"https:\/\/www.bundeskanzleramt.gv.at\/service\/familien-jugend-beratung\/familienservice.html\">Familienservice<\/a><\/p>\n\r\n\t\t<\/div>\r\n\t<\/div><\/div><div class=\"grve-column wpb_column grve-column-1-2\" ><div class=\"grve-column-wrapper\" ><\/div><\/div><\/div><\/div><div class=\"grve-background-wrapper\"><\/div><\/div><div class=\"grve-section grve-row-section grve-fullwidth-background grve-padding-top-1x grve-padding-bottom-1x grve-bg-none\"><div class=\"grve-container\"><div class=\"grve-row grve-bookmark grve-columns-gap-30\"><div class=\"grve-column wpb_column grve-column-1-2\" ><div class=\"grve-column-wrapper\" ><div class=\"grve-element grve-text grve-leader-text\">\r\n\t\t\t<h2>FAQs<\/h2>\n<p>Hier findest du Antworten auf h\u00e4ufig gestellte Fragen an unser Referat.<\/p>\n\r\n\t\t<\/div>\r\n\t<\/div><\/div><\/div><\/div><div class=\"grve-background-wrapper\"><\/div><\/div><div class=\"grve-section grve-row-section grve-fullwidth-background grve-padding-top-1x grve-padding-bottom-1x grve-bg-none\"><div class=\"grve-container\"><div class=\"grve-row grve-bookmark grve-columns-gap-30\"><div class=\"grve-column wpb_column grve-column-1-2\" ><div class=\"grve-column-wrapper\" ><div class=\"grve-element grve-text vc_custom_1668084836494\">\r\n\t\t\t<h3>Studienbeihilfe<\/h3>\n<hr style=\"border-color: #ff9000;\" \/>\n\r\n\t\t<\/div>\r\n\t<\/div><\/div><div class=\"grve-column wpb_column grve-column-1-2\" ><div class=\"grve-column-wrapper\" ><div class=\"grve-element grve-text vc_custom_1605156542871\">\r\n\t\t\t<h3>Familienbeihilfe<\/h3>\n<hr style=\"border-color: #ff9000;\" \/>\n\r\n\t\t<\/div>\r\n\t<\/div><\/div><\/div><\/div><div class=\"grve-background-wrapper\"><\/div><\/div><div class=\"grve-section grve-row-section grve-fullwidth-background grve-padding-top-1x grve-padding-bottom-1x grve-bg-none\"><div class=\"grve-container\"><div class=\"grve-row grve-bookmark grve-columns-gap-30\"><div class=\"grve-column wpb_column grve-column-1-2\" ><div class=\"grve-column-wrapper\" ><div class=\"grve-element grve-accordion\"><ul class=\"grve-accordion-wrapper grve-action-accordion grve-style-1\"><li><div class=\"grve-title-wrapper grve-tab-link grve-align-left\" data-rel=\"#1669276816163-41c460fc-d865\"><div class=\"grve-accordion-arrow grve-accordion-plus grve-position-left\"><i class=\"fa fa-plus\"><\/i><\/div><h3 class=\"grve-title grve-h6\">Wer kann Studienbeihilfe beziehen?<\/h3><\/div><div class=\"grve-accordion-content\" id=\"1669276816163-41c460fc-d865\"><div class=\"grve-element grve-text\">\r\n\t\t\t<ul>\n<li>Nur Studierende:\n<ul>\n<li>\u00d6sterreichische Staatsb\u00fcrger*innen<\/li>\n<li>EU bzw. EWR B\u00fcrger*innen<\/li>\n<li>Drittstaatsangeh\u00f6rige oder Staatenlose unter bestimmten Voraussetzungen<\/li>\n<li>Konventionsfl\u00fcchtlinge<\/li>\n<\/ul>\n<\/li>\n<\/ul>\n\r\n\t\t<\/div>\r\n\t<\/div><\/li><li><div class=\"grve-title-wrapper grve-tab-link grve-align-left\" data-rel=\"#1762159420110-c1ec6c5d-2d7c\"><div class=\"grve-accordion-arrow grve-accordion-plus grve-position-left\"><i class=\"fa fa-plus\"><\/i><\/div><h3 class=\"grve-title grve-h6\">Voraussetzungen<\/h3><\/div><div class=\"grve-accordion-content\" id=\"1762159420110-c1ec6c5d-2d7c\"><div class=\"grve-element grve-text\">\r\n\t\t\t<ul>\n<li>Soziale Bed\u00fcrftigkeit<\/li>\n<li>G\u00fcnstiger Studienerfolg<\/li>\n<li>Beginn des Studiums vor dem 33. Geburtstag (ausgenommen Ausnahmen)<\/li>\n<li>Kein abgeschlossenes Studium\u00a0kein Abschluss einer gleichwertigen Ausbildung (ausgenommen Ausnahmen)<\/li>\n<li>H\u00f6chstens 2 Studienwechsel nach maximal 2 Semestern einer Studienrichtung<\/li>\n<li>Einhaltung der Studienzeit inkl. Toleranzsemester<\/li>\n<\/ul>\n\r\n\t\t<\/div>\r\n\t<\/div><\/li><li><div class=\"grve-title-wrapper grve-tab-link grve-align-left\" data-rel=\"#1669276816317-fb259f06-25da\"><div class=\"grve-accordion-arrow grve-accordion-plus grve-position-left\"><i class=\"fa fa-plus\"><\/i><\/div><h3 class=\"grve-title grve-h6\">Wie viel darf ich zur Studienbeihilfe dazuverdienen?<\/h3><\/div><div class=\"grve-accordion-content\" id=\"1669276816317-fb259f06-25da\"><div class=\"grve-element grve-text\">\r\n\t\t\t<ul>\n<li>Die j\u00e4hrliche Einkommensgrenze betr\u00e4gt derzeit <strong>16.455,- Euro<\/strong><\/li>\n<\/ul>\n\r\n\t\t<\/div>\r\n\t<\/div><\/li><li><div class=\"grve-title-wrapper grve-tab-link grve-align-left\" data-rel=\"#1669276816392-75db0352-04a4\"><div class=\"grve-accordion-arrow grve-accordion-plus grve-position-left\"><i class=\"fa fa-plus\"><\/i><\/div><h3 class=\"grve-title grve-h6\">Bis wann kann ich Studienbeihilfe beziehen?<\/h3><\/div><div class=\"grve-accordion-content\" id=\"1669276816392-75db0352-04a4\"><div class=\"grve-element grve-text\">\r\n\t\t\t<ul>\n<li>Die maximale Bezugsdauer ist die Mindeststudienzeit plus ein Semester. Das bedeutet also bei Bachelorstudien 7 (6+1) Semester und bei Masterstudien 5 (4+1) Semester.<\/li>\n<\/ul>\n\r\n\t\t<\/div>\r\n\t<\/div><\/li><li><div class=\"grve-title-wrapper grve-tab-link grve-align-left\" data-rel=\"#1669276816466-5c954292-1820\"><div class=\"grve-accordion-arrow grve-accordion-plus grve-position-left\"><i class=\"fa fa-plus\"><\/i><\/div><h3 class=\"grve-title grve-h6\">Was passiert bei einem Studienwechsel?<\/h3><\/div><div class=\"grve-accordion-content\" id=\"1669276816466-5c954292-1820\"><div class=\"grve-element grve-text\">\r\n\t\t\t<ul>\n<li>Zul\u00e4ssig sind maximal 2 Studienwechsel, wobei das vorangegangene Studium nicht l\u00e4nger als 2 Semester inskribiert worden sein.<\/li>\n<li>Bei mehr als 2 Wechsel eines Studiums, verlierst du den Anspruch auf Studienbeihilfe f\u00fcr immer.<\/li>\n<\/ul>\n\r\n\t\t<\/div>\r\n\t<\/div><\/li><li><div class=\"grve-title-wrapper grve-tab-link grve-align-left\" data-rel=\"#1669276816540-bc2795e0-9c34\"><div class=\"grve-accordion-arrow grve-accordion-plus grve-position-left\"><i class=\"fa fa-plus\"><\/i><\/div><h3 class=\"grve-title grve-h6\">Wie und wo kann ich einen Antrag stellen?<\/h3><\/div><div class=\"grve-accordion-content\" id=\"1669276816540-bc2795e0-9c34\"><div class=\"grve-element grve-text\">\r\n\t\t\t<ul>\n<li>Am einfachsten ist es, einen Online-Antrag \u00fcber\u00a0<a href=\"http:\/\/www.stipendium.at\">stipendium.at<\/a> zu stellen.<br \/>\nAlternativ kann auch ein schriftlicher Antrag an die Stipendienstelle Innsbruck (Andreas-Hofer-Stra\u00dfe 46, 2. Stock, 6020 Innsbruck) gestellt werden.<br \/>\nDer Antrag kann auf\u00a0<a href=\"http:\/\/www.stipendium.at\/service\/downloads\">www.stipendium.at<\/a>\u00a0heruntergeladen werden.<\/li>\n<\/ul>\n\r\n\t\t<\/div>\r\n\t<\/div><\/li><li><div class=\"grve-title-wrapper grve-tab-link grve-align-left\" data-rel=\"#1669276816616-07ccac8e-291f\"><div class=\"grve-accordion-arrow grve-accordion-plus grve-position-left\"><i class=\"fa fa-plus\"><\/i><\/div><h3 class=\"grve-title grve-h6\">Welche Fristen muss ich beachten?<\/h3><\/div><div class=\"grve-accordion-content\" id=\"1669276816616-07ccac8e-291f\"><div class=\"grve-element grve-text\">\r\n\t\t\t<ul>\n<li>Antr\u00e4ge auf Studienbeihilfe k\u00f6nnen nur innerhalb eines bestimmten Zeitraums gestellt werden:\n<ul>\n<li>F\u00fcr das Wintersemester: <strong>September \u2013 15.Dezember<\/strong><\/li>\n<li>F\u00fcr das Sommersemester: <strong>Februar \u2013 15.Mai<\/strong><\/li>\n<\/ul>\n<\/li>\n<li>Die Antr\u00e4ge werden auch au\u00dferhalb der Antragsfristen entgegengenommen. In diesem Fall erfolgt eine Bewilligung nur ab dem Monat der Antragstellung und nicht r\u00fcckwirkend von Semesterbeginn an.<\/li>\n<\/ul>\n\r\n\t\t<\/div>\r\n\t<\/div><\/li><li><div class=\"grve-title-wrapper grve-tab-link grve-align-left\" data-rel=\"#1669276816690-86e0f44b-4c24\"><div class=\"grve-accordion-arrow grve-accordion-plus grve-position-left\"><i class=\"fa fa-plus\"><\/i><\/div><h3 class=\"grve-title grve-h6\">Was ist ein SelbsterhalterInnenstipendium?<\/h3><\/div><div class=\"grve-accordion-content\" id=\"1669276816690-86e0f44b-4c24\"><div class=\"grve-element grve-text\">\r\n\t\t\t<ul>\n<li>Dieses Stipendium ist f\u00fcr Studierende gedacht, die vor oder w\u00e4hrend ihres Studiums gearbeitet haben. Ein Anspruch besteht, wenn die\/der Studierende 4 Jahre hindurch Eink\u00fcnfte von j\u00e4hrlich mindestens 11.000,- Euro bezogen hat. Hier wird das Einkommen der Eltern nicht einberechnet. Die Altersgrenze von 33 Jahren bei Studienbeginn kann durch einen Nachweis von mehr als vier Jahren Selbsterhalt auf maximal 38 Jahre erh\u00f6ht werden.<\/li>\n<\/ul>\n\r\n\t\t<\/div>\r\n\t<\/div><\/li><li><div class=\"grve-title-wrapper grve-tab-link grve-align-left\" data-rel=\"#1669276816757-1499f5d2-8f49\"><div class=\"grve-accordion-arrow grve-accordion-plus grve-position-left\"><i class=\"fa fa-plus\"><\/i><\/div><h3 class=\"grve-title grve-h6\">Wer ist f\u00fcr die Studienbeihilfe zust\u00e4ndig?<\/h3><\/div><div class=\"grve-accordion-content\" id=\"1669276816757-1499f5d2-8f49\"><div class=\"grve-element grve-text\">\r\n\t\t\t<ul>\n<li>Bei Fragen zur Studienbeihilfe k\u00f6nnen sich Studierende auch jederzeit gerne per Mail an die\u00a0<a href=\"mailto:Stip.Ibk@stbh.gv.at\">Stipendienstelle Innsbruck<\/a> wenden.<\/li>\n<\/ul>\n\r\n\t\t<\/div>\r\n\t<\/div><\/li><li><div class=\"grve-title-wrapper grve-tab-link grve-align-left\" data-rel=\"#1762160179662-587016a9-efc3\"><div class=\"grve-accordion-arrow grve-accordion-plus grve-position-left\"><i class=\"fa fa-plus\"><\/i><\/div><h3 class=\"grve-title grve-h6\">Alle Infos zu Studienbeihilfe:<\/h3><\/div><div class=\"grve-accordion-content\" id=\"1762160179662-587016a9-efc3\"><div class=\"grve-element grve-text\">\r\n\t\t\t<p><a href=\"https:\/\/www.oesterreich.gv.at\/de\/themen\/steuern_und_finanzen\/unterstuetzungen_beihilfen_und_foerderungen\/sonstige_beihilfen_und_foerderungen\/7\/studienbeihilfe\">https:\/\/www.oesterreich.gv.at\/de\/themen\/steuern_und_finanzen\/unterstuetzungen_beihilfen_und_foerderungen\/sonstige_beihilfen_und_foerderungen\/7\/studienbeihilfe<\/a><\/p>\n\r\n\t\t<\/div>\r\n\t<\/div><\/li><li><div class=\"grve-title-wrapper grve-tab-link grve-align-left\" data-rel=\"#1762160249578-4bca401c-898d\"><div class=\"grve-accordion-arrow grve-accordion-plus grve-position-left\"><i class=\"fa fa-plus\"><\/i><\/div><h3 class=\"grve-title grve-h6\">Zuverdienst zur Studienbeihilfe<\/h3><\/div><div class=\"grve-accordion-content\" id=\"1762160249578-4bca401c-898d\"><div class=\"grve-element grve-text\">\r\n\t\t\t<p><a href=\"https:\/\/www.oesterreich.gv.at\/de\/themen\/bildung_und_ausbildung\/hochschulen\/universitaet\/2\/Seite.160806\">https:\/\/www.oesterreich.gv.at\/de\/themen\/bildung_und_ausbildung\/hochschulen\/universitaet\/2\/Seite.160806<\/a><\/p>\n\r\n\t\t<\/div>\r\n\t<\/div><\/li><li><div class=\"grve-title-wrapper grve-tab-link grve-align-left\" data-rel=\"#1762160302611-83331449-1dfa\"><div class=\"grve-accordion-arrow grve-accordion-plus grve-position-left\"><i class=\"fa fa-plus\"><\/i><\/div><h3 class=\"grve-title grve-h6\">Stipendien:<\/h3><\/div><div class=\"grve-accordion-content\" id=\"1762160302611-83331449-1dfa\"><div class=\"grve-element grve-text\">\r\n\t\t\t<p><a href=\"https:\/\/www.oesterreich.gv.at\/de\/themen\/bildung_und_ausbildung\/hochschulen\/universitaet\/2\/Seite.160807\">https:\/\/www.oesterreich.gv.at\/de\/themen\/bildung_und_ausbildung\/hochschulen\/universitaet\/2\/Seite.160807<\/a><\/p>\n\r\n\t\t<\/div>\r\n\t<\/div><\/li><\/ul><\/div><\/div><\/div><div class=\"grve-column wpb_column grve-column-1-2\" ><div class=\"grve-column-wrapper\" ><div class=\"grve-element grve-accordion\"><ul class=\"grve-accordion-wrapper grve-action-accordion grve-style-1\"><li><div class=\"grve-title-wrapper grve-tab-link grve-align-left\" data-rel=\"#1669276816902-f600fea6-4e8b\"><div class=\"grve-accordion-arrow grve-accordion-plus grve-position-left\"><i class=\"fa fa-plus\"><\/i><\/div><h3 class=\"grve-title grve-h6\">Wer kann Familienbeihilfe beziehen?<\/h3><\/div><div class=\"grve-accordion-content\" id=\"1669276816902-f600fea6-4e8b\"><div class=\"grve-element grve-text\">\r\n\t\t\t<p>Anspruch auf Familienbeihilfe f\u00fcr ihre Kinder haben grunds\u00e4tzlich \u00f6sterreichische Staatsb\u00fcrgerinnen bzw. \u00f6sterreichisch Staatsb\u00fcrger, die ihren Wohnsitz oder gew\u00f6hnlichen Aufenthalt in \u00d6sterreich haben. Anspruchsberechtigt sind die Eltern eines studierenden Kindes, wenn es ihrem Haushalt zuzurechnen ist. Man ist dem Haushalt der Eltern auch dann noch zuzurechnen, wenn das Kind notwendigerweise f\u00fcr Zwecke einer Berufsausbildung eine Zweitunterkunft im Inland bewohnt.<\/p>\n\r\n\t\t<\/div>\r\n\t<\/div><\/li><li><div class=\"grve-title-wrapper grve-tab-link grve-align-left\" data-rel=\"#1669276816974-b3db82df-184a\"><div class=\"grve-accordion-arrow grve-accordion-plus grve-position-left\"><i class=\"fa fa-plus\"><\/i><\/div><h3 class=\"grve-title grve-h6\">Wie lange darf man Familienbeihilfe beziehen?<\/h3><\/div><div class=\"grve-accordion-content\" id=\"1669276816974-b3db82df-184a\"><div class=\"grve-element grve-text\">\r\n\t\t\t<p>Grunds\u00e4tzlich bekommen bezugsberechtigte Eltern die Familienbeihilfe bis zum 24. Lebensjahr (bis zum 25. wenn das Kind einen Zivil- oder Pr\u00e4senzdienst absolviert hat). Die maximale Bezugsdauer ist die Mindeststudienzeit plus zwei Semester.<\/p>\n\r\n\t\t<\/div>\r\n\t<\/div><\/li><li><div class=\"grve-title-wrapper grve-tab-link grve-align-left\" data-rel=\"#1669276817049-45bc18ff-a57c\"><div class=\"grve-accordion-arrow grve-accordion-plus grve-position-left\"><i class=\"fa fa-plus\"><\/i><\/div><h3 class=\"grve-title grve-h6\">Wie viel darf ich zur Familienbeihilfe dazuverdienen?<\/h3><\/div><div class=\"grve-accordion-content\" id=\"1669276817049-45bc18ff-a57c\"><div class=\"grve-element grve-text\">\r\n\t\t\t<p>Studierende, die neben dem Studium arbeiten, haben grunds\u00e4tzlich weiterhin Anspruch auf Familienbeihilfe. Seit 1. J\u00e4nner 2025 d\u00fcrfen jedoch\u00a0<strong>h\u00f6chstens 17.212,- Euro<\/strong> (im Kalenderjahr 2024 16.455,- Euro) <strong>brutto<\/strong>\u00a0an zu versteuerndem Einkommen pro Kalenderjahr dazu verdient werden, sowohl als Arbeitnehmerin\/Arbeitnehmer, als auch als Selbstst\u00e4ndige\/Selbstst\u00e4ndiger.<\/p>\n<p><a href=\"https:\/\/www.oesterreich.gv.at\/de\/themen\/bildung_und_ausbildung\/hochschulen\/universitaet\/3\/Seite.160305\">https:\/\/www.oesterreich.gv.at\/de\/themen\/bildung_und_ausbildung\/hochschulen\/universitaet\/3\/Seite.160305<\/a><\/p>\n\r\n\t\t<\/div>\r\n\t<\/div><\/li><li><div class=\"grve-title-wrapper grve-tab-link grve-align-left\" data-rel=\"#1669276817123-d08b8c7b-1e7a\"><div class=\"grve-accordion-arrow grve-accordion-plus grve-position-left\"><i class=\"fa fa-plus\"><\/i><\/div><h3 class=\"grve-title grve-h6\">Welche Nachweise m\u00fcssen erbracht werden?<\/h3><\/div><div class=\"grve-accordion-content\" id=\"1669276817123-d08b8c7b-1e7a\"><div class=\"grve-element grve-text\">\r\n\t\t\t<p>Nach dem 2. Semester muss f\u00fcr das vorangegangene Studienjahr ein Nachweis von 16 ECTS erbracht werden.<\/p>\n\r\n\t\t<\/div>\r\n\t<\/div><\/li><li><div class=\"grve-title-wrapper grve-tab-link grve-align-left\" data-rel=\"#1669276817194-d6ff9a4e-b78d\"><div class=\"grve-accordion-arrow grve-accordion-plus grve-position-left\"><i class=\"fa fa-plus\"><\/i><\/div><h3 class=\"grve-title grve-h6\">Wie und wo kann ein Antrag gestellt werden?<\/h3><\/div><div class=\"grve-accordion-content\" id=\"1669276817194-d6ff9a4e-b78d\"><div class=\"grve-element grve-text\">\r\n\t\t\t<p>Zust\u00e4ndig ist das Wohnsitzfinanzamt der anspruchsberechtigten Person. Folgende Unterlagen sind einzureichen:<br \/>\n&#8211; ausgef\u00fclltes Formular \u201eAntrag auf Familienbeihilfe\u201c<br \/>\n&#8211; Kopie des Meldezettels<br \/>\n&#8211; Geburtsurkunde<br \/>\n&#8211; Fortsetzungsbest\u00e4tigung und das letzte Studienblatt<\/p>\n<p>Alternativ kann der Antrag auch \u00fcber FinanzOnline gestellt werden (Registrierung notwendig).<\/p>\n\r\n\t\t<\/div>\r\n\t<\/div><\/li><li><div class=\"grve-title-wrapper grve-tab-link grve-align-left\" data-rel=\"#1669276817271-b60b4b85-f7fa\"><div class=\"grve-accordion-arrow grve-accordion-plus grve-position-left\"><i class=\"fa fa-plus\"><\/i><\/div><h3 class=\"grve-title grve-h6\">Welche Meldepflichten habe ich gegen\u00fcber dem Finanzamt?<\/h3><\/div><div class=\"grve-accordion-content\" id=\"1669276817271-b60b4b85-f7fa\"><div class=\"grve-element grve-text\">\r\n\t\t\t<p>Alle Tatsachen, die Auswirkungen auf die Familienbeihilfe haben k\u00f6nnen\u2026<\/p>\n<ul>\n<li>\u00c4nderung des Studienstatus (Beginn, Wechsel, Ende, Unterbrechung)<\/li>\n<li>\u00c4nderung der pers\u00f6nlichen Daten (Namens\u00e4nderung, Adresse, Bankverbindung)<\/li>\n<li>\u00dcberschreitung der Zuverdienstgrenze (Melden, um eine R\u00fcckforderung zu vermeiden!)<\/li>\n<li>Studienerfolg: Der Nachweis muss dem Finanzamt bei Aufforderung vorgelegt werden.<\/li>\n<\/ul>\n<p>\u2026 m\u00fcssen innerhalb eines Monats dem zust\u00e4ndigen Finanzamt gemeldet werden.<\/p>\n\r\n\t\t<\/div>\r\n\t<\/div><\/li><li><div class=\"grve-title-wrapper grve-tab-link grve-align-left\" data-rel=\"#1669276817346-7aaa4424-9e40\"><div class=\"grve-accordion-arrow grve-accordion-plus grve-position-left\"><i class=\"fa fa-plus\"><\/i><\/div><h3 class=\"grve-title grve-h6\">Was passiert bei einem Studienwechsel?<\/h3><\/div><div class=\"grve-accordion-content\" id=\"1669276817346-7aaa4424-9e40\"><div class=\"grve-element grve-text\">\r\n\t\t\t<p>Zul\u00e4ssig sind maximal 2 Studienwechsel und das vorangegangene Studium darf nicht mehr als 2 Semester inskribiert worden sein. Wenn man \u00f6fter als 2 Mal das Studium wechselt, verlierst du den Anspruch auf Familienbeihilfe f\u00fcr immer. Ein Studienwechsel sollte daher sp\u00e4testens in der Zulassungsfrist des 3. Semesters erfolgen, andernfalls liegt ein ung\u00fcnstiger Studienwechsel vor. Ein Studienwechsel muss beim Wohnsitzfinanzamt bekanntgegeben werden.<\/p>\n<p>Kann hier nachgelesen werden:<\/p>\n<p><a href=\"https:\/\/www.arbeiterkammer.at\/beratung\/steuerundeinkommen\/studierende\/Familienbeihilfe_fuer_Studierende.html#:~:text=angerechneten%20Vorstudiensemester%20verk%C3%BCrzt.-,Achtung!,zul%C3%A4ssige%20Studiendauer%20im%20neuen%20Studium\">https:\/\/www.arbeiterkammer.at\/beratung\/steuerundeinkommen\/studierende\/Familienbeihilfe_fuer_Studierende.html#:~:text=angerechneten%20Vorstudiensemester%20verk%C3%BCrzt.-,Achtung!,zul%C3%A4ssige%20Studiendauer%20im%20neuen%20Studium<\/a>.<\/p>\n\r\n\t\t<\/div>\r\n\t<\/div><\/li><\/ul><\/div><\/div><\/div><\/div><\/div><div class=\"grve-background-wrapper\"><\/div><\/div><div class=\"grve-section grve-row-section grve-fullwidth-background grve-padding-top-1x grve-padding-bottom-1x grve-bg-none\"><div class=\"grve-container\"><div class=\"grve-row grve-bookmark grve-columns-gap-30\"><div class=\"grve-column wpb_column grve-column-1\" ><div class=\"grve-column-wrapper\" ><div class=\"grve-element grve-text vc_custom_1605156837359\">\r\n\t\t\t<h3>Versicherungen<\/h3>\n<hr style=\"border-color: #ff9000;\" \/>\n\r\n\t\t<\/div>\r\n\t<\/div><\/div><\/div><\/div><div class=\"grve-background-wrapper\"><\/div><\/div><div class=\"grve-section grve-row-section grve-fullwidth-background grve-padding-top-1x grve-padding-bottom-1x grve-bg-none\"><div class=\"grve-container\"><div class=\"grve-row grve-bookmark grve-columns-gap-30\"><div class=\"grve-column wpb_column grve-column-1\" ><div class=\"grve-column-wrapper\" ><div class=\"grve-element grve-accordion\"><ul class=\"grve-accordion-wrapper grve-action-accordion grve-style-1\"><li><div class=\"grve-title-wrapper grve-tab-link grve-align-left\" data-rel=\"#1668085218438-fac08169-a1fd\"><div class=\"grve-accordion-arrow grve-accordion-plus grve-position-left\"><i class=\"fa fa-plus\"><\/i><\/div><h3 class=\"grve-title grve-h6\">Wie geht eigentlich \u00d6H-Versicherung?<\/h3><\/div><div class=\"grve-accordion-content\" id=\"1668085218438-fac08169-a1fd\"><div class=\"grve-element grve-text\">\r\n\t\t\t<p>0,70 \u20ac des \u00d6H-Beitrages sind eine Haftpflichtversicherung f\u00fcr Unfall- und Personensch\u00e4den, die im Rahmen des Studiums entstehen k\u00f6nnen. N\u00e4here Informationen und was man im Falle eines Schadens tun kann, findest du <a href=\"https:\/\/www.oeh.ac.at\/node\/238\/oeh-versicherung\">hier<\/a>.<br \/>\n<u>Wichtig<\/u>: die \u00d6H-Haftpflichtversicherung ersetzt NICHT die Sozialversicherung!<\/p>\n\r\n\t\t<\/div>\r\n\t<\/div><\/li><li><div class=\"grve-title-wrapper grve-tab-link grve-align-left\" data-rel=\"#1668085218478-237b8338-68ec\"><div class=\"grve-accordion-arrow grve-accordion-plus grve-position-left\"><i class=\"fa fa-plus\"><\/i><\/div><h3 class=\"grve-title grve-h6\">Welche M\u00f6glichkeit habe ich, mich sozialversichern zu lassen?<\/h3><\/div><div class=\"grve-accordion-content\" id=\"1668085218478-237b8338-68ec\"><div class=\"grve-element grve-text\">\r\n\t\t\t<p>Es gibt verschiedene M\u00f6glichkeiten, wie man sich sozialversichern kann. H\u00f6chstwahrscheinlich bist du bei deinen Eltern mitversichert. Dies ist beim Studium meist m\u00f6glich solange du unter 27 Jahre alt bist (mit Ausnahmen). Ist dies nicht der Fall, gibt es bei der \u00d6KK eine studentische Versicherung f\u00fcr etwa 66,- \u20ac\/Monat, bei der du aber die Verdienstgrenze von etwa 17.000,- \u20ac brutto nicht \u00fcberschreiten darfst. Eine dritte M\u00f6glichkeit ist die Versicherung f\u00fcr geringf\u00fcgige Angestellte f\u00fcr ebenfalls etwa 66,- \u20ac\/Monat.<br \/>\nDiese musst du selbst beantragen!<\/p>\n\r\n\t\t<\/div>\r\n\t<\/div><\/li><\/ul><\/div><\/div><\/div><\/div><\/div><div class=\"grve-background-wrapper\"><\/div><\/div><div class=\"grve-section grve-row-section grve-fullwidth-background grve-padding-top-1x grve-padding-bottom-1x grve-bg-none\"><div class=\"grve-container\"><div class=\"grve-row grve-bookmark grve-columns-gap-30\"><div class=\"grve-column wpb_column grve-column-1\" ><div class=\"grve-column-wrapper\" ><div class=\"grve-element grve-text vc_custom_1605156964122\">\r\n\t\t\t<h3>Studienbeitr\u00e4ge<\/h3>\n<hr style=\"border-color: #ff9000;\" \/>\n\r\n\t\t<\/div>\r\n\t<\/div><\/div><\/div><\/div><div class=\"grve-background-wrapper\"><\/div><\/div><div class=\"grve-section grve-row-section grve-fullwidth-background grve-padding-top-1x grve-padding-bottom-1x grve-bg-none\"><div class=\"grve-container\"><div class=\"grve-row grve-bookmark grve-columns-gap-30\"><div class=\"grve-column wpb_column grve-column-1\" ><div class=\"grve-column-wrapper\" ><div class=\"grve-element grve-accordion\"><ul class=\"grve-accordion-wrapper grve-action-accordion grve-style-1\"><li><div class=\"grve-title-wrapper grve-tab-link grve-align-left\" data-rel=\"#1701340240689-726f3631-f143\"><div class=\"grve-accordion-arrow grve-accordion-plus grve-position-left\"><i class=\"fa fa-plus\"><\/i><\/div><h3 class=\"grve-title grve-h6\">Ab wann werden Studienbeitr\u00e4ge f\u00e4llig?<\/h3><\/div><div class=\"grve-accordion-content\" id=\"1701340240689-726f3631-f143\"><div class=\"grve-element grve-text\">\r\n\t\t\t<p>Sobald du ein Toleranzsemester \u00fcberschritten hast, f\u00e4llt ein Betrag von 363,36 \u20ac pro Semester an. F\u00fcr Studierende aus Drittstaaten sind es 726,72 \u20ac.<\/p>\n\r\n\t\t<\/div>\r\n\t<\/div><\/li><li><div class=\"grve-title-wrapper grve-tab-link grve-align-left\" data-rel=\"#1701340240741-0f8920b6-94cc\"><div class=\"grve-accordion-arrow grve-accordion-plus grve-position-left\"><i class=\"fa fa-plus\"><\/i><\/div><h3 class=\"grve-title grve-h6\">Welche Erlassgr\u00fcnde gibt es f\u00fcr den Studienbeitrag?<\/h3><\/div><div class=\"grve-accordion-content\" id=\"1701340240741-0f8920b6-94cc\"><div class=\"grve-element grve-text\">\r\n\t\t\t<p>Aus folgenden Gr\u00fcnden wird der Studienbeitrag r\u00fcckerstattet\/erlassen:<\/p>\n<ul>\n<li>Bezieherinnen bzw. Bezieher von Studienbeihilfe<\/li>\n<li>Krankheit (nachweisliche Hinderung am Studium von mindestens 2 Monaten)<\/li>\n<li>Pflege von Angeh\u00f6rigen<\/li>\n<li>Behinderung<\/li>\n<li>Schwangerschaft<\/li>\n<\/ul>\n<p>-&gt; hier kein Erlass, sondern R\u00fcckerstattung<\/p>\n<p><strong>ACHTUNG:<\/strong>\u00a0Kein Erlass mehr wegen Erwerbst\u00e4tigkeit m\u00f6glich.<\/p>\n<p>Die Fristen f\u00fcr den Antrag k\u00f6nnen hier entnommen werden:<\/p>\n<p><a href=\"https:\/\/www.uibk.ac.at\/de\/studienabteilung\/erlassgruende\/\">https:\/\/www.uibk.ac.at\/de\/studienabteilung\/erlassgruende\/<\/a><\/p>\n<p>(Auch wenn etwas f\u00fcr den Antrag fehlt, sollte dieser gestellt und etwaige Dokumente nachgereicht werden, um innerhalb der Frist zu bleiben)<\/p>\n\r\n\t\t<\/div>\r\n\t<\/div><\/li><\/ul><\/div><\/div><\/div><\/div><\/div><div class=\"grve-background-wrapper\"><\/div><\/div>","protected":false},"excerpt":{"rendered":"Referat Sozialreferat Wir sind dein Ansprechpartner f\u00fcr Fragen zur Studien- und Familienbeihilfe, helfen dir in Notsituationen mit den Notfall- und H\u00e4rtefallfonds und unterst\u00fctzen dich beim Studieren mit Kind. Studium finanzieren? Wir helfen! Du hast dein Studium erst begonnen, oder bist schon voll im Studentenleben angekommen und hast Fragen bez\u00fcglich der Finanzierung oder generell einer finanziellen [...]","protected":false},"author":1,"featured_media":0,"parent":638,"menu_order":0,"comment_status":"closed","ping_status":"closed","template":"","meta":{"inline_featured_image":false,"footnotes":""},"class_list":["post-448","page","type-page","status-publish","hentry"],"yoast_head":"<!-- This site is optimized with the Yoast SEO plugin v21.8.1 - https:\/\/yoast.com\/wordpress\/plugins\/seo\/ -->\n<title>Sozialreferat - \u00d6H Innsbruck<\/title>\n<meta name=\"robots\" content=\"index, follow, max-snippet:-1, max-image-preview:large, max-video-preview:-1\" \/>\n<link rel=\"canonical\" href=\"https:\/\/www.oehweb.at\/en\/deine-oeh\/referate\/sozialreferat\/\" \/>\n<meta property=\"og:locale\" content=\"en_GB\" \/>\n<meta property=\"og:type\" content=\"article\" \/>\n<meta property=\"og:title\" content=\"Sozialreferat - \u00d6H Innsbruck\" \/>\n<meta property=\"og:url\" content=\"https:\/\/www.oehweb.at\/en\/deine-oeh\/referate\/sozialreferat\/\" \/>\n<meta property=\"og:site_name\" content=\"\u00d6H Innsbruck\" \/>\n<meta property=\"article:modified_time\" content=\"2026-07-31T07:09:28+00:00\" \/>\n<meta name=\"twitter:card\" content=\"summary_large_image\" \/>\n<meta name=\"twitter:label1\" content=\"Estimated reading time\" \/>\n\t<meta name=\"twitter:data1\" content=\"8 minutes\" \/>\n<script type=\"application\/ld+json\" class=\"yoast-schema-graph\">{\"@context\":\"https:\/\/schema.org\",\"@graph\":[{\"@type\":\"WebPage\",\"@id\":\"https:\/\/www.oehweb.at\/deine-oeh\/referate\/sozialreferat\/\",\"url\":\"https:\/\/www.oehweb.at\/deine-oeh\/referate\/sozialreferat\/\",\"name\":\"Sozialreferat - \u00d6H Innsbruck\",\"isPartOf\":{\"@id\":\"https:\/\/www.oehweb.at\/#website\"},\"datePublished\":\"2020-11-12T04:37:18+00:00\",\"dateModified\":\"2026-07-31T07:09:28+00:00\",\"breadcrumb\":{\"@id\":\"https:\/\/www.oehweb.at\/deine-oeh\/referate\/sozialreferat\/#breadcrumb\"},\"inLanguage\":\"en-GB\",\"potentialAction\":[{\"@type\":\"ReadAction\",\"target\":[\"https:\/\/www.oehweb.at\/deine-oeh\/referate\/sozialreferat\/\"]}]},{\"@type\":\"BreadcrumbList\",\"@id\":\"https:\/\/www.oehweb.at\/deine-oeh\/referate\/sozialreferat\/#breadcrumb\",\"itemListElement\":[{\"@type\":\"ListItem\",\"position\":1,\"name\":\"Home\",\"item\":\"https:\/\/www.oehweb.at\/\"},{\"@type\":\"ListItem\",\"position\":2,\"name\":\"Deine \u00d6H\",\"item\":\"https:\/\/www.oehweb.at\/deine-oeh\/\"},{\"@type\":\"ListItem\",\"position\":3,\"name\":\"Referate\",\"item\":\"https:\/\/www.oehweb.at\/deine-oeh\/referate\/\"},{\"@type\":\"ListItem\",\"position\":4,\"name\":\"Sozialreferat\"}]},{\"@type\":\"WebSite\",\"@id\":\"https:\/\/www.oehweb.at\/#website\",\"url\":\"https:\/\/www.oehweb.at\/\",\"name\":\"\u00d6H Innsbruck\",\"description\":\"Wir sind die \u00d6sterreichische Hochsch\u00fclerInnenschaft an der Universit\u00e4t Innsbruck\",\"publisher\":{\"@id\":\"https:\/\/www.oehweb.at\/#organization\"},\"potentialAction\":[{\"@type\":\"SearchAction\",\"target\":{\"@type\":\"EntryPoint\",\"urlTemplate\":\"https:\/\/www.oehweb.at\/?s={search_term_string}\"},\"query-input\":\"required name=search_term_string\"}],\"inLanguage\":\"en-GB\"},{\"@type\":\"Organization\",\"@id\":\"https:\/\/www.oehweb.at\/#organization\",\"name\":\"\u00d6H Innsrbruck\",\"url\":\"https:\/\/www.oehweb.at\/\",\"logo\":{\"@type\":\"ImageObject\",\"inLanguage\":\"en-GB\",\"@id\":\"https:\/\/www.oehweb.at\/#\/schema\/logo\/image\/\",\"url\":\"https:\/\/www.oehweb.at\/wp-content\/uploads\/2020\/11\/OEH-Innsbruck-Logo.svg\",\"contentUrl\":\"https:\/\/www.oehweb.at\/wp-content\/uploads\/2020\/11\/OEH-Innsbruck-Logo.svg\",\"width\":448,\"height\":255,\"caption\":\"\u00d6H Innsrbruck\"},\"image\":{\"@id\":\"https:\/\/www.oehweb.at\/#\/schema\/logo\/image\/\"}}]}<\/script>\n<!-- \/ Yoast SEO plugin. -->","yoast_head_json":{"title":"Sozialreferat - \u00d6H Innsbruck","robots":{"index":"index","follow":"follow","max-snippet":"max-snippet:-1","max-image-preview":"max-image-preview:large","max-video-preview":"max-video-preview:-1"},"canonical":"https:\/\/www.oehweb.at\/en\/deine-oeh\/referate\/sozialreferat\/","og_locale":"en_GB","og_type":"article","og_title":"Sozialreferat - \u00d6H Innsbruck","og_url":"https:\/\/www.oehweb.at\/en\/deine-oeh\/referate\/sozialreferat\/","og_site_name":"\u00d6H Innsbruck","article_modified_time":"2026-07-31T07:09:28+00:00","twitter_card":"summary_large_image","twitter_misc":{"Estimated reading time":"8 minutes"},"schema":{"@context":"https:\/\/schema.org","@graph":[{"@type":"WebPage","@id":"https:\/\/www.oehweb.at\/deine-oeh\/referate\/sozialreferat\/","url":"https:\/\/www.oehweb.at\/deine-oeh\/referate\/sozialreferat\/","name":"Sozialreferat - \u00d6H Innsbruck","isPartOf":{"@id":"https:\/\/www.oehweb.at\/#website"},"datePublished":"2020-11-12T04:37:18+00:00","dateModified":"2026-07-31T07:09:28+00:00","breadcrumb":{"@id":"https:\/\/www.oehweb.at\/deine-oeh\/referate\/sozialreferat\/#breadcrumb"},"inLanguage":"en-GB","potentialAction":[{"@type":"ReadAction","target":["https:\/\/www.oehweb.at\/deine-oeh\/referate\/sozialreferat\/"]}]},{"@type":"BreadcrumbList","@id":"https:\/\/www.oehweb.at\/deine-oeh\/referate\/sozialreferat\/#breadcrumb","itemListElement":[{"@type":"ListItem","position":1,"name":"Home","item":"https:\/\/www.oehweb.at\/"},{"@type":"ListItem","position":2,"name":"Deine \u00d6H","item":"https:\/\/www.oehweb.at\/deine-oeh\/"},{"@type":"ListItem","position":3,"name":"Referate","item":"https:\/\/www.oehweb.at\/deine-oeh\/referate\/"},{"@type":"ListItem","position":4,"name":"Sozialreferat"}]},{"@type":"WebSite","@id":"https:\/\/www.oehweb.at\/#website","url":"https:\/\/www.oehweb.at\/","name":"\u00d6H Innsbruck","description":"Wir sind die \u00d6sterreichische Hochsch\u00fclerInnenschaft an der Universit\u00e4t Innsbruck","publisher":{"@id":"https:\/\/www.oehweb.at\/#organization"},"potentialAction":[{"@type":"SearchAction","target":{"@type":"EntryPoint","urlTemplate":"https:\/\/www.oehweb.at\/?s={search_term_string}"},"query-input":"required name=search_term_string"}],"inLanguage":"en-GB"},{"@type":"Organization","@id":"https:\/\/www.oehweb.at\/#organization","name":"\u00d6H Innsrbruck","url":"https:\/\/www.oehweb.at\/","logo":{"@type":"ImageObject","inLanguage":"en-GB","@id":"https:\/\/www.oehweb.at\/#\/schema\/logo\/image\/","url":"https:\/\/www.oehweb.at\/wp-content\/uploads\/2020\/11\/OEH-Innsbruck-Logo.svg","contentUrl":"https:\/\/www.oehweb.at\/wp-content\/uploads\/2020\/11\/OEH-Innsbruck-Logo.svg","width":448,"height":255,"caption":"\u00d6H Innsrbruck"},"image":{"@id":"https:\/\/www.oehweb.at\/#\/schema\/logo\/image\/"}}]}},"_links":{"self":[{"href":"https:\/\/www.oehweb.at\/en\/wp-json\/wp\/v2\/pages\/448","targetHints":{"allow":["GET"]}}],"collection":[{"href":"https:\/\/www.oehweb.at\/en\/wp-json\/wp\/v2\/pages"}],"about":[{"href":"https:\/\/www.oehweb.at\/en\/wp-json\/wp\/v2\/types\/page"}],"author":[{"embeddable":true,"href":"https:\/\/www.oehweb.at\/en\/wp-json\/wp\/v2\/users\/1"}],"replies":[{"embeddable":true,"href":"https:\/\/www.oehweb.at\/en\/wp-json\/wp\/v2\/comments?post=448"}],"version-history":[{"count":301,"href":"https:\/\/www.oehweb.at\/en\/wp-json\/wp\/v2\/pages\/448\/revisions"}],"predecessor-version":[{"id":11692,"href":"https:\/\/www.oehweb.at\/en\/wp-json\/wp\/v2\/pages\/448\/revisions\/11692"}],"up":[{"embeddable":true,"href":"https:\/\/www.oehweb.at\/en\/wp-json\/wp\/v2\/pages\/638"}],"wp:attachment":[{"href":"https:\/\/www.oehweb.at\/en\/wp-json\/wp\/v2\/media?parent=448"}],"curies":[{"name":"wp","href":"https:\/\/api.w.org\/{rel}","templated":true}]}}