{"id":455,"date":"2020-11-12T06:09:10","date_gmt":"2020-11-12T05:09:10","guid":{"rendered":"https:\/\/www.oehweb.at\/services\/heime-und-wohnen-copy\/"},"modified":"2026-07-02T10:56:16","modified_gmt":"2026-07-02T08:56:16","slug":"umwelt-und-nachhaltigkeit","status":"publish","type":"page","link":"https:\/\/www.oehweb.at\/en\/deine-oeh\/referate\/umwelt-und-nachhaltigkeit\/","title":{"rendered":"Referat f\u00fcr Umwelt und Nachhaltigkeit"},"content":{"rendered":"<div class=\"grve-section grve-row-section grve-fullwidth-background grve-padding-top-3x grve-padding-bottom-3x grve-bg-none grve-headings-light\"  style=\"color:#ffffff;\"><div class=\"grve-container\"><div class=\"grve-row grve-bookmark grve-columns-gap-30\"><div class=\"grve-column wpb_column grve-column-3-4\" ><div class=\"grve-column-wrapper\" ><div class=\"grve-element grve-text grve-leader-text\">\r\n\t\t\t<div class=\"grve-small-text\"><span class=\"\">Referat f\u00fcr<\/span><\/div>\n<h1>Umwelt und Nachhaltigkeit<\/h1>\n<p>Wir denken an morgen &#8211; und setzen uns deshalb schon heute f\u00fcr eine nachhaltige und umweltfreundliche Uni sowie einen gr\u00fcnen Studienalltag ein.<\/p>\n\r\n\t\t<\/div>\r\n\t<\/div><\/div><\/div><\/div><div class=\"grve-background-wrapper\">  <div class=\"grve-bg-image grve-bg-center-center grve-bg-image-id-527\"   style=\"background-image: url(https:\/\/www.oehweb.at\/wp-content\/uploads\/2020\/11\/oeh-innsbruck-umwelt-nachhaltigkeit.jpg);\"><\/div>  <div class=\"grve-bg-overlay\" style=\"background:rgba(27,29,31,0.5); background: linear-gradient(180deg,rgba(27,29,31,0.5) 0%,rgba(27,29,31,0.75) 100%);\"><\/div><\/div><\/div><div class=\"grve-section grve-row-section grve-fullwidth-background grve-bg-none\"  style=\"background:#ff9000;background: linear-gradient(90deg,#ff9000 0%,#ff9000 100%);padding-top: 15px;\"><div class=\"grve-container\"><div class=\"grve-row grve-bookmark grve-columns-gap-30\"><div class=\"grve-column wpb_column grve-column-1\" ><div class=\"grve-column-wrapper\" ><\/div><\/div><\/div><\/div><div class=\"grve-background-wrapper\"><\/div><\/div><div class=\"grve-section grve-row-section grve-fullwidth-background grve-padding-top-4x grve-padding-bottom-1x grve-bg-none\"><div class=\"grve-container\"><div class=\"grve-row grve-bookmark grve-columns-gap-60\"><div class=\"grve-column wpb_column grve-column-1-3\" ><div class=\"grve-column-wrapper\" ><div class=\"grve-element grve-text\">\r\n\t\t\t<h2>Nachhaltigkeit im Studium<\/h2>\n\r\n\t\t<\/div>\r\n\t<\/div><\/div><div class=\"grve-column wpb_column grve-column-2-3\" ><div class=\"grve-column-wrapper\" ><div class=\"grve-element grve-text vc_custom_1756278642661\">\r\n\t\t\t<p>Das Nachhaltigkeitsreferat ist die Anlaufstelle f\u00fcr alle Fragen, Ideen und Anliegen rund um die Themen Umwelt, Klimaschutz und Nachhaltigkeit an der Universit\u00e4t Innsbruck. Unser Ziel ist es, die Uni gemeinsam mit dir, den Studierenden, Schritt f\u00fcr Schritt nachhaltiger\u00a0zu gestalten.<\/p>\n<p>Wir verstehen Nachhaltigkeit dabei nicht nur als theoretisches Schlagwort, sondern als gelebten Prozess. Das bedeutet: Wir setzen uns auf verschiedenen Ebenen ein \u2013 von der Verbesserung der Rahmenbedingungen im Studienalltag bis hin zur Organisation von Veranstaltungen, Workshops und Aktionen, die dir die M\u00f6glichkeit geben, selbst aktiv zu werden.<\/p>\n<p>Ein besonderes Anliegen ist uns, dass auch dein Uni-Alltag umweltfreundlich bleibt. Deshalb k\u00fcmmern wir uns nicht nur um interne Projekte und Initiativen innerhalb der Universit\u00e4t, sondern machen dich auch auf spannende externe Events aufmerksam, die thematisch zu uns passen. So schaffen wir eine Plattform, die Studierende mit Ideen, Wissen und Engagement rund um Nachhaltigkeit vernetzt.<\/p>\n<p>Das Nachhaltigkeitsreferat will dabei nicht nur informieren, sondern auch Impulse setzen, zum Mitmachen motivieren und konkrete Ver\u00e4nderungen ansto\u00dfen. Wir glauben fest daran, dass gerade kleine Schritte \u2013 sei es im pers\u00f6nlichen Alltag oder auf institutioneller Ebene \u2013 eine gro\u00dfe Wirkung entfalten k\u00f6nnen.<\/p>\n<p>Wenn du Fragen, Ideen oder Anregungen hast oder dich einfach einbringen m\u00f6chtest, melde dich jederzeit gerne bei uns. Wir freuen uns \u00fcber jede Person, die Lust hat, gemeinsam mit uns an einer nachhaltigere, gerechteren und zukunftsf\u00e4higen Universit\u00e4t mitzuwirken.<\/p>\n\r\n\t\t<\/div>\r\n\t<\/div><\/div><\/div><\/div><div class=\"grve-background-wrapper\"><\/div><\/div><div class=\"grve-section grve-row-section grve-fullwidth-background grve-padding-top-1x grve-padding-bottom-1x grve-bg-none\"  style=\"color:#000000;\"><div class=\"grve-container\"><div class=\"grve-row grve-bookmark grve-columns-gap-50\"><div class=\"grve-column wpb_column grve-column-1-3\" ><div class=\"grve-column-wrapper\" ><div class=\"grve-element grve-text vc_custom_1751320454477\">\r\n\t\t\t<h2>Deine<br \/>\nAnsprech-<br \/>\npersonen<\/h2>\n\r\n\t\t<\/div>\r\n\t<div class=\"grve-element grve-text zeilenabstand-large\">\r\n\t\t\t<div>\n<p><strong>E-Mail: <\/strong><a href=\"mailto:umwelt-nachhaltigkeit-oeh@uibk.ac.at\">umwelt-nachhaltigkeit-oeh@uibk.ac.at<\/a><br \/>\n<strong>Telefon:<\/strong> <a href=\"tel:+43 512 507-35625\">+43 512 507-35625<\/a><br \/>\n<strong>Adresse:<\/strong> Josef-Hirn Stra\u00dfe 7, 2. Stock<\/p>\n<\/div>\n\r\n\t\t<\/div>\r\n\t<div class=\"grve-element grve-text\">\r\n\t\t\t<p>&nbsp;<\/p>\n\r\n\t\t<\/div>\r\n\t<div class=\"grve-element grve-text\">\r\n\t\t\t<p><strong>Beratungszeiten SoSe 2026 Vorlesungszeit:<br \/>\n<\/strong>Gerne bekommst du einen Termin &#8211; nach vorheriger Anfrage per Mail!<\/p>\n<p><strong>Beratungszeiten Sommerferien 2026:<\/strong><br \/>\nEmails werden selbstverst\u00e4ndlich auch in den Ferien beantwortet!<\/p>\n\r\n\t\t<\/div>\r\n\t<\/div><\/div><div class=\"grve-column wpb_column grve-column-2-3\" ><div class=\"grve-column-wrapper\" ><div class=\"grve-row-inner grve-bookmark\">\r\n\t\t<div class=\"grve-column-inner wpb_column grve-column-1-3\">\r\n\t\t\t<div class=\"grve-column-wrapper-inner\">\r\n\t\t\t\r\n\t\t\t\t<div class=\"grve-team grve-element grve-layout-1\" style=\"\">\r\n\t\t\t<figure class=\"grve-image-hover grve-zoom-none\">\r\n\t\t\t\t\t\t\t\t<div class=\"grve-team-person\">\r\n\t\t\t\t\t<div class=\"grve-bg-light grve-hover-overlay grve-opacity-0\"><\/div>\r\n\t\t\t\t\t<img loading=\"lazy\" decoding=\"async\" width=\"1200\" height=\"1800\" src=\"https:\/\/www.oehweb.at\/wp-content\/uploads\/2025\/07\/Lynn-Faber_geaendert.jpg\" class=\"attachment-full size-full\" alt=\"\" srcset=\"https:\/\/www.oehweb.at\/wp-content\/uploads\/2025\/07\/Lynn-Faber_geaendert.jpg 1200w, https:\/\/www.oehweb.at\/wp-content\/uploads\/2025\/07\/Lynn-Faber_geaendert-200x300.jpg 200w, https:\/\/www.oehweb.at\/wp-content\/uploads\/2025\/07\/Lynn-Faber_geaendert-683x1024.jpg 683w, https:\/\/www.oehweb.at\/wp-content\/uploads\/2025\/07\/Lynn-Faber_geaendert-768x1152.jpg 768w, https:\/\/www.oehweb.at\/wp-content\/uploads\/2025\/07\/Lynn-Faber_geaendert-1024x1536.jpg 1024w\" sizes=\"auto, (max-width: 1200px) 100vw, 1200px\" \/>\t\t\t\t<\/div>\r\n\t\t\t\t<figcaption>\r\n\t\t\t\t\t<ul class=\"grve-team-social grve-align-center\">\r\n\t\t\t\t\t\t\t\t\t\t\t<\/ul>\r\n\t\t\t\t<\/figcaption>\r\n\t\t\t<\/figure>\r\n\t\t\t<div class=\"grve-team-description grve-align-center\">\r\n\t\t\t\t\t\t\t\t<div class=\"grve-team-identity grve-link-text\">Referent_in<\/div>\r\n\t\t\t\t\t\t\t\t\t\t\t\t<h4 class=\"grve-team-name grve-text-hover-primary-1 grve-h4\">Lynn Faber<\/h4>\r\n\t\t\t\t\t\t\t<\/div>\r\n\t\t<\/div>\r\n\t\t\r\n\t\t\r\n\t\t\t<\/div>\r\n\t\t<\/div>\r\n\t\r\n\t\t<div class=\"grve-column-inner wpb_column grve-column-1-3\">\r\n\t\t\t<div class=\"grve-column-wrapper-inner\">\r\n\t\t\t\r\n\t\t\t<\/div>\r\n\t\t<\/div>\r\n\t\r\n\t\t<div class=\"grve-column-inner wpb_column grve-column-1-3\">\r\n\t\t\t<div class=\"grve-column-wrapper-inner\">\r\n\t\t\t\r\n\t\t\t<\/div>\r\n\t\t<\/div>\r\n\t<\/div><\/div><\/div><\/div><\/div><div class=\"grve-background-wrapper\"><\/div><\/div><div class=\"grve-section grve-row-section grve-fullwidth-background grve-padding-top-1x grve-padding-bottom-1x grve-bg-none\"><div class=\"grve-container\"><div class=\"grve-row grve-bookmark grve-columns-gap-30\"><div class=\"grve-column wpb_column grve-column-1-2\" ><div class=\"grve-column-wrapper\" ><div class=\"grve-element grve-text grve-leader-text\">\r\n\t\t\t<h2>FAQs<\/h2>\n<p>Hier findest du Antworten auf h\u00e4ufig gestellte Fragen an unser Referat.<\/p>\n\r\n\t\t<\/div>\r\n\t<\/div><\/div><div class=\"grve-column wpb_column grve-column-1-2\" ><div class=\"grve-column-wrapper\" ><\/div><\/div><\/div><\/div><div class=\"grve-background-wrapper\"><\/div><\/div><div class=\"grve-section grve-row-section grve-fullwidth-background grve-padding-top-1x grve-padding-bottom-1x grve-bg-none\"><div class=\"grve-container\"><div class=\"grve-row grve-bookmark grve-columns-gap-60\"><div class=\"grve-column wpb_column grve-column-1-3\" ><div class=\"grve-column-wrapper\" ><div class=\"grve-element grve-text vc_custom_1605157997531\">\r\n\t\t\t<h5 class=\"faq-titel\">Wie kann ich Kontakt mit euch aufnehmen?<\/h5>\n<p>Schreibe uns ganz einfach eine Mail an umwelt@oeh.cc mit deinem Anliegen und wir kommen schnellstm\u00f6glich auf deine Anfrage zur\u00fcck. Im Normalfall erh\u00e4ltst du innerhalb einer Woche eine Antwort von uns.<\/p>\n\r\n\t\t<\/div>\r\n\t<div class=\"grve-element grve-text vc_custom_1605158033856\">\r\n\t\t\t<h5 class=\"faq-titel\">Wie bleibe ich \u00fcber geplante Veranstaltungen, Aktivit\u00e4ten und T\u00e4tigkeiten des Referates auf dem Laufenden?<\/h5>\n<p>Aktualisiere regelm\u00e4\u00dfig unsere Website und wirf einen Blick auf die Social Media Kan\u00e4le der \u00d6H Innsbruck. So bleibst du immer auf dem neuesten Stand.<\/p>\n\r\n\t\t<\/div>\r\n\t<div class=\"grve-element grve-text vc_custom_1605158061838\">\r\n\t\t\t<h5 class=\"faq-titel\">Ich m\u00f6chte mich engagieren \u2013 an wen kann ich mich wenden?<\/h5>\n<p>Schreib uns am besten ganz unverbindlich eine Mail an umwelt@oeh.cc. Gemeinsam mit dir schauen wir uns dann an, wie viel du tun willst und tun kannst und suchen mit dir gemeinsam ein passendes Projekt oder eine passende Anlaufstelle f\u00fcr dein Engagement.<\/p>\n\r\n\t\t<\/div>\r\n\t<\/div><\/div><div class=\"grve-column wpb_column grve-column-1-3\" ><div class=\"grve-column-wrapper\" ><div class=\"grve-element grve-text vc_custom_1605158084516\">\r\n\t\t\t<h5 class=\"faq-titel\">Was macht das Referat?<\/h5>\n<p>Wir organisieren und koordinieren Veranstaltungen jeglicher Art zu den Themen Umweltschutz und Nachhaltigkeit. Zudem arbeiten wir an einem erh\u00f6hten Stellenwert der Themen an allen Standorten und wollen nachhaltige Verbesserungen an der Universit\u00e4t Innsbruck erreichen.<\/p>\n\r\n\t\t<\/div>\r\n\t<div class=\"grve-element grve-text vc_custom_1605158120387\">\r\n\t\t\t<h5 class=\"faq-titel\">Was sind Ziele unseres Referates?<\/h5>\n<p>Wir wollen die Themen Umwelt und Nachhaltigkeit an der Universit\u00e4t Innsbruck st\u00e4rker in den Mittelpunkt r\u00fccken. Daf\u00fcr wollen wir unter den Studierenden Bewusstsein f\u00fcr das Thema schaffen, Interessierten das n\u00f6tige R\u00fcstzeug f\u00fcr einen bewussten und nachhaltigen Alltag mit auf den Weg geben und unsere Forderungen, Interessen &amp; Ideen auch an den Fakult\u00e4ten einbringen. Unser Ziel ist es, eine nachhaltige Uni mitzugestalten.<\/p>\n\r\n\t\t<\/div>\r\n\t<\/div><\/div><div class=\"grve-column wpb_column grve-column-1-3\" ><div class=\"grve-column-wrapper\" ><div class=\"grve-element grve-text vc_custom_1605158145910\">\r\n\t\t\t<h5 class=\"faq-titel\">Warum sind die Themen Umwelt und Nachhaltigkeit f\u00fcr uns als \u00d6H ein wichtiges Anliegen?<\/h5>\n<p>Wir verstehen uns nicht nur als Vertretung der aktuellen Studierenden der Universit\u00e4t Innsbruck, sondern sehen auch unsere Verantwortung gegen\u00fcber der Studierenden der n\u00e4chsten Generation. Deshalb ist es uns ein gro\u00dfes Anliegen die Themen Umweltschutz und Nachhaltigkeit an der Universit\u00e4t Innsbruck verst\u00e4rkt in den Fokus zu r\u00fccken. Dadurch wollen wir das Bewusstsein f\u00fcr die Wichtigkeit dieser Themen bei allen Studierenden und Angestellten sch\u00e4rfen, um so langfristige Ver\u00e4nderungen erreichen zu k\u00f6nnen.<\/p>\n\r\n\t\t<\/div>\r\n\t<\/div><\/div><\/div><\/div><div class=\"grve-background-wrapper\"><\/div><\/div><div class=\"grve-section grve-row-section grve-fullwidth-background grve-padding-top-3x grve-padding-bottom-3x grve-bg-none grve-headings-light\"  style=\"background-color:#ff9000;color:#ffffff;\"><div class=\"grve-container\"><div class=\"grve-row grve-bookmark grve-columns-gap-none\"><div class=\"grve-column wpb_column grve-column-2-3\" ><div class=\"grve-column-wrapper\" ><div class=\"grve-element grve-text vc_custom_1605348270130\">\r\n\t\t\t<div class=\"cta-text\"><span style=\"color: #ffffff;\">Es gibt noch viele weitere Angebote f\u00fcr dich<\/span><\/div>\n\r\n\t\t<\/div>\r\n\t<\/div><\/div><div class=\"grve-column wpb_column grve-column-1-3\" ><div class=\"grve-column-wrapper\" ><\/div><\/div><\/div><\/div><div class=\"grve-background-wrapper\"><\/div><\/div>","protected":false},"excerpt":{"rendered":"Referat f\u00fcr Umwelt und Nachhaltigkeit Wir denken an morgen - und setzen uns deshalb schon heute f\u00fcr eine nachhaltige und umweltfreundliche Uni sowie einen gr\u00fcnen Studienalltag ein. Nachhaltigkeit im Studium Das Nachhaltigkeitsreferat ist die Anlaufstelle f\u00fcr alle Fragen, Ideen und Anliegen rund um die Themen Umwelt, Klimaschutz und Nachhaltigkeit an der Universit\u00e4t Innsbruck. Unser Ziel [...]","protected":false},"author":1,"featured_media":0,"parent":638,"menu_order":0,"comment_status":"closed","ping_status":"closed","template":"","meta":{"inline_featured_image":false,"footnotes":""},"class_list":["post-455","page","type-page","status-publish","hentry"],"yoast_head":"<!-- This site is optimized with the Yoast SEO plugin v21.8.1 - https:\/\/yoast.com\/wordpress\/plugins\/seo\/ -->\n<title>Referat f\u00fcr Umwelt und Nachhaltigkeit - \u00d6H Innsbruck<\/title>\n<meta name=\"robots\" content=\"index, follow, max-snippet:-1, max-image-preview:large, max-video-preview:-1\" \/>\n<link rel=\"canonical\" href=\"https:\/\/www.oehweb.at\/en\/deine-oeh\/referate\/umwelt-und-nachhaltigkeit\/\" \/>\n<meta property=\"og:locale\" content=\"en_GB\" \/>\n<meta property=\"og:type\" content=\"article\" \/>\n<meta property=\"og:title\" content=\"Referat f\u00fcr Umwelt und Nachhaltigkeit - \u00d6H Innsbruck\" \/>\n<meta property=\"og:url\" content=\"https:\/\/www.oehweb.at\/en\/deine-oeh\/referate\/umwelt-und-nachhaltigkeit\/\" \/>\n<meta property=\"og:site_name\" content=\"\u00d6H Innsbruck\" \/>\n<meta property=\"article:modified_time\" content=\"2026-07-02T08:56:16+00:00\" \/>\n<meta name=\"twitter:card\" content=\"summary_large_image\" \/>\n<meta name=\"twitter:label1\" content=\"Estimated reading time\" \/>\n\t<meta name=\"twitter:data1\" content=\"5 minutes\" \/>\n<script type=\"application\/ld+json\" class=\"yoast-schema-graph\">{\"@context\":\"https:\/\/schema.org\",\"@graph\":[{\"@type\":\"WebPage\",\"@id\":\"https:\/\/www.oehweb.at\/deine-oeh\/referate\/umwelt-und-nachhaltigkeit\/\",\"url\":\"https:\/\/www.oehweb.at\/deine-oeh\/referate\/umwelt-und-nachhaltigkeit\/\",\"name\":\"Referat f\u00fcr Umwelt und Nachhaltigkeit - \u00d6H Innsbruck\",\"isPartOf\":{\"@id\":\"https:\/\/www.oehweb.at\/#website\"},\"datePublished\":\"2020-11-12T05:09:10+00:00\",\"dateModified\":\"2026-07-02T08:56:16+00:00\",\"breadcrumb\":{\"@id\":\"https:\/\/www.oehweb.at\/deine-oeh\/referate\/umwelt-und-nachhaltigkeit\/#breadcrumb\"},\"inLanguage\":\"en-GB\",\"potentialAction\":[{\"@type\":\"ReadAction\",\"target\":[\"https:\/\/www.oehweb.at\/deine-oeh\/referate\/umwelt-und-nachhaltigkeit\/\"]}]},{\"@type\":\"BreadcrumbList\",\"@id\":\"https:\/\/www.oehweb.at\/deine-oeh\/referate\/umwelt-und-nachhaltigkeit\/#breadcrumb\",\"itemListElement\":[{\"@type\":\"ListItem\",\"position\":1,\"name\":\"Home\",\"item\":\"https:\/\/www.oehweb.at\/\"},{\"@type\":\"ListItem\",\"position\":2,\"name\":\"Deine \u00d6H\",\"item\":\"https:\/\/www.oehweb.at\/deine-oeh\/\"},{\"@type\":\"ListItem\",\"position\":3,\"name\":\"Referate\",\"item\":\"https:\/\/www.oehweb.at\/deine-oeh\/referate\/\"},{\"@type\":\"ListItem\",\"position\":4,\"name\":\"Referat f\u00fcr Umwelt und Nachhaltigkeit\"}]},{\"@type\":\"WebSite\",\"@id\":\"https:\/\/www.oehweb.at\/#website\",\"url\":\"https:\/\/www.oehweb.at\/\",\"name\":\"\u00d6H Innsbruck\",\"description\":\"Wir sind die \u00d6sterreichische Hochsch\u00fclerInnenschaft an der Universit\u00e4t Innsbruck\",\"publisher\":{\"@id\":\"https:\/\/www.oehweb.at\/#organization\"},\"potentialAction\":[{\"@type\":\"SearchAction\",\"target\":{\"@type\":\"EntryPoint\",\"urlTemplate\":\"https:\/\/www.oehweb.at\/?s={search_term_string}\"},\"query-input\":\"required name=search_term_string\"}],\"inLanguage\":\"en-GB\"},{\"@type\":\"Organization\",\"@id\":\"https:\/\/www.oehweb.at\/#organization\",\"name\":\"\u00d6H Innsrbruck\",\"url\":\"https:\/\/www.oehweb.at\/\",\"logo\":{\"@type\":\"ImageObject\",\"inLanguage\":\"en-GB\",\"@id\":\"https:\/\/www.oehweb.at\/#\/schema\/logo\/image\/\",\"url\":\"https:\/\/www.oehweb.at\/wp-content\/uploads\/2020\/11\/OEH-Innsbruck-Logo.svg\",\"contentUrl\":\"https:\/\/www.oehweb.at\/wp-content\/uploads\/2020\/11\/OEH-Innsbruck-Logo.svg\",\"width\":448,\"height\":255,\"caption\":\"\u00d6H Innsrbruck\"},\"image\":{\"@id\":\"https:\/\/www.oehweb.at\/#\/schema\/logo\/image\/\"}}]}<\/script>\n<!-- \/ Yoast SEO plugin. -->","yoast_head_json":{"title":"Referat f\u00fcr Umwelt und Nachhaltigkeit - \u00d6H Innsbruck","robots":{"index":"index","follow":"follow","max-snippet":"max-snippet:-1","max-image-preview":"max-image-preview:large","max-video-preview":"max-video-preview:-1"},"canonical":"https:\/\/www.oehweb.at\/en\/deine-oeh\/referate\/umwelt-und-nachhaltigkeit\/","og_locale":"en_GB","og_type":"article","og_title":"Referat f\u00fcr Umwelt und Nachhaltigkeit - \u00d6H Innsbruck","og_url":"https:\/\/www.oehweb.at\/en\/deine-oeh\/referate\/umwelt-und-nachhaltigkeit\/","og_site_name":"\u00d6H Innsbruck","article_modified_time":"2026-07-02T08:56:16+00:00","twitter_card":"summary_large_image","twitter_misc":{"Estimated reading time":"5 minutes"},"schema":{"@context":"https:\/\/schema.org","@graph":[{"@type":"WebPage","@id":"https:\/\/www.oehweb.at\/deine-oeh\/referate\/umwelt-und-nachhaltigkeit\/","url":"https:\/\/www.oehweb.at\/deine-oeh\/referate\/umwelt-und-nachhaltigkeit\/","name":"Referat f\u00fcr Umwelt und Nachhaltigkeit - \u00d6H Innsbruck","isPartOf":{"@id":"https:\/\/www.oehweb.at\/#website"},"datePublished":"2020-11-12T05:09:10+00:00","dateModified":"2026-07-02T08:56:16+00:00","breadcrumb":{"@id":"https:\/\/www.oehweb.at\/deine-oeh\/referate\/umwelt-und-nachhaltigkeit\/#breadcrumb"},"inLanguage":"en-GB","potentialAction":[{"@type":"ReadAction","target":["https:\/\/www.oehweb.at\/deine-oeh\/referate\/umwelt-und-nachhaltigkeit\/"]}]},{"@type":"BreadcrumbList","@id":"https:\/\/www.oehweb.at\/deine-oeh\/referate\/umwelt-und-nachhaltigkeit\/#breadcrumb","itemListElement":[{"@type":"ListItem","position":1,"name":"Home","item":"https:\/\/www.oehweb.at\/"},{"@type":"ListItem","position":2,"name":"Deine \u00d6H","item":"https:\/\/www.oehweb.at\/deine-oeh\/"},{"@type":"ListItem","position":3,"name":"Referate","item":"https:\/\/www.oehweb.at\/deine-oeh\/referate\/"},{"@type":"ListItem","position":4,"name":"Referat f\u00fcr Umwelt und Nachhaltigkeit"}]},{"@type":"WebSite","@id":"https:\/\/www.oehweb.at\/#website","url":"https:\/\/www.oehweb.at\/","name":"\u00d6H Innsbruck","description":"Wir sind die \u00d6sterreichische Hochsch\u00fclerInnenschaft an der Universit\u00e4t Innsbruck","publisher":{"@id":"https:\/\/www.oehweb.at\/#organization"},"potentialAction":[{"@type":"SearchAction","target":{"@type":"EntryPoint","urlTemplate":"https:\/\/www.oehweb.at\/?s={search_term_string}"},"query-input":"required name=search_term_string"}],"inLanguage":"en-GB"},{"@type":"Organization","@id":"https:\/\/www.oehweb.at\/#organization","name":"\u00d6H Innsrbruck","url":"https:\/\/www.oehweb.at\/","logo":{"@type":"ImageObject","inLanguage":"en-GB","@id":"https:\/\/www.oehweb.at\/#\/schema\/logo\/image\/","url":"https:\/\/www.oehweb.at\/wp-content\/uploads\/2020\/11\/OEH-Innsbruck-Logo.svg","contentUrl":"https:\/\/www.oehweb.at\/wp-content\/uploads\/2020\/11\/OEH-Innsbruck-Logo.svg","width":448,"height":255,"caption":"\u00d6H Innsrbruck"},"image":{"@id":"https:\/\/www.oehweb.at\/#\/schema\/logo\/image\/"}}]}},"_links":{"self":[{"href":"https:\/\/www.oehweb.at\/en\/wp-json\/wp\/v2\/pages\/455","targetHints":{"allow":["GET"]}}],"collection":[{"href":"https:\/\/www.oehweb.at\/en\/wp-json\/wp\/v2\/pages"}],"about":[{"href":"https:\/\/www.oehweb.at\/en\/wp-json\/wp\/v2\/types\/page"}],"author":[{"embeddable":true,"href":"https:\/\/www.oehweb.at\/en\/wp-json\/wp\/v2\/users\/1"}],"replies":[{"embeddable":true,"href":"https:\/\/www.oehweb.at\/en\/wp-json\/wp\/v2\/comments?post=455"}],"version-history":[{"count":59,"href":"https:\/\/www.oehweb.at\/en\/wp-json\/wp\/v2\/pages\/455\/revisions"}],"predecessor-version":[{"id":11642,"href":"https:\/\/www.oehweb.at\/en\/wp-json\/wp\/v2\/pages\/455\/revisions\/11642"}],"up":[{"embeddable":true,"href":"https:\/\/www.oehweb.at\/en\/wp-json\/wp\/v2\/pages\/638"}],"wp:attachment":[{"href":"https:\/\/www.oehweb.at\/en\/wp-json\/wp\/v2\/media?parent=455"}],"curies":[{"name":"wp","href":"https:\/\/api.w.org\/{rel}","templated":true}]}}