{"id":458,"date":"2020-11-12T06:18:26","date_gmt":"2020-11-12T05:18:26","guid":{"rendered":"https:\/\/www.oehweb.at\/services\/heime-und-wohnen-copy\/"},"modified":"2026-07-01T10:24:28","modified_gmt":"2026-07-01T08:24:28","slug":"sport-und-gesundheit","status":"publish","type":"page","link":"https:\/\/www.oehweb.at\/en\/deine-oeh\/referate\/sport-und-gesundheit\/","title":{"rendered":"Referat f\u00fcr Sport und Gesundheit"},"content":{"rendered":"<div class=\"grve-section grve-row-section grve-fullwidth-background grve-padding-top-3x grve-padding-bottom-3x grve-bg-none grve-headings-light\"  style=\"color:#ffffff;\"><div class=\"grve-container\"><div class=\"grve-row grve-bookmark grve-columns-gap-30\"><div class=\"grve-column wpb_column grve-column-3-4\" ><div class=\"grve-column-wrapper\" ><div class=\"grve-element grve-text grve-leader-text\">\r\n\t\t\t<div class=\"grve-small-text\"><span class=\"\">Referat f\u00fcr<\/span><\/div>\n<h1>Sport und Gesundheit<\/h1>\n<p>Eure Vertretung f\u00fcr alle Anliegen der k\u00f6rperlichen und psychischen Gesundheit.<\/p>\n\r\n\t\t<\/div>\r\n\t<\/div><\/div><\/div><\/div><div class=\"grve-background-wrapper\">  <div class=\"grve-bg-image grve-bg-center-center grve-bg-image-id-524\"   style=\"background-image: url(https:\/\/www.oehweb.at\/wp-content\/uploads\/2020\/11\/oeh-innsbruck-sport-gesundheit.jpg);\"><\/div>  <div class=\"grve-bg-overlay\" style=\"background:rgba(27,29,31,0.5); background: linear-gradient(180deg,rgba(27,29,31,0.5) 0%,rgba(27,29,31,0.75) 100%);\"><\/div><\/div><\/div><div class=\"grve-section grve-row-section grve-fullwidth-background grve-bg-none\"  style=\"background:#ff9000;background: linear-gradient(90deg,#ff9000 0%,#ff9000 100%);padding-top: 15px;\"><div class=\"grve-container\"><div class=\"grve-row grve-bookmark grve-columns-gap-30\"><div class=\"grve-column wpb_column grve-column-1\" ><div class=\"grve-column-wrapper\" ><\/div><\/div><\/div><\/div><div class=\"grve-background-wrapper\"><\/div><\/div><div class=\"grve-section grve-row-section grve-fullwidth-background grve-padding-top-4x grve-padding-bottom-1x grve-bg-none\"><div class=\"grve-container\"><div class=\"grve-row grve-bookmark grve-columns-gap-60\"><div class=\"grve-column wpb_column grve-column-1-3\" ><div class=\"grve-column-wrapper\" ><div class=\"grve-element grve-text\">\r\n\t\t\t<h2>Sportlich und gesund im Studium!<\/h2>\n\r\n\t\t<\/div>\r\n\t<\/div><\/div><div class=\"grve-column wpb_column grve-column-2-3\" ><div class=\"grve-column-wrapper\" ><div class=\"grve-element grve-text vc_custom_1714375650620\">\r\n\t\t\t<p>In einer Gesellschaft, die oft von Leistungsdruck und Stress gepr\u00e4gt ist, sehen wir die Notwendigkeit, einen Raum zu schaffen, der sich der physischen und psychischen Gesundheit widmet. Wir alle stehen meist unter gro\u00dfem Druck, sowohl akademisch als auch sozial und \u00f6konomisch erfolgreich zu sein.<\/p>\n<p>Wir sehen es als unsere Aufgabe dem etwas entgegenzusetzen und einen kritischen Diskurs \u00fcber die strukturellen Ursachen von gesundheitlichen und psychischen Problemen in der Bildungsgesellschaft anzusto\u00dfen. Der Begriff \u201eGesundheit\u201c beinhaltet weit mehr als ein individuelles Verst\u00e4ndnis von Wohlbefinden und k\u00f6rperlicher Unversehrtheit. Vielmehr ist unsere Gesundheit und gerade auch unsere Auffassung von Gesundheit ein Produkt der sozialen, politischen und \u00f6konomischen Strukturen unserer Gesellschaft.<\/p>\n<p>Wir sind davon \u00fcberzeugt, dass eine ganzheitliche Betrachtung von Gesundheit nicht nur individuelle Verantwortung erfordert, sondern auch eine gesellschaftliche Ver\u00e4nderung auf struktureller Ebene. Ziel unserer Arbeit soll es sein, eine Umgebung zu schaffen, in der Studierende unterst\u00fctzt werden, ihre Gesundheit als Priorit\u00e4t zu betrachten, und gleichzeitig das Bewusstsein f\u00fcr die sozialen und institutionellen Barrieren zu sch\u00e4rfen, die ihrer k\u00f6rperlichen Entfaltung im Wege stehen k\u00f6nnen.<\/p>\n<p>Deshalb wollen wir f\u00fcr alle Interessen der Studierenden, die Gesundheit, Wohlbefinden und sportliche Aktivit\u00e4ten betreffen eure Ansprechpartner sein!<\/p>\n\r\n\t\t<\/div>\r\n\t<\/div><\/div><\/div><\/div><div class=\"grve-background-wrapper\"><\/div><\/div><div class=\"grve-section grve-row-section grve-fullwidth-background grve-padding-top-1x grve-padding-bottom-1x grve-bg-none grve-custom-height grve-middle-content\"  style=\"color:#000000;\"><div class=\"grve-container\"><div class=\"grve-row grve-bookmark grve-columns-gap-60\"><div class=\"grve-column wpb_column grve-column-1-3\" ><div class=\"grve-column-wrapper\" ><div class=\"grve-element grve-text vc_custom_1751319106018\">\r\n\t\t\t<h2>Deine<br \/>\nAnsprech-<br \/>\npersonen<\/h2>\n\r\n\t\t<\/div>\r\n\t<div class=\"grve-element grve-text zeilenabstand-large\">\r\n\t\t\t<div><strong>E-Mail:<\/strong><span style=\"color: #000000;\"><a href=\"mailto:sport-gesundheit-oeh@uibk.ac.at\"> sport-gesundheit-oeh@uibk.ac.at<\/a><\/span><br \/>\n<strong>Telefon:<\/strong> +43 512 507-35630<br \/>\n<strong>Adresse:<\/strong> Josef-Hirn Stra\u00dfe 7, 2. Stock<\/div>\n<div><\/div>\n\r\n\t\t<\/div>\r\n\t<div class=\"grve-element grve-text\">\r\n\t\t\t<p>&nbsp;<\/p>\n\r\n\t\t<\/div>\r\n\t<div class=\"grve-element grve-text\">\r\n\t\t\t<p><strong>Beratungszeiten SoSe 2026 Vorlesungszeit:<br \/>\n<\/strong>Gerne bekommst du einen Termin &#8211; nach vorheriger Anfrage per Mail!<\/p>\n<p><strong>Beratungszeiten Sommerferien 2026:<\/strong><br \/>\nEmails werden selbstverst\u00e4ndlich auch in den Ferien beantwortet!<\/p>\n\r\n\t\t<\/div>\r\n\t<\/div><\/div><div class=\"grve-column wpb_column grve-column-2-3\" ><div class=\"grve-column-wrapper\" ><div class=\"grve-row-inner grve-bookmark\">\r\n\t\t<div class=\"grve-column-inner wpb_column grve-column-1-3\">\r\n\t\t\t<div class=\"grve-column-wrapper-inner\">\r\n\t\t\t\r\n\t\t\t\t<div class=\"grve-team grve-element grve-layout-1\" style=\"\">\r\n\t\t\t<figure class=\"grve-image-hover grve-zoom-none\">\r\n\t\t\t\t\t\t\t\t<div class=\"grve-team-person\">\r\n\t\t\t\t\t<div class=\"grve-bg-light grve-hover-overlay grve-opacity-0\"><\/div>\r\n\t\t\t\t\t<img loading=\"lazy\" decoding=\"async\" width=\"1200\" height=\"1800\" src=\"https:\/\/www.oehweb.at\/wp-content\/uploads\/2025\/07\/Jan-Biller_geaendert.jpg\" class=\"attachment-full size-full\" alt=\"\" srcset=\"https:\/\/www.oehweb.at\/wp-content\/uploads\/2025\/07\/Jan-Biller_geaendert.jpg 1200w, https:\/\/www.oehweb.at\/wp-content\/uploads\/2025\/07\/Jan-Biller_geaendert-200x300.jpg 200w, https:\/\/www.oehweb.at\/wp-content\/uploads\/2025\/07\/Jan-Biller_geaendert-683x1024.jpg 683w, https:\/\/www.oehweb.at\/wp-content\/uploads\/2025\/07\/Jan-Biller_geaendert-768x1152.jpg 768w, https:\/\/www.oehweb.at\/wp-content\/uploads\/2025\/07\/Jan-Biller_geaendert-1024x1536.jpg 1024w\" sizes=\"auto, (max-width: 1200px) 100vw, 1200px\" \/>\t\t\t\t<\/div>\r\n\t\t\t\t<figcaption>\r\n\t\t\t\t\t<ul class=\"grve-team-social grve-align-center\">\r\n\t\t\t\t\t\t\t\t\t\t\t<\/ul>\r\n\t\t\t\t<\/figcaption>\r\n\t\t\t<\/figure>\r\n\t\t\t<div class=\"grve-team-description grve-align-center\">\r\n\t\t\t\t\t\t\t\t<div class=\"grve-team-identity grve-link-text\">Referent_in<\/div>\r\n\t\t\t\t\t\t\t\t\t\t\t\t<h4 class=\"grve-team-name grve-text-hover-primary-1 grve-h4\">Jan Biller<\/h4>\r\n\t\t\t\t\t\t\t<\/div>\r\n\t\t<\/div>\r\n\t\t\r\n\t\t\r\n\t\t\t<\/div>\r\n\t\t<\/div>\r\n\t\r\n\t\t<div class=\"grve-column-inner wpb_column grve-column-1-3\">\r\n\t\t\t<div class=\"grve-column-wrapper-inner\">\r\n\t\t\t\r\n\t\t\t\t<div class=\"grve-team grve-element grve-layout-1\" style=\"\">\r\n\t\t\t<figure class=\"grve-image-hover grve-zoom-none\">\r\n\t\t\t\t\t\t\t\t<div class=\"grve-team-person\">\r\n\t\t\t\t\t<div class=\"grve-bg-light grve-hover-overlay grve-opacity-0\"><\/div>\r\n\t\t\t\t\t<img loading=\"lazy\" decoding=\"async\" width=\"667\" height=\"1000\" src=\"https:\/\/www.oehweb.at\/wp-content\/uploads\/2020\/12\/OEH-Innsbruck-dummy.svg\" class=\"attachment-full size-full\" alt=\"\" \/>\t\t\t\t<\/div>\r\n\t\t\t\t<figcaption>\r\n\t\t\t\t\t<ul class=\"grve-team-social grve-align-center\">\r\n\t\t\t\t\t\t\t\t\t\t\t<\/ul>\r\n\t\t\t\t<\/figcaption>\r\n\t\t\t<\/figure>\r\n\t\t\t<div class=\"grve-team-description grve-align-center\">\r\n\t\t\t\t\t\t\t\t<div class=\"grve-team-identity grve-link-text\">SB<\/div>\r\n\t\t\t\t\t\t\t\t\t\t\t\t<h4 class=\"grve-team-name grve-text-hover-primary-1 grve-h4\">Luk Holzner<\/h4>\r\n\t\t\t\t\t\t\t<\/div>\r\n\t\t<\/div>\r\n\t\t\r\n\t\t\r\n\t\t\t<\/div>\r\n\t\t<\/div>\r\n\t\r\n\t\t<div class=\"grve-column-inner wpb_column grve-column-1-3\">\r\n\t\t\t<div class=\"grve-column-wrapper-inner\">\r\n\t\t\t\r\n\t\t\t<\/div>\r\n\t\t<\/div>\r\n\t<\/div><\/div><\/div><\/div><\/div><div class=\"grve-background-wrapper\"><\/div><\/div><div class=\"grve-section grve-row-section grve-fullwidth-background grve-padding-top-1x grve-padding-bottom-1x grve-bg-none grve-headings-light\"  style=\"background-color:#ff9000;color:#ffffff;\"><div class=\"grve-container\"><div class=\"grve-row grve-bookmark grve-columns-gap-none\"><div class=\"grve-column wpb_column grve-column-2-3\" ><div class=\"grve-column-wrapper\" ><div class=\"grve-element grve-text vc_custom_1605348270130\">\r\n\t\t\t<div class=\"cta-text\"><span style=\"color: #ffffff;\">Es gibt noch viele weitere Angebote f\u00fcr dich<\/span><\/div>\n\r\n\t\t<\/div>\r\n\t<\/div><\/div><div class=\"grve-column wpb_column grve-column-1-3\" ><div class=\"grve-column-wrapper\" ><div class=\"grve-element grve-align-center\"><a href=\"https:\/\/www.oehweb.at\/en\/services\/\" title=\"Services\" class=\"grve-btn grve-btn-small grve-round grve-bg-white grve-bg-hover-grey\"><span>alle Services<\/span><\/a><\/div><\/div><\/div><\/div><\/div><div class=\"grve-background-wrapper\"><\/div><\/div>","protected":false},"excerpt":{"rendered":"Referat f\u00fcr Sport und Gesundheit Eure Vertretung f\u00fcr alle Anliegen der k\u00f6rperlichen und psychischen Gesundheit. Sportlich und gesund im Studium! In einer Gesellschaft, die oft von Leistungsdruck und Stress gepr\u00e4gt ist, sehen wir die Notwendigkeit, einen Raum zu schaffen, der sich der physischen und psychischen Gesundheit widmet. Wir alle stehen meist unter gro\u00dfem Druck, sowohl [...]","protected":false},"author":1,"featured_media":0,"parent":638,"menu_order":0,"comment_status":"closed","ping_status":"closed","template":"","meta":{"inline_featured_image":false,"footnotes":""},"class_list":["post-458","page","type-page","status-publish","hentry"],"yoast_head":"<!-- This site is optimized with the Yoast SEO plugin v21.8.1 - https:\/\/yoast.com\/wordpress\/plugins\/seo\/ -->\n<title>Referat f\u00fcr Sport und Gesundheit - \u00d6H Innsbruck<\/title>\n<meta name=\"robots\" content=\"index, follow, max-snippet:-1, max-image-preview:large, max-video-preview:-1\" \/>\n<link rel=\"canonical\" href=\"https:\/\/www.oehweb.at\/en\/deine-oeh\/referate\/sport-und-gesundheit\/\" \/>\n<meta property=\"og:locale\" content=\"en_GB\" \/>\n<meta property=\"og:type\" content=\"article\" \/>\n<meta property=\"og:title\" content=\"Referat f\u00fcr Sport und Gesundheit - \u00d6H Innsbruck\" \/>\n<meta property=\"og:url\" content=\"https:\/\/www.oehweb.at\/en\/deine-oeh\/referate\/sport-und-gesundheit\/\" \/>\n<meta property=\"og:site_name\" content=\"\u00d6H Innsbruck\" \/>\n<meta property=\"article:modified_time\" content=\"2026-07-01T08:24:28+00:00\" \/>\n<meta name=\"twitter:card\" content=\"summary_large_image\" \/>\n<meta name=\"twitter:label1\" content=\"Estimated reading time\" \/>\n\t<meta name=\"twitter:data1\" content=\"3 minutes\" \/>\n<script type=\"application\/ld+json\" class=\"yoast-schema-graph\">{\"@context\":\"https:\/\/schema.org\",\"@graph\":[{\"@type\":\"WebPage\",\"@id\":\"https:\/\/www.oehweb.at\/deine-oeh\/referate\/sport-und-gesundheit\/\",\"url\":\"https:\/\/www.oehweb.at\/deine-oeh\/referate\/sport-und-gesundheit\/\",\"name\":\"Referat f\u00fcr Sport und Gesundheit - \u00d6H Innsbruck\",\"isPartOf\":{\"@id\":\"https:\/\/www.oehweb.at\/#website\"},\"datePublished\":\"2020-11-12T05:18:26+00:00\",\"dateModified\":\"2026-07-01T08:24:28+00:00\",\"breadcrumb\":{\"@id\":\"https:\/\/www.oehweb.at\/deine-oeh\/referate\/sport-und-gesundheit\/#breadcrumb\"},\"inLanguage\":\"en-GB\",\"potentialAction\":[{\"@type\":\"ReadAction\",\"target\":[\"https:\/\/www.oehweb.at\/deine-oeh\/referate\/sport-und-gesundheit\/\"]}]},{\"@type\":\"BreadcrumbList\",\"@id\":\"https:\/\/www.oehweb.at\/deine-oeh\/referate\/sport-und-gesundheit\/#breadcrumb\",\"itemListElement\":[{\"@type\":\"ListItem\",\"position\":1,\"name\":\"Home\",\"item\":\"https:\/\/www.oehweb.at\/\"},{\"@type\":\"ListItem\",\"position\":2,\"name\":\"Deine \u00d6H\",\"item\":\"https:\/\/www.oehweb.at\/deine-oeh\/\"},{\"@type\":\"ListItem\",\"position\":3,\"name\":\"Referate\",\"item\":\"https:\/\/www.oehweb.at\/deine-oeh\/referate\/\"},{\"@type\":\"ListItem\",\"position\":4,\"name\":\"Referat f\u00fcr Sport und Gesundheit\"}]},{\"@type\":\"WebSite\",\"@id\":\"https:\/\/www.oehweb.at\/#website\",\"url\":\"https:\/\/www.oehweb.at\/\",\"name\":\"\u00d6H Innsbruck\",\"description\":\"Wir sind die \u00d6sterreichische Hochsch\u00fclerInnenschaft an der Universit\u00e4t Innsbruck\",\"publisher\":{\"@id\":\"https:\/\/www.oehweb.at\/#organization\"},\"potentialAction\":[{\"@type\":\"SearchAction\",\"target\":{\"@type\":\"EntryPoint\",\"urlTemplate\":\"https:\/\/www.oehweb.at\/?s={search_term_string}\"},\"query-input\":\"required name=search_term_string\"}],\"inLanguage\":\"en-GB\"},{\"@type\":\"Organization\",\"@id\":\"https:\/\/www.oehweb.at\/#organization\",\"name\":\"\u00d6H Innsrbruck\",\"url\":\"https:\/\/www.oehweb.at\/\",\"logo\":{\"@type\":\"ImageObject\",\"inLanguage\":\"en-GB\",\"@id\":\"https:\/\/www.oehweb.at\/#\/schema\/logo\/image\/\",\"url\":\"https:\/\/www.oehweb.at\/wp-content\/uploads\/2020\/11\/OEH-Innsbruck-Logo.svg\",\"contentUrl\":\"https:\/\/www.oehweb.at\/wp-content\/uploads\/2020\/11\/OEH-Innsbruck-Logo.svg\",\"width\":448,\"height\":255,\"caption\":\"\u00d6H Innsrbruck\"},\"image\":{\"@id\":\"https:\/\/www.oehweb.at\/#\/schema\/logo\/image\/\"}}]}<\/script>\n<!-- \/ Yoast SEO plugin. -->","yoast_head_json":{"title":"Referat f\u00fcr Sport und Gesundheit - \u00d6H Innsbruck","robots":{"index":"index","follow":"follow","max-snippet":"max-snippet:-1","max-image-preview":"max-image-preview:large","max-video-preview":"max-video-preview:-1"},"canonical":"https:\/\/www.oehweb.at\/en\/deine-oeh\/referate\/sport-und-gesundheit\/","og_locale":"en_GB","og_type":"article","og_title":"Referat f\u00fcr Sport und Gesundheit - \u00d6H Innsbruck","og_url":"https:\/\/www.oehweb.at\/en\/deine-oeh\/referate\/sport-und-gesundheit\/","og_site_name":"\u00d6H Innsbruck","article_modified_time":"2026-07-01T08:24:28+00:00","twitter_card":"summary_large_image","twitter_misc":{"Estimated reading time":"3 minutes"},"schema":{"@context":"https:\/\/schema.org","@graph":[{"@type":"WebPage","@id":"https:\/\/www.oehweb.at\/deine-oeh\/referate\/sport-und-gesundheit\/","url":"https:\/\/www.oehweb.at\/deine-oeh\/referate\/sport-und-gesundheit\/","name":"Referat f\u00fcr Sport und Gesundheit - \u00d6H Innsbruck","isPartOf":{"@id":"https:\/\/www.oehweb.at\/#website"},"datePublished":"2020-11-12T05:18:26+00:00","dateModified":"2026-07-01T08:24:28+00:00","breadcrumb":{"@id":"https:\/\/www.oehweb.at\/deine-oeh\/referate\/sport-und-gesundheit\/#breadcrumb"},"inLanguage":"en-GB","potentialAction":[{"@type":"ReadAction","target":["https:\/\/www.oehweb.at\/deine-oeh\/referate\/sport-und-gesundheit\/"]}]},{"@type":"BreadcrumbList","@id":"https:\/\/www.oehweb.at\/deine-oeh\/referate\/sport-und-gesundheit\/#breadcrumb","itemListElement":[{"@type":"ListItem","position":1,"name":"Home","item":"https:\/\/www.oehweb.at\/"},{"@type":"ListItem","position":2,"name":"Deine \u00d6H","item":"https:\/\/www.oehweb.at\/deine-oeh\/"},{"@type":"ListItem","position":3,"name":"Referate","item":"https:\/\/www.oehweb.at\/deine-oeh\/referate\/"},{"@type":"ListItem","position":4,"name":"Referat f\u00fcr Sport und Gesundheit"}]},{"@type":"WebSite","@id":"https:\/\/www.oehweb.at\/#website","url":"https:\/\/www.oehweb.at\/","name":"\u00d6H Innsbruck","description":"Wir sind die \u00d6sterreichische Hochsch\u00fclerInnenschaft an der Universit\u00e4t Innsbruck","publisher":{"@id":"https:\/\/www.oehweb.at\/#organization"},"potentialAction":[{"@type":"SearchAction","target":{"@type":"EntryPoint","urlTemplate":"https:\/\/www.oehweb.at\/?s={search_term_string}"},"query-input":"required name=search_term_string"}],"inLanguage":"en-GB"},{"@type":"Organization","@id":"https:\/\/www.oehweb.at\/#organization","name":"\u00d6H Innsrbruck","url":"https:\/\/www.oehweb.at\/","logo":{"@type":"ImageObject","inLanguage":"en-GB","@id":"https:\/\/www.oehweb.at\/#\/schema\/logo\/image\/","url":"https:\/\/www.oehweb.at\/wp-content\/uploads\/2020\/11\/OEH-Innsbruck-Logo.svg","contentUrl":"https:\/\/www.oehweb.at\/wp-content\/uploads\/2020\/11\/OEH-Innsbruck-Logo.svg","width":448,"height":255,"caption":"\u00d6H Innsrbruck"},"image":{"@id":"https:\/\/www.oehweb.at\/#\/schema\/logo\/image\/"}}]}},"_links":{"self":[{"href":"https:\/\/www.oehweb.at\/en\/wp-json\/wp\/v2\/pages\/458","targetHints":{"allow":["GET"]}}],"collection":[{"href":"https:\/\/www.oehweb.at\/en\/wp-json\/wp\/v2\/pages"}],"about":[{"href":"https:\/\/www.oehweb.at\/en\/wp-json\/wp\/v2\/types\/page"}],"author":[{"embeddable":true,"href":"https:\/\/www.oehweb.at\/en\/wp-json\/wp\/v2\/users\/1"}],"replies":[{"embeddable":true,"href":"https:\/\/www.oehweb.at\/en\/wp-json\/wp\/v2\/comments?post=458"}],"version-history":[{"count":52,"href":"https:\/\/www.oehweb.at\/en\/wp-json\/wp\/v2\/pages\/458\/revisions"}],"predecessor-version":[{"id":11621,"href":"https:\/\/www.oehweb.at\/en\/wp-json\/wp\/v2\/pages\/458\/revisions\/11621"}],"up":[{"embeddable":true,"href":"https:\/\/www.oehweb.at\/en\/wp-json\/wp\/v2\/pages\/638"}],"wp:attachment":[{"href":"https:\/\/www.oehweb.at\/en\/wp-json\/wp\/v2\/media?parent=458"}],"curies":[{"name":"wp","href":"https:\/\/api.w.org\/{rel}","templated":true}]}}