{"id":4596,"date":"2022-05-25T14:02:53","date_gmt":"2022-05-25T12:02:53","guid":{"rendered":"https:\/\/www.oehweb.at\/?page_id=4596"},"modified":"2026-09-02T08:56:01","modified_gmt":"2026-09-02T06:56:01","slug":"wirtschaftsreferat","status":"publish","type":"page","link":"https:\/\/www.oehweb.at\/en\/deine-oeh\/referate\/wirtschaftsreferat\/","title":{"rendered":"Wirtschaftsreferat"},"content":{"rendered":"<div class=\"grve-section grve-row-section grve-fullwidth-background grve-padding-top-3x grve-padding-bottom-3x grve-bg-none grve-headings-light\"  style=\"color:#ffffff;\"><div class=\"grve-container\"><div class=\"grve-row grve-bookmark grve-columns-gap-30\"><div class=\"grve-column wpb_column grve-column-1-2\" ><div class=\"grve-column-wrapper\" ><div class=\"grve-element grve-text grve-leader-text\">\r\n\t\t\t<div class=\"grve-small-text\"><span class=\"\">Internes Referat<\/span><\/div>\n<h1>Wirtschafts<br class=\"mobile-only\" \/>referat<\/h1>\n<p>Wir kontrollieren das Budget der \u00d6H Innsbruck.<\/p>\n\r\n\t\t<\/div>\r\n\t<\/div><\/div><\/div><\/div><div class=\"grve-background-wrapper\">  <div class=\"grve-bg-image grve-bg-center-center grve-bg-image-id-572\"   style=\"background-image: url(https:\/\/www.oehweb.at\/wp-content\/uploads\/2020\/11\/oeh-innsbruck-wirtschaftsreferat.jpg);\"><\/div>  <div class=\"grve-bg-overlay\" style=\"background:rgba(27,29,31,0.5); background: linear-gradient(180deg,rgba(27,29,31,0.5) 0%,rgba(27,29,31,0.75) 100%);\"><\/div><\/div><\/div><div class=\"grve-section grve-row-section grve-fullwidth-background grve-bg-none\"  style=\"background:#ff9000;background: linear-gradient(90deg,#ff9000 0%,#ff9000 100%);padding-top: 15px;\"><div class=\"grve-container\"><div class=\"grve-row grve-bookmark grve-columns-gap-30\"><div class=\"grve-column wpb_column grve-column-1\" ><div class=\"grve-column-wrapper\" ><\/div><\/div><\/div><\/div><div class=\"grve-background-wrapper\"><\/div><\/div><div class=\"grve-section grve-row-section grve-fullwidth-background grve-padding-top-4x grve-padding-bottom-1x grve-bg-none\"><div class=\"grve-container\"><div class=\"grve-row grve-bookmark grve-columns-gap-60\"><div class=\"grve-column wpb_column grve-column-1-3\" ><div class=\"grve-column-wrapper\" ><div class=\"grve-element grve-text\">\r\n\t\t\t<h2>Sparsam, zweck- und rechtm\u00e4\u00dfig!<\/h2>\n\r\n\t\t<\/div>\r\n\t<\/div><\/div><div class=\"grve-column wpb_column grve-column-2-3\" ><div class=\"grve-column-wrapper\" ><div class=\"grve-element grve-text vc_custom_1668689966591\">\r\n\t\t\t<p>Das Wirtschaftsreferat ist in erster Linie eine \u201cKontrollinstanz\u201d und ist verpflichtet nach den Grunds\u00e4tzen der Sparsamkeit, Rechtm\u00e4\u00dfigkeit und Zweckm\u00e4\u00dfigkeit die Budgets der Universit\u00e4tsvertretung, der <span class=\"\">Fakult\u00e4tsvertretungen<\/span> und der Studienvertretungen zu verwalten. Das Wirtschaftsreferat steht f\u00fcr Ausk\u00fcnfte zum laufenden Budget und dessen Verwendung zur Verf\u00fcgung. Bei Verst\u00f6\u00dfen gegen die geltenden Gesetze und die Richtlinien der Kontrollkommission haftet der Wirtschaftsreferent pers\u00f6nlich.<\/p>\n<p>Falls du in einer FV oder StV t\u00e4tig bist und Ausgaben t\u00e4tigen m\u00f6chtest, schreib uns bitte davor eine Mail. F\u00fcr weitere Fragen sind wir jederzeit erreichbar!<\/p>\n\r\n\t\t<\/div>\r\n\t<\/div><\/div><\/div><\/div><div class=\"grve-background-wrapper\"><\/div><\/div><div class=\"grve-section grve-row-section grve-fullwidth-background grve-padding-top-1x grve-padding-bottom-1x grve-bg-none\"  style=\"color:#000000;\"><div class=\"grve-container\"><div class=\"grve-row grve-bookmark grve-columns-gap-50\"><div class=\"grve-column wpb_column grve-column-1-3\" ><div class=\"grve-column-wrapper\" ><div class=\"grve-empty-space grve-height-2x\" style=\"\"><\/div><div class=\"grve-element grve-text vc_custom_1604990589953\">\r\n\t\t\t<h2>Deine<br \/>\nAnsprech-<br \/>\npersonen<\/h2>\n\r\n\t\t<\/div>\r\n\t<div class=\"grve-element grve-text zeilenabstand-large\">\r\n\t\t\t<div><strong>E-Mail: <\/strong><a href=\"mailto:Finanz-oeh@uibk.ac.at\">Finanz-oeh@uibk.ac.at<\/a><span style=\"color: #000000;\"><br \/>\n<strong>Tel.: 0512\/507-35525<br \/>\nAdresse:<\/strong> Josef-Hirn Stra\u00dfe 7, Erdgeschoss<\/span><\/div>\n<div><\/div>\n<div><strong>Parteienverkehr &#8211; Vorlesungszeit:<br \/>\n<\/strong>Dienstag 09:15 &#8211; 17:00 Uhr<\/div>\n<div>und nach Vereinbarung!<\/div>\n<div><\/div>\n<div><span style=\"color: #ff0000;\"><strong>\u00a0<\/strong><\/span><\/div>\n\r\n\t\t<\/div>\r\n\t<div class=\"grve-element grve-text\">\r\n\t\t\t<p>Im Wirtschaftsreferat findet von 01.09. bis einschlie\u00dflich 14.09. kein Parteienverkehr statt. Termine bitte per email anfragen.<\/p>\n\r\n\t\t<\/div>\r\n\t<\/div><\/div><div class=\"grve-column wpb_column grve-column-2-3\" ><div class=\"grve-column-wrapper\" ><div class=\"grve-row-inner grve-bookmark\">\r\n\t\t<div class=\"grve-column-inner wpb_column grve-column-1-4\">\r\n\t\t\t<div class=\"grve-column-wrapper-inner\">\r\n\t\t\t\r\n\t\t\t\t<div class=\"grve-team grve-element grve-layout-1\" style=\"\">\r\n\t\t\t<figure class=\"grve-image-hover grve-zoom-none\">\r\n\t\t\t\t\t\t\t\t<div class=\"grve-team-person\">\r\n\t\t\t\t\t<div class=\"grve-bg-light grve-hover-overlay grve-opacity-0\"><\/div>\r\n\t\t\t\t\t<img loading=\"lazy\" decoding=\"async\" width=\"1200\" height=\"1800\" src=\"https:\/\/www.oehweb.at\/wp-content\/uploads\/2025\/07\/Jonathan-Kuras_geaendert.jpg\" class=\"attachment-full size-full\" alt=\"\" srcset=\"https:\/\/www.oehweb.at\/wp-content\/uploads\/2025\/07\/Jonathan-Kuras_geaendert.jpg 1200w, https:\/\/www.oehweb.at\/wp-content\/uploads\/2025\/07\/Jonathan-Kuras_geaendert-200x300.jpg 200w, https:\/\/www.oehweb.at\/wp-content\/uploads\/2025\/07\/Jonathan-Kuras_geaendert-683x1024.jpg 683w, https:\/\/www.oehweb.at\/wp-content\/uploads\/2025\/07\/Jonathan-Kuras_geaendert-768x1152.jpg 768w, https:\/\/www.oehweb.at\/wp-content\/uploads\/2025\/07\/Jonathan-Kuras_geaendert-1024x1536.jpg 1024w\" sizes=\"auto, (max-width: 1200px) 100vw, 1200px\" \/>\t\t\t\t<\/div>\r\n\t\t\t\t<figcaption>\r\n\t\t\t\t\t<ul class=\"grve-team-social grve-align-center\">\r\n\t\t\t\t\t\t\t\t\t\t\t<\/ul>\r\n\t\t\t\t<\/figcaption>\r\n\t\t\t<\/figure>\r\n\t\t\t<div class=\"grve-team-description grve-align-center\">\r\n\t\t\t\t\t\t\t\t<div class=\"grve-team-identity grve-link-text\">Referent_in<\/div>\r\n\t\t\t\t\t\t\t\t\t\t\t\t<h6 class=\"grve-team-name grve-text-hover-primary-1 grve-h6\">Jonathan Kuras<\/h6>\r\n\t\t\t\t\t\t\t<\/div>\r\n\t\t<\/div>\r\n\t\t\r\n\t\t\r\n\t\t\t<\/div>\r\n\t\t<\/div>\r\n\t\r\n\t\t<div class=\"grve-column-inner wpb_column grve-column-1-4\">\r\n\t\t\t<div class=\"grve-column-wrapper-inner\">\r\n\t\t\t\r\n\t\t\t\t<div class=\"grve-team grve-element grve-layout-1\" style=\"\">\r\n\t\t\t<figure class=\"grve-image-hover grve-zoom-none\">\r\n\t\t\t\t\t\t\t\t<div class=\"grve-team-person\">\r\n\t\t\t\t\t<div class=\"grve-bg-light grve-hover-overlay grve-opacity-0\"><\/div>\r\n\t\t\t\t\t<img loading=\"lazy\" decoding=\"async\" width=\"1200\" height=\"1800\" src=\"https:\/\/www.oehweb.at\/wp-content\/uploads\/2025\/07\/Claus-Schwendinger_geaendert.jpg\" class=\"attachment-full size-full\" alt=\"\" srcset=\"https:\/\/www.oehweb.at\/wp-content\/uploads\/2025\/07\/Claus-Schwendinger_geaendert.jpg 1200w, https:\/\/www.oehweb.at\/wp-content\/uploads\/2025\/07\/Claus-Schwendinger_geaendert-200x300.jpg 200w, https:\/\/www.oehweb.at\/wp-content\/uploads\/2025\/07\/Claus-Schwendinger_geaendert-683x1024.jpg 683w, https:\/\/www.oehweb.at\/wp-content\/uploads\/2025\/07\/Claus-Schwendinger_geaendert-768x1152.jpg 768w, https:\/\/www.oehweb.at\/wp-content\/uploads\/2025\/07\/Claus-Schwendinger_geaendert-1024x1536.jpg 1024w\" sizes=\"auto, (max-width: 1200px) 100vw, 1200px\" \/>\t\t\t\t<\/div>\r\n\t\t\t\t<figcaption>\r\n\t\t\t\t\t<ul class=\"grve-team-social grve-align-center\">\r\n\t\t\t\t\t\t\t\t\t\t\t<\/ul>\r\n\t\t\t\t<\/figcaption>\r\n\t\t\t<\/figure>\r\n\t\t\t<div class=\"grve-team-description grve-align-center\">\r\n\t\t\t\t\t\t\t\t<div class=\"grve-team-identity grve-link-text\">int. Stellv. Referent_in<\/div>\r\n\t\t\t\t\t\t\t\t\t\t\t\t<h6 class=\"grve-team-name grve-text-hover-primary-1 grve-h6\">Claus Schwendinger<\/h6>\r\n\t\t\t\t\t\t\t<\/div>\r\n\t\t<\/div>\r\n\t\t\r\n\t\t\r\n\t\t\t<\/div>\r\n\t\t<\/div>\r\n\t\r\n\t\t<div class=\"grve-column-inner wpb_column grve-column-1-4\">\r\n\t\t\t<div class=\"grve-column-wrapper-inner\">\r\n\t\t\t\r\n\t\t\t\t<div class=\"grve-team grve-element grve-layout-1\" style=\"\">\r\n\t\t\t<figure class=\"grve-image-hover grve-zoom-none\">\r\n\t\t\t\t\t\t\t\t<div class=\"grve-team-person\">\r\n\t\t\t\t\t<div class=\"grve-bg-light grve-hover-overlay grve-opacity-0\"><\/div>\r\n\t\t\t\t\t<img loading=\"lazy\" decoding=\"async\" width=\"1200\" height=\"1800\" src=\"https:\/\/www.oehweb.at\/wp-content\/uploads\/2025\/11\/Susanne-Moser-Fuchs_geaendert.jpg\" class=\"attachment-full size-full\" alt=\"\" srcset=\"https:\/\/www.oehweb.at\/wp-content\/uploads\/2025\/11\/Susanne-Moser-Fuchs_geaendert.jpg 1200w, https:\/\/www.oehweb.at\/wp-content\/uploads\/2025\/11\/Susanne-Moser-Fuchs_geaendert-200x300.jpg 200w, https:\/\/www.oehweb.at\/wp-content\/uploads\/2025\/11\/Susanne-Moser-Fuchs_geaendert-683x1024.jpg 683w, https:\/\/www.oehweb.at\/wp-content\/uploads\/2025\/11\/Susanne-Moser-Fuchs_geaendert-768x1152.jpg 768w, https:\/\/www.oehweb.at\/wp-content\/uploads\/2025\/11\/Susanne-Moser-Fuchs_geaendert-1024x1536.jpg 1024w\" sizes=\"auto, (max-width: 1200px) 100vw, 1200px\" \/>\t\t\t\t<\/div>\r\n\t\t\t\t<figcaption>\r\n\t\t\t\t\t<ul class=\"grve-team-social grve-align-center\">\r\n\t\t\t\t\t\t\t\t\t\t\t<\/ul>\r\n\t\t\t\t<\/figcaption>\r\n\t\t\t<\/figure>\r\n\t\t\t<div class=\"grve-team-description grve-align-center\">\r\n\t\t\t\t\t\t\t\t<div class=\"grve-team-identity grve-link-text\">Assistenz und Datenschutzvertrauensperson<\/div>\r\n\t\t\t\t\t\t\t\t\t\t\t\t<h6 class=\"grve-team-name grve-text-hover-primary-1 grve-h6\">Susanne Moser-Fuchs<\/h6>\r\n\t\t\t\t\t\t\t<\/div>\r\n\t\t<\/div>\r\n\t\t\r\n\t\t\r\n\t\t\t<\/div>\r\n\t\t<\/div>\r\n\t\r\n\t\t<div class=\"grve-column-inner wpb_column grve-column-1-4\">\r\n\t\t\t<div class=\"grve-column-wrapper-inner\">\r\n\t\t\t\r\n\t\t\t<\/div>\r\n\t\t<\/div>\r\n\t<\/div><div class=\"grve-row-inner grve-bookmark\">\r\n\t\t<div class=\"grve-column-inner wpb_column grve-column-1-4\">\r\n\t\t\t<div class=\"grve-column-wrapper-inner\">\r\n\t\t\t\r\n\t\t\t\t<div class=\"grve-team grve-element grve-layout-1\" style=\"\">\r\n\t\t\t<figure class=\"grve-image-hover grve-zoom-none\">\r\n\t\t\t\t\t\t\t\t<div class=\"grve-team-person\">\r\n\t\t\t\t\t<div class=\"grve-bg-light grve-hover-overlay grve-opacity-0\"><\/div>\r\n\t\t\t\t\t<img loading=\"lazy\" decoding=\"async\" width=\"667\" height=\"1000\" src=\"https:\/\/www.oehweb.at\/wp-content\/uploads\/2020\/12\/OEH-Innsbruck-dummy.svg\" class=\"attachment-full size-full\" alt=\"\" \/>\t\t\t\t<\/div>\r\n\t\t\t\t<figcaption>\r\n\t\t\t\t\t<ul class=\"grve-team-social grve-align-center\">\r\n\t\t\t\t\t\t\t\t\t\t\t<\/ul>\r\n\t\t\t\t<\/figcaption>\r\n\t\t\t<\/figure>\r\n\t\t\t<div class=\"grve-team-description grve-align-center\">\r\n\t\t\t\t\t\t\t\t<div class=\"grve-team-identity grve-link-text\">SB<\/div>\r\n\t\t\t\t\t\t\t\t\t\t\t\t<h6 class=\"grve-team-name grve-text-hover-primary-1 grve-h6\">Andrea Fritz<\/h6>\r\n\t\t\t\t\t\t\t<\/div>\r\n\t\t<\/div>\r\n\t\t\r\n\t\t\r\n\t\t\t<\/div>\r\n\t\t<\/div>\r\n\t\r\n\t\t<div class=\"grve-column-inner wpb_column grve-column-1-4\">\r\n\t\t\t<div class=\"grve-column-wrapper-inner\">\r\n\t\t\t\r\n\t\t\t<\/div>\r\n\t\t<\/div>\r\n\t\r\n\t\t<div class=\"grve-column-inner wpb_column grve-column-1-4\">\r\n\t\t\t<div class=\"grve-column-wrapper-inner\">\r\n\t\t\t\r\n\t\t\t<\/div>\r\n\t\t<\/div>\r\n\t\r\n\t\t<div class=\"grve-column-inner wpb_column grve-column-1-4\">\r\n\t\t\t<div class=\"grve-column-wrapper-inner\">\r\n\t\t\t\r\n\t\t\t<\/div>\r\n\t\t<\/div>\r\n\t<\/div><\/div><\/div><\/div><\/div><div class=\"grve-background-wrapper\"><\/div><\/div><div class=\"grve-section grve-row-section grve-fullwidth-background grve-padding-top-1x grve-padding-bottom-1x grve-bg-none\"  style=\"color:#000000;\"><div class=\"grve-container\"><div class=\"grve-row grve-bookmark grve-columns-gap-60\"><div class=\"grve-column wpb_column grve-column-1-2\"  style=\"color:#b2b2b2;\" ><div class=\"grve-column-wrapper vc_custom_1653933022458\" ><div class=\"grve-element grve-text vc_custom_1781599185826\">\r\n\t\t\t<h3 class=\"center-mobile\"><strong>Relevante Dokumente<\/strong><\/h3>\n\r\n\t\t<\/div>\r\n\t<div class=\"grve-element grve-text vc_custom_1653897754210\">\r\n\t\t\t\r\n\t\t<\/div>\r\n\t<div class=\"grve-element grve-text vc_custom_1781601038769\">\r\n\t\t\t<p><span style=\"color: #000000;\"><strong>Jahresvoranschlag und Jahresabschluss<\/strong><\/span><\/p>\n<p><a href=\"https:\/\/www.oehweb.at\/wp-content\/uploads\/2026\/06\/JVA-26-27_BF_15_06_2026-2_260601_133948.pdf\">\u00d6H Jahresvoranschlag 2026\/2027<\/a><br \/>\nlaut UV-Beschluss vom 15.06.2026<\/p>\n<p><a href=\"https:\/\/www.oehweb.at\/wp-content\/uploads\/2026\/01\/Pruefbericht-2024_2025_23.01.2026.pdf\">\u00d6H Jahresabschluss &#8211; Bilanz und GuV 2024\/2025<\/a><\/p>\n<p><a href=\"https:\/\/www.oehweb.at\/wp-content\/uploads\/2026\/03\/JVA-25_26_BF_xx_03_2025_rot-v3.pdf\">\u00d6H Jahresvoranschlag 2025\/2026 ge\u00e4ndert<\/a><br \/>\nlaut UV-Beschluss vom 27.03.2026<\/p>\n\r\n\t\t<\/div>\r\n\t<div class=\"grve-element grve-text vc_custom_1781522562867\">\r\n\t\t\t<p><strong><span style=\"color: #000000;\">Funktionsgeb\u00fchren<br \/>\n<\/span><\/strong><a href=\"https:\/\/www.oehweb.at\/wp-content\/uploads\/2026\/06\/v15-FG-Koko_2025-26-4UV-final2.pdf\">Funktionsgeb\u00fchren laut UV Beschluss vom 15.06.2026<\/a><br \/>\n<a href=\"https:\/\/www.oehweb.at\/wp-content\/uploads\/2026\/06\/v1-FG-Koko_2026-27-initial-korr.pdf\">Funktionsgeb\u00fchren laut UV Beschluss vom 15.06.2026 ab 01.07.2026<\/a><\/p>\n\r\n\t\t<\/div>\r\n\t<div class=\"grve-element grve-text vc_custom_1653897754210\">\r\n\t\t\t\r\n\t\t<\/div>\r\n\t<div class=\"grve-element grve-text vc_custom_1781524685359\">\r\n\t\t\t<p><strong><span style=\"color: #000000;\">Antr\u00e4ge<\/span><br \/>\n<\/strong><a href=\"https:\/\/www.oehweb.at\/wp-content\/uploads\/2025\/07\/SoPro_Antrag_Juli-2025.pdf\">Sonderprojekt-Antrag<\/a><br \/>\n<a href=\"https:\/\/www.oehweb.at\/wp-content\/uploads\/2025\/07\/SoPro_Richtlinien_Juli-2025.pdf\">Sonderprojekt-Richtlinien<\/a><\/p>\n<p><a href=\"https:\/\/www.oehweb.at\/wp-content\/uploads\/2025\/07\/BVT_Antrag_Juli-2025.pdf\">BasisvertreterInnentopf-Antrag<\/a><br \/>\n<a href=\"https:\/\/www.oehweb.at\/wp-content\/uploads\/2025\/07\/BVT-Richtlinien-Juli-2025.pdf\">BasisvertreterInnentopf-Richtlinien<\/a><\/p>\n\r\n\t\t<\/div>\r\n\t<div class=\"grve-element grve-text\">\r\n\t\t\t<p><span style=\"color: #000000;\"><strong>Gebarung<br \/>\n<\/strong><\/span><a href=\"https:\/\/www.oehweb.at\/wp-content\/uploads\/2026\/02\/Gebarungsordnung_fuer_UV-23.01.2026.pdf\">Gebarungsordnung<\/a><\/p>\n\r\n\t\t<\/div>\r\n\t<div class=\"grve-element grve-text\">\r\n\t\t\t\r\n\t\t<\/div>\r\n\t<\/div><\/div><div class=\"grve-column wpb_column grve-column-1-2\" ><div class=\"grve-column-wrapper vc_custom_1653933137898\" ><div class=\"grve-element grve-text vc_custom_1781599196085\">\r\n\t\t\t<h3><strong>Formulare der FV und StV<\/strong><\/h3>\n\r\n\t\t<\/div>\r\n\t<div class=\"grve-element grve-text vc_custom_1653897754210\">\r\n\t\t\t\r\n\t\t<\/div>\r\n\t<div class=\"grve-element grve-text\">\r\n\t\t\t<p><a href=\"https:\/\/www.oehweb.at\/wp-content\/uploads\/2025\/07\/Leitfaden-FV_StV_2025.pdf\">Leitfaden FV_StV<\/a><\/p>\n<p><strong>Funktionsgeb\u00fchren<br \/>\n<\/strong><a href=\"https:\/\/www.oehweb.at\/wp-content\/uploads\/2026\/03\/F01_Vorschlag_FG_PDF_ausfuellbar.pdf\">Vorschlag Funktionsgeb\u00fchren<\/a><br \/>\n<a href=\"https:\/\/www.oehweb.at\/wp-content\/uploads\/2026\/03\/F02_Auszahlung-FG_PDF_ausfuellbar.pdf\">Auszahlung Funktionsgeb\u00fchren<\/a><\/p>\n<p><strong>Veranstaltungen<\/strong><br \/>\n<a href=\"https:\/\/www.oehweb.at\/wp-content\/uploads\/2026\/03\/TN-Liste-OeH-PDF.pdf\">Teilnahmeliste<\/a><br \/>\n<a href=\"https:\/\/www.oehweb.at\/wp-content\/uploads\/2024\/11\/Leitfaden-Veranstaltungsanmeldung_12.11.2024.pdf\">STADT Innsbruck &#8211; Leitfaden Veranstaltungsanmeldung<\/a><br \/>\n<a href=\"https:\/\/www.uibk.ac.at\/de\/public-relations\/veranstaltungen\/veranstaltung-anfragen\/richtlinien-fur-studierendenfeste-und-getrankestande\/\">UNI &#8211; Richtlinien f\u00fcr Studierendenfeste und Getr\u00e4nkest\u00e4nde der \u00d6H<\/a><br \/>\n<a href=\"https:\/\/www.uibk.ac.at\/de\/public-relations\/veranstaltungen\/veranstaltung-anfragen\/veranstaltungsanfrage-feste-staende\/\">UNI &#8211; Veranstaltungsanfrage f\u00fcr Feste und St\u00e4nde der \u00d6H<\/a><br \/>\n<a href=\"https:\/\/www.oehweb.at\/wp-content\/uploads\/2023\/10\/0206_001.pdf\">Datenschutzvorlage f\u00fcr Veranstaltungen<\/a><\/p>\n<p><strong>Formulare<br \/>\n<\/strong><a href=\"https:\/\/www.oehweb.at\/wp-content\/uploads\/2026\/06\/Refundierung-Barauslage_2026.pdf\">Refundierung einer Barauslage<\/a><br \/>\n<a href=\"https:\/\/www.oehweb.at\/wp-content\/uploads\/2026\/06\/Direktueberweisung-Rechnungsstellerin_Juli-2026.pdf\">Direkt\u00fcberweisung an RechnungsstellerIn<\/a><br \/>\n<a href=\"https:\/\/www.oehweb.at\/wp-content\/uploads\/2026\/06\/Gesamtabrechnung_2026.pdf\">Vorlage Gesamtabrechnung<\/a><\/p>\n\r\n\t\t<\/div>\r\n\t<div class=\"grve-element grve-text\">\r\n\t\t\t<p><a href=\"https:\/\/www.oehweb.at\/wp-content\/uploads\/2025\/07\/05_Refundierung-KFZ-Kosten_Juli-2025.pdf\">KFZ Kosten<\/a><br \/>\n<a href=\"https:\/\/www.oehweb.at\/wp-content\/uploads\/2025\/07\/Vorabkalkulation_Formblatt_Juli-2025.pdf\">Vorabkalkulationsblatt<\/a><br \/>\n<a href=\"https:\/\/www.oehweb.at\/wp-content\/uploads\/2025\/07\/Leitlinien_fuer_die_Veranstaltung_von_Podiumsdiskussionen_Juli-2025.pdf\"><span dir=\"ltr\" role=\"presentation\">Finanzielle Leitlinien f\u00fcr die Veranstaltung von <\/span><span dir=\"ltr\" role=\"presentation\">Podiumsdiskussionen<\/span><\/a><br \/>\n<a href=\"https:\/\/www.oehweb.at\/wp-content\/uploads\/2022\/10\/AGB-Bu\u0308cherbo\u0308rse.pdf\">AGB &#8211; B\u00fccherb\u00f6rse<\/a><\/p>\n\r\n\t\t<\/div>\r\n\t<div class=\"grve-element grve-text\">\r\n\t\t\t\r\n\t\t<\/div>\r\n\t<\/div><\/div><\/div><\/div><div class=\"grve-background-wrapper\"><\/div><\/div><div class=\"grve-section grve-row-section grve-fullwidth-background grve-padding-top-1x grve-padding-bottom-1x grve-bg-none\"><div class=\"grve-container\"><div class=\"grve-row grve-bookmark grve-columns-gap-30\"><div class=\"grve-column wpb_column grve-column-1-2\" ><div class=\"grve-column-wrapper\" ><div class=\"grve-element grve-text grve-leader-text\">\r\n\t\t\t<h2>FAQs<\/h2>\n<p>Hier findest du Antworten auf h\u00e4ufig gestellte Fragen an unser Referat.<\/p>\n\r\n\t\t<\/div>\r\n\t<\/div><\/div><\/div><\/div><div class=\"grve-background-wrapper\"><\/div><\/div><div class=\"grve-section grve-row-section grve-fullwidth-background grve-padding-top-1x grve-padding-bottom-1x grve-bg-none\"><div class=\"grve-container\"><div class=\"grve-row grve-bookmark grve-columns-gap-30\"><div class=\"grve-column wpb_column grve-column-1\" ><div class=\"grve-column-wrapper\" ><div class=\"grve-element grve-text\">\r\n\t\t\t<p><strong>Wie hoch ist mein Budget?<\/strong><\/p>\n<p>Gesamtbudget im Jahresvoranschlag einsehbar. Aktueller Budgetstand auf Nachfrage<\/p>\n<p><strong>Kann man das Restbudget in das n\u00e4chste Wirtschaftsjahr mitnehmen?<\/strong><\/p>\n<p>Nein, nicht verbrauchtes Budget flie\u00dft in die R\u00fccklagen<\/p>\n<p><strong>Ausgaben t\u00e4tigen<\/strong><\/p>\n<p>Fr\u00fchzeitig ein Mail an das WiRef schreiben (7-T\u00e4gige Bearbeitungszeit).<\/p>\n<p><strong>Wie muss eine Anfrage f\u00fcr Ausgaben aussehen?<\/strong><\/p>\n<p>Anfragen per Mail an das Wirtschaftsreferat. Beschreibe wie viel du ausgeben m\u00f6chtest<\/p>\n<p>Erkl\u00e4re uns im Mail was du machen m\u00f6chtest und beschreibe uns so detailgenau (z.B. TN-Anzahl, wie m\u00f6glich, was du machen m\u00f6chtest.<\/p>\n<p><strong>Sonderregelungen:<\/strong><\/p>\n<p><em><u>Druckwerke:<\/u><\/em><\/p>\n<p>Druckwerke sind alle Gegenst\u00e4nde (z.B. Bl\u00f6cke, Plakate, Flyer, Stifte, Taschen, etc.) die gedruckt bzw. bedruckt werden. Die Druckwerke k\u00f6nnen nur \u00fcbernommen werden, wenn das aktuelle Logo der \u00d6H LFU abgedruckt ist und das Referat f\u00fcr \u00d6ffentlichkeitarbeit (<a href=\"mailto:pr@oeh.cc\">pr@oeh.cc<\/a>) die Designs genehmigt. Ein Exemplar ist der Rechnung beizulegen.<\/p>\n<p><em><u>Ausgaben ab EUR 500,00<\/u><\/em><\/p>\n<p>Ab EUR 500,00 sind drei vergleichbare Angebote im Vorhinein einzuholen und bei der Genehmigung beizulegen. Achtung! Achtet auch auf Nebenkosten bzw. \u201eversteckte\u201c Kosten, vor allem Lieferkosten, Umsatzsteuer, Geb\u00fchren etc.<\/p>\n<p><em><u>Veranstaltung:<\/u><\/em><\/p>\n<p>Fr\u00fch an das WiRef wenden, um Ideen, Abl\u00e4ufe und Vorgaben zu besprechen<\/p>\n<p><em><u>B\u00fcromaterial:<\/u><\/em><\/p>\n<p>B\u00fcromaterial wird bei Vikingdirekt.at bestellt. Nach der Genehmigung durch den Wirtschaftsreferenten kann \u00fcber das \u00d6H-Sekretariat bestellt werden.<\/p>\n<p><strong>Wie m\u00fcssen die Rechnungen aussehen?<\/strong><\/p>\n<p>Die Anschrift muss auf die \u00d6H Uni Innsbruck lauten. Rechnungen, die nicht auf die \u00d6H ausgestellt sind, sondern auf eine Privatperson, k\u00f6nnen nicht \u00fcbernommen werden.<\/p>\n<table>\n<tbody>\n<tr>\n<td width=\"302\">Hochsch\u00fclerinnen- und Hochsch\u00fclerschaft<br \/>\nan der Universit\u00e4t Innsbruck<br \/>\nzH StV\/FV XXXX<br \/>\nJosef-Hirn-Stra\u00dfe 5-7<br \/>\n6020 Innsbruck<\/td>\n<td width=\"302\">\u00d6H Uni Innsbruck<br \/>\nzH StV\/FV XXXX<br \/>\nJosef-Hirn-Stra\u00dfe 5-7<br \/>\n6020 Innsbruck<\/td>\n<\/tr>\n<\/tbody>\n<\/table>\n<p>&nbsp;<\/p>\n<p><strong>Abgabe im WiRef<\/strong><\/p>\n<p>Alle Rechnungen sind im Original abzugeben und den entsprechenden Formularen (z.B. Direkt\u00fcberweisung) beizulegen. Das Formular ist von der\/dem FV\/StV Vorsitzenden zu unterscheiben. Zus\u00e4tzlich sind ggf. die drei Angebote, Druckwerke oder TN-Listen beizulegen.<\/p>\n<p>Achtung! Die Rechnungen m\u00fcssen rechtzeitig im WiRef einlangen. Mahngeb\u00fchren werden nicht \u00fcbernommen!<\/p>\n\r\n\t\t<\/div>\r\n\t<\/div><\/div><\/div><\/div><div class=\"grve-background-wrapper\"><\/div><\/div>","protected":false},"excerpt":{"rendered":"Internes Referat Wirtschaftsreferat Wir kontrollieren das Budget der \u00d6H Innsbruck. Sparsam, zweck- und rechtm\u00e4\u00dfig! Das Wirtschaftsreferat ist in erster Linie eine \u201cKontrollinstanz\u201d und ist verpflichtet nach den Grunds\u00e4tzen der Sparsamkeit, Rechtm\u00e4\u00dfigkeit und Zweckm\u00e4\u00dfigkeit die Budgets der Universit\u00e4tsvertretung, der Fakult\u00e4tsvertretungen und der Studienvertretungen zu verwalten. Das Wirtschaftsreferat steht f\u00fcr Ausk\u00fcnfte zum laufenden Budget und dessen Verwendung [...]","protected":false},"author":5,"featured_media":0,"parent":638,"menu_order":0,"comment_status":"closed","ping_status":"closed","template":"","meta":{"inline_featured_image":false,"footnotes":""},"class_list":["post-4596","page","type-page","status-publish","hentry"],"yoast_head":"<!-- This site is optimized with the Yoast SEO plugin v21.8.1 - https:\/\/yoast.com\/wordpress\/plugins\/seo\/ -->\n<title>Wirtschaftsreferat - \u00d6H Innsbruck<\/title>\n<meta name=\"robots\" content=\"index, follow, max-snippet:-1, max-image-preview:large, max-video-preview:-1\" \/>\n<link rel=\"canonical\" href=\"https:\/\/www.oehweb.at\/en\/deine-oeh\/referate\/wirtschaftsreferat\/\" \/>\n<meta property=\"og:locale\" content=\"en_GB\" \/>\n<meta property=\"og:type\" content=\"article\" \/>\n<meta property=\"og:title\" content=\"Wirtschaftsreferat - \u00d6H Innsbruck\" \/>\n<meta property=\"og:url\" content=\"https:\/\/www.oehweb.at\/en\/deine-oeh\/referate\/wirtschaftsreferat\/\" \/>\n<meta property=\"og:site_name\" content=\"\u00d6H Innsbruck\" \/>\n<meta property=\"article:modified_time\" content=\"2026-09-02T06:56:01+00:00\" \/>\n<meta name=\"twitter:card\" content=\"summary_large_image\" \/>\n<meta name=\"twitter:label1\" content=\"Estimated reading time\" \/>\n\t<meta name=\"twitter:data1\" content=\"5 minutes\" \/>\n<script type=\"application\/ld+json\" class=\"yoast-schema-graph\">{\"@context\":\"https:\/\/schema.org\",\"@graph\":[{\"@type\":\"WebPage\",\"@id\":\"https:\/\/www.oehweb.at\/deine-oeh\/referate\/wirtschaftsreferat\/\",\"url\":\"https:\/\/www.oehweb.at\/deine-oeh\/referate\/wirtschaftsreferat\/\",\"name\":\"Wirtschaftsreferat - \u00d6H Innsbruck\",\"isPartOf\":{\"@id\":\"https:\/\/www.oehweb.at\/#website\"},\"datePublished\":\"2022-05-25T12:02:53+00:00\",\"dateModified\":\"2026-09-02T06:56:01+00:00\",\"breadcrumb\":{\"@id\":\"https:\/\/www.oehweb.at\/deine-oeh\/referate\/wirtschaftsreferat\/#breadcrumb\"},\"inLanguage\":\"en-GB\",\"potentialAction\":[{\"@type\":\"ReadAction\",\"target\":[\"https:\/\/www.oehweb.at\/deine-oeh\/referate\/wirtschaftsreferat\/\"]}]},{\"@type\":\"BreadcrumbList\",\"@id\":\"https:\/\/www.oehweb.at\/deine-oeh\/referate\/wirtschaftsreferat\/#breadcrumb\",\"itemListElement\":[{\"@type\":\"ListItem\",\"position\":1,\"name\":\"Home\",\"item\":\"https:\/\/www.oehweb.at\/\"},{\"@type\":\"ListItem\",\"position\":2,\"name\":\"Deine \u00d6H\",\"item\":\"https:\/\/www.oehweb.at\/deine-oeh\/\"},{\"@type\":\"ListItem\",\"position\":3,\"name\":\"Referate\",\"item\":\"https:\/\/www.oehweb.at\/deine-oeh\/referate\/\"},{\"@type\":\"ListItem\",\"position\":4,\"name\":\"Wirtschaftsreferat\"}]},{\"@type\":\"WebSite\",\"@id\":\"https:\/\/www.oehweb.at\/#website\",\"url\":\"https:\/\/www.oehweb.at\/\",\"name\":\"\u00d6H Innsbruck\",\"description\":\"Wir sind die \u00d6sterreichische Hochsch\u00fclerInnenschaft an der Universit\u00e4t Innsbruck\",\"publisher\":{\"@id\":\"https:\/\/www.oehweb.at\/#organization\"},\"potentialAction\":[{\"@type\":\"SearchAction\",\"target\":{\"@type\":\"EntryPoint\",\"urlTemplate\":\"https:\/\/www.oehweb.at\/?s={search_term_string}\"},\"query-input\":\"required name=search_term_string\"}],\"inLanguage\":\"en-GB\"},{\"@type\":\"Organization\",\"@id\":\"https:\/\/www.oehweb.at\/#organization\",\"name\":\"\u00d6H Innsrbruck\",\"url\":\"https:\/\/www.oehweb.at\/\",\"logo\":{\"@type\":\"ImageObject\",\"inLanguage\":\"en-GB\",\"@id\":\"https:\/\/www.oehweb.at\/#\/schema\/logo\/image\/\",\"url\":\"https:\/\/www.oehweb.at\/wp-content\/uploads\/2020\/11\/OEH-Innsbruck-Logo.svg\",\"contentUrl\":\"https:\/\/www.oehweb.at\/wp-content\/uploads\/2020\/11\/OEH-Innsbruck-Logo.svg\",\"width\":448,\"height\":255,\"caption\":\"\u00d6H Innsrbruck\"},\"image\":{\"@id\":\"https:\/\/www.oehweb.at\/#\/schema\/logo\/image\/\"}}]}<\/script>\n<!-- \/ Yoast SEO plugin. -->","yoast_head_json":{"title":"Wirtschaftsreferat - \u00d6H Innsbruck","robots":{"index":"index","follow":"follow","max-snippet":"max-snippet:-1","max-image-preview":"max-image-preview:large","max-video-preview":"max-video-preview:-1"},"canonical":"https:\/\/www.oehweb.at\/en\/deine-oeh\/referate\/wirtschaftsreferat\/","og_locale":"en_GB","og_type":"article","og_title":"Wirtschaftsreferat - \u00d6H Innsbruck","og_url":"https:\/\/www.oehweb.at\/en\/deine-oeh\/referate\/wirtschaftsreferat\/","og_site_name":"\u00d6H Innsbruck","article_modified_time":"2026-09-02T06:56:01+00:00","twitter_card":"summary_large_image","twitter_misc":{"Estimated reading time":"5 minutes"},"schema":{"@context":"https:\/\/schema.org","@graph":[{"@type":"WebPage","@id":"https:\/\/www.oehweb.at\/deine-oeh\/referate\/wirtschaftsreferat\/","url":"https:\/\/www.oehweb.at\/deine-oeh\/referate\/wirtschaftsreferat\/","name":"Wirtschaftsreferat - \u00d6H Innsbruck","isPartOf":{"@id":"https:\/\/www.oehweb.at\/#website"},"datePublished":"2022-05-25T12:02:53+00:00","dateModified":"2026-09-02T06:56:01+00:00","breadcrumb":{"@id":"https:\/\/www.oehweb.at\/deine-oeh\/referate\/wirtschaftsreferat\/#breadcrumb"},"inLanguage":"en-GB","potentialAction":[{"@type":"ReadAction","target":["https:\/\/www.oehweb.at\/deine-oeh\/referate\/wirtschaftsreferat\/"]}]},{"@type":"BreadcrumbList","@id":"https:\/\/www.oehweb.at\/deine-oeh\/referate\/wirtschaftsreferat\/#breadcrumb","itemListElement":[{"@type":"ListItem","position":1,"name":"Home","item":"https:\/\/www.oehweb.at\/"},{"@type":"ListItem","position":2,"name":"Deine \u00d6H","item":"https:\/\/www.oehweb.at\/deine-oeh\/"},{"@type":"ListItem","position":3,"name":"Referate","item":"https:\/\/www.oehweb.at\/deine-oeh\/referate\/"},{"@type":"ListItem","position":4,"name":"Wirtschaftsreferat"}]},{"@type":"WebSite","@id":"https:\/\/www.oehweb.at\/#website","url":"https:\/\/www.oehweb.at\/","name":"\u00d6H Innsbruck","description":"Wir sind die \u00d6sterreichische Hochsch\u00fclerInnenschaft an der Universit\u00e4t Innsbruck","publisher":{"@id":"https:\/\/www.oehweb.at\/#organization"},"potentialAction":[{"@type":"SearchAction","target":{"@type":"EntryPoint","urlTemplate":"https:\/\/www.oehweb.at\/?s={search_term_string}"},"query-input":"required name=search_term_string"}],"inLanguage":"en-GB"},{"@type":"Organization","@id":"https:\/\/www.oehweb.at\/#organization","name":"\u00d6H Innsrbruck","url":"https:\/\/www.oehweb.at\/","logo":{"@type":"ImageObject","inLanguage":"en-GB","@id":"https:\/\/www.oehweb.at\/#\/schema\/logo\/image\/","url":"https:\/\/www.oehweb.at\/wp-content\/uploads\/2020\/11\/OEH-Innsbruck-Logo.svg","contentUrl":"https:\/\/www.oehweb.at\/wp-content\/uploads\/2020\/11\/OEH-Innsbruck-Logo.svg","width":448,"height":255,"caption":"\u00d6H Innsrbruck"},"image":{"@id":"https:\/\/www.oehweb.at\/#\/schema\/logo\/image\/"}}]}},"_links":{"self":[{"href":"https:\/\/www.oehweb.at\/en\/wp-json\/wp\/v2\/pages\/4596","targetHints":{"allow":["GET"]}}],"collection":[{"href":"https:\/\/www.oehweb.at\/en\/wp-json\/wp\/v2\/pages"}],"about":[{"href":"https:\/\/www.oehweb.at\/en\/wp-json\/wp\/v2\/types\/page"}],"author":[{"embeddable":true,"href":"https:\/\/www.oehweb.at\/en\/wp-json\/wp\/v2\/users\/5"}],"replies":[{"embeddable":true,"href":"https:\/\/www.oehweb.at\/en\/wp-json\/wp\/v2\/comments?post=4596"}],"version-history":[{"count":360,"href":"https:\/\/www.oehweb.at\/en\/wp-json\/wp\/v2\/pages\/4596\/revisions"}],"predecessor-version":[{"id":11745,"href":"https:\/\/www.oehweb.at\/en\/wp-json\/wp\/v2\/pages\/4596\/revisions\/11745"}],"up":[{"embeddable":true,"href":"https:\/\/www.oehweb.at\/en\/wp-json\/wp\/v2\/pages\/638"}],"wp:attachment":[{"href":"https:\/\/www.oehweb.at\/en\/wp-json\/wp\/v2\/media?parent=4596"}],"curies":[{"name":"wp","href":"https:\/\/api.w.org\/{rel}","templated":true}]}}