{"id":467,"date":"2020-11-12T06:51:38","date_gmt":"2020-11-12T05:51:38","guid":{"rendered":"https:\/\/www.oehweb.at\/services\/sozialreferat-copy\/"},"modified":"2026-07-01T10:22:57","modified_gmt":"2026-07-01T08:22:57","slug":"internationales","status":"publish","type":"page","link":"https:\/\/www.oehweb.at\/en\/deine-oeh\/referate\/internationales\/","title":{"rendered":"Referat f\u00fcr Internationales"},"content":{"rendered":"<div class=\"grve-section grve-row-section grve-fullwidth-background grve-padding-top-3x grve-padding-bottom-3x grve-bg-none grve-headings-light\"  style=\"color:#ffffff;\"><div class=\"grve-container\"><div class=\"grve-row grve-bookmark grve-columns-gap-30\"><div class=\"grve-column wpb_column grve-column-3-4\" ><div class=\"grve-column-wrapper\" ><div class=\"grve-element grve-text grve-leader-text\">\r\n\t\t\t<div class=\"grve-small-text\"><span class=\"\">Referat f\u00fcr<\/span><\/div>\n<h1>Internationales<\/h1>\n<p>Egal ob du im Ausland studieren, in einem anderen Land arbeiten, oder irgendwohin mit uns reisen willst, internationale Abenteuer sind unsere Spezialit\u00e4t!<\/p>\n\r\n\t\t<\/div>\r\n\t<\/div><\/div><\/div><\/div><div class=\"grve-background-wrapper\">  <div class=\"grve-bg-image grve-bg-center-center grve-bg-image-id-520\"   style=\"background-image: url(https:\/\/www.oehweb.at\/wp-content\/uploads\/2020\/11\/oeh-innsbruck-internationales-ESN.jpg);\"><\/div>  <div class=\"grve-bg-overlay\" style=\"background:rgba(27,29,31,0.5); background: linear-gradient(180deg,rgba(27,29,31,0.5) 0%,rgba(27,29,31,0.75) 100%);\"><\/div><\/div><\/div><div class=\"grve-section grve-row-section grve-fullwidth-background grve-bg-none\"  style=\"background:#ff9000;background: linear-gradient(90deg,#ff9000 0%,#ff9000 100%);padding-top: 15px;\"><div class=\"grve-container\"><div class=\"grve-row grve-bookmark grve-columns-gap-30\"><div class=\"grve-column wpb_column grve-column-1\" ><div class=\"grve-column-wrapper\" ><\/div><\/div><\/div><\/div><div class=\"grve-background-wrapper\"><\/div><\/div><div class=\"grve-section grve-row-section grve-fullwidth-background grve-padding-top-4x grve-padding-bottom-1x grve-bg-none\"><div class=\"grve-container\"><div class=\"grve-row grve-bookmark grve-columns-gap-60\"><div class=\"grve-column wpb_column grve-column-1-3\" ><div class=\"grve-column-wrapper\" ><div class=\"grve-element grve-text\">\r\n\t\t\t<h2>Go international!<\/h2>\n\r\n\t\t<\/div>\r\n\t<\/div><\/div><div class=\"grve-column wpb_column grve-column-2-3\" ><div class=\"grve-column-wrapper\" ><div class=\"grve-element grve-text vc_custom_1760441722450\">\r\n\t\t\t<p>Ein Auslandsaufenthalt oder Auslandspraktikum w\u00e4hrend des Studiums muss dank der vielf\u00e4ltigen Angebote, die von Erasmus+ \u00fcber Joint Study bis hin zu den verschiedensten Stipendien reichen, weder eine finanzielle Belastung noch eine Verz\u00f6gerung des Studiums mit sich bringen. Die Universit\u00e4t Innsbruck verf\u00fcgt \u00fcber zahlreiche Partneruniversit\u00e4ten in Europa und aller Welt, die teils Studierenden gewisser Fakult\u00e4ten, teils Studierenden der gesamten Universit\u00e4t zum Austausch offen stehen.<\/p>\n<p>Das Referat f\u00fcr Internationales zeigen dir gerne, welche M\u00f6glichkeiten dir offen stehen, was daf\u00fcr zu tun ist und wer deine weiteren Ansprechpersonen sind. Zus\u00e4tzlich organisieren wir regelm\u00e4\u00dfig Ausfl\u00fcge und Kulturveranstaltungen f\u00fcr die Studierenden der Uni Innsbruck, bei denen meist sowohl regul\u00e4re als auch Austauschstudierende teilnehmen und sich so kennenlernen k\u00f6nnen. Dabei arbeiten wir eng mit der lokalen ESN (Erasmus Student Network) Sektion zusammen.<\/p>\n\r\n\t\t<\/div>\r\n\t<\/div><\/div><\/div><\/div><div class=\"grve-background-wrapper\"><\/div><\/div><div class=\"grve-section grve-row-section grve-fullwidth-background grve-padding-top-1x grve-padding-bottom-1x grve-bg-none\"  style=\"color:#000000;\"><div class=\"grve-container\"><div class=\"grve-row grve-bookmark grve-columns-gap-50\"><div class=\"grve-column wpb_column grve-column-1-3\" ><div class=\"grve-column-wrapper\" ><div class=\"grve-empty-space grve-height-2x\" style=\"\"><\/div><div class=\"grve-element grve-text vc_custom_1753261538992\">\r\n\t\t\t<h2>Deine<br \/>\nAnsprech-<br \/>\nperson<\/h2>\n\r\n\t\t<\/div>\r\n\t<div class=\"grve-element grve-text zeilenabstand-large\">\r\n\t\t\t<div><strong>E-Mail:<\/strong><span style=\"color: #000000;\">\u00a0 <a href=\"mailto:International-oeh@uibk.ac.at\">International-oeh@uibk.ac.at<\/a><\/span><br \/>\n<strong>Telefon:<\/strong> <a href=\"tel:+43 512 507-35560\">+43 512 507-35560<\/a><br \/>\n<strong>Adresse:<\/strong> Josef-Hirn Stra\u00dfe 7, 2. Stock<\/div>\n<div><\/div>\n\r\n\t\t<\/div>\r\n\t<div class=\"grve-element grve-text\">\r\n\t\t\t<p>&nbsp;<\/p>\n\r\n\t\t<\/div>\r\n\t<div class=\"grve-element grve-text\">\r\n\t\t\t<p><strong>Beratungszeiten SoSe 2026 Vorlesungszeit:<br \/>\n<\/strong>Gerne bekommst du einen Termin &#8211; nach vorheriger Anfrage per Mail!<\/p>\n<p><strong>Beratungszeiten Sommerferien 2026:<\/strong><br \/>\nEmails werden selbstverst\u00e4ndlich auch in den Ferien beantwortet!<\/p>\n\r\n\t\t<\/div>\r\n\t<\/div><\/div><div class=\"grve-column wpb_column grve-column-2-3\" ><div class=\"grve-column-wrapper\" ><div class=\"grve-row-inner grve-bookmark\">\r\n\t\t<div class=\"grve-column-inner wpb_column grve-column-1-3\">\r\n\t\t\t<div class=\"grve-column-wrapper-inner\">\r\n\t\t\t\r\n\t\t\t<\/div>\r\n\t\t<\/div>\r\n\t\r\n\t\t<div class=\"grve-column-inner wpb_column grve-column-1-3\">\r\n\t\t\t<div class=\"grve-column-wrapper-inner\">\r\n\t\t\t\r\n\t\t\t\t<div class=\"grve-team grve-element grve-layout-1\" style=\"\">\r\n\t\t\t<figure class=\"grve-image-hover grve-zoom-none\">\r\n\t\t\t\t\t\t\t\t<div class=\"grve-team-person\">\r\n\t\t\t\t\t<div class=\"grve-bg-light grve-hover-overlay grve-opacity-0\"><\/div>\r\n\t\t\t\t\t<img loading=\"lazy\" decoding=\"async\" width=\"667\" height=\"1000\" src=\"https:\/\/www.oehweb.at\/wp-content\/uploads\/2020\/12\/OEH-Innsbruck-dummy.svg\" class=\"attachment-full size-full\" alt=\"\" \/>\t\t\t\t<\/div>\r\n\t\t\t\t<figcaption>\r\n\t\t\t\t\t<ul class=\"grve-team-social grve-align-center\">\r\n\t\t\t\t\t\t\t\t\t\t\t<\/ul>\r\n\t\t\t\t<\/figcaption>\r\n\t\t\t<\/figure>\r\n\t\t\t<div class=\"grve-team-description grve-align-center\">\r\n\t\t\t\t\t\t\t\t<div class=\"grve-team-identity grve-link-text\">int. Referent_in<\/div>\r\n\t\t\t\t\t\t\t\t\t\t\t\t<h4 class=\"grve-team-name grve-text-hover-primary-1 grve-h4\">Isabella Beinl<\/h4>\r\n\t\t\t\t\t\t\t<\/div>\r\n\t\t<\/div>\r\n\t\t\r\n\t\t\r\n\t\t\t<\/div>\r\n\t\t<\/div>\r\n\t\r\n\t\t<div class=\"grve-column-inner wpb_column grve-column-1-3\">\r\n\t\t\t<div class=\"grve-column-wrapper-inner\">\r\n\t\t\t\r\n\t\t\t<\/div>\r\n\t\t<\/div>\r\n\t<\/div><\/div><\/div><\/div><\/div><div class=\"grve-background-wrapper\"><\/div><\/div><div class=\"grve-section grve-row-section grve-fullwidth-background grve-padding-top-1x grve-padding-bottom-1x grve-bg-none grve-headings-light\"  style=\"color:#000000;\"><div class=\"grve-container\"><div class=\"grve-row grve-bookmark grve-columns-gap-60\"><div class=\"grve-column wpb_column grve-column-1-2\"  style=\"color:#b2b2b2;\" ><div class=\"grve-column-wrapper vc_custom_1700472680402\" ><div class=\"grve-element grve-text vc_custom_1700472751445\">\r\n\t\t\t<h2><span style=\"color: #000000;\">Relevante Dokumente<\/span><\/h2>\n\r\n\t\t<\/div>\r\n\t<div class=\"grve-element grve-text\">\r\n\t\t\t<p><a href=\"https:\/\/www.oehweb.at\/wp-content\/uploads\/2022\/07\/Referat-fuer-Ausl.-Studierende-Deutschkurs-2022.pdf\">Anmeldung zum Deutschkurs<\/a><\/p>\n<p><a href=\"https:\/\/www.oeh.ac.at\/wp-content\/uploads\/shop\/studieren_im_ausland_web.pdf\">Studieren im Ausland<\/a><\/p>\n\r\n\t\t<\/div>\r\n\t<\/div><\/div><div class=\"grve-column wpb_column grve-column-1-2 grve-mobile-column-hide\" ><div class=\"grve-column-wrapper\" ><\/div><\/div><\/div><\/div><div class=\"grve-background-wrapper\"><\/div><\/div><div class=\"grve-section grve-row-section grve-fullwidth-background grve-padding-top-1x grve-padding-bottom-1x grve-bg-none\"><div class=\"grve-container\"><div class=\"grve-row grve-bookmark grve-columns-gap-30\"><div class=\"grve-column wpb_column grve-column-1\" ><div class=\"grve-column-wrapper\" ><div class=\"grve-element grve-text grve-leader-text\">\r\n\t\t\t<h2>FAQs<\/h2>\n\r\n\t\t<\/div>\r\n\t<\/div><\/div><\/div><\/div><div class=\"grve-background-wrapper\"><\/div><\/div><div class=\"grve-section grve-row-section grve-fullwidth-background grve-padding-top-1x grve-padding-bottom-1x grve-bg-none\"><div class=\"grve-container\"><div class=\"grve-row grve-bookmark grve-columns-gap-60\"><div class=\"grve-column wpb_column grve-column-1\" ><div class=\"grve-column-wrapper\" ><div class=\"grve-element grve-text vc_custom_1605161447929\">\r\n\t\t\t<h3><strong>Auslandsaufenthalt<\/strong><\/h3>\n<hr style=\"border-color: #ff9000;\" \/>\n\r\n\t\t<\/div>\r\n\t<div class=\"grve-element grve-accordion\"><ul class=\"grve-accordion-wrapper grve-action-accordion grve-style-1\"><li><div class=\"grve-title-wrapper grve-tab-link grve-align-left\" data-rel=\"#1756283800542-3607a62a-98fa\"><div class=\"grve-accordion-arrow grve-accordion-plus grve-position-left\"><i class=\"fa fa-plus\"><\/i><\/div><h3 class=\"grve-title grve-h6\">Ab welchem Semester darf ich ins Ausland gehen?<\/h3><\/div><div class=\"grve-accordion-content\" id=\"1756283800542-3607a62a-98fa\"><div class=\"grve-element grve-text\">\r\n\t\t\t<p>Ab dem dritten Semester.<\/p>\n\r\n\t\t<\/div>\r\n\t<\/div><\/li><li><div class=\"grve-title-wrapper grve-tab-link grve-align-left\" data-rel=\"#1756283800556-84b96b28-88ee\"><div class=\"grve-accordion-arrow grve-accordion-plus grve-position-left\"><i class=\"fa fa-plus\"><\/i><\/div><h3 class=\"grve-title grve-h6\">Wohin darf ich auf Erasmus\/Austauschsemester gehen?<\/h3><\/div><div class=\"grve-accordion-content\" id=\"1756283800556-84b96b28-88ee\"><div class=\"grve-element grve-text\">\r\n\t\t\t<p>Die LFU hat viele Partneruniversit\u00e4ten in vielen verschiedenen L\u00e4ndern. Die aktuelle Liste findest du <a href=\"https:\/\/www.uibk.ac.at\/de\/international-relations\/partnerinstitutionen\/\"><span style=\"color: #ff9000;\">hier<\/span><\/a>.<\/p>\n\r\n\t\t<\/div>\r\n\t<\/div><\/li><li><div class=\"grve-title-wrapper grve-tab-link grve-align-left\" data-rel=\"#1756283853272-1b08e8db-a1b8\"><div class=\"grve-accordion-arrow grve-accordion-plus grve-position-left\"><i class=\"fa fa-plus\"><\/i><\/div><h3 class=\"grve-title grve-h6\">Kann ich nur im Ausland studieren, oder kann ich dort auch ein Praktikum machen?<\/h3><\/div><div class=\"grve-accordion-content\" id=\"1756283853272-1b08e8db-a1b8\"><div class=\"grve-element grve-text\">\r\n\t\t\t<p>Du kannst ein Praktikum im Ausland machen, das von 2 bis 12 Monate dauern kann. Du kannst auch Deutsch im Ausland unterrichten, wenn dir sowas gef\u00e4llt!<\/p>\n\r\n\t\t<\/div>\r\n\t<\/div><\/li><li><div class=\"grve-title-wrapper grve-tab-link grve-align-left\" data-rel=\"#1756283856025-98058431-fec4\"><div class=\"grve-accordion-arrow grve-accordion-plus grve-position-left\"><i class=\"fa fa-plus\"><\/i><\/div><h3 class=\"grve-title grve-h6\">Wie viele ECTS Punkte muss ich w\u00e4hrend meines Auslandssemesters sammeln?<\/h3><\/div><div class=\"grve-accordion-content\" id=\"1756283856025-98058431-fec4\"><div class=\"grve-element grve-text\">\r\n\t\t\t<p>Es kommt darauf an, an welcher Universit\u00e4t du studieren m\u00f6chtest. Manche verlangen 30 ECTS Punkte, aber manche sind ein bisschen lockerer. Es ist empfehlenswert, so viele Punkte wie m\u00f6glich im Ausland zu sammeln.<\/p>\n\r\n\t\t<\/div>\r\n\t<\/div><\/li><li><div class=\"grve-title-wrapper grve-tab-link grve-align-left\" data-rel=\"#1756283890758-771b40cf-c444\"><div class=\"grve-accordion-arrow grve-accordion-plus grve-position-left\"><i class=\"fa fa-plus\"><\/i><\/div><h3 class=\"grve-title grve-h6\">Wie lang darf ich im Ausland sein?<\/h3><\/div><div class=\"grve-accordion-content\" id=\"1756283890758-771b40cf-c444\"><div class=\"grve-element grve-text\">\r\n\t\t\t<p>Bis zu 12 Monate, wenn du den Bachelor machst (maximal 2 Semester). Wenn du deinen Master machst, darfst du wieder bis zu 12 Monate im Ausland verbringen (2 Semester). Also 24 Monate zusammen. Falls du ein Praktikum im Ausland machst, z\u00e4hlt das auch zu deiner Auslandszeit. Zum Beispiel: Du studierst 5 Monate in Polen und du m\u00f6chtest dann ein Praktikum in Spanien absolvieren. Dein Praktikum dort darf dann maximal 7 Monate lang sein.<\/p>\n\r\n\t\t<\/div>\r\n\t<\/div><\/li><li><div class=\"grve-title-wrapper grve-tab-link grve-align-left\" data-rel=\"#1756283918864-1ba8f1ec-f17d\"><div class=\"grve-accordion-arrow grve-accordion-plus grve-position-left\"><i class=\"fa fa-plus\"><\/i><\/div><h3 class=\"grve-title grve-h6\">Wo finde ich alle Unterlagen und Bewerbungsformulare?<\/h3><\/div><div class=\"grve-accordion-content\" id=\"1756283918864-1ba8f1ec-f17d\"><div class=\"grve-element grve-text\">\r\n\t\t\t<p>Auf der Seite der <a href=\"https:\/\/www.uibk.ac.at\/de\/international-relations\/\"><span style=\"color: #ff9000;\">Interational Relations Office (IRO)<\/span><\/a>.<\/p>\n\r\n\t\t<\/div>\r\n\t<\/div><\/li><li><div class=\"grve-title-wrapper grve-tab-link grve-align-left\" data-rel=\"#1756283943261-3237c45f-545f\"><div class=\"grve-accordion-arrow grve-accordion-plus grve-position-left\"><i class=\"fa fa-plus\"><\/i><\/div><h3 class=\"grve-title grve-h6\">Wann muss ich alle Unterlagen abgeben?<\/h3><\/div><div class=\"grve-accordion-content\" id=\"1756283943261-3237c45f-545f\"><div class=\"grve-element grve-text\">\r\n\t\t\t<p>Sp\u00e4testens 6 Monate vor dem Beginn des Auslandssemesters.<\/p>\n\r\n\t\t<\/div>\r\n\t<\/div><\/li><li><div class=\"grve-title-wrapper grve-tab-link grve-align-left\" data-rel=\"#1756283954284-65affda1-c75b\"><div class=\"grve-accordion-arrow grve-accordion-plus grve-position-left\"><i class=\"fa fa-plus\"><\/i><\/div><h3 class=\"grve-title grve-h6\">Wie krankenversichere ich mich im Auslandsstudium?<\/h3><\/div><div class=\"grve-accordion-content\" id=\"1756283954284-65affda1-c75b\"><div class=\"grve-element grve-text\">\r\n\t\t\t<p>F\u00fcr ein Auslandsstudium gibt es je nach Zielland unterschiedliche M\u00f6glichkeiten, sich optimal krankenversichern zu lassen. Innerhalb der Europ\u00e4ischen Union solltest du die <b>Europ\u00e4ische Krankenversicherungskarte (EKVK)<\/b> nutzen, da sie die meisten Leistungen in \u00f6ffentlichen Gesundheitseinrichtungen abdeckt und kosteng\u00fcnstig ist. F\u00fcr Studienaufenthalte au\u00dferhalb Europas empfiehlt es sich, das <b>Krankenversicherungsangebot der Gastuniversit\u00e4t<\/b> zu pr\u00fcfen, da diese Pl\u00e4ne speziell auf die Bed\u00fcrfnisse von Studierenden abgestimmt sind. Eine <b>private Auslandskrankenversicherung<\/b> ist in der Regel nur in Ausnahmef\u00e4llen sinnvoll, da sie oft hohe Pr\u00e4mien verlangt und f\u00fcr Studierende meist \u00fcberdimensioniert ist. Detaillierte Infos findest du hier: <a href=\"https:\/\/www.krankenversichern.at\/krankenversicherung-auslandsstudium\/\"><span style=\"color: #467886;\">https:\/\/www.krankenversichern.at\/krankenversicherung-auslandsstudium\/<\/span><\/a><\/p>\n\r\n\t\t<\/div>\r\n\t<\/div><\/li><li><div class=\"grve-title-wrapper grve-tab-link grve-align-left\" data-rel=\"#1756283981302-1de31b87-27a0\"><div class=\"grve-accordion-arrow grve-accordion-plus grve-position-left\"><i class=\"fa fa-plus\"><\/i><\/div><h3 class=\"grve-title grve-h6\">Ich m\u00f6chte ein Praktikum in den USA machen. Ben\u00f6tige ich ein Visum, obwohl ich nichts verdienen werde?<\/h3><\/div><div class=\"grve-accordion-content\" id=\"1756283981302-1de31b87-27a0\"><div class=\"grve-element grve-text\">\r\n\t\t\t<p>Ja! Nur Touristen d\u00fcrfen ohne ein Visum in die USA fahren. Ansonsten muss dich dein\/e ArbeitgeberIn in den USA \u201esponsern\u201c und du musst beweisen, dass dein Englisch gut genug ist. Wenn du dir unsicher bist, ob dein Visum passend ist, rede mit der amerikanischen Botschaft bevor du abfliegst.<\/p>\n\r\n\t\t<\/div>\r\n\t<\/div><\/li><li><div class=\"grve-title-wrapper grve-tab-link grve-align-left\" data-rel=\"#1756283996223-d083cf53-949d\"><div class=\"grve-accordion-arrow grve-accordion-plus grve-position-left\"><i class=\"fa fa-plus\"><\/i><\/div><h3 class=\"grve-title grve-h6\">Ich m\u00f6chte unbedingt an einer gewissen Universit\u00e4t ein Auslandssemester machen, aber sie ist kein Partner der LFU. Kann ich trotzdem dorthin?<\/h3><\/div><div class=\"grve-accordion-content\" id=\"1756283996223-d083cf53-949d\"><div class=\"grve-element grve-text\">\r\n\t\t\t<p>Ja, als \u201eFreemover\u201c. Aber du musst alles selbst organisieren und bezahlen. Es ist auch wichtig, mit der LFU vorher dar\u00fcber zu sprechen, sodass deine ECTS Punkte, die du im Ausland gewinnst, in Innsbruck anerkannt werden k\u00f6nnen.<\/p>\n\r\n\t\t<\/div>\r\n\t<\/div><\/li><li><div class=\"grve-title-wrapper grve-tab-link grve-align-left\" data-rel=\"#1756284014752-7618660a-ba71\"><div class=\"grve-accordion-arrow grve-accordion-plus grve-position-left\"><i class=\"fa fa-plus\"><\/i><\/div><h3 class=\"grve-title grve-h6\">Ich m\u00f6chte ins Ausland, aber was soll ich mit meinem Zimmer in Innsbruck tun?<\/h3><\/div><div class=\"grve-accordion-content\" id=\"1756284014752-7618660a-ba71\"><div class=\"grve-element grve-text\">\r\n\t\t\t<p>Die IRO kann dir hier helfen. Erasmusstudierende, die nach Innsbruck kommen, suchen Zimmer und unter <a href=\"https:\/\/www.uibk.ac.at\/de\/international-relations\/studierendenmobilitaet\/outgoing\/mobilitaetsprogramme\/erasmus-studmob\/\"><span style=\"color: #ff9000;\">diesem Link<\/span><\/a> kannst du dir und ihnen helfen.<\/p>\n\r\n\t\t<\/div>\r\n\t<\/div><\/li><\/ul><\/div><\/div><\/div><\/div><\/div><div class=\"grve-background-wrapper\"><\/div><\/div><div class=\"grve-section grve-row-section grve-fullwidth-background grve-padding-top-1x grve-padding-bottom-1x grve-bg-none\"><div class=\"grve-container\"><div class=\"grve-row grve-bookmark grve-columns-gap-60\"><div class=\"grve-column wpb_column grve-column-1\" ><div class=\"grve-column-wrapper\" ><div class=\"grve-element grve-text vc_custom_1605161471550\">\r\n\t\t\t<h3><strong>Reisen<\/strong><\/h3>\n<hr style=\"border-color: #ff9000;\" \/>\n\r\n\t\t<\/div>\r\n\t<div class=\"grve-element grve-accordion\"><ul class=\"grve-accordion-wrapper grve-action-accordion grve-style-1\"><li><div class=\"grve-title-wrapper grve-tab-link grve-align-left\" data-rel=\"#1756287599095-e3512841-ad64\"><div class=\"grve-accordion-arrow grve-accordion-plus grve-position-left\"><i class=\"fa fa-plus\"><\/i><\/div><h3 class=\"grve-title grve-h6\">Ich habe gesehen, dass das \u201eReferat f\u00fcr Internationales\u201c nach S\u00fcdtirol f\u00e4hrt. Darf ich an dieser Reise teilnehmen?<\/h3><\/div><div class=\"grve-accordion-content\" id=\"1756287599095-e3512841-ad64\"><div class=\"grve-element grve-text\">\r\n\t\t\t<p>Wenn du an der LFU studierst, darfst du. Unsere Trips sind offen f\u00fcr alle Personen, die an der LFU studieren, egal ob sie Erasmusstudierende oder Studierende in Innsbruck sind. Wenn du am MCI oder an der Medizinuni studierst, darfst du nicht mitfahren. Keine Sorge, eure \u00d6Hs werden auch etwas organisieren.<\/p>\n\r\n\t\t<\/div>\r\n\t<\/div><\/li><li><div class=\"grve-title-wrapper grve-tab-link grve-align-left\" data-rel=\"#1756287599106-1d5b2c91-4e97\"><div class=\"grve-accordion-arrow grve-accordion-plus grve-position-left\"><i class=\"fa fa-plus\"><\/i><\/div><h3 class=\"grve-title grve-h6\">Ich kann nicht mehr an einer Reise teilnehmen, was soll ich machen?<\/h3><\/div><div class=\"grve-accordion-content\" id=\"1756287599106-1d5b2c91-4e97\"><div class=\"grve-element grve-text\">\r\n\t\t\t<p>Du solltest uns so bald wie m\u00f6glich informieren, sodass eine andere Person so schnell wie m\u00f6glich gefunden werden kann. Wenn du das in der letzen Minute machst, ist es nicht so leicht, eine Ersatzperson zu finden und du bekommst wahrscheinlich dein Geld nicht zur\u00fcck.<\/p>\n\r\n\t\t<\/div>\r\n\t<\/div><\/li><li><div class=\"grve-title-wrapper grve-tab-link grve-align-left\" data-rel=\"#1756287736528-a604664c-f9ce\"><div class=\"grve-accordion-arrow grve-accordion-plus grve-position-left\"><i class=\"fa fa-plus\"><\/i><\/div><h3 class=\"grve-title grve-h6\">Ich kann nicht mehr an einer Reise teilnehmen, kann ich mein Geld zur\u00fcckbekommen?<\/h3><\/div><div class=\"grve-accordion-content\" id=\"1756287736528-a604664c-f9ce\"><div class=\"grve-element grve-text\">\r\n\t\t\t<p>Wenn du eine Person findest, die dich ersetzt, dann ja. Aber, wenn keine Person gefunden werden kann, k\u00f6nnen wir leider nichts zur\u00fcckgeben.<\/p>\n\r\n\t\t<\/div>\r\n\t<\/div><\/li><li><div class=\"grve-title-wrapper grve-tab-link grve-align-left\" data-rel=\"#1756287771703-68eaa561-ae12\"><div class=\"grve-accordion-arrow grve-accordion-plus grve-position-left\"><i class=\"fa fa-plus\"><\/i><\/div><h3 class=\"grve-title grve-h6\">Brauche ich meinen Reisepass, wenn es eine Auslandsreise ist?<\/h3><\/div><div class=\"grve-accordion-content\" id=\"1756287771703-68eaa561-ae12\"><div class=\"grve-element grve-text\">\r\n\t\t\t<p>Ein g\u00fcltiger und nicht abgelaufener Reisepass wird ben\u00f6tigt. Falls du keinen Reisepass hast, brauchst du einen Lichtbildausweis, der im Ausland gilt und nicht abgelaufen ist (dein F\u00fchrerschein gilt nicht in allen L\u00e4ndern). Wenn du ein solches Dokument nicht hast, darfst du nicht reisen.<\/p>\n\r\n\t\t<\/div>\r\n\t<\/div><\/li><\/ul><\/div><\/div><\/div><\/div><\/div><div class=\"grve-background-wrapper\"><\/div><\/div><div class=\"grve-section grve-row-section grve-fullwidth-background grve-padding-top-1x grve-padding-bottom-1x grve-bg-none\"><div class=\"grve-container\"><div class=\"grve-row grve-bookmark grve-columns-gap-60\"><div class=\"grve-column wpb_column grve-column-1\" ><div class=\"grve-column-wrapper\" ><div class=\"grve-element grve-text vc_custom_1605161465964\">\r\n\t\t\t<h3><strong>ESN<\/strong><\/h3>\n<hr style=\"border-color: #ff9000;\" \/>\n\r\n\t\t<\/div>\r\n\t<div class=\"grve-element grve-text vc_custom_1605161216448\">\r\n\t\t\t<h5 class=\"faq-titel\">Was ist ESN?<\/h5>\n<p>ESN \u2013 International and Erasmus Student Network \u2013 ist eine Gruppe Studierende, die StudentInnen hilft, Spa\u00df im Ausland zu haben. ESN organisiert viele Kulturveranstaltungen, Kochabende und nat\u00fcrlich Partys.<\/p>\n\r\n\t\t<\/div>\r\n\t<\/div><\/div><\/div><\/div><div class=\"grve-background-wrapper\"><\/div><\/div><div class=\"grve-section grve-row-section grve-fullwidth-background grve-padding-top-3x grve-padding-bottom-3x grve-bg-none grve-headings-light\"  style=\"background-color:#ff9000;color:#ffffff;\"><div class=\"grve-container\"><div class=\"grve-row grve-bookmark grve-columns-gap-none\"><div class=\"grve-column wpb_column grve-column-2-3\" ><div class=\"grve-column-wrapper\" ><div class=\"grve-element grve-text vc_custom_1605348270130\">\r\n\t\t\t<div class=\"cta-text\"><span style=\"color: #ffffff;\">Es gibt noch viele weitere Angebote f\u00fcr dich<\/span><\/div>\n\r\n\t\t<\/div>\r\n\t<\/div><\/div><div class=\"grve-column wpb_column grve-column-1-3\" ><div class=\"grve-column-wrapper\" ><div class=\"grve-element grve-align-center\"><a href=\"https:\/\/www.oehweb.at\/en\/services\/\" title=\"Services\" class=\"grve-btn grve-btn-small grve-round grve-bg-white grve-bg-hover-grey\"><span>alle Services<\/span><\/a><\/div><\/div><\/div><\/div><\/div><div class=\"grve-background-wrapper\"><\/div><\/div>","protected":false},"excerpt":{"rendered":"Referat f\u00fcr Internationales Egal ob du im Ausland studieren, in einem anderen Land arbeiten, oder irgendwohin mit uns reisen willst, internationale Abenteuer sind unsere Spezialit\u00e4t! Go international! Ein Auslandsaufenthalt oder Auslandspraktikum w\u00e4hrend des Studiums muss dank der vielf\u00e4ltigen Angebote, die von Erasmus+ \u00fcber Joint Study bis hin zu den verschiedensten Stipendien reichen, weder eine finanzielle [...]","protected":false},"author":1,"featured_media":0,"parent":638,"menu_order":0,"comment_status":"closed","ping_status":"closed","template":"","meta":{"inline_featured_image":false,"footnotes":""},"class_list":["post-467","page","type-page","status-publish","hentry"],"yoast_head":"<!-- This site is optimized with the Yoast SEO plugin v21.8.1 - https:\/\/yoast.com\/wordpress\/plugins\/seo\/ -->\n<title>Referat f\u00fcr Internationales - \u00d6H Innsbruck<\/title>\n<meta name=\"robots\" content=\"index, follow, max-snippet:-1, max-image-preview:large, max-video-preview:-1\" \/>\n<link rel=\"canonical\" href=\"https:\/\/www.oehweb.at\/en\/deine-oeh\/referate\/internationales\/\" \/>\n<meta property=\"og:locale\" content=\"en_GB\" \/>\n<meta property=\"og:type\" content=\"article\" \/>\n<meta property=\"og:title\" content=\"Referat f\u00fcr Internationales - \u00d6H Innsbruck\" \/>\n<meta property=\"og:url\" content=\"https:\/\/www.oehweb.at\/en\/deine-oeh\/referate\/internationales\/\" \/>\n<meta property=\"og:site_name\" content=\"\u00d6H Innsbruck\" \/>\n<meta property=\"article:modified_time\" content=\"2026-07-01T08:22:57+00:00\" \/>\n<meta name=\"twitter:card\" content=\"summary_large_image\" \/>\n<meta name=\"twitter:label1\" content=\"Estimated reading time\" \/>\n\t<meta name=\"twitter:data1\" content=\"6 minutes\" \/>\n<script type=\"application\/ld+json\" class=\"yoast-schema-graph\">{\"@context\":\"https:\/\/schema.org\",\"@graph\":[{\"@type\":\"WebPage\",\"@id\":\"https:\/\/www.oehweb.at\/deine-oeh\/referate\/internationales\/\",\"url\":\"https:\/\/www.oehweb.at\/deine-oeh\/referate\/internationales\/\",\"name\":\"Referat f\u00fcr Internationales - \u00d6H Innsbruck\",\"isPartOf\":{\"@id\":\"https:\/\/www.oehweb.at\/#website\"},\"datePublished\":\"2020-11-12T05:51:38+00:00\",\"dateModified\":\"2026-07-01T08:22:57+00:00\",\"breadcrumb\":{\"@id\":\"https:\/\/www.oehweb.at\/deine-oeh\/referate\/internationales\/#breadcrumb\"},\"inLanguage\":\"en-GB\",\"potentialAction\":[{\"@type\":\"ReadAction\",\"target\":[\"https:\/\/www.oehweb.at\/deine-oeh\/referate\/internationales\/\"]}]},{\"@type\":\"BreadcrumbList\",\"@id\":\"https:\/\/www.oehweb.at\/deine-oeh\/referate\/internationales\/#breadcrumb\",\"itemListElement\":[{\"@type\":\"ListItem\",\"position\":1,\"name\":\"Home\",\"item\":\"https:\/\/www.oehweb.at\/\"},{\"@type\":\"ListItem\",\"position\":2,\"name\":\"Deine \u00d6H\",\"item\":\"https:\/\/www.oehweb.at\/deine-oeh\/\"},{\"@type\":\"ListItem\",\"position\":3,\"name\":\"Referate\",\"item\":\"https:\/\/www.oehweb.at\/deine-oeh\/referate\/\"},{\"@type\":\"ListItem\",\"position\":4,\"name\":\"Referat f\u00fcr Internationales\"}]},{\"@type\":\"WebSite\",\"@id\":\"https:\/\/www.oehweb.at\/#website\",\"url\":\"https:\/\/www.oehweb.at\/\",\"name\":\"\u00d6H Innsbruck\",\"description\":\"Wir sind die \u00d6sterreichische Hochsch\u00fclerInnenschaft an der Universit\u00e4t Innsbruck\",\"publisher\":{\"@id\":\"https:\/\/www.oehweb.at\/#organization\"},\"potentialAction\":[{\"@type\":\"SearchAction\",\"target\":{\"@type\":\"EntryPoint\",\"urlTemplate\":\"https:\/\/www.oehweb.at\/?s={search_term_string}\"},\"query-input\":\"required name=search_term_string\"}],\"inLanguage\":\"en-GB\"},{\"@type\":\"Organization\",\"@id\":\"https:\/\/www.oehweb.at\/#organization\",\"name\":\"\u00d6H Innsrbruck\",\"url\":\"https:\/\/www.oehweb.at\/\",\"logo\":{\"@type\":\"ImageObject\",\"inLanguage\":\"en-GB\",\"@id\":\"https:\/\/www.oehweb.at\/#\/schema\/logo\/image\/\",\"url\":\"https:\/\/www.oehweb.at\/wp-content\/uploads\/2020\/11\/OEH-Innsbruck-Logo.svg\",\"contentUrl\":\"https:\/\/www.oehweb.at\/wp-content\/uploads\/2020\/11\/OEH-Innsbruck-Logo.svg\",\"width\":448,\"height\":255,\"caption\":\"\u00d6H Innsrbruck\"},\"image\":{\"@id\":\"https:\/\/www.oehweb.at\/#\/schema\/logo\/image\/\"}}]}<\/script>\n<!-- \/ Yoast SEO plugin. -->","yoast_head_json":{"title":"Referat f\u00fcr Internationales - \u00d6H Innsbruck","robots":{"index":"index","follow":"follow","max-snippet":"max-snippet:-1","max-image-preview":"max-image-preview:large","max-video-preview":"max-video-preview:-1"},"canonical":"https:\/\/www.oehweb.at\/en\/deine-oeh\/referate\/internationales\/","og_locale":"en_GB","og_type":"article","og_title":"Referat f\u00fcr Internationales - \u00d6H Innsbruck","og_url":"https:\/\/www.oehweb.at\/en\/deine-oeh\/referate\/internationales\/","og_site_name":"\u00d6H Innsbruck","article_modified_time":"2026-07-01T08:22:57+00:00","twitter_card":"summary_large_image","twitter_misc":{"Estimated reading time":"6 minutes"},"schema":{"@context":"https:\/\/schema.org","@graph":[{"@type":"WebPage","@id":"https:\/\/www.oehweb.at\/deine-oeh\/referate\/internationales\/","url":"https:\/\/www.oehweb.at\/deine-oeh\/referate\/internationales\/","name":"Referat f\u00fcr Internationales - \u00d6H Innsbruck","isPartOf":{"@id":"https:\/\/www.oehweb.at\/#website"},"datePublished":"2020-11-12T05:51:38+00:00","dateModified":"2026-07-01T08:22:57+00:00","breadcrumb":{"@id":"https:\/\/www.oehweb.at\/deine-oeh\/referate\/internationales\/#breadcrumb"},"inLanguage":"en-GB","potentialAction":[{"@type":"ReadAction","target":["https:\/\/www.oehweb.at\/deine-oeh\/referate\/internationales\/"]}]},{"@type":"BreadcrumbList","@id":"https:\/\/www.oehweb.at\/deine-oeh\/referate\/internationales\/#breadcrumb","itemListElement":[{"@type":"ListItem","position":1,"name":"Home","item":"https:\/\/www.oehweb.at\/"},{"@type":"ListItem","position":2,"name":"Deine \u00d6H","item":"https:\/\/www.oehweb.at\/deine-oeh\/"},{"@type":"ListItem","position":3,"name":"Referate","item":"https:\/\/www.oehweb.at\/deine-oeh\/referate\/"},{"@type":"ListItem","position":4,"name":"Referat f\u00fcr Internationales"}]},{"@type":"WebSite","@id":"https:\/\/www.oehweb.at\/#website","url":"https:\/\/www.oehweb.at\/","name":"\u00d6H Innsbruck","description":"Wir sind die \u00d6sterreichische Hochsch\u00fclerInnenschaft an der Universit\u00e4t Innsbruck","publisher":{"@id":"https:\/\/www.oehweb.at\/#organization"},"potentialAction":[{"@type":"SearchAction","target":{"@type":"EntryPoint","urlTemplate":"https:\/\/www.oehweb.at\/?s={search_term_string}"},"query-input":"required name=search_term_string"}],"inLanguage":"en-GB"},{"@type":"Organization","@id":"https:\/\/www.oehweb.at\/#organization","name":"\u00d6H Innsrbruck","url":"https:\/\/www.oehweb.at\/","logo":{"@type":"ImageObject","inLanguage":"en-GB","@id":"https:\/\/www.oehweb.at\/#\/schema\/logo\/image\/","url":"https:\/\/www.oehweb.at\/wp-content\/uploads\/2020\/11\/OEH-Innsbruck-Logo.svg","contentUrl":"https:\/\/www.oehweb.at\/wp-content\/uploads\/2020\/11\/OEH-Innsbruck-Logo.svg","width":448,"height":255,"caption":"\u00d6H Innsrbruck"},"image":{"@id":"https:\/\/www.oehweb.at\/#\/schema\/logo\/image\/"}}]}},"_links":{"self":[{"href":"https:\/\/www.oehweb.at\/en\/wp-json\/wp\/v2\/pages\/467","targetHints":{"allow":["GET"]}}],"collection":[{"href":"https:\/\/www.oehweb.at\/en\/wp-json\/wp\/v2\/pages"}],"about":[{"href":"https:\/\/www.oehweb.at\/en\/wp-json\/wp\/v2\/types\/page"}],"author":[{"embeddable":true,"href":"https:\/\/www.oehweb.at\/en\/wp-json\/wp\/v2\/users\/1"}],"replies":[{"embeddable":true,"href":"https:\/\/www.oehweb.at\/en\/wp-json\/wp\/v2\/comments?post=467"}],"version-history":[{"count":107,"href":"https:\/\/www.oehweb.at\/en\/wp-json\/wp\/v2\/pages\/467\/revisions"}],"predecessor-version":[{"id":11620,"href":"https:\/\/www.oehweb.at\/en\/wp-json\/wp\/v2\/pages\/467\/revisions\/11620"}],"up":[{"embeddable":true,"href":"https:\/\/www.oehweb.at\/en\/wp-json\/wp\/v2\/pages\/638"}],"wp:attachment":[{"href":"https:\/\/www.oehweb.at\/en\/wp-json\/wp\/v2\/media?parent=467"}],"curies":[{"name":"wp","href":"https:\/\/api.w.org\/{rel}","templated":true}]}}