{"id":470,"date":"2020-11-12T07:12:48","date_gmt":"2020-11-12T06:12:48","guid":{"rendered":"https:\/\/www.oehweb.at\/services\/internationales-und-esn-copy\/"},"modified":"2026-09-01T11:40:50","modified_gmt":"2026-09-01T09:40:50","slug":"unipress","status":"publish","type":"page","link":"https:\/\/www.oehweb.at\/en\/deine-oeh\/referate\/unipress\/","title":{"rendered":"UNIpress"},"content":{"rendered":"<div class=\"grve-section grve-row-section grve-fullwidth-background grve-padding-top-3x grve-padding-bottom-3x grve-bg-none grve-headings-light\"  style=\"color:#ffffff;\"><div class=\"grve-container\"><div class=\"grve-row grve-bookmark grve-columns-gap-30\"><div class=\"grve-column wpb_column grve-column-1-2\" ><div class=\"grve-column-wrapper\" ><div class=\"grve-element grve-text grve-leader-text\">\r\n\t\t\t<div class=\"grve-small-text\"><span class=\"\">Internes Referat<\/span><\/div>\n<h1>UNIpress<\/h1>\n<p>Das Studierendenmagazin der \u00d6H Innsbruck &#8211; zeitgen\u00f6ssischer Hochschuljournalismus auf hohem Niveau.<\/p>\n\r\n\t\t<\/div>\r\n\t<\/div><\/div><\/div><\/div><div class=\"grve-background-wrapper\">  <div class=\"grve-bg-image grve-bg-center-center grve-bg-image-id-565\"   style=\"background-image: url(https:\/\/www.oehweb.at\/wp-content\/uploads\/2020\/11\/oeh-innsbruck-unipress.jpg);\"><\/div>  <div class=\"grve-bg-overlay\" style=\"background:rgba(27,29,31,0.5); background: linear-gradient(180deg,rgba(27,29,31,0.5) 0%,rgba(27,29,31,0.75) 100%);\"><\/div><\/div><\/div><div class=\"grve-section grve-row-section grve-fullwidth-background grve-bg-none\"  style=\"background:#ff9000;background: linear-gradient(90deg,#ff9000 0%,#ff9000 100%);padding-top: 15px;\"><div class=\"grve-container\"><div class=\"grve-row grve-bookmark grve-columns-gap-30\"><div class=\"grve-column wpb_column grve-column-1\" ><div class=\"grve-column-wrapper\" ><\/div><\/div><\/div><\/div><div class=\"grve-background-wrapper\"><\/div><\/div><div class=\"grve-section grve-row-section grve-fullwidth-background grve-padding-top-4x grve-padding-bottom-1x grve-bg-none\"><div class=\"grve-container\"><div class=\"grve-row grve-bookmark grve-columns-gap-60\"><div class=\"grve-column wpb_column grve-column-1-3\" ><div class=\"grve-column-wrapper\" ><div class=\"grve-element grve-text\">\r\n\t\t\t<h2><strong>Hochschul-<br \/>\njournalismus<br \/>\nweiterdenken<\/strong><\/h2>\n\r\n\t\t<\/div>\r\n\t<\/div><\/div><div class=\"grve-column wpb_column grve-column-2-3\" ><div class=\"grve-column-wrapper\" ><div class=\"grve-element grve-text vc_custom_1760339775833\">\r\n\t\t\t<p>UNIpress ist das offizielle Studierendenmagazin der \u00d6H Innsbruck. Wir sind deine Anlaufstelle f\u00fcr\u00a0 studentischen Journalismus. Unser Horizont geht dabei \u00fcber die Grenzen des Unicampus hinaus: Wir schreiben auch \u00fcber Themen aus Politik, Gesellschaft, Wissenschaft und Kultur.<\/p>\n<p>Unser Printmagazin erscheint einmal im Semester. Jede Ausgabe widmet sich dabei einem Leitthema, das wir von verschiedenen Blickwinkeln beleuchten.<\/p>\n<p>Und wir sind auch digital unterwegs: Auf <strong>unipress.at<\/strong> ver\u00f6ffentlichen wir regelm\u00e4\u00dfig neue Artikel. Die meisten davon sind eigens f\u00fcr unser Online-Angebot verfasst und thematisch bunt gemischt \u2013 je nachdem, was unsere Redaktion und die Studierendenschaft an der Uni Innsbruck gerade eben so interessiert.<\/p>\n<p>Wenn du Interesse hast, mit uns zu arbeiten, journalistische Erfahrungen zu sammeln und deine St\u00e4rken einzubringen, dann werde Teil des Teams. Schreib uns einfach eine Mail an <a href=\"mailto:Unipress@uibk.ac.at\"><strong>unipress@uibk.ac.at <\/strong><\/a>oder <a href=\"mailto:unipress@oeh.cc\"><strong>unipress@oeh.cc<\/strong><\/a>, oder verwende das <strong>Kontaktformular<\/strong> auf unserer Website.<\/p>\n\r\n\t\t<\/div>\r\n\t<div class=\"grve-row-inner grve-bookmark grve-rtl-columns-reverse\">\r\n\t\t<div class=\"grve-column-inner wpb_column grve-column-1-4\">\r\n\t\t\t<div class=\"grve-column-wrapper-inner\">\r\n\t\t\t<div class=\"grve-element grve-align-left\"><a href=\"https:\/\/www.unipress.at\/\" title=\"unipress.at\" target=\"_blank\" rel=\"noopener noreferrer\" class=\"grve-btn grve-btn-small grve-round grve-bg-primary-1 grve-bg-hover-grey\" style=\"margin-bottom: 15px;\"><span>Unipress.at<\/span><\/a><\/div>\r\n\t\t\t<\/div>\r\n\t\t<\/div>\r\n\t\r\n\t\t<div class=\"grve-column-inner wpb_column grve-column-1-4\">\r\n\t\t\t<div class=\"grve-column-wrapper-inner\">\r\n\t\t\t<div class=\"grve-empty-space\" style=\"height: 5px;\"><\/div>\t\t\t<div class=\"grve-element grve-social grve-align-left\" style=\"\">\r\n\t\t\t\t<ul>\r\n\t\t\t\t\t\t\t\t\t\t\t<li>\r\n\t\t\t\t\t\t\t\t<a href=\"https:\/\/twitter.com\/unipress_ibk\" class=\"grve-small grve-no-shape\" aria-label=\"Twitter\" target=\"_blank\" rel=\"noopener noreferrer\">\r\n\t\t\t\t\t\t\t\t\t<i class=\"grve-text-primary-1 fa fa-twitter\"><\/i>\r\n\t\t\t\t\t\t\t\t<\/a>\r\n\t\t\t\t\t\t\t<\/li>\r\n\t\t\t\t\t\t\t\t\t\t\t<li>\r\n\t\t\t\t\t\t\t\t<a href=\"https:\/\/www.facebook.com\/unipress.innsbruck\/\" class=\"grve-small grve-no-shape\" aria-label=\"Facebook\" target=\"_blank\" rel=\"noopener noreferrer\">\r\n\t\t\t\t\t\t\t\t\t<i class=\"grve-text-primary-1 fa fa-facebook\"><\/i>\r\n\t\t\t\t\t\t\t\t<\/a>\r\n\t\t\t\t\t\t\t<\/li>\r\n\t\t\t\t\t\t\t\t\t\t\t<li>\r\n\t\t\t\t\t\t\t\t<a href=\"https:\/\/www.instagram.com\/unipress.innsbruck\/\" class=\"grve-small grve-no-shape\" aria-label=\"Instagram\" target=\"_blank\" rel=\"noopener noreferrer\">\r\n\t\t\t\t\t\t\t\t\t<i class=\"grve-text-primary-1 fa fa-instagram\"><\/i>\r\n\t\t\t\t\t\t\t\t<\/a>\r\n\t\t\t\t\t\t\t<\/li>\r\n\t\t\t\t\t\t\t\t<\/ul>\r\n\t\t\t<\/div>\r\n\t\t\r\n\t\t\t<\/div>\r\n\t\t<\/div>\r\n\t<\/div><\/div><\/div><\/div><\/div><div class=\"grve-background-wrapper\"><\/div><\/div><div class=\"grve-section grve-row-section grve-fullwidth-background grve-padding-top-1x grve-padding-bottom-1x grve-bg-none\"  style=\"color:#000000;\"><div class=\"grve-container\"><div class=\"grve-row grve-bookmark grve-columns-gap-50\"><div class=\"grve-column wpb_column grve-column-1-3\" ><div class=\"grve-column-wrapper\" ><div class=\"grve-element grve-text vc_custom_1604990589953\">\r\n\t\t\t<h2>Deine<br \/>\nAnsprech-<br \/>\npersonen<\/h2>\n\r\n\t\t<\/div>\r\n\t<div class=\"grve-element grve-text zeilenabstand-large\">\r\n\t\t\t<div><strong>E-Mail: <\/strong><a href=\"mailto:Unipress@uibk.ac.at\">Unipress@uibk.ac.at<\/a><br \/>\n<strong>Adresse:<\/strong> Josef-Hirn Stra\u00dfe 7, 2. Stock<\/div>\n<div><\/div>\n\r\n\t\t<\/div>\r\n\t<div class=\"grve-element grve-text\">\r\n\t\t\t<p>&nbsp;<\/p>\n\r\n\t\t<\/div>\r\n\t<div class=\"grve-element grve-text\">\r\n\t\t\t<p><strong>Beratungszeiten SoSe 2026 Vorlesungszeit:<br \/>\n<\/strong>Gerne bekommst du einen Termin &#8211; nach vorheriger Anfrage per Mail!<\/p>\n<p><strong>Beratungszeiten Sommerferien 2026:<\/strong><br \/>\nEmails werden selbstverst\u00e4ndlich auch in den Ferien beantwortet!<\/p>\n\r\n\t\t<\/div>\r\n\t<\/div><\/div><div class=\"grve-column wpb_column grve-column-2-3\" ><div class=\"grve-column-wrapper\" ><div class=\"grve-row-inner grve-bookmark\">\r\n\t\t<div class=\"grve-column-inner wpb_column grve-column-1-3\">\r\n\t\t\t<div class=\"grve-column-wrapper-inner\">\r\n\t\t\t\r\n\t\t\t<\/div>\r\n\t\t<\/div>\r\n\t\r\n\t\t<div class=\"grve-column-inner wpb_column grve-column-1-3\">\r\n\t\t\t<div class=\"grve-column-wrapper-inner\">\r\n\t\t\t\r\n\t\t\t\t<div class=\"grve-team grve-element grve-layout-1\" style=\"\">\r\n\t\t\t<figure class=\"grve-image-hover grve-zoom-none\">\r\n\t\t\t\t\t\t\t\t<div class=\"grve-team-person\">\r\n\t\t\t\t\t<div class=\"grve-bg-light grve-hover-overlay grve-opacity-0\"><\/div>\r\n\t\t\t\t\t<img loading=\"lazy\" decoding=\"async\" width=\"667\" height=\"1000\" src=\"https:\/\/www.oehweb.at\/wp-content\/uploads\/2020\/12\/OEH-Innsbruck-dummy.svg\" class=\"attachment-full size-full\" alt=\"\" \/>\t\t\t\t<\/div>\r\n\t\t\t\t<figcaption>\r\n\t\t\t\t\t<ul class=\"grve-team-social grve-align-center\">\r\n\t\t\t\t\t\t\t\t\t\t\t<\/ul>\r\n\t\t\t\t<\/figcaption>\r\n\t\t\t<\/figure>\r\n\t\t\t<div class=\"grve-team-description grve-align-center\">\r\n\t\t\t\t\t\t\t\t<div class=\"grve-team-identity grve-link-text\">Int. Referent_in<\/div>\r\n\t\t\t\t\t\t\t\t\t\t\t\t<h6 class=\"grve-team-name grve-text-hover-primary-1 grve-h6\">Marie Eisele<\/h6>\r\n\t\t\t\t\t\t\t<\/div>\r\n\t\t<\/div>\r\n\t\t\r\n\t\t\r\n\t\t\t<\/div>\r\n\t\t<\/div>\r\n\t\r\n\t\t<div class=\"grve-column-inner wpb_column grve-column-1-3\">\r\n\t\t\t<div class=\"grve-column-wrapper-inner\">\r\n\t\t\t\r\n\t\t\t\t<div class=\"grve-team grve-element grve-layout-1\" style=\"\">\r\n\t\t\t<figure class=\"grve-image-hover grve-zoom-none\">\r\n\t\t\t\t\t\t\t\t<div class=\"grve-team-person\">\r\n\t\t\t\t\t<div class=\"grve-bg-light grve-hover-overlay grve-opacity-0\"><\/div>\r\n\t\t\t\t\t<img loading=\"lazy\" decoding=\"async\" width=\"1200\" height=\"1800\" src=\"https:\/\/www.oehweb.at\/wp-content\/uploads\/2025\/11\/Daniela-Filipovic_geaendert.jpg\" class=\"attachment-full size-full\" alt=\"\" srcset=\"https:\/\/www.oehweb.at\/wp-content\/uploads\/2025\/11\/Daniela-Filipovic_geaendert.jpg 1200w, https:\/\/www.oehweb.at\/wp-content\/uploads\/2025\/11\/Daniela-Filipovic_geaendert-200x300.jpg 200w, https:\/\/www.oehweb.at\/wp-content\/uploads\/2025\/11\/Daniela-Filipovic_geaendert-683x1024.jpg 683w, https:\/\/www.oehweb.at\/wp-content\/uploads\/2025\/11\/Daniela-Filipovic_geaendert-768x1152.jpg 768w, https:\/\/www.oehweb.at\/wp-content\/uploads\/2025\/11\/Daniela-Filipovic_geaendert-1024x1536.jpg 1024w\" sizes=\"auto, (max-width: 1200px) 100vw, 1200px\" \/>\t\t\t\t<\/div>\r\n\t\t\t\t<figcaption>\r\n\t\t\t\t\t<ul class=\"grve-team-social grve-align-center\">\r\n\t\t\t\t\t\t\t\t\t\t\t<\/ul>\r\n\t\t\t\t<\/figcaption>\r\n\t\t\t<\/figure>\r\n\t\t\t<div class=\"grve-team-description grve-align-center\">\r\n\t\t\t\t\t\t\t\t<div class=\"grve-team-identity grve-link-text\">SB<\/div>\r\n\t\t\t\t\t\t\t\t\t\t\t\t<h6 class=\"grve-team-name grve-text-hover-primary-1 grve-h6\">Daniela Filipovic<\/h6>\r\n\t\t\t\t\t\t\t<\/div>\r\n\t\t<\/div>\r\n\t\t\r\n\t\t\r\n\t\t\t<\/div>\r\n\t\t<\/div>\r\n\t<\/div><\/div><\/div><\/div><\/div><div class=\"grve-background-wrapper\"><\/div><\/div><div class=\"grve-section grve-row-section grve-fullwidth-background grve-padding-top-1x grve-padding-bottom-1x grve-bg-none\"><div class=\"grve-container\"><div class=\"grve-row grve-bookmark grve-columns-gap-30\"><div class=\"grve-column wpb_column grve-column-1-2\" ><div class=\"grve-column-wrapper\" ><div class=\"grve-element grve-text grve-leader-text\">\r\n\t\t\t<h2>FAQs<\/h2>\n<p>Hier findest du Antworten auf h\u00e4ufig gestellte Fragen an unser Referat.<\/p>\n\r\n\t\t<\/div>\r\n\t<\/div><\/div><div class=\"grve-column wpb_column grve-column-1-2\" ><div class=\"grve-column-wrapper\" ><\/div><\/div><\/div><\/div><div class=\"grve-background-wrapper\"><\/div><\/div><div class=\"grve-section grve-row-section grve-fullwidth-background grve-padding-top-1x grve-padding-bottom-1x grve-bg-none\"><div class=\"grve-container\"><div class=\"grve-row grve-bookmark grve-columns-gap-60\"><div class=\"grve-column wpb_column grve-column-1-3\" ><div class=\"grve-column-wrapper\" ><div class=\"grve-element grve-text vc_custom_1719720935435\">\r\n\t\t\t<h5 class=\"faq-titel\">Was ist UNIpress?<\/h5>\n<p>UNIpress ist das offizielle Magazin der Hochsch\u00fclerinnen- und Hochsch\u00fclerschaft (\u00d6H) an der Universit\u00e4t Innsbruck.<\/p>\n\r\n\t\t<\/div>\r\n\t<div class=\"grve-element grve-text vc_custom_1719720775852\">\r\n\t\t\t<h5 class=\"faq-titel\">Wer sind wir?<\/h5>\n<p>Wir sind Studierende der Universit\u00e4t Innsbruck aus den verschiedensten Fachrichtungen. Was uns eint, ist das Interesse am Schreiben, Korrigieren oder Fotografieren. Wir wollen bei UNIpress gemeinsam hochwertigen Journalismus schaffen.<\/p>\n\r\n\t\t<\/div>\r\n\t<\/div><\/div><div class=\"grve-column wpb_column grve-column-1-3\" ><div class=\"grve-column-wrapper\" ><div class=\"grve-element grve-text vc_custom_1719720821127\">\r\n\t\t\t<h5>Wie sieht unsere Arbeit aus?<\/h5>\n<p>Das Redaktionsteam trifft sich zu regelm\u00e4\u00dfigen Sitzungen. Dort werden Vorschl\u00e4ge f\u00fcr Artikel eingebracht, Ideen diskutiert und Aufgaben verteilt. Als Team verbringen wir nicht nur bei den Redaktionssitzungen Zeit miteinander \u2013 gerne lassen wir die Sitzungen in der ein oder anderen Bar ausklingen. Danach geht es f\u00fcr alle ans Werk \u2013 sei es nun Schreiben, Fotografieren oder Korrigieren. Zus\u00e4tzlich sind wir auf Social Media vertreten \u2013 auf INSTAGRAM und\u00a0 FACEBOOK halten wir unsere Follower auf dem Laufenden.<\/p>\n\r\n\t\t<\/div>\r\n\t<div class=\"grve-element grve-text vc_custom_1719720845403\">\r\n\t\t\t<h5 class=\"faq-titel\">Was sind unsere Themen?<\/h5>\n<p>UNIpress sprengt die Grenzen des studentischen Journalismus. Wir schreiben nicht nur \u00fcber hochschulpolitische Aspekte \u2013 wir besch\u00e4ftigen uns auch mit gesamtgesellschaftlich relevanten Themen in unseren Ressorts Politik, Gesellschaft, Wissenschaft und Kultur. Besonderes Augenmerk legen wir auf Geschichten aus Innsbruck und Tirol, richten unseren Blick aber auch gerne auf Geschehnisse auf der ganzen Welt.<\/p>\n\r\n\t\t<\/div>\r\n\t<\/div><\/div><div class=\"grve-column wpb_column grve-column-1-3\" ><div class=\"grve-column-wrapper\" ><div class=\"grve-element grve-text vc_custom_1719720868641\">\r\n\t\t\t<h5 class=\"faq-titel\">Was ist unsere Zielgruppe?<\/h5>\n<p>Wir wollen alle Studierenden und Mitarbeitenden der Universit\u00e4t Innsbruck erreichen. Dar\u00fcber hinaus aber auch all jene, die sich f\u00fcr unsere Texte und unser Schaffen interessieren. Darum liegen unsere Printausgaben nicht nur in den Geb\u00e4uden der Universit\u00e4t Innsbruck, sondern auch in Caf\u00e9s, Bars und Kulturst\u00e4tten in Innsbruck aus.<\/p>\n\r\n\t\t<\/div>\r\n\t<div class=\"grve-element grve-text vc_custom_1719720904309\">\r\n\t\t\t<h5 class=\"faq-titel\">Wie kann ich mitmachen?<\/h5>\n<p>Unsere Redaktion ist offen f\u00fcr alle Studierenden, die sich in die Redaktionsarbeit einbringen und Erfahrungen im Journalismus sammeln wollen. Bei Interesse erreicht ihr uns \u00fcber das Kontaktformular unserer Website oder per Mail an <a href=\"mailto:unipress@oeh.cc\">unipress@oeh.cc<\/a> oder <a href=\"mailto:unipress@uibk.ac.at\">unipress@uibk.ac.at<\/a>. Wir freuen uns auf euch!<\/p>\n\r\n\t\t<\/div>\r\n\t<\/div><\/div><\/div><\/div><div class=\"grve-background-wrapper\"><\/div><\/div>","protected":false},"excerpt":{"rendered":"Internes Referat UNIpress Das Studierendenmagazin der \u00d6H Innsbruck - zeitgen\u00f6ssischer Hochschuljournalismus auf hohem Niveau. Hochschul- journalismus weiterdenken UNIpress ist das offizielle Studierendenmagazin der \u00d6H Innsbruck. Wir sind deine Anlaufstelle f\u00fcr\u00a0 studentischen Journalismus. Unser Horizont geht dabei \u00fcber die Grenzen des Unicampus hinaus: Wir schreiben auch \u00fcber Themen aus Politik, Gesellschaft, Wissenschaft und Kultur. Unser Printmagazin [...]","protected":false},"author":1,"featured_media":0,"parent":638,"menu_order":0,"comment_status":"closed","ping_status":"closed","template":"","meta":{"inline_featured_image":false,"footnotes":""},"class_list":["post-470","page","type-page","status-publish","hentry"],"yoast_head":"<!-- This site is optimized with the Yoast SEO plugin v21.8.1 - https:\/\/yoast.com\/wordpress\/plugins\/seo\/ -->\n<title>UNIpress - \u00d6H Innsbruck<\/title>\n<meta name=\"robots\" content=\"index, follow, max-snippet:-1, max-image-preview:large, max-video-preview:-1\" \/>\n<link rel=\"canonical\" href=\"https:\/\/www.oehweb.at\/en\/deine-oeh\/referate\/unipress\/\" \/>\n<meta property=\"og:locale\" content=\"en_GB\" \/>\n<meta property=\"og:type\" content=\"article\" \/>\n<meta property=\"og:title\" content=\"UNIpress - \u00d6H Innsbruck\" \/>\n<meta property=\"og:url\" content=\"https:\/\/www.oehweb.at\/en\/deine-oeh\/referate\/unipress\/\" \/>\n<meta property=\"og:site_name\" content=\"\u00d6H Innsbruck\" \/>\n<meta property=\"article:modified_time\" content=\"2026-09-01T09:40:50+00:00\" \/>\n<meta name=\"twitter:card\" content=\"summary_large_image\" \/>\n<meta name=\"twitter:label1\" content=\"Estimated reading time\" \/>\n\t<meta name=\"twitter:data1\" content=\"4 minutes\" \/>\n<script type=\"application\/ld+json\" class=\"yoast-schema-graph\">{\"@context\":\"https:\/\/schema.org\",\"@graph\":[{\"@type\":\"WebPage\",\"@id\":\"https:\/\/www.oehweb.at\/deine-oeh\/referate\/unipress\/\",\"url\":\"https:\/\/www.oehweb.at\/deine-oeh\/referate\/unipress\/\",\"name\":\"UNIpress - \u00d6H Innsbruck\",\"isPartOf\":{\"@id\":\"https:\/\/www.oehweb.at\/#website\"},\"datePublished\":\"2020-11-12T06:12:48+00:00\",\"dateModified\":\"2026-09-01T09:40:50+00:00\",\"breadcrumb\":{\"@id\":\"https:\/\/www.oehweb.at\/deine-oeh\/referate\/unipress\/#breadcrumb\"},\"inLanguage\":\"en-GB\",\"potentialAction\":[{\"@type\":\"ReadAction\",\"target\":[\"https:\/\/www.oehweb.at\/deine-oeh\/referate\/unipress\/\"]}]},{\"@type\":\"BreadcrumbList\",\"@id\":\"https:\/\/www.oehweb.at\/deine-oeh\/referate\/unipress\/#breadcrumb\",\"itemListElement\":[{\"@type\":\"ListItem\",\"position\":1,\"name\":\"Home\",\"item\":\"https:\/\/www.oehweb.at\/\"},{\"@type\":\"ListItem\",\"position\":2,\"name\":\"Deine \u00d6H\",\"item\":\"https:\/\/www.oehweb.at\/deine-oeh\/\"},{\"@type\":\"ListItem\",\"position\":3,\"name\":\"Referate\",\"item\":\"https:\/\/www.oehweb.at\/deine-oeh\/referate\/\"},{\"@type\":\"ListItem\",\"position\":4,\"name\":\"UNIpress\"}]},{\"@type\":\"WebSite\",\"@id\":\"https:\/\/www.oehweb.at\/#website\",\"url\":\"https:\/\/www.oehweb.at\/\",\"name\":\"\u00d6H Innsbruck\",\"description\":\"Wir sind die \u00d6sterreichische Hochsch\u00fclerInnenschaft an der Universit\u00e4t Innsbruck\",\"publisher\":{\"@id\":\"https:\/\/www.oehweb.at\/#organization\"},\"potentialAction\":[{\"@type\":\"SearchAction\",\"target\":{\"@type\":\"EntryPoint\",\"urlTemplate\":\"https:\/\/www.oehweb.at\/?s={search_term_string}\"},\"query-input\":\"required name=search_term_string\"}],\"inLanguage\":\"en-GB\"},{\"@type\":\"Organization\",\"@id\":\"https:\/\/www.oehweb.at\/#organization\",\"name\":\"\u00d6H Innsrbruck\",\"url\":\"https:\/\/www.oehweb.at\/\",\"logo\":{\"@type\":\"ImageObject\",\"inLanguage\":\"en-GB\",\"@id\":\"https:\/\/www.oehweb.at\/#\/schema\/logo\/image\/\",\"url\":\"https:\/\/www.oehweb.at\/wp-content\/uploads\/2020\/11\/OEH-Innsbruck-Logo.svg\",\"contentUrl\":\"https:\/\/www.oehweb.at\/wp-content\/uploads\/2020\/11\/OEH-Innsbruck-Logo.svg\",\"width\":448,\"height\":255,\"caption\":\"\u00d6H Innsrbruck\"},\"image\":{\"@id\":\"https:\/\/www.oehweb.at\/#\/schema\/logo\/image\/\"}}]}<\/script>\n<!-- \/ Yoast SEO plugin. -->","yoast_head_json":{"title":"UNIpress - \u00d6H Innsbruck","robots":{"index":"index","follow":"follow","max-snippet":"max-snippet:-1","max-image-preview":"max-image-preview:large","max-video-preview":"max-video-preview:-1"},"canonical":"https:\/\/www.oehweb.at\/en\/deine-oeh\/referate\/unipress\/","og_locale":"en_GB","og_type":"article","og_title":"UNIpress - \u00d6H Innsbruck","og_url":"https:\/\/www.oehweb.at\/en\/deine-oeh\/referate\/unipress\/","og_site_name":"\u00d6H Innsbruck","article_modified_time":"2026-09-01T09:40:50+00:00","twitter_card":"summary_large_image","twitter_misc":{"Estimated reading time":"4 minutes"},"schema":{"@context":"https:\/\/schema.org","@graph":[{"@type":"WebPage","@id":"https:\/\/www.oehweb.at\/deine-oeh\/referate\/unipress\/","url":"https:\/\/www.oehweb.at\/deine-oeh\/referate\/unipress\/","name":"UNIpress - \u00d6H Innsbruck","isPartOf":{"@id":"https:\/\/www.oehweb.at\/#website"},"datePublished":"2020-11-12T06:12:48+00:00","dateModified":"2026-09-01T09:40:50+00:00","breadcrumb":{"@id":"https:\/\/www.oehweb.at\/deine-oeh\/referate\/unipress\/#breadcrumb"},"inLanguage":"en-GB","potentialAction":[{"@type":"ReadAction","target":["https:\/\/www.oehweb.at\/deine-oeh\/referate\/unipress\/"]}]},{"@type":"BreadcrumbList","@id":"https:\/\/www.oehweb.at\/deine-oeh\/referate\/unipress\/#breadcrumb","itemListElement":[{"@type":"ListItem","position":1,"name":"Home","item":"https:\/\/www.oehweb.at\/"},{"@type":"ListItem","position":2,"name":"Deine \u00d6H","item":"https:\/\/www.oehweb.at\/deine-oeh\/"},{"@type":"ListItem","position":3,"name":"Referate","item":"https:\/\/www.oehweb.at\/deine-oeh\/referate\/"},{"@type":"ListItem","position":4,"name":"UNIpress"}]},{"@type":"WebSite","@id":"https:\/\/www.oehweb.at\/#website","url":"https:\/\/www.oehweb.at\/","name":"\u00d6H Innsbruck","description":"Wir sind die \u00d6sterreichische Hochsch\u00fclerInnenschaft an der Universit\u00e4t Innsbruck","publisher":{"@id":"https:\/\/www.oehweb.at\/#organization"},"potentialAction":[{"@type":"SearchAction","target":{"@type":"EntryPoint","urlTemplate":"https:\/\/www.oehweb.at\/?s={search_term_string}"},"query-input":"required name=search_term_string"}],"inLanguage":"en-GB"},{"@type":"Organization","@id":"https:\/\/www.oehweb.at\/#organization","name":"\u00d6H Innsrbruck","url":"https:\/\/www.oehweb.at\/","logo":{"@type":"ImageObject","inLanguage":"en-GB","@id":"https:\/\/www.oehweb.at\/#\/schema\/logo\/image\/","url":"https:\/\/www.oehweb.at\/wp-content\/uploads\/2020\/11\/OEH-Innsbruck-Logo.svg","contentUrl":"https:\/\/www.oehweb.at\/wp-content\/uploads\/2020\/11\/OEH-Innsbruck-Logo.svg","width":448,"height":255,"caption":"\u00d6H Innsrbruck"},"image":{"@id":"https:\/\/www.oehweb.at\/#\/schema\/logo\/image\/"}}]}},"_links":{"self":[{"href":"https:\/\/www.oehweb.at\/en\/wp-json\/wp\/v2\/pages\/470","targetHints":{"allow":["GET"]}}],"collection":[{"href":"https:\/\/www.oehweb.at\/en\/wp-json\/wp\/v2\/pages"}],"about":[{"href":"https:\/\/www.oehweb.at\/en\/wp-json\/wp\/v2\/types\/page"}],"author":[{"embeddable":true,"href":"https:\/\/www.oehweb.at\/en\/wp-json\/wp\/v2\/users\/1"}],"replies":[{"embeddable":true,"href":"https:\/\/www.oehweb.at\/en\/wp-json\/wp\/v2\/comments?post=470"}],"version-history":[{"count":115,"href":"https:\/\/www.oehweb.at\/en\/wp-json\/wp\/v2\/pages\/470\/revisions"}],"predecessor-version":[{"id":11743,"href":"https:\/\/www.oehweb.at\/en\/wp-json\/wp\/v2\/pages\/470\/revisions\/11743"}],"up":[{"embeddable":true,"href":"https:\/\/www.oehweb.at\/en\/wp-json\/wp\/v2\/pages\/638"}],"wp:attachment":[{"href":"https:\/\/www.oehweb.at\/en\/wp-json\/wp\/v2\/media?parent=470"}],"curies":[{"name":"wp","href":"https:\/\/api.w.org\/{rel}","templated":true}]}}