{"id":4737,"date":"2022-06-04T12:52:40","date_gmt":"2022-06-04T10:52:40","guid":{"rendered":"https:\/\/www.oehweb.at\/?page_id=4737"},"modified":"2026-07-01T10:20:33","modified_gmt":"2026-07-01T08:20:33","slug":"basisreferat","status":"publish","type":"page","link":"https:\/\/www.oehweb.at\/en\/deine-oeh\/referate\/basisreferat\/","title":{"rendered":"Basisreferat"},"content":{"rendered":"<div class=\"grve-section grve-row-section grve-fullwidth-background grve-padding-top-3x grve-padding-bottom-3x grve-bg-none grve-headings-light\"  style=\"color:#ffffff;\"><div class=\"grve-container\"><div class=\"grve-row grve-bookmark grve-columns-gap-30\"><div class=\"grve-column wpb_column grve-column-1-2\" ><div class=\"grve-column-wrapper\" ><div class=\"grve-element grve-text grve-leader-text\">\r\n\t\t\t<div class=\"grve-small-text\"><span class=\"\">Internes Referat<\/span><\/div>\n<h1>Basisreferat<\/h1>\n<p>Wir unterst\u00fctzen die Studienvertretungen aller Studienrichtungen bei der Erf\u00fcllung ihrer Aufgaben!<\/p>\n\r\n\t\t<\/div>\r\n\t<\/div><\/div><div class=\"grve-column wpb_column grve-column-1-2\" ><div class=\"grve-column-wrapper\" ><\/div><\/div><\/div><\/div><div class=\"grve-background-wrapper\">  <div class=\"grve-bg-image grve-bg-center-center grve-bg-image-id-568\"   style=\"background-image: url(https:\/\/www.oehweb.at\/wp-content\/uploads\/2020\/11\/oeh-innsbruck-basisreferat.jpg);\"><\/div>  <div class=\"grve-bg-overlay\" style=\"background:rgba(27,29,31,0.5); background: linear-gradient(180deg,rgba(27,29,31,0.5) 0%,rgba(27,29,31,0.75) 100%);\"><\/div><\/div><\/div><div class=\"grve-section grve-row-section grve-fullwidth-background grve-bg-none\"  style=\"background:#ff9000;background: linear-gradient(90deg,#ff9000 0%,#ff9000 100%);padding-top: 15px;\"><div class=\"grve-container\"><div class=\"grve-row grve-bookmark grve-columns-gap-30\"><div class=\"grve-column wpb_column grve-column-1\" ><div class=\"grve-column-wrapper\" ><\/div><\/div><\/div><\/div><div class=\"grve-background-wrapper\"><\/div><\/div><div class=\"grve-section grve-row-section grve-fullwidth-background grve-padding-top-4x grve-padding-bottom-1x grve-bg-none\"><div class=\"grve-container\"><div class=\"grve-row grve-bookmark grve-columns-gap-60\"><div class=\"grve-column wpb_column grve-column-1-3\" ><div class=\"grve-column-wrapper\" ><div class=\"grve-element grve-text\">\r\n\t\t\t<h3 class=\"headline-medium-small-mobile\" style=\"font-size: 210%; text-align: center;\"><strong>Unterst\u00fctzung<\/strong><\/h3>\n<h3 class=\"headline-medium-small-mobile\" style=\"font-size: 210%; text-align: center;\"><strong>f\u00fcr<\/strong><\/h3>\n<h3 class=\"headline-medium-small-mobile\" style=\"font-size: 210%; text-align: center;\"><strong>Studienvertretungen<\/strong><\/h3>\n\r\n\t\t<\/div>\r\n\t<\/div><\/div><div class=\"grve-column wpb_column grve-column-2-3\" ><div class=\"grve-column-wrapper\" ><div class=\"grve-element grve-text vc_custom_1756450142929\">\r\n\t\t\t<p>Das Basisreferat dient in erster Linie der internen Kommunikation und Koordination der Hochsch\u00fclerinnen- und Hochsch\u00fclerschaft an der Universit\u00e4t Innsbruck sowie der Nominierung von Studierenden in universit\u00e4re Kollegialorgane. Damit verbunden sind die regelm\u00e4\u00dfige Organisation von Jour Fixes sowie die Vorbereitung und Abhaltung von Mitarbeiterschulungen.<\/p>\n<p>Weiters l\u00e4sst sich die Arbeit des Basisreferates um eine begleitende und unterst\u00fctzende Funktion erweitern. Das Basisreferat dient dabei als erste Anlaufstelle f\u00fcr alle Anliegen.\u00a0Ziel ist es, bei Herausforderungen in einzelnen Aufgabenbereichen der Hochsch\u00fclerinnen- und Hochsch\u00fclerschaft eine gemeinsame L\u00f6sung zu finden.<\/p>\n\r\n\t\t<\/div>\r\n\t<\/div><\/div><\/div><\/div><div class=\"grve-background-wrapper\"><\/div><\/div><div class=\"grve-section grve-row-section grve-fullwidth-background grve-padding-top-1x grve-padding-bottom-1x grve-bg-none\"  style=\"color:#000000;\"><div class=\"grve-container\"><div class=\"grve-row grve-bookmark grve-columns-gap-50\"><div class=\"grve-column wpb_column grve-column-1-3\" ><div class=\"grve-column-wrapper\" ><div class=\"grve-empty-space grve-height-1x\" style=\"\"><\/div><div class=\"grve-element grve-text vc_custom_1753261433222\">\r\n\t\t\t<h2>Deine<br \/>\nAnsprech-<br \/>\npersonen<\/h2>\n\r\n\t\t<\/div>\r\n\t<div class=\"grve-element grve-text zeilenabstand-large\">\r\n\t\t\t<div><strong>E-Mail<\/strong><span style=\"color: #000000;\"><strong>:<\/strong> <a href=\"mailto:basisreferat-oeh@uibk.ac.at\">basisreferat-oeh@uibk.ac.at<\/a><\/span><br \/>\n<strong>Telefon:<\/strong> <a href=\"tel:+43 512 507-35620\">+43 512 507-35620<\/a><br \/>\n<strong>Adresse:<\/strong> Josef-Hirn Stra\u00dfe 7, 2. Stock<\/div>\n\r\n\t\t<\/div>\r\n\t<div class=\"grve-element grve-text\">\r\n\t\t\t<p><span style=\"color: #ff0000;\"><strong>\u00a0<\/strong><\/span><\/p>\n\r\n\t\t<\/div>\r\n\t<div class=\"grve-element grve-text\">\r\n\t\t\t<p><strong>Beratungszeiten SoSe 2026 Vorlesungszeit:<br \/>\n<\/strong>Gerne bekommst du einen Termin &#8211; nach vorheriger Anfrage per Mail!<\/p>\n<p><strong>Beratungszeiten Sommerferien 2026:<\/strong><br \/>\nEmails werden selbstverst\u00e4ndlich auch in den Ferien beantwortet!<\/p>\n<p><span style=\"color: #ff0000;\"><strong>\u00a0<\/strong><\/span><\/p>\n\r\n\t\t<\/div>\r\n\t<\/div><\/div><div class=\"grve-column wpb_column grve-column-2-3\" ><div class=\"grve-column-wrapper\" ><div class=\"grve-row-inner grve-bookmark\">\r\n\t\t<div class=\"grve-column-inner wpb_column grve-column-1-3\">\r\n\t\t\t<div class=\"grve-column-wrapper-inner\">\r\n\t\t\t\r\n\t\t\t\t<div class=\"grve-team grve-element grve-layout-1\" style=\"\">\r\n\t\t\t<figure class=\"grve-image-hover grve-zoom-none\">\r\n\t\t\t\t\t\t\t\t<div class=\"grve-team-person\">\r\n\t\t\t\t\t<div class=\"grve-bg-light grve-hover-overlay grve-opacity-0\"><\/div>\r\n\t\t\t\t\t<img loading=\"lazy\" decoding=\"async\" width=\"1200\" height=\"1800\" src=\"https:\/\/www.oehweb.at\/wp-content\/uploads\/2025\/11\/Rebecca-Widner.png\" class=\"attachment-full size-full\" alt=\"\" srcset=\"https:\/\/www.oehweb.at\/wp-content\/uploads\/2025\/11\/Rebecca-Widner.png 1200w, https:\/\/www.oehweb.at\/wp-content\/uploads\/2025\/11\/Rebecca-Widner-200x300.png 200w, https:\/\/www.oehweb.at\/wp-content\/uploads\/2025\/11\/Rebecca-Widner-683x1024.png 683w, https:\/\/www.oehweb.at\/wp-content\/uploads\/2025\/11\/Rebecca-Widner-768x1152.png 768w, https:\/\/www.oehweb.at\/wp-content\/uploads\/2025\/11\/Rebecca-Widner-1024x1536.png 1024w\" sizes=\"auto, (max-width: 1200px) 100vw, 1200px\" \/>\t\t\t\t<\/div>\r\n\t\t\t\t<figcaption>\r\n\t\t\t\t\t<ul class=\"grve-team-social grve-align-center\">\r\n\t\t\t\t\t\t\t\t\t\t\t<\/ul>\r\n\t\t\t\t<\/figcaption>\r\n\t\t\t<\/figure>\r\n\t\t\t<div class=\"grve-team-description grve-align-center\">\r\n\t\t\t\t\t\t\t\t<div class=\"grve-team-identity grve-link-text\">int. Referent_in<\/div>\r\n\t\t\t\t\t\t\t\t\t\t\t\t<h6 class=\"grve-team-name grve-text-hover-primary-1 grve-h6\">Rebecca Widner<\/h6>\r\n\t\t\t\t\t\t\t<\/div>\r\n\t\t<\/div>\r\n\t\t\r\n\t\t\r\n\t\t\t<\/div>\r\n\t\t<\/div>\r\n\t\r\n\t\t<div class=\"grve-column-inner wpb_column grve-column-1-3\">\r\n\t\t\t<div class=\"grve-column-wrapper-inner\">\r\n\t\t\t\r\n\t\t\t\t<div class=\"grve-team grve-element grve-layout-1\" style=\"\">\r\n\t\t\t<figure class=\"grve-image-hover grve-zoom-none\">\r\n\t\t\t\t\t\t\t\t<div class=\"grve-team-person\">\r\n\t\t\t\t\t<div class=\"grve-bg-light grve-hover-overlay grve-opacity-0\"><\/div>\r\n\t\t\t\t\t<img loading=\"lazy\" decoding=\"async\" width=\"1200\" height=\"1800\" src=\"https:\/\/www.oehweb.at\/wp-content\/uploads\/2025\/07\/Niklas-Krantz_geaendert.jpg\" class=\"attachment-full size-full\" alt=\"\" srcset=\"https:\/\/www.oehweb.at\/wp-content\/uploads\/2025\/07\/Niklas-Krantz_geaendert.jpg 1200w, https:\/\/www.oehweb.at\/wp-content\/uploads\/2025\/07\/Niklas-Krantz_geaendert-200x300.jpg 200w, https:\/\/www.oehweb.at\/wp-content\/uploads\/2025\/07\/Niklas-Krantz_geaendert-683x1024.jpg 683w, https:\/\/www.oehweb.at\/wp-content\/uploads\/2025\/07\/Niklas-Krantz_geaendert-768x1152.jpg 768w, https:\/\/www.oehweb.at\/wp-content\/uploads\/2025\/07\/Niklas-Krantz_geaendert-1024x1536.jpg 1024w\" sizes=\"auto, (max-width: 1200px) 100vw, 1200px\" \/>\t\t\t\t<\/div>\r\n\t\t\t\t<figcaption>\r\n\t\t\t\t\t<ul class=\"grve-team-social grve-align-center\">\r\n\t\t\t\t\t\t\t\t\t\t\t<\/ul>\r\n\t\t\t\t<\/figcaption>\r\n\t\t\t<\/figure>\r\n\t\t\t<div class=\"grve-team-description grve-align-center\">\r\n\t\t\t\t\t\t\t\t<div class=\"grve-team-identity grve-link-text\">SB<\/div>\r\n\t\t\t\t\t\t\t\t\t\t\t\t<h6 class=\"grve-team-name grve-text-hover-primary-1 grve-h6\">Niklas Krantz<\/h6>\r\n\t\t\t\t\t\t\t<\/div>\r\n\t\t<\/div>\r\n\t\t\r\n\t\t\r\n\t\t\t<\/div>\r\n\t\t<\/div>\r\n\t<\/div><\/div><\/div><\/div><\/div><div class=\"grve-background-wrapper\"><\/div><\/div><div class=\"grve-section grve-row-section grve-fullwidth-background grve-padding-top-1x grve-bg-none\"  style=\"color:#000000;\"><div class=\"grve-container\"><div class=\"grve-row grve-bookmark grve-columns-gap-60\"><div class=\"grve-column wpb_column grve-column-1-2\"  style=\"color:#b2b2b2;\" ><div class=\"grve-column-wrapper vc_custom_1654340750903\" ><div class=\"grve-element grve-text vc_custom_1654342118954\">\r\n\t\t\t<h3 class=\"center-mobile\">Relevante Dokumente<\/h3>\n\r\n\t\t<\/div>\r\n\t<div class=\"grve-element grve-text\">\r\n\t\t\t<p><a href=\"https:\/\/www.oehweb.at\/wp-content\/uploads\/2023\/05\/Mandatswechsel-Erklaerung-2023.pdf\">Mandatswechsel &#8211; Erkl\u00e4rung<\/a><br \/>\n<a href=\"https:\/\/www.oehweb.at\/wp-content\/uploads\/2023\/05\/Mailaussendungen-Erklaerung-2023.pdf\">Mailaussendungen &#8211; Erkl\u00e4rung<\/a><br \/>\n<a href=\"https:\/\/www.oehweb.at\/wp-content\/uploads\/2023\/06\/EDV-Zugang-Erklaerung-2023_neu.pdf\">EDV Zugang<\/a><\/p>\n<p><a href=\"https:\/\/www.oehweb.at\/wp-content\/uploads\/2022\/06\/Aufhebung_einer_negativ_beurteilten_Pruefung.pdf\">Aufhebung negative Beurteilung &#8211; Pr\u00fcfung<\/a><\/p>\n<p><a href=\"https:\/\/www.oehweb.at\/wp-content\/uploads\/2025\/07\/Leitfaden-FV_StV_2025.pdf\">Leitfaden FV und StV<\/a><\/p>\n<p><a href=\"https:\/\/www.oehweb.at\/wp-content\/uploads\/2022\/12\/Guide-Kommissionen_16.12.2022.pdf\">Guide Kommissionen<\/a><br \/>\n<a href=\"https:\/\/www.oehweb.at\/wp-content\/uploads\/2022\/12\/Guide-Sitzungen-und-Protokollierungen_16.12.2022.pdf\">Guide Sitzungen und Protokolle<\/a><br \/>\n<a href=\"https:\/\/www.oehweb.at\/wp-content\/uploads\/2022\/12\/Mustereinladung_16.12.2022.pdf\">Mustereinladung<\/a><br \/>\n<a href=\"https:\/\/www.oehweb.at\/wp-content\/uploads\/2022\/12\/Musterprotokoll_16.12.2022.pdf\">Musterprotokoll<\/a><\/p>\n\r\n\t\t<\/div>\r\n\t<\/div><\/div><div class=\"grve-column wpb_column grve-column-1-2\"  style=\"color:#b2b2b2;\" ><div class=\"grve-column-wrapper vc_custom_1654340887812\" ><div class=\"grve-element grve-text vc_custom_1665645270059\">\r\n\t\t\t<h3 class=\"center-mobile\">Nominierungen<\/h3>\n\r\n\t\t<\/div>\r\n\t<div class=\"grve-element grve-text\">\r\n\t\t\t<p><a href=\"https:\/\/www.oehweb.at\/wp-content\/uploads\/2025\/02\/Datenblatt_4er_Hauptmandate_2025_1.pdf\">Berufungskommission Vorlage<\/a><br \/>\n<a href=\"https:\/\/www.oehweb.at\/wp-content\/uploads\/2025\/02\/Datenblatt_8er_Hauptmandate_2025_1.pdf\">Fakult\u00e4tsrat Vorlage<\/a><\/p>\n<p><a href=\"https:\/\/www.oehweb.at\/wp-content\/uploads\/2022\/06\/Datenblatt_Nominierungen.pdf\">Datenblatt Nominierungen<\/a><\/p>\n<p><a href=\"https:\/\/www.oehweb.at\/wp-content\/uploads\/2022\/06\/Legende_Nominierungen.pdf\">Legende Nominierungen<\/a><\/p>\n\r\n\t\t<\/div>\r\n\t<\/div><\/div><\/div><\/div><div class=\"grve-background-wrapper\"><\/div><\/div><div class=\"grve-section grve-row-section grve-fullwidth-background grve-padding-top-1x grve-bg-none\"  style=\"color:#000000;\"><div class=\"grve-container\"><div class=\"grve-row grve-bookmark grve-columns-gap-60\"><div class=\"grve-column wpb_column grve-column-1-2\"  style=\"color:#b2b2b2;\" ><div class=\"grve-column-wrapper vc_custom_1654340750903\" ><div class=\"grve-element grve-text vc_custom_1654342477458\">\r\n\t\t\t<h3 class=\"center-mobile\">Anrechnung der \u00d6H T\u00e4tigkeit<\/h3>\n\r\n\t\t<\/div>\r\n\t<div class=\"grve-element grve-text\">\r\n\t\t\t<p><a href=\"https:\/\/www.oehweb.at\/wp-content\/uploads\/2025\/09\/SB9-Formular-2025_2026_ausfuellbar.pdf\">Anrechnung f\u00fcr die Stipendienstelle (SB9)<\/a><\/p>\n<p><a href=\"https:\/\/www.oehweb.at\/wp-content\/uploads\/2025\/09\/SB9-Formular-2025_2026_ausfuellbar.pdf\">Anrechnung f\u00fcr das Finanzamt<\/a><\/p>\n<p><a href=\"https:\/\/www.oehweb.at\/wp-content\/uploads\/2023\/04\/OeH-Antrag-auf-Ersatz-von-ECTS_ab-2023_ausfuellbar.pdf\">Anrechnung f\u00fcr die freien Wahlf\u00e4cher<\/a><\/p>\n<p><a href=\"https:\/\/www.oehweb.at\/wp-content\/uploads\/2022\/12\/Reduzierung_Anwesenheit_16.12.2022.pdf\">Reduzierung der Anwesenheitsverpflichtung<\/a><\/p>\n\r\n\t\t<\/div>\r\n\t<\/div><\/div><\/div><\/div><div class=\"grve-background-wrapper\"><\/div><\/div><div class=\"grve-section grve-row-section grve-fullwidth-background grve-padding-top-1x grve-padding-bottom-1x grve-bg-none\"><div class=\"grve-container\"><div class=\"grve-row grve-bookmark grve-columns-gap-30\"><div class=\"grve-column wpb_column grve-column-1\" ><div class=\"grve-column-wrapper\" ><div class=\"grve-element grve-text\">\r\n\t\t\t<h2>FAQs<\/h2>\n\r\n\t\t<\/div>\r\n\t<div class=\"grve-element grve-accordion\"><ul class=\"grve-accordion-wrapper grve-action-accordion grve-style-1\"><li><div class=\"grve-title-wrapper grve-tab-link grve-align-left\" data-rel=\"#1654343180813-d5ed9ea3-6216\"><div class=\"grve-accordion-arrow grve-accordion-plus grve-position-left\"><i class=\"fa fa-plus\"><\/i><\/div><h3 class=\"grve-title grve-h6\">Verringerung des erforderlichen Stundenausma\u00dfes freier Wahlf\u00e4cher<\/h3><\/div><div class=\"grve-accordion-content\" id=\"1654343180813-d5ed9ea3-6216\"><div class=\"grve-element grve-text\">\r\n\t\t\t<p>F\u00fcr die T\u00e4tigkeit in der Studienvertretung kann das notwendige Stundenausma\u00df an freien Wahlf\u00e4chern verringert werden. Diese M\u00f6glichkeit ist nat\u00fcrlich nur dann gegeben, wenn das jeweilige Studium auch freie Wahlf\u00e4cher vorsieht. Die Verringerung erfolgt je nach T\u00e4tigkeit in unterschiedlichem Ausma\u00df und zwar jeweils pro Semester, in dem die Funktion ausge\u00fcbt wurde.<\/p>\n\r\n\t\t<\/div>\r\n\t<\/div><\/li><li><div class=\"grve-title-wrapper grve-tab-link grve-align-left\" data-rel=\"#1654343180851-d579f0f6-a59b\"><div class=\"grve-accordion-arrow grve-accordion-plus grve-position-left\"><i class=\"fa fa-plus\"><\/i><\/div><h3 class=\"grve-title grve-h6\">Erkl\u00e4rung der Zeiten der T\u00e4tigkeit in der Studienvertretung<\/h3><\/div><div class=\"grve-accordion-content\" id=\"1654343180851-d579f0f6-a59b\"><div class=\"grve-element grve-text\">\r\n\t\t\t<p>Die Zeiten der T\u00e4tigkeit als in der Studienvertretung k\u00f6nnen zB gegen\u00fcber dem Finanzamt erkl\u00e4rt werden, um die Anspruchsdauer f\u00fcr den Erhalt der Studien- oder Familienbeihilfe zu verl\u00e4ngern.<br \/>\nDie Verringerung erfolgt je nach T\u00e4tigkeit in unterschiedlichem Ausma\u00df und zwar jeweils pro Semester, in dem die Funktion ausge\u00fcbt wurde.<\/p>\n\r\n\t\t<\/div>\r\n\t<\/div><\/li><li><div class=\"grve-title-wrapper grve-tab-link grve-align-left\" data-rel=\"#1654343526464-48cd0f9c-48c0\"><div class=\"grve-accordion-arrow grve-accordion-plus grve-position-left\"><i class=\"fa fa-plus\"><\/i><\/div><h3 class=\"grve-title grve-h6\">Reduzierung der Anwesenheitsverpflichtung<\/h3><\/div><div class=\"grve-accordion-content\" id=\"1654343526464-48cd0f9c-48c0\"><div class=\"grve-element grve-text\">\r\n\t\t\t<p>Die T\u00e4tigkeit als Studierendenvertreter verringert auf Antrag die Anwesenheitsverpflichtung in Lehrveranstaltungen. Das Ausma\u00df der Verringerung betr\u00e4gt 30% zus\u00e4tzlich zu bereits bestehenden Verringerungen.<\/p>\n<p>Beispiel: Der Leiter einer \u00dcbung, die im Semester 12 Mal stattfindet, erlaubt den Studierenden, 2 Mal zu fehlen. Studierendenvertreter d\u00fcrfen zus\u00e4tzlich 3 Mal (10 x 0,3) fehlen, also insgesamt 5 Mal. Die 30 % sind von der Zahl der Einheiten zu berechnen, die f\u00fcr alle Studierenden die Anwesenheitspflicht darstellt. Wenn der Leiter der \u00dcbung den (anderen) Studierenden das Fehlen \u00fcberhaupt nicht gestattet, d\u00fcrften die Studierendenvertreter in diesem Beispiel trotzdem 4 Mal (12 x 0,3) fehlen.<\/p>\n<p>Die Reduzierung der Anwesenheitspflicht ist m\u00f6glich ab dem Tag der Zuweisung des Mandats bzw ab Beginn der T\u00e4tigkeit als Studierendenvertreter und ist weder auf ein bestimmtes Studium, noch eine bestimmte Anzahl von Lehrveranstaltungen eingeschr\u00e4nkt. Die Leiterin oder der Leiter der Lehrveranstaltung ist berechtigt, die Vorlage eines entsprechenden Nachweises zu verlangen.<\/p>\n<p>Von der M\u00f6glichkeit einer Unterschreitung der Anwesenheitsverpflichtung ausgenommen sind bei Lehramtsstudien die im Curriculum gekennzeichneten Praktika im Rahmen der p\u00e4dagogisch-praktischen Studien.<\/p>\n\r\n\t\t<\/div>\r\n\t<\/div><\/li><li><div class=\"grve-title-wrapper grve-tab-link grve-align-left\" data-rel=\"#1665645169552-3e08342c-8293\"><div class=\"grve-accordion-arrow grve-accordion-plus grve-position-left\"><i class=\"fa fa-plus\"><\/i><\/div><h3 class=\"grve-title grve-h6\">Kann ich mir die ECTS aus der T\u00e4tigkeit als Studienverterter:in auch in meinem Zweitstudium anerkennen lassen?<\/h3><\/div><div class=\"grve-accordion-content\" id=\"1665645169552-3e08342c-8293\"><div class=\"grve-element grve-text\">\r\n\t\t\t<p>ECTS-AP k\u00f6nnen f\u00fcr verschiedene Studien ersatzweise angerechnet werden, so lange diese Studien gleichzeitig mit der Aus\u00fcbung der \u00d6H-Funktion aktiv betrieben werden. Dies ist kumulativ bis zum Erreichen der zul\u00e4ssigen H\u00f6chstzahl in jedem Studium m\u00f6glich\u00a0(also zB 6 ECTS-AP f\u00fcr ein Semester \u00d6H-T\u00e4tigkeit ausschlie\u00dflich f\u00fcr eines der Studien oder aufgeteilt auf beide). Es kommt also auf das oder die betriebenen Studien an &#8211; nicht darauf, in welcher oder welchen Studienvertretungen man genau t\u00e4tig war.<\/p>\n\r\n\t\t<\/div>\r\n\t<\/div><\/li><li><div class=\"grve-title-wrapper grve-tab-link grve-align-left\" data-rel=\"#1654343636784-82c66ffd-7b74\"><div class=\"grve-accordion-arrow grve-accordion-plus grve-position-left\"><i class=\"fa fa-plus\"><\/i><\/div><h3 class=\"grve-title grve-h6\">Was m\u00fcssen wir bei unseren Sitzungen beachten<\/h3><\/div><div class=\"grve-accordion-content\" id=\"1654343636784-82c66ffd-7b74\"><div class=\"grve-element grve-text\">\r\n\t\t\t<p><span style=\"color: black;\">Die Studien- und <span class=\"\">Fakult\u00e4tsvertretungen\u00a0<\/span> haben pro Semester <b>mindestens 2<\/b> ordentliche Sitzungen abzuhalten. Im Rahmen dieser Sitzungen m\u00fcssen gewisse Punkte\u00a0besprochen und muss auf aktuelle Probleme u. dgl. eingegangen werden.<\/span><\/p>\n<p><span style=\"color: black;\">Es sollte darauf geachtet werden, die erste Sitzung am Anfang vom Semester im Oktober\/November (bzw. im Sommersemester im M\u00e4rz\/April) und die zweite Sitzung gegen Ende des Semesters im J\u00e4nner (bzw. Juni) abzuhalten.<\/span><\/p>\n<p><span style=\"color: black;\">Mit der Einladung ist gleichzeitig eine vorl\u00e4ufige Tagesordnung auszusenden. Ob es sich um zwei unterschiedliche Dokumente handelt, oder (vgl. Muster) die Einladung (PDF oder Word) und (vorl\u00e4ufige) Tagesordnung verbunden werden, bleibt dem jeweiligen Organ \u00fcberlassen. Die ordentlichen Sitzungen sind so anzusetzen, dass sie fr\u00fchestens am 7., sp\u00e4testens am 30. Tag nach der Einberufung stattfinden. Einzuladen sind neben den Mandatar:innen auch die Vorsitzenden der anderen Studienvertretungen an der Fakult\u00e4t, der\/die Vorsitzende der <span class=\"\">Fakult\u00e4tsvertretung <\/span>, der\/die Vorsitzende der Universit\u00e4tsvertretung (<a href=\"mailto:Vorsitz1-oeh@uibk.ac.at\">Vorsitz1-oeh@uibk.ac.at<\/a>), das Basisreferat (<a href=\"mailto:basisreferat@oeh.cc\">basisreferat@oeh.cc<\/a>) und das Sekretariat (<a href=\"mailto:info@oeh.cc\">info@oeh.cc<\/a>).<\/span><\/p>\n\r\n\t\t<\/div>\r\n\t<\/div><\/li><li><div class=\"grve-title-wrapper grve-tab-link grve-align-left\" data-rel=\"#1654343887847-49cf6705-1c21\"><div class=\"grve-accordion-arrow grve-accordion-plus grve-position-left\"><i class=\"fa fa-plus\"><\/i><\/div><h3 class=\"grve-title grve-h6\">Wie muss unsere Tagesordnung aussehen?<\/h3><\/div><div class=\"grve-accordion-content\" id=\"1654343887847-49cf6705-1c21\"><div class=\"grve-element grve-text\">\r\n\t\t\t<p>Die (vorl\u00e4ufige und eventuell auch endg\u00fcltige) Tagesordnung hat zumindest folgende Punkte zu beinhalten:<\/p>\n<ol>\n<li>Begr\u00fc\u00dfung, Feststellung der Anwesenheit, der ordnungsgem\u00e4\u00dfen Einladung und der Beschlussf\u00e4higkeit,<\/li>\n<li>Genehmigung der Tagesordnung,<\/li>\n<li>Wahl des Schriftf\u00fchrers,<\/li>\n<li>Genehmigung des Protokolls der letzten Sitzung,<\/li>\n<li>Berichte ,<\/li>\n<li>Umlaufbeschl\u00fcsse ,<\/li>\n<li>Nominierungen ,<\/li>\n<li>Budget<\/li>\n<li>\u2026.<\/li>\n<li>\u2026.<\/li>\n<li>Ausfertigung von Beschl\u00fcssen vor Rechtskraft des Protokolls ,<\/li>\n<li>Allf\u00e4lliges.<\/li>\n<\/ol>\n<p>Die Mitglieder des jeweiligen Organs k\u00f6nnen bis zu 72 Stunden vor der jeweiligen Sitzung weitere Tagesordnungspunkte beim Vorsitzenden einbringen.<\/p>\n\r\n\t\t<\/div>\r\n\t<\/div><\/li><li><div class=\"grve-title-wrapper grve-tab-link grve-align-left\" data-rel=\"#1654343932788-bfd7c343-9fd8\"><div class=\"grve-accordion-arrow grve-accordion-plus grve-position-left\"><i class=\"fa fa-plus\"><\/i><\/div><h3 class=\"grve-title grve-h6\">Was m\u00fcssen wir bei unserem Protokoll beachten?<\/h3><\/div><div class=\"grve-accordion-content\" id=\"1654343932788-bfd7c343-9fd8\"><div class=\"grve-element grve-text\">\r\n\t\t\t<p>Der Verlauf der Sitzungen wird durch Beschlussprotokolle beurkundet. Diese haben jedenfalls zu enthalten:<\/p>\n<p>&#8211;\u00a0Datum, Beginn, Ende und Ort der Sitzung,<\/p>\n<p>&#8211; die Vor- und Nachnamen s\u00e4mtlicher anwesender Mandatare und\u00a0Auskunftspersonen,<\/p>\n<p>&#8211;\u00a0die Tagesordnung,<\/p>\n<p>&#8211; die zu jedem Tagesordnungspunkt gestellten Antr\u00e4ge und gefassten Beschl\u00fcsse in\u00a0w\u00f6rtlicher Fassung, sowie die Namen der<br \/>\nAntragsteller,<\/p>\n<p>&#8211;\u00a0die Abstimmungsergebnisse betreffend die jeweiligen Antr\u00e4ge.<\/p>\n<p>Das Protokoll (PDF oder Word) muss binnen 2 Wochen den jeweiligen Mandataren, den Vorsitzenden der betroffenen Studienvertretungen, Fakult\u00e4tsvertretung und Universit\u00e4tsvertretung, sowie dem Basisreferat (<a href=\"mailto:basisreferat-oeh@uibk.ac.at\">basisreferat-oeh@uibk.ac.at<\/a>) und dem Sekretariat (<a href=\"mailto:sekretariat-oeh@uibk.ac.at\">sekretariat-oeh@uibk.ac.at<\/a>) \u00fcbermittelt werden.<\/p>\n\r\n\t\t<\/div>\r\n\t<\/div><\/li><li><div class=\"grve-title-wrapper grve-tab-link grve-align-left\" data-rel=\"#1654346073640-7c4068df-ad1a\"><div class=\"grve-accordion-arrow grve-accordion-plus grve-position-left\"><i class=\"fa fa-plus\"><\/i><\/div><h3 class=\"grve-title grve-h6\">Was m\u00fcssen wir bei einem Wechsel der Mandatare in der StV beachten?<\/h3><\/div><div class=\"grve-accordion-content\" id=\"1654346073640-7c4068df-ad1a\"><div class=\"grve-element grve-text\">\r\n\t\t\t<p>Bei R\u00fccktritt einer Person, die ein Mandat einer StV\u00a0innehat, muss ein Protokoll verfasst werden. Hier hat zu stehen, dass die Person zur\u00fcckgetreten ist oder ihre Position als Vorsitzende*r\u00a0zur\u00fccklegt.\u00a0Es ist wichtig, dass hier ersichtlich wird, ob die Person auf das Mandat verzichtet oder nur auf die Position als Vorsitzende*r \u00a0der StV .<\/p>\n<p>Das Schreiben\u00a0soll auch enthalten, welche Person\u00a0ein neues Mandat erh\u00e4lt. Somit\u00a0ist\u00a0eine Wahl abzuhalten. Dieses Protokoll muss\u00a0an das Basisreferat (<a href=\"mailto:basisreferat-oeh@uibk.ac.at\">basisreferat-oeh@uibk.ac.at<\/a>), an das Sekretariat (<a href=\"mailto:sekretariat-oeh@uibk.ac.at\">sekretariat-oeh@uibk.ac.at<\/a>) und auch an die Rechtsabteilung der Universit\u00e4t (<a href=\"mailto:markus.lang@uibk.ac.at\">markus.lang@uibk.ac.at<\/a>) gesendet werden.<\/p>\n<p>Der Bescheid \u00fcber den R\u00fccktritt wird dann vom Mag. Lang an die Person gesendet. Hier ben\u00f6tigt Mag. Lang eine Mail von der Person von dessen UNI-Account mit der Angabe des R\u00fccktritts samt Datum des R\u00fccktritts.<\/p>\n\r\n\t\t<\/div>\r\n\t<\/div><\/li><li><div class=\"grve-title-wrapper grve-tab-link grve-align-left\" data-rel=\"#1654346086766-9bc71462-cbc5\"><div class=\"grve-accordion-arrow grve-accordion-plus grve-position-left\"><i class=\"fa fa-plus\"><\/i><\/div><h3 class=\"grve-title grve-h6\">Wie ist die Vorgehensweise bei einem Wechsel der Mandatare in der FV?<\/h3><\/div><div class=\"grve-accordion-content\" id=\"1654346086766-9bc71462-cbc5\"><div class=\"grve-element grve-text\">\r\n\t\t\t<p>Hier gelten dieselben Regeln wie bei der StV. Da die Personen nur von der StV in die FV hineingew\u00e4hlt werden k\u00f6nnen, muss die StV bei einer Entsendung in die FV unbedingt auch ein Protokoll verfassen.<br \/>\nWir bitten euch hier, diese Anleitungen zu beachten. Wenn ihr aber Fragen zu diesem Thema habt, k\u00f6nnt ihr euch gerne an Regina vom \u00d6H-Sekretariat (0512\/507-35506 oder info@oeh.cc) wenden. Diese verwaltet die Daten.<\/p>\n\r\n\t\t<\/div>\r\n\t<\/div><\/li><li><div class=\"grve-title-wrapper grve-tab-link grve-align-left\" data-rel=\"#1654346257824-dc7b9b99-59df\"><div class=\"grve-accordion-arrow grve-accordion-plus grve-position-left\"><i class=\"fa fa-plus\"><\/i><\/div><h3 class=\"grve-title grve-h6\">Was ist ein T\u00e4tigkeitsbericht?<\/h3><\/div><div class=\"grve-accordion-content\" id=\"1654346257824-dc7b9b99-59df\"><div class=\"grve-element grve-text\">\r\n\t\t\t<p>Die Fakult\u00e4tsvertretungen (FV) sind als Organ dazu verpflichtet, jedes Jahr bis zum 30.06. einen T\u00e4tigkeitsbericht auf der jeweiligen Homepage oder einem \u00f6ffentlich zug\u00e4nglichen Medium zu ver\u00f6ffentlichen. Dieser muss in geeigneter Weise die Verteilung der Studierendenbeitr\u00e4ge darstellen und die T\u00e4tigkeitsfelder, insbesondere die jeweiligen Beratungst\u00e4tigkeiten und die erbrachten Dienstleistungen darstellen.<br \/>\nDieser T\u00e4tigkeitsbericht ist dar\u00fcber hinaus dem Basisreferat (basisreferat@oeh.cc) sowie dem \u00d6H Sekretariat (info@oeh.cc) unverz\u00fcglich in elektronischer Form zu \u00fcbermitteln.<br \/>\nDer Bericht dient prim\u00e4r den Wahlberechtigten zur Information \u00fcber die T\u00e4tigkeit der Fakult\u00e4tsvertretungen (FV). Anhaltspunkte f\u00fcr die Erstellung des Berichts sind vor allem die im vergangenen Wirtschaftsjahr get\u00e4tigten Ausgaben und die zeitliche Einordnung der erbrachten Leistungen. Nicht vorgesehen ist eine besondere Form (zB analog zu einer Bilanz).<\/p>\n\r\n\t\t<\/div>\r\n\t<\/div><\/li><li><div class=\"grve-title-wrapper grve-tab-link grve-align-left\" data-rel=\"#1654346304734-0e141c3a-615d\"><div class=\"grve-accordion-arrow grve-accordion-plus grve-position-left\"><i class=\"fa fa-plus\"><\/i><\/div><h3 class=\"grve-title grve-h6\">Wie l\u00e4uft das mit den Nominierungen?<\/h3><\/div><div class=\"grve-accordion-content\" id=\"1654346304734-0e141c3a-615d\"><div class=\"grve-element grve-text\">\r\n\t\t\t<p>An der Universit\u00e4t Innsbruck besteht eine Reihe von universit\u00e4ren Kollegialorganen, in welche die Universit\u00e4tsvertretung anhand der Nominierungen der Studierendenvertreter entsenden darf. Dazu geh\u00f6ren beispielsweise die Curriculum-Kommission, der Fakult\u00e4tsrat, die Berufungs- und Habilitationskommissionen, die Institutsbeir\u00e4te und \u2013versammlungen usw.<br \/>\nDie jeweils zust\u00e4ndigen Studierendenvertreter werden vom Basisreferat zur Nominierung aufgefordert. Die Nominierung erfolgt durch Beschluss des jeweiligen Organs im Rahmen einer ordentlichen (bzw. au\u00dferordentlichen) Sitzung oder im Umlaufverfahren. F\u00fcr den jeweiligen Beschluss ist ein Zeitraum von ca 3 Wochen vorgesehen.<br \/>\nNach Eingang der Nominierung pr\u00fcft das Basisreferat diese, sammelt weitere Nominierungen und \u00fcbermittelt diese an die Universit\u00e4tsvertretung zur Beschlussfassung. Die jeweiligen Studierendenvertreter werden sodann vom Basisreferat \u00fcber die Einsetzung des jeweiligen Organs informiert.<br \/>\nDie Nominierung hat ausschlie\u00dflich \u00fcber das daf\u00fcr vorgesehene Formular zu erfolgen; andersartige Nominierungen sind unzul\u00e4ssig und werden nicht akzeptiert. F\u00fcr Berufungskommissionen, Habilitationskommissionen und Curriculum-Kommissionen wird das entsprechende Formular gemeinsam mit der Aufforderung zur Nominierung durch das Basisreferat \u00fcbermittelt. In anderen F\u00e4llen ist das Datenblatt auf der Website der \u00d6H Innsbruck\/Basisreferat zu verwenden.<\/p>\n\r\n\t\t<\/div>\r\n\t<\/div><\/li><li><div class=\"grve-title-wrapper grve-tab-link grve-align-left\" data-rel=\"#1654346338191-260eddb4-d373\"><div class=\"grve-accordion-arrow grve-accordion-plus grve-position-left\"><i class=\"fa fa-plus\"><\/i><\/div><h3 class=\"grve-title grve-h6\">Beschluss im Umlaufverfahren (Umlaufbeschluss)<\/h3><\/div><div class=\"grve-accordion-content\" id=\"1654346338191-260eddb4-d373\"><div class=\"grve-element grve-text\">\r\n\t\t\t<p>Neben der Beschlussfassung in einer ordentlichen (bzw. au\u00dferordentlichen) Sitzung steht der (Fakult\u00e4ts-)Studienvertretung auch noch die M\u00f6glichkeit offen einen Beschluss im Umlaufverfahren zu fassen. Hierzu ist Folgendes einzuhalten:<\/p>\n<ol>\n<li>Dem Umlaufverfahren muss ein Antrag zugrunde liegen. Der Antrag ist so abzufassen, dass mit ja oder nein dar\u00fcber abgestimmt werden kann. Die Stimmabgabe erfolgt durch Mail der stimmberechtigten Person von ihrer von der Universit\u00e4t Innsbruck eingerichteten Studierendenadresse.<\/li>\n<li>Stimm\u00fcbertragungen sind nicht m\u00f6glich. Ein Umlaufbeschluss kommt nur dann g\u00fcltig zustande, wenn mindestens die H\u00e4lfte der stimmberechtigten Personen des Organs innerhalb der genannten Frist antwortet.<\/li>\n<li>Widerspricht ein Mitglied der Abstimmung im Umlaufwege, ist die Angelegenheit in der n\u00e4chsten Sitzung zu behandeln und die Abstimmung im Umlaufweg gilt als abgebrochen.<\/li>\n<li>Das Umlaufverfahren muss klare Fristen f\u00fcr die Abstimmung enthalten, die sich an der Dringlichkeit des Antrags orientiert. Ein Abstimmungszeitraum von 72 Stunden ist jedenfalls zu geben, wobei Samstage, Sonntage und Feiertage nicht einzurechnen sind. Eine Stimmabgabe nach dem gegebenen Abstimmungszeitraum ist nicht m\u00f6glich.<\/li>\n<li>Enthaltene Stimmen, sowie nicht abgegebene Stimmen sind neutral zu werten.<\/li>\n<\/ol>\n<p>Der\/Die Vorsitzende*r hat bei der n\u00e4chsten Sitzung \u00fcber das Ergebnis des gefassten Umlaufbeschlusses (Antrag und Abstimmungsverhalten) zu berichten und in das Sitzungsprotokoll aufzunehmen.<\/p>\n<p>Hinweis: Sobald alle Stimmberechtigten abgestimmt haben, muss nicht mehr auf das Ende des Abstimmungszeitraums gewartet werden.<\/p>\n\r\n\t\t<\/div>\r\n\t<\/div><\/li><li><div class=\"grve-title-wrapper grve-tab-link grve-align-left\" data-rel=\"#1654346403803-d42119d2-fa49\"><div class=\"grve-accordion-arrow grve-accordion-plus grve-position-left\"><i class=\"fa fa-plus\"><\/i><\/div><h3 class=\"grve-title grve-h6\">Mustermail eines Umlaufbeschlusses (Am Beispiel einer Nominierung einer Curriculum-Kommission)<\/h3><\/div><div class=\"grve-accordion-content\" id=\"1654346403803-d42119d2-fa49\"><div class=\"grve-element grve-text\">\r\n\t\t\t<p><span style=\"font-size: 12.0pt; color: black;\">Liebe Mandatar:innen,<\/span><span style=\"font-size: 12.0pt; color: black;\">\u00a0<\/span><\/p>\n<p><span style=\"font-size: 12.0pt; color: black;\">hiermit beantrage ich die Nominierung der Studierenden laut Datenblatt im Anhang f\u00fcr die Curriculum-Kommission der Fakult\u00e4t XY im Umlaufverfahren zu beschlie\u00dfen.<\/span><span style=\"font-size: 12.0pt; color: black;\">\u00a0<\/span><\/p>\n<p><span style=\"font-size: 12.0pt; color: black;\">Ich bitte um Antwort bis 11.10.2025, 12:00 Uhr. Achtung: Versp\u00e4tete R\u00fcckmeldungen werden nicht ber\u00fccksichtigt!<\/span><span style=\"font-size: 12.0pt; color: black;\">\u00a0<\/span><\/p>\n<p><span style=\"font-size: 12.0pt; color: black;\">Es gen\u00fcgt ein kurzes Antwortmail \u00fcber eure Studierenden-Mail-Adresse mit \u201eJa, ich stimme zu\u201c, \u201eNein, ich stimme nicht zu\u201c oder \u201eIch enthalte mich meiner Stimme\u201c.<\/span><span style=\"font-size: 12.0pt; color: black;\">\u00a0<\/span><\/p>\n<p><span style=\"font-size: 12.0pt; color: black;\">Sollte jemand mit einem Umlaufbeschluss nicht einverstanden sein, kann dem Prozedere widersprochen werden. Z.B.: \u201eIch bin mit der Beschlussfassung im Umlaufweg nicht einverstanden\u201c. Dann wird der Antrag in der n\u00e4chsten Sitzung behandelt.<\/span><span style=\"font-size: 12.0pt; color: black;\">\u00a0<\/span><\/p>\n<p><span style=\"font-size: 12.0pt; color: black;\">Beste Gr\u00fc\u00dfe<br \/>\n<\/span><span style=\"font-size: 12.0pt; color: black;\">Vorsitzende*r der Studienvertretung<\/span><\/p>\n\r\n\t\t<\/div>\r\n\t<\/div><\/li><\/ul><\/div><div class=\"grve-element grve-text grve-leader-text\">\r\n\t\t\t\r\n\t\t<\/div>\r\n\t<\/div><\/div><\/div><\/div><div class=\"grve-background-wrapper\"><\/div><\/div><div class=\"grve-section grve-row-section grve-fullwidth-background grve-bg-none\"><div class=\"grve-container\"><div class=\"grve-row grve-bookmark grve-columns-gap-30\"><div class=\"grve-column wpb_column grve-column-1\" ><div class=\"grve-column-wrapper\" >\t\t\t<div class=\"grve-modal-element mfp-hide\" id=\"video\">\r\n\t\t\t\t<div class=\"grve-section\">\r\n\t\t\t\t\t<div class=\"grve-container\">\r\n\t\t\t\t\t\t<div class=\"grve-row grve-columns-gap-30\">\r\n\t\t\t\t\t\t\t<div class=\"grve-column grve-column-1\">\r\n\t\t\t\t\t\t\t<div class=\"grve-element grve-video\" style=\"\"><div class=\"BorlabsCookie _brlbs-cb-youtube\"><div class=\"_brlbs-content-blocker\"> <div class=\"_brlbs-embed _brlbs-video-youtube\"> <img decoding=\"async\" class=\"_brlbs-thumbnail\" src=\"https:\/\/www.oehweb.at\/wp-content\/plugins\/borlabs-cookie\/assets\/images\/cb-no-thumbnail.png\" alt=\"YouTube\"> <div class=\"_brlbs-caption\"> <p>Mit dem Laden des Videos akzeptieren Sie die Datenschutzerkl\u00e4rung von YouTube.<br><a href=\"https:\/\/policies.google.com\/privacy\" target=\"_blank\" rel=\"nofollow noopener noreferrer\">Mehr erfahren<\/a><\/p> <p><a class=\"_brlbs-btn _brlbs-icon-play-white\" href=\"#\" data-borlabs-cookie-unblock role=\"button\">Video laden<\/a><\/p> <p><label><input type=\"checkbox\" name=\"unblockAll\" value=\"1\" checked> <small>YouTube immer entsperren<\/small><\/label><\/p> <\/div> <\/div> <\/div><div class=\"borlabs-hide\" data-borlabs-cookie-type=\"content-blocker\" data-borlabs-cookie-id=\"youtube\"><script type=\"text\/template\">PGlmcmFtZSB0aXRsZT0iTW92ZWRvIC0gV2UgRE8gTU9WRSBZb3VyIFdvcmxkIiB3aWR0aD0iMTA4MCIgaGVpZ2h0PSI2MDgiIHNyYz0iaHR0cHM6Ly93d3cueW91dHViZS1ub2Nvb2tpZS5jb20vZW1iZWQvZkI3VE1DNkxhSlE\/ZmVhdHVyZT1vZW1iZWQiIGZyYW1lYm9yZGVyPSIwIiBhbGxvdz0iYWNjZWxlcm9tZXRlcjsgYXV0b3BsYXk7IGNsaXBib2FyZC13cml0ZTsgZW5jcnlwdGVkLW1lZGlhOyBneXJvc2NvcGU7IHBpY3R1cmUtaW4tcGljdHVyZSIgYWxsb3dmdWxsc2NyZWVuPjwvaWZyYW1lPg==<\/script><\/div><\/div><\/div>\t\t\t\t\t\t\t<\/div>\r\n\t\t\t\t\t\t<\/div>\r\n\t\t\t\t\t<\/div>\r\n\t\t\t\t<\/div>\r\n\t\t\t<\/div>\r\n\t\t<\/div><\/div><\/div><\/div><div class=\"grve-background-wrapper\"><\/div><\/div>","protected":false},"excerpt":{"rendered":"Internes Referat Basisreferat Wir unterst\u00fctzen die Studienvertretungen aller Studienrichtungen bei der Erf\u00fcllung ihrer Aufgaben! Unterst\u00fctzung f\u00fcr Studienvertretungen Das Basisreferat dient in erster Linie der internen Kommunikation und Koordination der Hochsch\u00fclerinnen- und Hochsch\u00fclerschaft an der Universit\u00e4t Innsbruck sowie der Nominierung von Studierenden in universit\u00e4re Kollegialorgane. Damit verbunden sind die regelm\u00e4\u00dfige Organisation von Jour Fixes sowie die [...]","protected":false},"author":5,"featured_media":0,"parent":638,"menu_order":0,"comment_status":"closed","ping_status":"closed","template":"","meta":{"inline_featured_image":false,"footnotes":""},"class_list":["post-4737","page","type-page","status-publish","hentry"],"yoast_head":"<!-- This site is optimized with the Yoast SEO plugin v21.8.1 - https:\/\/yoast.com\/wordpress\/plugins\/seo\/ -->\n<title>Basisreferat - \u00d6H Innsbruck<\/title>\n<meta name=\"robots\" content=\"index, follow, max-snippet:-1, max-image-preview:large, max-video-preview:-1\" \/>\n<link rel=\"canonical\" href=\"https:\/\/www.oehweb.at\/en\/deine-oeh\/referate\/basisreferat\/\" \/>\n<meta property=\"og:locale\" content=\"en_GB\" \/>\n<meta property=\"og:type\" content=\"article\" \/>\n<meta property=\"og:title\" content=\"Basisreferat - \u00d6H Innsbruck\" \/>\n<meta property=\"og:url\" content=\"https:\/\/www.oehweb.at\/en\/deine-oeh\/referate\/basisreferat\/\" \/>\n<meta property=\"og:site_name\" content=\"\u00d6H Innsbruck\" \/>\n<meta property=\"article:modified_time\" content=\"2026-07-01T08:20:33+00:00\" \/>\n<meta name=\"twitter:card\" content=\"summary_large_image\" \/>\n<meta name=\"twitter:label1\" content=\"Estimated reading time\" \/>\n\t<meta name=\"twitter:data1\" content=\"11 minutes\" \/>\n<script type=\"application\/ld+json\" class=\"yoast-schema-graph\">{\"@context\":\"https:\/\/schema.org\",\"@graph\":[{\"@type\":\"WebPage\",\"@id\":\"https:\/\/www.oehweb.at\/deine-oeh\/referate\/basisreferat\/\",\"url\":\"https:\/\/www.oehweb.at\/deine-oeh\/referate\/basisreferat\/\",\"name\":\"Basisreferat - \u00d6H Innsbruck\",\"isPartOf\":{\"@id\":\"https:\/\/www.oehweb.at\/#website\"},\"datePublished\":\"2022-06-04T10:52:40+00:00\",\"dateModified\":\"2026-07-01T08:20:33+00:00\",\"breadcrumb\":{\"@id\":\"https:\/\/www.oehweb.at\/deine-oeh\/referate\/basisreferat\/#breadcrumb\"},\"inLanguage\":\"en-GB\",\"potentialAction\":[{\"@type\":\"ReadAction\",\"target\":[\"https:\/\/www.oehweb.at\/deine-oeh\/referate\/basisreferat\/\"]}]},{\"@type\":\"BreadcrumbList\",\"@id\":\"https:\/\/www.oehweb.at\/deine-oeh\/referate\/basisreferat\/#breadcrumb\",\"itemListElement\":[{\"@type\":\"ListItem\",\"position\":1,\"name\":\"Home\",\"item\":\"https:\/\/www.oehweb.at\/\"},{\"@type\":\"ListItem\",\"position\":2,\"name\":\"Deine \u00d6H\",\"item\":\"https:\/\/www.oehweb.at\/deine-oeh\/\"},{\"@type\":\"ListItem\",\"position\":3,\"name\":\"Referate\",\"item\":\"https:\/\/www.oehweb.at\/deine-oeh\/referate\/\"},{\"@type\":\"ListItem\",\"position\":4,\"name\":\"Basisreferat\"}]},{\"@type\":\"WebSite\",\"@id\":\"https:\/\/www.oehweb.at\/#website\",\"url\":\"https:\/\/www.oehweb.at\/\",\"name\":\"\u00d6H Innsbruck\",\"description\":\"Wir sind die \u00d6sterreichische Hochsch\u00fclerInnenschaft an der Universit\u00e4t Innsbruck\",\"publisher\":{\"@id\":\"https:\/\/www.oehweb.at\/#organization\"},\"potentialAction\":[{\"@type\":\"SearchAction\",\"target\":{\"@type\":\"EntryPoint\",\"urlTemplate\":\"https:\/\/www.oehweb.at\/?s={search_term_string}\"},\"query-input\":\"required name=search_term_string\"}],\"inLanguage\":\"en-GB\"},{\"@type\":\"Organization\",\"@id\":\"https:\/\/www.oehweb.at\/#organization\",\"name\":\"\u00d6H Innsrbruck\",\"url\":\"https:\/\/www.oehweb.at\/\",\"logo\":{\"@type\":\"ImageObject\",\"inLanguage\":\"en-GB\",\"@id\":\"https:\/\/www.oehweb.at\/#\/schema\/logo\/image\/\",\"url\":\"https:\/\/www.oehweb.at\/wp-content\/uploads\/2020\/11\/OEH-Innsbruck-Logo.svg\",\"contentUrl\":\"https:\/\/www.oehweb.at\/wp-content\/uploads\/2020\/11\/OEH-Innsbruck-Logo.svg\",\"width\":448,\"height\":255,\"caption\":\"\u00d6H Innsrbruck\"},\"image\":{\"@id\":\"https:\/\/www.oehweb.at\/#\/schema\/logo\/image\/\"}}]}<\/script>\n<!-- \/ Yoast SEO plugin. -->","yoast_head_json":{"title":"Basisreferat - \u00d6H Innsbruck","robots":{"index":"index","follow":"follow","max-snippet":"max-snippet:-1","max-image-preview":"max-image-preview:large","max-video-preview":"max-video-preview:-1"},"canonical":"https:\/\/www.oehweb.at\/en\/deine-oeh\/referate\/basisreferat\/","og_locale":"en_GB","og_type":"article","og_title":"Basisreferat - \u00d6H Innsbruck","og_url":"https:\/\/www.oehweb.at\/en\/deine-oeh\/referate\/basisreferat\/","og_site_name":"\u00d6H Innsbruck","article_modified_time":"2026-07-01T08:20:33+00:00","twitter_card":"summary_large_image","twitter_misc":{"Estimated reading time":"11 minutes"},"schema":{"@context":"https:\/\/schema.org","@graph":[{"@type":"WebPage","@id":"https:\/\/www.oehweb.at\/deine-oeh\/referate\/basisreferat\/","url":"https:\/\/www.oehweb.at\/deine-oeh\/referate\/basisreferat\/","name":"Basisreferat - \u00d6H Innsbruck","isPartOf":{"@id":"https:\/\/www.oehweb.at\/#website"},"datePublished":"2022-06-04T10:52:40+00:00","dateModified":"2026-07-01T08:20:33+00:00","breadcrumb":{"@id":"https:\/\/www.oehweb.at\/deine-oeh\/referate\/basisreferat\/#breadcrumb"},"inLanguage":"en-GB","potentialAction":[{"@type":"ReadAction","target":["https:\/\/www.oehweb.at\/deine-oeh\/referate\/basisreferat\/"]}]},{"@type":"BreadcrumbList","@id":"https:\/\/www.oehweb.at\/deine-oeh\/referate\/basisreferat\/#breadcrumb","itemListElement":[{"@type":"ListItem","position":1,"name":"Home","item":"https:\/\/www.oehweb.at\/"},{"@type":"ListItem","position":2,"name":"Deine \u00d6H","item":"https:\/\/www.oehweb.at\/deine-oeh\/"},{"@type":"ListItem","position":3,"name":"Referate","item":"https:\/\/www.oehweb.at\/deine-oeh\/referate\/"},{"@type":"ListItem","position":4,"name":"Basisreferat"}]},{"@type":"WebSite","@id":"https:\/\/www.oehweb.at\/#website","url":"https:\/\/www.oehweb.at\/","name":"\u00d6H Innsbruck","description":"Wir sind die \u00d6sterreichische Hochsch\u00fclerInnenschaft an der Universit\u00e4t Innsbruck","publisher":{"@id":"https:\/\/www.oehweb.at\/#organization"},"potentialAction":[{"@type":"SearchAction","target":{"@type":"EntryPoint","urlTemplate":"https:\/\/www.oehweb.at\/?s={search_term_string}"},"query-input":"required name=search_term_string"}],"inLanguage":"en-GB"},{"@type":"Organization","@id":"https:\/\/www.oehweb.at\/#organization","name":"\u00d6H Innsrbruck","url":"https:\/\/www.oehweb.at\/","logo":{"@type":"ImageObject","inLanguage":"en-GB","@id":"https:\/\/www.oehweb.at\/#\/schema\/logo\/image\/","url":"https:\/\/www.oehweb.at\/wp-content\/uploads\/2020\/11\/OEH-Innsbruck-Logo.svg","contentUrl":"https:\/\/www.oehweb.at\/wp-content\/uploads\/2020\/11\/OEH-Innsbruck-Logo.svg","width":448,"height":255,"caption":"\u00d6H Innsrbruck"},"image":{"@id":"https:\/\/www.oehweb.at\/#\/schema\/logo\/image\/"}}]}},"_links":{"self":[{"href":"https:\/\/www.oehweb.at\/en\/wp-json\/wp\/v2\/pages\/4737","targetHints":{"allow":["GET"]}}],"collection":[{"href":"https:\/\/www.oehweb.at\/en\/wp-json\/wp\/v2\/pages"}],"about":[{"href":"https:\/\/www.oehweb.at\/en\/wp-json\/wp\/v2\/types\/page"}],"author":[{"embeddable":true,"href":"https:\/\/www.oehweb.at\/en\/wp-json\/wp\/v2\/users\/5"}],"replies":[{"embeddable":true,"href":"https:\/\/www.oehweb.at\/en\/wp-json\/wp\/v2\/comments?post=4737"}],"version-history":[{"count":200,"href":"https:\/\/www.oehweb.at\/en\/wp-json\/wp\/v2\/pages\/4737\/revisions"}],"predecessor-version":[{"id":11619,"href":"https:\/\/www.oehweb.at\/en\/wp-json\/wp\/v2\/pages\/4737\/revisions\/11619"}],"up":[{"embeddable":true,"href":"https:\/\/www.oehweb.at\/en\/wp-json\/wp\/v2\/pages\/638"}],"wp:attachment":[{"href":"https:\/\/www.oehweb.at\/en\/wp-json\/wp\/v2\/media?parent=4737"}],"curies":[{"name":"wp","href":"https:\/\/api.w.org\/{rel}","templated":true}]}}