{"id":5015,"date":"2022-07-07T10:23:36","date_gmt":"2022-07-07T08:23:36","guid":{"rendered":"https:\/\/www.oehweb.at\/?page_id=5015"},"modified":"2026-06-29T11:11:22","modified_gmt":"2026-06-29T09:11:22","slug":"barrierefreiheit","status":"publish","type":"page","link":"https:\/\/www.oehweb.at\/en\/deine-oeh\/referate\/barrierefreiheit\/","title":{"rendered":"Barrierefreiheit"},"content":{"rendered":"<div class=\"grve-section grve-row-section grve-fullwidth-background grve-padding-top-3x grve-padding-bottom-3x grve-bg-none grve-headings-light\"  style=\"color:#ffffff;\"><div class=\"grve-container\"><div class=\"grve-row grve-bookmark grve-columns-gap-30\"><div class=\"grve-column wpb_column grve-column-3-4\" ><div class=\"grve-column-wrapper\" ><div class=\"grve-element grve-text grve-leader-text\">\r\n\t\t\t<div class=\"grve-small-text\"><span class=\"\">Referat<\/span><\/div>\n<h1>Barrierefreiheit<\/h1>\n<p>Das Referat Barrierefreiheit hilft dir dabei, Barrieren zu \u00fcberwinden und deine Ziele im Studium zu erreichen.<\/p>\n\r\n\t\t<\/div>\r\n\t<\/div><\/div><\/div><\/div><div class=\"grve-background-wrapper\">  <div class=\"grve-bg-image grve-bg-center-center grve-bg-image-id-526\"   style=\"background-image: url(https:\/\/www.oehweb.at\/wp-content\/uploads\/2020\/11\/oeh-innsbruck-studieren-mit-beeintraechtigung.jpg);\"><\/div>  <div class=\"grve-bg-overlay\" style=\"background:rgba(27,29,31,0.5); background: linear-gradient(180deg,rgba(27,29,31,0.5) 0%,rgba(27,29,31,0.75) 100%);\"><\/div><\/div><\/div><div class=\"grve-section grve-row-section grve-fullwidth-background grve-bg-none\"  style=\"background:#ff9000;background: linear-gradient(90deg,#ff9000 0%,#ff9000 100%);padding-top: 15px;\"><div class=\"grve-container\"><div class=\"grve-row grve-bookmark grve-columns-gap-30\"><div class=\"grve-column wpb_column grve-column-1\" ><div class=\"grve-column-wrapper\" ><\/div><\/div><\/div><\/div><div class=\"grve-background-wrapper\"><\/div><\/div><div class=\"grve-section grve-row-section grve-fullwidth-background grve-padding-top-4x grve-padding-bottom-1x grve-bg-none\"><div class=\"grve-container\"><div class=\"grve-row grve-bookmark grve-columns-gap-60\"><div class=\"grve-column wpb_column grve-column-1-3\" ><div class=\"grve-column-wrapper\" ><div class=\"grve-element grve-text\">\r\n\t\t\t<h2>Barrieren \u00fcberwinden!<\/h2>\n\r\n\t\t<\/div>\r\n\t<\/div><\/div><div class=\"grve-column wpb_column grve-column-2-3\" ><div class=\"grve-column-wrapper\" ><div class=\"grve-element grve-text vc_custom_1782724206782\">\r\n\t\t\t<p>Die Aufgabe des Referats f\u00fcr Barrierefreiheit ist die Beratung und Unterst\u00fctzung von Studierenden mit Behinderung und chronischen Erkrankungen in studienspezifischen Angelegenheiten.<\/p>\n<p>Hier findest du wichtige Dokumente und Formulare, etwa zum Thema Tutor*innen und Assistenz im Studium, barrierefreie Wohnheime, oder F\u00f6rderungsm\u00f6glichkeiten.<\/p>\n<p>Die Arten von Behinderungen oder chronischen Erkrankungen sind unglaublich umfangreich. Aus diesem Grund versuchen wir vom Referat, m\u00f6glichst f\u00fcr jeden Studierenden, der sich an uns wendet, eine individuelle Beratung und Hilfestellung zu bieten. Wir sind jederzeit per Mail erreichbar!<\/p>\n\r\n\t\t<\/div>\r\n\t<\/div><\/div><\/div><\/div><div class=\"grve-background-wrapper\"><\/div><\/div><div class=\"grve-section grve-row-section grve-fullwidth-background grve-padding-top-1x grve-padding-bottom-1x grve-bg-none\"  style=\"color:#000000;\"><div class=\"grve-container\"><div class=\"grve-row grve-bookmark grve-columns-gap-60\"><div class=\"grve-column wpb_column grve-column-1-3\" ><div class=\"grve-column-wrapper\" ><div class=\"grve-element grve-text vc_custom_1753261957694\">\r\n\t\t\t<h2>Deine<br \/>\nAnsprech-<br \/>\nperson<\/h2>\n\r\n\t\t<\/div>\r\n\t<div class=\"grve-element grve-text zeilenabstand-large\">\r\n\t\t\t<div>\n<p><strong>E-Mail:<\/strong><span class=\"zeilenumbruch\" style=\"color: #000000; line-height: 12px;\"><a href=\"mailto:StudierenmitBeeintraechtigung-oeh@uibk.ac.at\"> StudierenmitBeeintraechtigung-oeh@uibk.ac.at<\/a><\/span><br \/>\n<strong>Adresse:<\/strong> Josef-Hirn Stra\u00dfe 7, 2. Stock<\/p>\n<\/div>\n<p><span style=\"color: #ff0000;\"><strong>\u00a0<\/strong><\/span><\/p>\n\r\n\t\t<\/div>\r\n\t<div class=\"grve-element grve-text\">\r\n\t\t\t<p>&nbsp;<\/p>\n\r\n\t\t<\/div>\r\n\t<div class=\"grve-element grve-text\">\r\n\t\t\t<p><strong>Beratungszeiten SoSe 2026 Vorlesungszeit:<br \/>\n<\/strong>Gerne bekommst du einen Termin &#8211; nach vorheriger Anfrage per Mail!<\/p>\n<p><strong>Beratungszeiten Sommerferien 2026:<\/strong><br \/>\nEmails werden selbstverst\u00e4ndlich auch in den Ferien beantwortet!<\/p>\n\r\n\t\t<\/div>\r\n\t<\/div><\/div><div class=\"grve-column wpb_column grve-column-2-3\" ><div class=\"grve-column-wrapper\" ><div class=\"grve-row-inner grve-bookmark\">\r\n\t\t<div class=\"grve-column-inner wpb_column grve-column-1-3\">\r\n\t\t\t<div class=\"grve-column-wrapper-inner\">\r\n\t\t\t\r\n\t\t\t<\/div>\r\n\t\t<\/div>\r\n\t\r\n\t\t<div class=\"grve-column-inner wpb_column grve-column-1-3\">\r\n\t\t\t<div class=\"grve-column-wrapper-inner\">\r\n\t\t\t\r\n\t\t\t\t<div class=\"grve-team grve-element grve-layout-1\" style=\"\">\r\n\t\t\t<figure class=\"grve-image-hover grve-zoom-none\">\r\n\t\t\t\t\t\t\t\t<div class=\"grve-team-person\">\r\n\t\t\t\t\t<div class=\"grve-bg-light grve-hover-overlay grve-opacity-0\"><\/div>\r\n\t\t\t\t\t<img loading=\"lazy\" decoding=\"async\" width=\"1200\" height=\"1800\" src=\"https:\/\/www.oehweb.at\/wp-content\/uploads\/2025\/07\/Christoph-Gloetzner_geaendert.jpg\" class=\"attachment-full size-full\" alt=\"\" srcset=\"https:\/\/www.oehweb.at\/wp-content\/uploads\/2025\/07\/Christoph-Gloetzner_geaendert.jpg 1200w, https:\/\/www.oehweb.at\/wp-content\/uploads\/2025\/07\/Christoph-Gloetzner_geaendert-200x300.jpg 200w, https:\/\/www.oehweb.at\/wp-content\/uploads\/2025\/07\/Christoph-Gloetzner_geaendert-683x1024.jpg 683w, https:\/\/www.oehweb.at\/wp-content\/uploads\/2025\/07\/Christoph-Gloetzner_geaendert-768x1152.jpg 768w, https:\/\/www.oehweb.at\/wp-content\/uploads\/2025\/07\/Christoph-Gloetzner_geaendert-1024x1536.jpg 1024w\" sizes=\"auto, (max-width: 1200px) 100vw, 1200px\" \/>\t\t\t\t<\/div>\r\n\t\t\t\t<figcaption>\r\n\t\t\t\t\t<ul class=\"grve-team-social grve-align-center\">\r\n\t\t\t\t\t\t\t\t\t\t\t<\/ul>\r\n\t\t\t\t<\/figcaption>\r\n\t\t\t<\/figure>\r\n\t\t\t<div class=\"grve-team-description grve-align-center\">\r\n\t\t\t\t\t\t\t\t<div class=\"grve-team-identity grve-link-text\">Referent_in<\/div>\r\n\t\t\t\t\t\t\t\t\t\t\t\t<h4 class=\"grve-team-name grve-text-hover-primary-1 grve-h4\">Christoph Gloetzner<\/h4>\r\n\t\t\t\t\t\t\t<\/div>\r\n\t\t<\/div>\r\n\t\t\r\n\t\t\r\n\t\t\t<\/div>\r\n\t\t<\/div>\r\n\t\r\n\t\t<div class=\"grve-column-inner wpb_column grve-column-1-3\">\r\n\t\t\t<div class=\"grve-column-wrapper-inner\">\r\n\t\t\t\r\n\t\t\t<\/div>\r\n\t\t<\/div>\r\n\t<\/div><\/div><\/div><\/div><\/div><div class=\"grve-background-wrapper\"><\/div><\/div><div class=\"grve-section grve-row-section grve-fullwidth-background grve-padding-top-1x grve-padding-bottom-1x grve-bg-none\"  style=\"color:#000000;\"><div class=\"grve-container\"><div class=\"grve-row grve-bookmark grve-columns-gap-60\"><div class=\"grve-column wpb_column grve-column-1-2\"  style=\"color:#b2b2b2;\" ><div class=\"grve-column-wrapper vc_custom_1657182887259\" ><div class=\"grve-element grve-text\">\r\n\t\t\t<h2>Relevante Dokumente<\/h2>\n\r\n\t\t<\/div>\r\n\t<\/div><\/div><\/div><\/div><div class=\"grve-background-wrapper\"><\/div><\/div><div class=\"grve-section grve-row-section grve-fullwidth-background grve-padding-top-4x grve-bg-none\"  style=\"color:#000000;\"><div class=\"grve-container\"><div class=\"grve-row grve-bookmark grve-columns-gap-60\"><div class=\"grve-column wpb_column grve-column-1-2\"  style=\"color:#b2b2b2;\" ><div class=\"grve-column-wrapper vc_custom_1657182887259\" ><div class=\"grve-element grve-text\">\r\n\t\t\t<p><a href=\"https:\/\/www.oehweb.at\/wp-content\/uploads\/2022\/07\/Allgemeine-Informationen_neu.pdf\">Allgemeine Informationen<\/a><br \/>\n<a href=\"https:\/\/www.oehweb.at\/wp-content\/uploads\/dokumente\/TutorInnen-fu%CC%88r-Studierende-mit-Behinderung-1.pdf\">TutorInnen f\u00fcr Studierende mit Behinderung<\/a><br \/>\n<a href=\"https:\/\/www.oehweb.at\/wp-content\/uploads\/dokumente\/Perso%CC%88nliche-Assistenz-im-Studium.pdf\">Pers\u00f6nliche Assistenz im Studium<\/a><br \/>\n<a href=\"https:\/\/www.oehweb.at\/wp-content\/uploads\/dokumente\/Unterstu%CC%88tzungsmo%CC%88glichkeiten-fu%CC%88r-Studierende-1.pdf\">Unterst\u00fctzungsm\u00f6glichkeiten f\u00fcr Studierende<\/a><br \/>\n<a href=\"https:\/\/www.oehweb.at\/wp-content\/uploads\/2023\/09\/Barrierefreie_Studierendenheime_in_Innsbruck_2023.pdf\">barrierefreie Studierendenheime <\/a><\/p>\n\r\n\t\t<\/div>\r\n\t<\/div><\/div><div class=\"grve-column wpb_column grve-column-1-2\"  style=\"color:#b2b2b2;\" ><div class=\"grve-column-wrapper vc_custom_1657184498436\" ><div class=\"grve-element grve-text\">\r\n\t\t\t<p><a href=\"https:\/\/www.oehweb.at\/wp-content\/uploads\/dokumente\/Zentraler-Informationsdienst-ZID.pdf\">Barrierefreies Studium ZID<\/a><br \/>\n<a href=\"https:\/\/www.oehweb.at\/wp-content\/uploads\/2026\/02\/Infoblatt_digitale_Services_Stand_2026.pdf\">Digitale Services<\/a><br \/>\nBarrierefrei Studieren Folder &#8211; wird \u00fcberarbeitet!<br \/>\n<a href=\"https:\/\/www.oehweb.at\/wp-content\/uploads\/2024\/02\/Antrag-auf-Zuschuss-zur-barrierefreien-Ausbildung_02_2024.pdf\">Antrag auf Zuschuss zur barrierefreien Ausbildung<\/a><\/p>\n\r\n\t\t<\/div>\r\n\t<\/div><\/div><\/div><\/div><div class=\"grve-background-wrapper\"><\/div><\/div><div class=\"grve-section grve-row-section grve-fullwidth-background grve-padding-top-1x grve-padding-bottom-1x grve-bg-none\"  style=\"color:#000000;\"><div class=\"grve-container\"><div class=\"grve-row grve-bookmark grve-columns-gap-60\"><div class=\"grve-column wpb_column grve-column-1-2\"  style=\"color:#b2b2b2;\" ><div class=\"grve-column-wrapper vc_custom_1657182887259\" ><div class=\"grve-element grve-text\">\r\n\t\t\t<p><a href=\"https:\/\/www.oehweb.at\/wp-content\/uploads\/2024\/02\/Chronische-oder-akut-erkrankte-Studierende_02_2024.pdf\">Chronisch oder akut erkrankte Studierende<\/a><br \/>\n<a href=\"https:\/\/www.oehweb.at\/wp-content\/uploads\/2022\/07\/Psychisch-beeintraechtigte-Studierende_neu.pdf\">Psychisch beeintr\u00e4chtigte Studierende<\/a><br \/>\n<a href=\"https:\/\/www.oehweb.at\/wp-content\/uploads\/2022\/07\/Motorisch-eingeschraenkte-Studierende_neu.pdf\">Motorisch eingeschr\u00e4nkte Studierende<\/a><br \/>\n<a href=\"https:\/\/www.oehweb.at\/wp-content\/uploads\/2022\/07\/Hoerbeeintraechtigte-Studierende_neu.pdf\">H\u00f6rbeeintr\u00e4chtigte Studierende<\/a><br \/>\n<a href=\"https:\/\/www.oehweb.at\/wp-content\/uploads\/2022\/07\/Blinde-und-sehbeeintraechtigte-Studierende_neu.pdf\">Blinde und sehbeeintr\u00e4chtigte Studierende<\/a><\/p>\n\r\n\t\t<\/div>\r\n\t<\/div><\/div><\/div><\/div><div class=\"grve-background-wrapper\"><\/div><\/div><div class=\"grve-section grve-row-section grve-fullwidth-background grve-padding-top-1x grve-padding-bottom-1x grve-bg-none\"><div class=\"grve-container\"><div class=\"grve-row grve-bookmark grve-columns-gap-30\"><div class=\"grve-column wpb_column grve-column-1\" ><div class=\"grve-column-wrapper\" ><div class=\"grve-element grve-text\">\r\n\t\t\t<h2>FAQs<\/h2>\n\r\n\t\t<\/div>\r\n\t<\/div><\/div><\/div><\/div><div class=\"grve-background-wrapper\"><\/div><\/div><div class=\"grve-section grve-row-section grve-fullwidth-background grve-padding-top-1x grve-padding-bottom-1x grve-bg-none\"><div class=\"grve-container\"><div class=\"grve-row grve-bookmark grve-columns-gap-30\"><div class=\"grve-column wpb_column grve-column-1\" ><div class=\"grve-column-wrapper\" ><div class=\"grve-element grve-accordion\"><ul class=\"grve-accordion-wrapper grve-action-accordion grve-style-1\"><li><div class=\"grve-title-wrapper grve-tab-link grve-align-left\" data-rel=\"#1657180675997-f7cc4776-bfb5\"><div class=\"grve-accordion-arrow grve-accordion-plus grve-position-left\"><i class=\"fa fa-plus\"><\/i><\/div><h3 class=\"grve-title grve-h6\">Wie kann ich mich an euch wenden?<\/h3><\/div><div class=\"grve-accordion-content\" id=\"1657180675997-f7cc4776-bfb5\"><div class=\"grve-element grve-text\">\r\n\t\t\t<p>Am einfachsten schreibst du uns ein E-Mail mit deinem Anliegen an <a href=\"mailto:studierenmitbeeintraechtigung@oeh.cc\">studierenmitbeeintraechtigung@oeh.cc<\/a>.<\/p>\n\r\n\t\t<\/div>\r\n\t<\/div><\/li><li><div class=\"grve-title-wrapper grve-tab-link grve-align-left\" data-rel=\"#1657181677316-4cce515e-1b1e\"><div class=\"grve-accordion-arrow grve-accordion-plus grve-position-left\"><i class=\"fa fa-plus\"><\/i><\/div><h3 class=\"grve-title grve-h6\">Kann ich auch pers\u00f6nlich vorbeikommen?<\/h3><\/div><div class=\"grve-accordion-content\" id=\"1657181677316-4cce515e-1b1e\"><div class=\"grve-element grve-text\">\r\n\t\t\t<p>Da einige Studierende, die sich an uns wenden, auch diversen Risikogruppen angeh\u00f6ren, bieten wir neben der Beratung per Mail seit M\u00e4rz 2020 auch Video-Beratung an. Da dies allerdings ein pers\u00f6nliches Gespr\u00e4ch von Angesicht zu Angesicht nicht vollst\u00e4ndig ersetzen kann, besteht zus\u00e4tzlich die M\u00f6glichkeit einer individuellen Terminvereinbarung f\u00fcr ein Beratungsgespr\u00e4ch vor Ort. Dabei orientieren wir uns an den jeweils aktuellen gesetzlichen Rahmenbedingungen, Abstandsregelungen und beh\u00f6rdlichen Vorgaben, um das Risiko einer m\u00f6glichen Virus\u00fcbertragung m\u00f6glichst gering zu halten.<\/p>\n\r\n\t\t<\/div>\r\n\t<\/div><\/li><li><div class=\"grve-title-wrapper grve-tab-link grve-align-left\" data-rel=\"#1657181755554-5d3e5f3d-dff8\"><div class=\"grve-accordion-arrow grve-accordion-plus grve-position-left\"><i class=\"fa fa-plus\"><\/i><\/div><h3 class=\"grve-title grve-h6\">Ich bin mir nicht sicher, ob ich meine Frage stellen kann. Erz\u00e4hlt ihr sie auch niemanden weiter?<\/h3><\/div><div class=\"grve-accordion-content\" id=\"1657181755554-5d3e5f3d-dff8\"><div class=\"grve-element grve-text\">\r\n\t\t\t<p>Als Referat der \u00d6H herrscht bei uns absolute Diskretion. Das bedeutet, dass nicht nur deine Daten, sondern auch alle Fragen, die du an unser Referat stellst, absolut vertraulich behandelt werden. Die M\u00f6glichkeit ein individuelles Beratungsgespr\u00e4ch mit uns zu vereinbaren dient demselben Zweck.<\/p>\n\r\n\t\t<\/div>\r\n\t<\/div><\/li><li><div class=\"grve-title-wrapper grve-tab-link grve-align-left\" data-rel=\"#1657181800275-bd2ac1dd-5827\"><div class=\"grve-accordion-arrow grve-accordion-plus grve-position-left\"><i class=\"fa fa-plus\"><\/i><\/div><h3 class=\"grve-title grve-h6\">Ich habe einen Behindertenpass vom Bundessozialamt. Kann ich den Studienbeitrag zur\u00fcckbekommen?<\/h3><\/div><div class=\"grve-accordion-content\" id=\"1657181800275-bd2ac1dd-5827\"><div class=\"grve-element grve-text\">\r\n\t\t\t<p>Wenn in deinem Pass vermerkt ist, dass der Grad der Behinderung mindestens 50 % betr\u00e4gt kannst du dies als Erlassgrund f\u00fcr den Studienbeitrag geltend machen. Die Befreiung gilt f\u00fcr die gesamte Dauer des Studiums, bzw. f\u00fcr die Dauer der Behinderung.<br \/>\nDiese Regelung gilt allerdings nicht f\u00fcr den \u00d6H-Beitrag.<\/p>\n\r\n\t\t<\/div>\r\n\t<\/div><\/li><li><div class=\"grve-title-wrapper grve-tab-link grve-align-left\" data-rel=\"#1657181846713-740b2fe1-4720\"><div class=\"grve-accordion-arrow grve-accordion-plus grve-position-left\"><i class=\"fa fa-plus\"><\/i><\/div><h3 class=\"grve-title grve-h6\">Ich wohne nicht in Innsbruck und bin auf das Auto angewiesen, um zur Universit\u00e4t zu kommen. Gibt es M\u00f6glichkeiten einen eigenen Parkausweis zu beantragen?<\/h3><\/div><div class=\"grve-accordion-content\" id=\"1657181846713-740b2fe1-4720\"><div class=\"grve-element grve-text\">\r\n\t\t\t<p>Hierzu gibt es die M\u00f6glichkeit einen Parkausweis gem. 29b StVO beim Sozialministeriumsservice zu beantragen. Weitere Informationen zu den damit verbundenen Erleichterungen, sowie zur Beantragung erh\u00e4ltst du <a href=\"https:\/\/www.innsbruck.gv.at\/page.cfm?vpath=umwelt--verkehr\/parken\/gehbehinderten-ausweis\">hier<\/a>. \u00dcberdies verf\u00fcgen wir \u00fcber ein begrenztes Kontingent an Parkchips. Frag uns am besten einfach, ob noch welche vorr\u00e4tig sind.<\/p>\n\r\n\t\t<\/div>\r\n\t<\/div><\/li><li><div class=\"grve-title-wrapper grve-tab-link grve-align-left\" data-rel=\"#1657181898035-711f5f6f-f3b9\"><div class=\"grve-accordion-arrow grve-accordion-plus grve-position-left\"><i class=\"fa fa-plus\"><\/i><\/div><h3 class=\"grve-title grve-h6\">Welche Erleichterungen gibt es f\u00fcr mich als Studierenden bei Pr\u00fcfungen und LV-Besuch?<\/h3><\/div><div class=\"grve-accordion-content\" id=\"1657181898035-711f5f6f-f3b9\"><div class=\"grve-element grve-text\">\r\n\t\t\t<p>Die Behindertenbeauftragte der Universit\u00e4t Innsbruck bietet neben der M\u00f6glichkeit der Beantragung von modifizierter Pr\u00fcfungsbedingungen auch die M\u00f6glichkeit der Vermittlung von Tutor*innen an, die beispielsweise im Rahmen des LV-Besuches hilfreich zur Seite stehen. N\u00e4here Informationen hierzu erh\u00e4ltst du auf der Seite Behindertenbeauftragten der Universit\u00e4t Innsbruck: <a href=\"https:\/\/www.uibk.ac.at\/behindertenbeauftragte\/\">https:\/\/www.uibk.ac.at\/behindertenbeauftragte\/<\/a>.<\/p>\n\r\n\t\t<\/div>\r\n\t<\/div><\/li><li><div class=\"grve-title-wrapper grve-tab-link grve-align-left\" data-rel=\"#1657181963118-a86aa787-1e82\"><div class=\"grve-accordion-arrow grve-accordion-plus grve-position-left\"><i class=\"fa fa-plus\"><\/i><\/div><h3 class=\"grve-title grve-h6\">Ich geh\u00f6re einer Risikogruppe an und habe gesehen, dass ich im ersten Semester sehr viele Pr\u00e4senzlehrveranstaltungen habe. Ich habe aber Angst, hinzugehen. Was kann ich tun?<\/h3><\/div><div class=\"grve-accordion-content\" id=\"1657181963118-a86aa787-1e82\"><div class=\"grve-element grve-text\">\r\n\t\t\t<p>Am besten schreibst du uns oder der Behindertenbeauftragten der Universit\u00e4t und schilderst deine Situation, um eine bestm\u00f6gliche L\u00f6sung zu finden. Aktuell (Stand: 9. Mai 2022) gibt es an der Universit\u00e4t Innsbruck keine Corona-Beschr\u00e4nkungen mehr.<\/p>\n\r\n\t\t<\/div>\r\n\t<\/div><\/li><li><div class=\"grve-title-wrapper grve-tab-link grve-align-left\" data-rel=\"#1657182005940-63346c40-bd3e\"><div class=\"grve-accordion-arrow grve-accordion-plus grve-position-left\"><i class=\"fa fa-plus\"><\/i><\/div><h3 class=\"grve-title grve-h6\">Ich habe in den vergangenen Monaten viele unterschiedliche Meinungen zu Corona geh\u00f6rt und auch sehr viele Pressekonferenzen dazu im Fernsehen gesehen. Nun traue ich mich fast nicht mehr vor die T\u00fcr und auch nicht mehr an die Universit\u00e4t. Was kann ich tun?<\/h3><\/div><div class=\"grve-accordion-content\" id=\"1657182005940-63346c40-bd3e\"><div class=\"grve-element grve-text\">\r\n\t\t\t<p>Die Universit\u00e4t Innsbruck bem\u00fcht sich auf die aktuelle Situation bestm\u00f6glich zu reagieren. Die Situation war und ist f\u00fcr fast alle von uns immer noch neuartig, daher ist es vollkommen nat\u00fcrlich, dass dies eine gewisse Unsicherheit ausl\u00f6st. Solltest du allerdings bemerken, dass dieses Gef\u00fchl allm\u00e4hlich die \u00dcberhand \u00fcber deinen Alltag bekommt, kannst du dich jederzeit an die Psychologische Studierendenberatung wenden. Ebenso wie bei allen Einrichtungen der \u00d6H und dem B\u00fcro der Behindertenbeauftragten herrscht auch hier absolute Diskretion. N\u00e4here Informationen gibt es hier: <a href=\"https:\/\/www.studierendenberatung.at\/standorte\/innsbruck\/ueberblick\/\">https:\/\/www.studierendenberatung.at\/standorte\/innsbruck\/ueberblick\/<\/a>. Die \u00d6H Innsbruck organisiert in diesem Bereich auch immer wieder unterschiedliche F\u00f6rder- und\u00a0Unterst\u00fctzungsma\u00dfnahmen f\u00fcr Studierende. Aktuelle Informationen hierzu findest du auf unserer <a href=\"https:\/\/www.oehweb.at\/en\/\">\u00d6H-Website<\/a>.<\/p>\n\r\n\t\t<\/div>\r\n\t<\/div><\/li><li><div class=\"grve-title-wrapper grve-tab-link grve-align-left\" data-rel=\"#1657182067809-15505759-a8af\"><div class=\"grve-accordion-arrow grve-accordion-plus grve-position-left\"><i class=\"fa fa-plus\"><\/i><\/div><h3 class=\"grve-title grve-h6\">Ich bin Tutor*in \/ LV-Leiter*in und wollte fragen, ob es irgendeine Hilfestellung gibt, um Online-Lehrveranstaltungen m\u00f6glichst barrierefrei zu gestalten?<\/h3><\/div><div class=\"grve-accordion-content\" id=\"1657182067809-15505759-a8af\"><div class=\"grve-element grve-text\">\r\n\t\t\t<p>Hierzu gibt es auf der Seite der Behindertenbeauftragten der LFU Innsbruck eine Reihe von hilfreichen Anleitungen zur Erstellung von Word-Dokumenten, Powerpoint-Pr\u00e4sentation, Video- und Audiodateien, sowie anderen Lehrbehelfen. Die entsprechenden Anleitungen findest du hier:\u00a0<a href=\"https:\/\/www.uibk.ac.at\/behindertenbeauftragte\/lehrende\/how-to-do-it.html\">https:\/\/www.uibk.ac.at\/behindertenbeauftragte\/lehrende\/how-to-do-it.html<\/a><\/p>\n\r\n\t\t<\/div>\r\n\t<\/div><\/li><li><div class=\"grve-title-wrapper grve-tab-link grve-align-left\" data-rel=\"#1657182126040-c3cefca0-20c7\"><div class=\"grve-accordion-arrow grve-accordion-plus grve-position-left\"><i class=\"fa fa-plus\"><\/i><\/div><h3 class=\"grve-title grve-h6\">Mit welchen Fragen kann ich mich ansonsten noch an das Referat f\u00fcr Studieren mit Beeintr\u00e4chtigung(en) wenden?<\/h3><\/div><div class=\"grve-accordion-content\" id=\"1657182126040-c3cefca0-20c7\"><div class=\"grve-element grve-text\">\r\n\t\t\t<ul>\n<li>Generell alle Anliegen die die Barrierefreiheit an der Universi\u00e4t betreffen. Dies betrifft auch den Bereich von Veranstaltungen deiner FStV und StV.<\/li>\n<li>Bei uns erh\u00e4ltst du zudem Informationen wo und wie du abweichende Pr\u00fcfungsmodalit\u00e4ten, Tutor*innen oder sonstige Hilfsmittel beantragen kannst.<\/li>\n<li>F\u00fcr H\u00f6rbeeintr\u00e4chtigte Studierende gibt es \u00fcberdies die M\u00f6glichkeit, ein Empfangsger\u00e4t f\u00fcr ein FM-Ger\u00e4t zu bereitzustellen.<\/li>\n<li>Auf unserer Referatsseite findest du des Weiteren zahlreiche weitere hilfreiche Informationen.<\/li>\n<li>Da dies nur eine demonstrative Aufz\u00e4hlung ist, kannst du dich auch gerne mit anderen, hier nicht aufgez\u00e4hlten, Fragen und Anregungen an uns wenden.<\/li>\n<\/ul>\n\r\n\t\t<\/div>\r\n\t<\/div><\/li><li><div class=\"grve-title-wrapper grve-tab-link grve-align-left\" data-rel=\"#1657182173623-b749b946-7b38\"><div class=\"grve-accordion-arrow grve-accordion-plus grve-position-left\"><i class=\"fa fa-plus\"><\/i><\/div><h3 class=\"grve-title grve-h6\">Gibt es dar\u00fcber hinaus noch Einrichtungen in Innsbruck an die ich mich wenden kann?<\/h3><\/div><div class=\"grve-accordion-content\" id=\"1657182173623-b749b946-7b38\"><div class=\"grve-element grve-text\">\r\n\t\t\t<ul>\n<li>Seit Februar 2022 gibt es ein Projekt, das Studierende mit Verdacht auf Aufmerksamkeitsst\u00f6rungen, Autismus oder anderen spezifischen Lernst\u00f6rungen unterst\u00fctzt. Neben allgemeinen Informationen und individueller Beratung wird auch individuelle klinisch-psychologische Diagnostik angeboten. S\u00e4mtliche Angebote sind kostenlos. Hier gibt es weitere Informationen: <a href=\"https:\/\/www.s-aal.at\">https:\/\/www.s-aal.at<\/a><\/li>\n<li>Bereits etwas l\u00e4nger gibt es die in aus Innsbruck stammende\u00a0Plattform bidok. Hier findest du nicht nur n\u00fctzliche Informationen \u00fcber Projekte und Vernetzung im Bereich Behinderung und Inklusion, sondern auch eine digitale barrierefreie Bibliothek. Weitere Informationen findest du hier:\u00a0<a href=\"http:\/\/bidok.uibk.ac.at\/\">http:\/\/bidok.uibk.ac.at\/<\/a><\/li>\n<li>Weitere Informationen bspw. zur Digitalisierung von Texten, weitere Anlaufstellen, etc. findest du in unseren Info-Foldern im Download-Bereich.<\/li>\n<\/ul>\n\r\n\t\t<\/div>\r\n\t<\/div><\/li><\/ul><\/div><\/div><\/div><\/div><\/div><div class=\"grve-background-wrapper\"><\/div><\/div><div class=\"grve-section grve-row-section grve-fullwidth-background grve-padding-top-1x grve-padding-bottom-1x grve-bg-none grve-headings-light\"  style=\"background-color:#ff9000;color:#ffffff;\"><div class=\"grve-container\"><div class=\"grve-row grve-bookmark grve-columns-gap-none\"><div class=\"grve-column wpb_column grve-column-2-3\" ><div class=\"grve-column-wrapper\" ><div class=\"grve-element grve-text vc_custom_1605348270130\">\r\n\t\t\t<div class=\"cta-text\"><span style=\"color: #ffffff;\">Es gibt noch viele weitere Angebote f\u00fcr dich<\/span><\/div>\n\r\n\t\t<\/div>\r\n\t<\/div><\/div><div class=\"grve-column wpb_column grve-column-1-3\" ><div class=\"grve-column-wrapper\" ><div class=\"grve-element grve-align-center\"><a href=\"https:\/\/www.oehweb.at\/en\/services\/\" title=\"Services\" class=\"grve-btn grve-btn-small grve-round grve-bg-white grve-bg-hover-grey\"><span>alle Services<\/span><\/a><\/div><\/div><\/div><\/div><\/div><div class=\"grve-background-wrapper\"><\/div><\/div>","protected":false},"excerpt":{"rendered":"Referat Barrierefreiheit Das Referat Barrierefreiheit hilft dir dabei, Barrieren zu \u00fcberwinden und deine Ziele im Studium zu erreichen. Barrieren \u00fcberwinden! Die Aufgabe des Referats f\u00fcr Barrierefreiheit ist die Beratung und Unterst\u00fctzung von Studierenden mit Behinderung und chronischen Erkrankungen in studienspezifischen Angelegenheiten. Hier findest du wichtige Dokumente und Formulare, etwa zum Thema Tutor*innen und Assistenz im [...]","protected":false},"author":5,"featured_media":0,"parent":638,"menu_order":0,"comment_status":"closed","ping_status":"closed","template":"","meta":{"inline_featured_image":false,"footnotes":""},"class_list":["post-5015","page","type-page","status-publish","hentry"],"yoast_head":"<!-- This site is optimized with the Yoast SEO plugin v21.8.1 - https:\/\/yoast.com\/wordpress\/plugins\/seo\/ -->\n<title>Barrierefreiheit - \u00d6H Innsbruck<\/title>\n<meta name=\"robots\" content=\"index, follow, max-snippet:-1, max-image-preview:large, max-video-preview:-1\" \/>\n<link rel=\"canonical\" href=\"https:\/\/www.oehweb.at\/en\/deine-oeh\/referate\/barrierefreiheit\/\" \/>\n<meta property=\"og:locale\" content=\"en_GB\" \/>\n<meta property=\"og:type\" content=\"article\" \/>\n<meta property=\"og:title\" content=\"Barrierefreiheit - \u00d6H Innsbruck\" \/>\n<meta property=\"og:url\" content=\"https:\/\/www.oehweb.at\/en\/deine-oeh\/referate\/barrierefreiheit\/\" \/>\n<meta property=\"og:site_name\" content=\"\u00d6H Innsbruck\" \/>\n<meta property=\"article:modified_time\" content=\"2026-06-29T09:11:22+00:00\" \/>\n<meta name=\"twitter:card\" content=\"summary_large_image\" \/>\n<meta name=\"twitter:label1\" content=\"Estimated reading time\" \/>\n\t<meta name=\"twitter:data1\" content=\"8 minutes\" \/>\n<script type=\"application\/ld+json\" class=\"yoast-schema-graph\">{\"@context\":\"https:\/\/schema.org\",\"@graph\":[{\"@type\":\"WebPage\",\"@id\":\"https:\/\/www.oehweb.at\/deine-oeh\/referate\/barrierefreiheit\/\",\"url\":\"https:\/\/www.oehweb.at\/deine-oeh\/referate\/barrierefreiheit\/\",\"name\":\"Barrierefreiheit - \u00d6H Innsbruck\",\"isPartOf\":{\"@id\":\"https:\/\/www.oehweb.at\/#website\"},\"datePublished\":\"2022-07-07T08:23:36+00:00\",\"dateModified\":\"2026-06-29T09:11:22+00:00\",\"breadcrumb\":{\"@id\":\"https:\/\/www.oehweb.at\/deine-oeh\/referate\/barrierefreiheit\/#breadcrumb\"},\"inLanguage\":\"en-GB\",\"potentialAction\":[{\"@type\":\"ReadAction\",\"target\":[\"https:\/\/www.oehweb.at\/deine-oeh\/referate\/barrierefreiheit\/\"]}]},{\"@type\":\"BreadcrumbList\",\"@id\":\"https:\/\/www.oehweb.at\/deine-oeh\/referate\/barrierefreiheit\/#breadcrumb\",\"itemListElement\":[{\"@type\":\"ListItem\",\"position\":1,\"name\":\"Home\",\"item\":\"https:\/\/www.oehweb.at\/\"},{\"@type\":\"ListItem\",\"position\":2,\"name\":\"Deine \u00d6H\",\"item\":\"https:\/\/www.oehweb.at\/deine-oeh\/\"},{\"@type\":\"ListItem\",\"position\":3,\"name\":\"Referate\",\"item\":\"https:\/\/www.oehweb.at\/deine-oeh\/referate\/\"},{\"@type\":\"ListItem\",\"position\":4,\"name\":\"Barrierefreiheit\"}]},{\"@type\":\"WebSite\",\"@id\":\"https:\/\/www.oehweb.at\/#website\",\"url\":\"https:\/\/www.oehweb.at\/\",\"name\":\"\u00d6H Innsbruck\",\"description\":\"Wir sind die \u00d6sterreichische Hochsch\u00fclerInnenschaft an der Universit\u00e4t Innsbruck\",\"publisher\":{\"@id\":\"https:\/\/www.oehweb.at\/#organization\"},\"potentialAction\":[{\"@type\":\"SearchAction\",\"target\":{\"@type\":\"EntryPoint\",\"urlTemplate\":\"https:\/\/www.oehweb.at\/?s={search_term_string}\"},\"query-input\":\"required name=search_term_string\"}],\"inLanguage\":\"en-GB\"},{\"@type\":\"Organization\",\"@id\":\"https:\/\/www.oehweb.at\/#organization\",\"name\":\"\u00d6H Innsrbruck\",\"url\":\"https:\/\/www.oehweb.at\/\",\"logo\":{\"@type\":\"ImageObject\",\"inLanguage\":\"en-GB\",\"@id\":\"https:\/\/www.oehweb.at\/#\/schema\/logo\/image\/\",\"url\":\"https:\/\/www.oehweb.at\/wp-content\/uploads\/2020\/11\/OEH-Innsbruck-Logo.svg\",\"contentUrl\":\"https:\/\/www.oehweb.at\/wp-content\/uploads\/2020\/11\/OEH-Innsbruck-Logo.svg\",\"width\":448,\"height\":255,\"caption\":\"\u00d6H Innsrbruck\"},\"image\":{\"@id\":\"https:\/\/www.oehweb.at\/#\/schema\/logo\/image\/\"}}]}<\/script>\n<!-- \/ Yoast SEO plugin. -->","yoast_head_json":{"title":"Barrierefreiheit - \u00d6H Innsbruck","robots":{"index":"index","follow":"follow","max-snippet":"max-snippet:-1","max-image-preview":"max-image-preview:large","max-video-preview":"max-video-preview:-1"},"canonical":"https:\/\/www.oehweb.at\/en\/deine-oeh\/referate\/barrierefreiheit\/","og_locale":"en_GB","og_type":"article","og_title":"Barrierefreiheit - \u00d6H Innsbruck","og_url":"https:\/\/www.oehweb.at\/en\/deine-oeh\/referate\/barrierefreiheit\/","og_site_name":"\u00d6H Innsbruck","article_modified_time":"2026-06-29T09:11:22+00:00","twitter_card":"summary_large_image","twitter_misc":{"Estimated reading time":"8 minutes"},"schema":{"@context":"https:\/\/schema.org","@graph":[{"@type":"WebPage","@id":"https:\/\/www.oehweb.at\/deine-oeh\/referate\/barrierefreiheit\/","url":"https:\/\/www.oehweb.at\/deine-oeh\/referate\/barrierefreiheit\/","name":"Barrierefreiheit - \u00d6H Innsbruck","isPartOf":{"@id":"https:\/\/www.oehweb.at\/#website"},"datePublished":"2022-07-07T08:23:36+00:00","dateModified":"2026-06-29T09:11:22+00:00","breadcrumb":{"@id":"https:\/\/www.oehweb.at\/deine-oeh\/referate\/barrierefreiheit\/#breadcrumb"},"inLanguage":"en-GB","potentialAction":[{"@type":"ReadAction","target":["https:\/\/www.oehweb.at\/deine-oeh\/referate\/barrierefreiheit\/"]}]},{"@type":"BreadcrumbList","@id":"https:\/\/www.oehweb.at\/deine-oeh\/referate\/barrierefreiheit\/#breadcrumb","itemListElement":[{"@type":"ListItem","position":1,"name":"Home","item":"https:\/\/www.oehweb.at\/"},{"@type":"ListItem","position":2,"name":"Deine \u00d6H","item":"https:\/\/www.oehweb.at\/deine-oeh\/"},{"@type":"ListItem","position":3,"name":"Referate","item":"https:\/\/www.oehweb.at\/deine-oeh\/referate\/"},{"@type":"ListItem","position":4,"name":"Barrierefreiheit"}]},{"@type":"WebSite","@id":"https:\/\/www.oehweb.at\/#website","url":"https:\/\/www.oehweb.at\/","name":"\u00d6H Innsbruck","description":"Wir sind die \u00d6sterreichische Hochsch\u00fclerInnenschaft an der Universit\u00e4t Innsbruck","publisher":{"@id":"https:\/\/www.oehweb.at\/#organization"},"potentialAction":[{"@type":"SearchAction","target":{"@type":"EntryPoint","urlTemplate":"https:\/\/www.oehweb.at\/?s={search_term_string}"},"query-input":"required name=search_term_string"}],"inLanguage":"en-GB"},{"@type":"Organization","@id":"https:\/\/www.oehweb.at\/#organization","name":"\u00d6H Innsrbruck","url":"https:\/\/www.oehweb.at\/","logo":{"@type":"ImageObject","inLanguage":"en-GB","@id":"https:\/\/www.oehweb.at\/#\/schema\/logo\/image\/","url":"https:\/\/www.oehweb.at\/wp-content\/uploads\/2020\/11\/OEH-Innsbruck-Logo.svg","contentUrl":"https:\/\/www.oehweb.at\/wp-content\/uploads\/2020\/11\/OEH-Innsbruck-Logo.svg","width":448,"height":255,"caption":"\u00d6H Innsrbruck"},"image":{"@id":"https:\/\/www.oehweb.at\/#\/schema\/logo\/image\/"}}]}},"_links":{"self":[{"href":"https:\/\/www.oehweb.at\/en\/wp-json\/wp\/v2\/pages\/5015","targetHints":{"allow":["GET"]}}],"collection":[{"href":"https:\/\/www.oehweb.at\/en\/wp-json\/wp\/v2\/pages"}],"about":[{"href":"https:\/\/www.oehweb.at\/en\/wp-json\/wp\/v2\/types\/page"}],"author":[{"embeddable":true,"href":"https:\/\/www.oehweb.at\/en\/wp-json\/wp\/v2\/users\/5"}],"replies":[{"embeddable":true,"href":"https:\/\/www.oehweb.at\/en\/wp-json\/wp\/v2\/comments?post=5015"}],"version-history":[{"count":62,"href":"https:\/\/www.oehweb.at\/en\/wp-json\/wp\/v2\/pages\/5015\/revisions"}],"predecessor-version":[{"id":11577,"href":"https:\/\/www.oehweb.at\/en\/wp-json\/wp\/v2\/pages\/5015\/revisions\/11577"}],"up":[{"embeddable":true,"href":"https:\/\/www.oehweb.at\/en\/wp-json\/wp\/v2\/pages\/638"}],"wp:attachment":[{"href":"https:\/\/www.oehweb.at\/en\/wp-json\/wp\/v2\/media?parent=5015"}],"curies":[{"name":"wp","href":"https:\/\/api.w.org\/{rel}","templated":true}]}}