{"id":559,"date":"2020-11-16T10:49:53","date_gmt":"2020-11-16T09:49:53","guid":{"rendered":"https:\/\/www.oehweb.at\/services\/auslaendische-studierende-copy\/"},"modified":"2026-07-20T11:01:08","modified_gmt":"2026-07-20T09:01:08","slug":"auslaendische-studierende","status":"publish","type":"page","link":"https:\/\/www.oehweb.at\/en\/deine-oeh\/referate\/auslaendische-studierende\/","title":{"rendered":"Referat f\u00fcr ausl\u00e4ndische Studierende"},"content":{"rendered":"<div class=\"grve-section grve-row-section grve-fullwidth-background grve-padding-top-3x grve-padding-bottom-3x grve-bg-none grve-headings-light\"  style=\"color:#ffffff;\"><div class=\"grve-container\"><div class=\"grve-row grve-bookmark grve-columns-gap-30\"><div class=\"grve-column wpb_column grve-column-3-4\" ><div class=\"grve-column-wrapper\" ><div class=\"grve-element grve-text grve-leader-text\">\r\n\t\t\t<div class=\"grve-small-text\"><span class=\"\">Referat f\u00fcr<\/span><\/div>\n<h1>Ausl\u00e4ndische Studierende<\/h1>\n<p>Das Referat f\u00fcr ausl\u00e4ndische Studierende bietet eine umfassende Beratung in unterschiedlichen Sprachen sowie eine Unterst\u00fctzung vor und nach der Einreise nach Innsbruck an. Aufenthaltsbewilligung, Inskription, Job und Stipendium \u2013 Wir helfen dir bei all&#8216; deinen Fragen und stehen dir mit Rat und Tat zur Seite!<\/p>\n\r\n\t\t<\/div>\r\n\t<\/div><\/div><\/div><\/div><div class=\"grve-background-wrapper\">  <div class=\"grve-bg-image grve-bg-center-center grve-bg-image-id-515\"   style=\"background-image: url(https:\/\/www.oehweb.at\/wp-content\/uploads\/2020\/11\/oeh-innsbruck-auslaendische-studierende.jpg);\"><\/div>  <div class=\"grve-bg-overlay\" style=\"background:rgba(27,29,31,0.5); background: linear-gradient(180deg,rgba(27,29,31,0.5) 0%,rgba(27,29,31,0.75) 100%);\"><\/div><\/div><\/div><div class=\"grve-section grve-row-section grve-fullwidth-background grve-bg-none\"  style=\"background:#ff9000;background: linear-gradient(90deg,#ff9000 0%,#ff9000 100%);padding-top: 15px;\"><div class=\"grve-container\"><div class=\"grve-row grve-bookmark grve-columns-gap-30\"><div class=\"grve-column wpb_column grve-column-1\" ><div class=\"grve-column-wrapper\" ><\/div><\/div><\/div><\/div><div class=\"grve-background-wrapper\"><\/div><\/div><div class=\"grve-section grve-row-section grve-fullwidth-background grve-padding-top-4x grve-padding-bottom-1x grve-bg-none\"><div class=\"grve-container\"><div class=\"grve-row grve-bookmark grve-columns-gap-30\"><div class=\"grve-column wpb_column grve-column-1-3\" ><div class=\"grve-column-wrapper\" ><div class=\"grve-element grve-text\">\r\n\t\t\t<h2>Fragen? Wir helfen!<\/h2>\n\r\n\t\t<\/div>\r\n\t<\/div><\/div><div class=\"grve-column wpb_column grve-column-2-3\" ><div class=\"grve-column-wrapper\" ><div class=\"grve-element grve-text vc_custom_1605161714390\">\r\n\t\t\t<p>Wir im Referat f\u00fcr ausl\u00e4ndische Studierende sind eine Gruppe von internationalen wie einheimischen Studierenden und sehen uns als eine Anlaufstelle speziell f\u00fcr ausl\u00e4ndische Studierende in Innsbruck. Wir bieten Beratung und Informationen zu den Themen Aufnahmevoraussetzungen zur Anmeldung zum Studium an der Universit\u00e4t Innsbruck, Studienbeitrag, Studienm\u00f6glichkeiten, Stipendienm\u00f6glichkeiten f\u00fcr nicht EU- bzw. EWR-Studierende, Aufenthaltserlaubnis und Besch\u00e4ftigungsbewilligung f\u00fcr ausl\u00e4ndischen Studierende, Deutschkurse, und allgemeine Beratung zum Leben als Studierender. Hier findest du relevante Dokumente und Brosch\u00fcren.<\/p>\n<p>Auch kulturell bist du bei uns in guten H\u00e4nden: jedes Semester organisieren wir in Kooperation mit dem Referat f\u00fcr Internationales und dem ESN-Team unter dem Motto \u201eNon-Stop-Culture\u201c diverse Veranstaltungen und Reisen nach Venedig und Verona, damit du neue Freunde kennen lernst und dich m\u00f6glichst schnell in das Studierendenleben einlebst.<\/p>\n<p>Genaue Infos zu Veranstaltungen und zu spontanen Aktionen findest du in unserem Newsletter oder direkt bei uns im Referat.<\/p>\n\r\n\t\t<\/div>\r\n\t<\/div><\/div><\/div><\/div><div class=\"grve-background-wrapper\"><\/div><\/div><div class=\"grve-section grve-row-section grve-fullwidth-background grve-padding-top-1x grve-padding-bottom-1x grve-bg-none\"  style=\"color:#000000;\"><div class=\"grve-container\"><div class=\"grve-row grve-bookmark grve-columns-gap-50\"><div class=\"grve-column wpb_column grve-column-1-3\" ><div class=\"grve-column-wrapper\" ><div class=\"grve-empty-space grve-height-2x\" style=\"\"><\/div><div class=\"grve-element grve-text vc_custom_1753261364026\">\r\n\t\t\t<h2>Deine<br \/>\nAnsprech-<br \/>\nperson<\/h2>\n\r\n\t\t<\/div>\r\n\t<div class=\"grve-element grve-text zeilenabstand-large\">\r\n\t\t\t<div><strong>E-Mail: <\/strong><a href=\"mailto:Auslaenderreferat-oeh@uibk.ac.at\">Auslaenderreferat-oeh@uibk.ac.at<\/a><br \/>\n<strong>Telefon:<\/strong> <a href=\"tel:+43 512 507-35560\">+43 512 507-35560<\/a><br \/>\n<strong>Adresse:<\/strong> Josef-Hirn Stra\u00dfe 7, 2. Stock<\/div>\n\r\n\t\t<\/div>\r\n\t<div class=\"grve-element grve-text\">\r\n\t\t\t<p>&nbsp;<\/p>\n\r\n\t\t<\/div>\r\n\t<div class=\"grve-element grve-text\">\r\n\t\t\t<p><strong>Beratungszeiten Sommerferien 2026:<\/strong><br \/>\nEmails werden selbstverst\u00e4ndlich auch in den Ferien beantwortet!<\/p>\n<p>&nbsp;<\/p>\n<p>Gerne bekommst du einen Termin &#8211; nach vorheriger Anfrage per Mail!<\/p>\n\r\n\t\t<\/div>\r\n\t<\/div><\/div><div class=\"grve-column wpb_column grve-column-2-3\" ><div class=\"grve-column-wrapper\" ><div class=\"grve-row-inner grve-bookmark\">\r\n\t\t<div class=\"grve-column-inner wpb_column grve-column-1-3\">\r\n\t\t\t<div class=\"grve-column-wrapper-inner\">\r\n\t\t\t\r\n\t\t\t<\/div>\r\n\t\t<\/div>\r\n\t\r\n\t\t<div class=\"grve-column-inner wpb_column grve-column-1-3\">\r\n\t\t\t<div class=\"grve-column-wrapper-inner\">\r\n\t\t\t\r\n\t\t\t\t<div class=\"grve-team grve-element grve-layout-1\" style=\"\">\r\n\t\t\t<figure class=\"grve-image-hover grve-zoom-none\">\r\n\t\t\t\t\t\t\t\t<div class=\"grve-team-person\">\r\n\t\t\t\t\t<div class=\"grve-bg-light grve-hover-overlay grve-opacity-0\"><\/div>\r\n\t\t\t\t\t<img loading=\"lazy\" decoding=\"async\" width=\"1200\" height=\"1800\" src=\"https:\/\/www.oehweb.at\/wp-content\/uploads\/2025\/07\/Daria-Oleksyshyn_geaendert.jpg\" class=\"attachment-full size-full\" alt=\"\" srcset=\"https:\/\/www.oehweb.at\/wp-content\/uploads\/2025\/07\/Daria-Oleksyshyn_geaendert.jpg 1200w, https:\/\/www.oehweb.at\/wp-content\/uploads\/2025\/07\/Daria-Oleksyshyn_geaendert-200x300.jpg 200w, https:\/\/www.oehweb.at\/wp-content\/uploads\/2025\/07\/Daria-Oleksyshyn_geaendert-683x1024.jpg 683w, https:\/\/www.oehweb.at\/wp-content\/uploads\/2025\/07\/Daria-Oleksyshyn_geaendert-768x1152.jpg 768w, https:\/\/www.oehweb.at\/wp-content\/uploads\/2025\/07\/Daria-Oleksyshyn_geaendert-1024x1536.jpg 1024w\" sizes=\"auto, (max-width: 1200px) 100vw, 1200px\" \/>\t\t\t\t<\/div>\r\n\t\t\t\t<figcaption>\r\n\t\t\t\t\t<ul class=\"grve-team-social grve-align-center\">\r\n\t\t\t\t\t\t\t\t\t\t\t<\/ul>\r\n\t\t\t\t<\/figcaption>\r\n\t\t\t<\/figure>\r\n\t\t\t<div class=\"grve-team-description grve-align-center\">\r\n\t\t\t\t\t\t\t\t<div class=\"grve-team-identity grve-link-text\">Referent_in<\/div>\r\n\t\t\t\t\t\t\t\t\t\t\t\t<h4 class=\"grve-team-name grve-text-hover-primary-1 grve-h4\">Dariia Oleksyshyn<\/h4>\r\n\t\t\t\t\t\t\t<\/div>\r\n\t\t<\/div>\r\n\t\t\r\n\t\t\r\n\t\t\t<\/div>\r\n\t\t<\/div>\r\n\t\r\n\t\t<div class=\"grve-column-inner wpb_column grve-column-1-3\">\r\n\t\t\t<div class=\"grve-column-wrapper-inner\">\r\n\t\t\t\r\n\t\t\t<\/div>\r\n\t\t<\/div>\r\n\t<\/div><\/div><\/div><\/div><\/div><div class=\"grve-background-wrapper\"><\/div><\/div><div class=\"grve-section grve-row-section grve-fullwidth-background grve-padding-top-1x grve-bg-none\"  style=\"color:#000000;\"><div class=\"grve-container\"><div class=\"grve-row grve-bookmark grve-columns-gap-60\"><div class=\"grve-column wpb_column grve-column-1-2\"  style=\"color:#b2b2b2;\" ><div class=\"grve-column-wrapper vc_custom_1658907099764\" ><div class=\"grve-element grve-text\">\r\n\t\t\t<h2>Relevante Dokumente<\/h2>\n\r\n\t\t<\/div>\r\n\t<div class=\"grve-element grve-text\">\r\n\t\t\t<p><a href=\"https:\/\/www.oehweb.at\/wp-content\/uploads\/2025\/11\/Checkliste-Ausl.Studierende_2025_.pdf\">Wichtige Informationen f\u00fcr ausl\u00e4ndische Studierende<\/a><\/p>\n\r\n\t\t<\/div>\r\n\t<\/div><\/div><div class=\"grve-column wpb_column grve-column-1-2\" ><div class=\"grve-column-wrapper\" ><\/div><\/div><\/div><\/div><div class=\"grve-background-wrapper\"><\/div><\/div><div class=\"grve-section grve-row-section grve-fullwidth-background grve-padding-top-1x grve-padding-bottom-3x grve-bg-none\"><div class=\"grve-container\"><div class=\"grve-row grve-bookmark grve-columns-gap-60\"><div class=\"grve-column wpb_column grve-column-1\" ><div class=\"grve-column-wrapper\" ><div class=\"grve-element grve-text\">\r\n\t\t\t<h2>FAQs<\/h2>\n\r\n\t\t<\/div>\r\n\t<div class=\"grve-element grve-accordion\"><ul class=\"grve-accordion-wrapper grve-action-accordion grve-style-1\"><li><div class=\"grve-title-wrapper grve-tab-link grve-align-left\" data-rel=\"#1658907475682-268ce80c-0db3\"><div class=\"grve-accordion-arrow grve-accordion-plus grve-position-left\"><i class=\"fa fa-plus\"><\/i><\/div><h3 class=\"grve-title grve-h6\">Kann ich mein Studium auch mit dem Deutsch-Niveau A2 anfangen?<\/h3><\/div><div class=\"grve-accordion-content\" id=\"1658907475682-268ce80c-0db3\"><div class=\"grve-element grve-text\">\r\n\t\t\t<p>Bereits bei der Antragstellung m\u00fcssen Studienbewerber\/innen die Deutschkenntnisse auf dem Niveau A2 nachweisen k\u00f6nnen. Diese Regelung gilt f\u00fcr alle Bachelor- und Diplomstudien sowie f\u00fcr die meisten Master-\/Doktorats-\/PhD-Studien mit Deutsch als Unterrichtssprache. F\u00fcr die Zulassung zu ordentlichen Studien ist die bestandene Deutschsprachpr\u00fcfung auf dem Niveau B2 erforderlich.<\/p>\n\r\n\t\t<\/div>\r\n\t<\/div><\/li><li><div class=\"grve-title-wrapper grve-tab-link grve-align-left\" data-rel=\"#1658907588808-3945a1ed-b509\"><div class=\"grve-accordion-arrow grve-accordion-plus grve-position-left\"><i class=\"fa fa-plus\"><\/i><\/div><h3 class=\"grve-title grve-h6\">Are there any study programmes in English language at the University of Innsbruck?<\/h3><\/div><div class=\"grve-accordion-content\" id=\"1658907588808-3945a1ed-b509\"><div class=\"grve-element grve-text\">\r\n\t\t\t<p>Yes, there are 17 Master\u00b4s programmes in English and 19 PhD\/doctoral programmes with classes in both languages.<\/p>\n\r\n\t\t<\/div>\r\n\t<\/div><\/li><li><div class=\"grve-title-wrapper grve-tab-link grve-align-left\" data-rel=\"#1658907637755-0fc58440-ae51\"><div class=\"grve-accordion-arrow grve-accordion-plus grve-position-left\"><i class=\"fa fa-plus\"><\/i><\/div><h3 class=\"grve-title grve-h6\">Darf ich neben dem Studium arbeiten?<\/h3><\/div><div class=\"grve-accordion-content\" id=\"1658907637755-0fc58440-ae51\"><div class=\"grve-element grve-text\">\r\n\t\t\t<p>B\u00fcrger\/innen aus den EU-Mitgliedstaaten und den EWR-Staaten Island, Norwegen und Liechtenstein haben freien Zugang zum \u00f6sterreichischen Arbeitsmarkt und ben\u00f6tigen keine arbeitsmarktbeh\u00f6rdliche Berechtigung zur Arbeitsaufnahme. Drittstaatsangeh\u00f6rige d\u00fcrfen grunds\u00e4tzlich bis zu maximal 20 Wochenstunden arbeiten, jedoch unter Erf\u00fcllung einiger Voraussetzungen. Wenn du mehr als 20 Wochenstunden arbeiten m\u00f6chtest, so sind hier einige Punkte zu beachten.<\/p>\n\r\n\t\t<\/div>\r\n\t<\/div><\/li><li><div class=\"grve-title-wrapper grve-tab-link grve-align-left\" data-rel=\"#1658907685939-2e654839-8b71\"><div class=\"grve-accordion-arrow grve-accordion-plus grve-position-left\"><i class=\"fa fa-plus\"><\/i><\/div><h3 class=\"grve-title grve-h6\">Ich komme aus dem Ausland, bekomme ich auch ein Stipendium?<\/h3><\/div><div class=\"grve-accordion-content\" id=\"1658907685939-2e654839-8b71\"><div class=\"grve-element grve-text\">\r\n\t\t\t<p>Grunds\u00e4tzlich ja. Hier sind jedoch sehr viele Besonderheiten zu beachten. Wende Dich bitte an uns oder direkt an die Stipendienstelle, um detaillierte Antworten zu bekommen.<\/p>\n\r\n\t\t<\/div>\r\n\t<\/div><\/li><li><div class=\"grve-title-wrapper grve-tab-link grve-align-left\" data-rel=\"#1658907733912-1be82f0e-b3b5\"><div class=\"grve-accordion-arrow grve-accordion-plus grve-position-left\"><i class=\"fa fa-plus\"><\/i><\/div><h3 class=\"grve-title grve-h6\">Welche Veranstaltungen werden f\u00fcr ausl\u00e4ndische Studierende organisiert?<\/h3><\/div><div class=\"grve-accordion-content\" id=\"1658907733912-1be82f0e-b3b5\"><div class=\"grve-element grve-text\">\r\n\t\t\t<p>Zwei Mal pro Jahr organisieren wir Reisen nach Verona oder Venedig und zum Salzburger Christkindlmarkt. Ausl\u00e4ndische Studierende haben eine gute Gelegenheit mit \u00f6sterreichischen Studentinnen interessante Destinationen zusammen zu entdecken und dabei einander kennenzulernen.<\/p>\n\r\n\t\t<\/div>\r\n\t<\/div><\/li><li><div class=\"grve-title-wrapper grve-tab-link grve-align-left\" data-rel=\"#1658907825764-522de592-e9ff\"><div class=\"grve-accordion-arrow grve-accordion-plus grve-position-left\"><i class=\"fa fa-plus\"><\/i><\/div><h3 class=\"grve-title grve-h6\">Wo kann ich eine Rechtshilfe bekommen?<\/h3><\/div><div class=\"grve-accordion-content\" id=\"1658907825764-522de592-e9ff\"><div class=\"grve-element grve-text\">\r\n\t\t\t<p>Bei Fragen wegen der Sozialversicherung, des Aufenthaltsrechts oder des Mietrechts wende Dich bitte umgehend an uns oder an unsere Rechtsberatung.<\/p>\n\r\n\t\t<\/div>\r\n\t<\/div><\/li><\/ul><\/div><\/div><\/div><\/div><\/div><div class=\"grve-background-wrapper\"><\/div><\/div><div class=\"grve-section grve-row-section grve-fullwidth-background grve-padding-top-3x grve-padding-bottom-3x grve-bg-none grve-headings-light\"  style=\"background-color:#ff9000;color:#ffffff;\"><div class=\"grve-container\"><div class=\"grve-row grve-bookmark grve-columns-gap-none\"><div class=\"grve-column wpb_column grve-column-2-3\" ><div class=\"grve-column-wrapper\" ><div class=\"grve-element grve-text vc_custom_1605348270130\">\r\n\t\t\t<div class=\"cta-text\"><span style=\"color: #ffffff;\">Es gibt noch viele weitere Angebote f\u00fcr dich<\/span><\/div>\n\r\n\t\t<\/div>\r\n\t<\/div><\/div><div class=\"grve-column wpb_column grve-column-1-3\" ><div class=\"grve-column-wrapper\" ><div class=\"grve-element grve-align-center\"><a href=\"https:\/\/www.oehweb.at\/en\/services\/\" title=\"Services\" class=\"grve-btn grve-btn-small grve-round grve-bg-white grve-bg-hover-grey\"><span>alle Services<\/span><\/a><\/div><\/div><\/div><\/div><\/div><div class=\"grve-background-wrapper\"><\/div><\/div>","protected":false},"excerpt":{"rendered":"Referat f\u00fcr Ausl\u00e4ndische Studierende Das Referat f\u00fcr ausl\u00e4ndische Studierende bietet eine umfassende Beratung in unterschiedlichen Sprachen sowie eine Unterst\u00fctzung vor und nach der Einreise nach Innsbruck an. Aufenthaltsbewilligung, Inskription, Job und Stipendium \u2013 Wir helfen dir bei all' deinen Fragen und stehen dir mit Rat und Tat zur Seite! Fragen? Wir helfen! Wir im Referat [...]","protected":false},"author":1,"featured_media":0,"parent":638,"menu_order":0,"comment_status":"closed","ping_status":"closed","template":"","meta":{"inline_featured_image":false,"footnotes":""},"class_list":["post-559","page","type-page","status-publish","hentry"],"yoast_head":"<!-- This site is optimized with the Yoast SEO plugin v21.8.1 - https:\/\/yoast.com\/wordpress\/plugins\/seo\/ -->\n<title>Referat f\u00fcr ausl\u00e4ndische Studierende - \u00d6H Innsbruck<\/title>\n<meta name=\"robots\" content=\"index, follow, max-snippet:-1, max-image-preview:large, max-video-preview:-1\" \/>\n<link rel=\"canonical\" href=\"https:\/\/www.oehweb.at\/en\/deine-oeh\/referate\/auslaendische-studierende\/\" \/>\n<meta property=\"og:locale\" content=\"en_GB\" \/>\n<meta property=\"og:type\" content=\"article\" \/>\n<meta property=\"og:title\" content=\"Referat f\u00fcr ausl\u00e4ndische Studierende - \u00d6H Innsbruck\" \/>\n<meta property=\"og:url\" content=\"https:\/\/www.oehweb.at\/en\/deine-oeh\/referate\/auslaendische-studierende\/\" \/>\n<meta property=\"og:site_name\" content=\"\u00d6H Innsbruck\" \/>\n<meta property=\"article:modified_time\" content=\"2026-07-20T09:01:08+00:00\" \/>\n<meta name=\"twitter:card\" content=\"summary_large_image\" \/>\n<meta name=\"twitter:label1\" content=\"Estimated reading time\" \/>\n\t<meta name=\"twitter:data1\" content=\"4 minutes\" \/>\n<script type=\"application\/ld+json\" class=\"yoast-schema-graph\">{\"@context\":\"https:\/\/schema.org\",\"@graph\":[{\"@type\":\"WebPage\",\"@id\":\"https:\/\/www.oehweb.at\/deine-oeh\/referate\/auslaendische-studierende\/\",\"url\":\"https:\/\/www.oehweb.at\/deine-oeh\/referate\/auslaendische-studierende\/\",\"name\":\"Referat f\u00fcr ausl\u00e4ndische Studierende - \u00d6H Innsbruck\",\"isPartOf\":{\"@id\":\"https:\/\/www.oehweb.at\/#website\"},\"datePublished\":\"2020-11-16T09:49:53+00:00\",\"dateModified\":\"2026-07-20T09:01:08+00:00\",\"breadcrumb\":{\"@id\":\"https:\/\/www.oehweb.at\/deine-oeh\/referate\/auslaendische-studierende\/#breadcrumb\"},\"inLanguage\":\"en-GB\",\"potentialAction\":[{\"@type\":\"ReadAction\",\"target\":[\"https:\/\/www.oehweb.at\/deine-oeh\/referate\/auslaendische-studierende\/\"]}]},{\"@type\":\"BreadcrumbList\",\"@id\":\"https:\/\/www.oehweb.at\/deine-oeh\/referate\/auslaendische-studierende\/#breadcrumb\",\"itemListElement\":[{\"@type\":\"ListItem\",\"position\":1,\"name\":\"Home\",\"item\":\"https:\/\/www.oehweb.at\/\"},{\"@type\":\"ListItem\",\"position\":2,\"name\":\"Deine \u00d6H\",\"item\":\"https:\/\/www.oehweb.at\/deine-oeh\/\"},{\"@type\":\"ListItem\",\"position\":3,\"name\":\"Referate\",\"item\":\"https:\/\/www.oehweb.at\/deine-oeh\/referate\/\"},{\"@type\":\"ListItem\",\"position\":4,\"name\":\"Referat f\u00fcr ausl\u00e4ndische Studierende\"}]},{\"@type\":\"WebSite\",\"@id\":\"https:\/\/www.oehweb.at\/#website\",\"url\":\"https:\/\/www.oehweb.at\/\",\"name\":\"\u00d6H Innsbruck\",\"description\":\"Wir sind die \u00d6sterreichische Hochsch\u00fclerInnenschaft an der Universit\u00e4t Innsbruck\",\"publisher\":{\"@id\":\"https:\/\/www.oehweb.at\/#organization\"},\"potentialAction\":[{\"@type\":\"SearchAction\",\"target\":{\"@type\":\"EntryPoint\",\"urlTemplate\":\"https:\/\/www.oehweb.at\/?s={search_term_string}\"},\"query-input\":\"required name=search_term_string\"}],\"inLanguage\":\"en-GB\"},{\"@type\":\"Organization\",\"@id\":\"https:\/\/www.oehweb.at\/#organization\",\"name\":\"\u00d6H Innsrbruck\",\"url\":\"https:\/\/www.oehweb.at\/\",\"logo\":{\"@type\":\"ImageObject\",\"inLanguage\":\"en-GB\",\"@id\":\"https:\/\/www.oehweb.at\/#\/schema\/logo\/image\/\",\"url\":\"https:\/\/www.oehweb.at\/wp-content\/uploads\/2020\/11\/OEH-Innsbruck-Logo.svg\",\"contentUrl\":\"https:\/\/www.oehweb.at\/wp-content\/uploads\/2020\/11\/OEH-Innsbruck-Logo.svg\",\"width\":448,\"height\":255,\"caption\":\"\u00d6H Innsrbruck\"},\"image\":{\"@id\":\"https:\/\/www.oehweb.at\/#\/schema\/logo\/image\/\"}}]}<\/script>\n<!-- \/ Yoast SEO plugin. -->","yoast_head_json":{"title":"Referat f\u00fcr ausl\u00e4ndische Studierende - \u00d6H Innsbruck","robots":{"index":"index","follow":"follow","max-snippet":"max-snippet:-1","max-image-preview":"max-image-preview:large","max-video-preview":"max-video-preview:-1"},"canonical":"https:\/\/www.oehweb.at\/en\/deine-oeh\/referate\/auslaendische-studierende\/","og_locale":"en_GB","og_type":"article","og_title":"Referat f\u00fcr ausl\u00e4ndische Studierende - \u00d6H Innsbruck","og_url":"https:\/\/www.oehweb.at\/en\/deine-oeh\/referate\/auslaendische-studierende\/","og_site_name":"\u00d6H Innsbruck","article_modified_time":"2026-07-20T09:01:08+00:00","twitter_card":"summary_large_image","twitter_misc":{"Estimated reading time":"4 minutes"},"schema":{"@context":"https:\/\/schema.org","@graph":[{"@type":"WebPage","@id":"https:\/\/www.oehweb.at\/deine-oeh\/referate\/auslaendische-studierende\/","url":"https:\/\/www.oehweb.at\/deine-oeh\/referate\/auslaendische-studierende\/","name":"Referat f\u00fcr ausl\u00e4ndische Studierende - \u00d6H Innsbruck","isPartOf":{"@id":"https:\/\/www.oehweb.at\/#website"},"datePublished":"2020-11-16T09:49:53+00:00","dateModified":"2026-07-20T09:01:08+00:00","breadcrumb":{"@id":"https:\/\/www.oehweb.at\/deine-oeh\/referate\/auslaendische-studierende\/#breadcrumb"},"inLanguage":"en-GB","potentialAction":[{"@type":"ReadAction","target":["https:\/\/www.oehweb.at\/deine-oeh\/referate\/auslaendische-studierende\/"]}]},{"@type":"BreadcrumbList","@id":"https:\/\/www.oehweb.at\/deine-oeh\/referate\/auslaendische-studierende\/#breadcrumb","itemListElement":[{"@type":"ListItem","position":1,"name":"Home","item":"https:\/\/www.oehweb.at\/"},{"@type":"ListItem","position":2,"name":"Deine \u00d6H","item":"https:\/\/www.oehweb.at\/deine-oeh\/"},{"@type":"ListItem","position":3,"name":"Referate","item":"https:\/\/www.oehweb.at\/deine-oeh\/referate\/"},{"@type":"ListItem","position":4,"name":"Referat f\u00fcr ausl\u00e4ndische Studierende"}]},{"@type":"WebSite","@id":"https:\/\/www.oehweb.at\/#website","url":"https:\/\/www.oehweb.at\/","name":"\u00d6H Innsbruck","description":"Wir sind die \u00d6sterreichische Hochsch\u00fclerInnenschaft an der Universit\u00e4t Innsbruck","publisher":{"@id":"https:\/\/www.oehweb.at\/#organization"},"potentialAction":[{"@type":"SearchAction","target":{"@type":"EntryPoint","urlTemplate":"https:\/\/www.oehweb.at\/?s={search_term_string}"},"query-input":"required name=search_term_string"}],"inLanguage":"en-GB"},{"@type":"Organization","@id":"https:\/\/www.oehweb.at\/#organization","name":"\u00d6H Innsrbruck","url":"https:\/\/www.oehweb.at\/","logo":{"@type":"ImageObject","inLanguage":"en-GB","@id":"https:\/\/www.oehweb.at\/#\/schema\/logo\/image\/","url":"https:\/\/www.oehweb.at\/wp-content\/uploads\/2020\/11\/OEH-Innsbruck-Logo.svg","contentUrl":"https:\/\/www.oehweb.at\/wp-content\/uploads\/2020\/11\/OEH-Innsbruck-Logo.svg","width":448,"height":255,"caption":"\u00d6H Innsrbruck"},"image":{"@id":"https:\/\/www.oehweb.at\/#\/schema\/logo\/image\/"}}]}},"_links":{"self":[{"href":"https:\/\/www.oehweb.at\/en\/wp-json\/wp\/v2\/pages\/559","targetHints":{"allow":["GET"]}}],"collection":[{"href":"https:\/\/www.oehweb.at\/en\/wp-json\/wp\/v2\/pages"}],"about":[{"href":"https:\/\/www.oehweb.at\/en\/wp-json\/wp\/v2\/types\/page"}],"author":[{"embeddable":true,"href":"https:\/\/www.oehweb.at\/en\/wp-json\/wp\/v2\/users\/1"}],"replies":[{"embeddable":true,"href":"https:\/\/www.oehweb.at\/en\/wp-json\/wp\/v2\/comments?post=559"}],"version-history":[{"count":117,"href":"https:\/\/www.oehweb.at\/en\/wp-json\/wp\/v2\/pages\/559\/revisions"}],"predecessor-version":[{"id":11680,"href":"https:\/\/www.oehweb.at\/en\/wp-json\/wp\/v2\/pages\/559\/revisions\/11680"}],"up":[{"embeddable":true,"href":"https:\/\/www.oehweb.at\/en\/wp-json\/wp\/v2\/pages\/638"}],"wp:attachment":[{"href":"https:\/\/www.oehweb.at\/en\/wp-json\/wp\/v2\/media?parent=559"}],"curies":[{"name":"wp","href":"https:\/\/api.w.org\/{rel}","templated":true}]}}