{"id":574,"date":"2020-11-16T12:14:48","date_gmt":"2020-11-16T11:14:48","guid":{"rendered":"https:\/\/www.oehweb.at\/deine-oeh\/unipress-copy\/"},"modified":"2026-07-02T10:33:33","modified_gmt":"2026-07-02T08:33:33","slug":"bildungspolitik-und-digitalisierung","status":"publish","type":"page","link":"https:\/\/www.oehweb.at\/en\/deine-oeh\/referate\/bildungspolitik-und-digitalisierung\/","title":{"rendered":"Bildungspolitik und Digitalisierung"},"content":{"rendered":"<div class=\"grve-section grve-row-section grve-fullwidth-background grve-padding-top-3x grve-padding-bottom-3x grve-bg-none grve-headings-light\"  style=\"color:#ffffff;\"><div class=\"grve-container\"><div class=\"grve-row grve-bookmark grve-columns-gap-30\"><div class=\"grve-column wpb_column grve-column-1-2\" ><div class=\"grve-column-wrapper\" ><div class=\"grve-element grve-text grve-leader-text\">\r\n\t\t\t<div class=\"grve-small-text\"><span class=\"\">Internes Referat<\/span><\/div>\n<h1>Bildungspolitik und Digitalisierung<\/h1>\n<p>Das Bildungspolitische Referat setzt sich f\u00fcr die Verbesserung des Studienrechts f\u00fcr uns Studierende ein und ist f\u00fcr dich da, wenn du Fragen zum rechtlichen Rahmen deines Studiums hast.<\/p>\n\r\n\t\t<\/div>\r\n\t<\/div><\/div><\/div><\/div><div class=\"grve-background-wrapper\">  <div class=\"grve-bg-image grve-bg-center-center grve-bg-image-id-576\"   style=\"background-image: url(https:\/\/www.oehweb.at\/wp-content\/uploads\/2020\/11\/oeh-innsbruck-bildungspolitik.jpg);\"><\/div>  <div class=\"grve-bg-overlay\" style=\"background:rgba(27,29,31,0.5); background: linear-gradient(180deg,rgba(27,29,31,0.5) 0%,rgba(27,29,31,0.75) 100%);\"><\/div><\/div><\/div><div class=\"grve-section grve-row-section grve-fullwidth-background grve-bg-none\"  style=\"background:#ff9000;background: linear-gradient(90deg,#ff9000 0%,#ff9000 100%);padding-top: 15px;\"><div class=\"grve-container\"><div class=\"grve-row grve-bookmark grve-columns-gap-30\"><div class=\"grve-column wpb_column grve-column-1\" ><div class=\"grve-column-wrapper\" ><div class=\"grve-element grve-text\">\r\n\t\t\t\r\n\t\t<\/div>\r\n\t<\/div><\/div><\/div><\/div><div class=\"grve-background-wrapper\"><\/div><\/div><div class=\"grve-section grve-row-section grve-fullwidth-background grve-padding-top-4x grve-padding-bottom-1x grve-bg-none\"><div class=\"grve-container\"><div class=\"grve-row grve-bookmark grve-columns-gap-10\"><div class=\"grve-column wpb_column grve-column-1-3\" ><div class=\"grve-column-wrapper\" ><div class=\"grve-element grve-text\">\r\n\t\t\t<h2>Verordnungen, Vorschriften und Gesetze<\/h2>\n\r\n\t\t<\/div>\r\n\t<\/div><\/div><div class=\"grve-column wpb_column grve-column-2-3\" ><div class=\"grve-column-wrapper\" ><div class=\"grve-element grve-text vc_custom_1607610984173\">\r\n\t\t\t<p>Das BiPol-Referat hat die Aufgabe, sich mit bildungspolitischen Themen auseinanderzusetzen, die das Studierendenleben betreffen. Es informiert die Universit\u00e4tsvertretung, andere Referate und nat\u00fcrlich die Studentinnen und Studenten \u00fcber die potentiellen Folgen von Gesetzes\u00e4nderungen, Verordnungen und anderen Vorschriften auf Universit\u00e4tsebene. Zus\u00e4tzlich verfasst es Stellungnahmen im Auftrag der \u00d6H, die sich mit neuen Gesetzesentw\u00fcrfen befassen und dient zur Beratung der Studentinnen und Studenten bei rechtlichen Fragen.<\/p>\n<p>Des Weiteren befasst sich das BiPol-Referat mit gesellschaftspolitischen Problemen an der Universit\u00e4t (zusammen mit den anderen Fachreferaten) und erstellt Konzepte f\u00fcr ein verbessertes Studienklima, vor allem im Bereich der Studien und der Strukturierungen der Universit\u00e4t.<\/p>\n\r\n\t\t<\/div>\r\n\t<\/div><\/div><\/div><\/div><div class=\"grve-background-wrapper\"><\/div><\/div><div class=\"grve-section grve-row-section grve-fullwidth-background grve-padding-top-1x grve-padding-bottom-1x grve-bg-none\"  style=\"color:#000000;\"><div class=\"grve-container\"><div class=\"grve-row grve-bookmark grve-columns-gap-10\"><div class=\"grve-column wpb_column grve-column-1-3\" ><div class=\"grve-column-wrapper\" ><div class=\"grve-empty-space grve-height-2x\" style=\"\"><\/div><div class=\"grve-element grve-text vc_custom_1605525366300\">\r\n\t\t\t<h2>Deine<br \/>\nAnsprech-<br \/>\nperson<\/h2>\n\r\n\t\t<\/div>\r\n\t<div class=\"grve-element grve-text zeilenabstand-large\">\r\n\t\t\t<div><span style=\"color: #000000;\"><strong>E-Mail: <\/strong><a href=\"mailto:BiPol-oeh@uibk.ac.at\">BiPol-oeh@uibk.ac.at<\/a> <\/span><br \/>\n<span style=\"color: #000000;\"><strong>Telefon:<\/strong> +43 512 507-35600<\/span><br \/>\n<span style=\"color: #000000;\"><span style=\"color: #000000;\"><strong>Adresse:<\/strong> Josef-Hirn Stra\u00dfe 7, 2. Stock<br \/>\n<\/span><\/span><\/div>\n\r\n\t\t<\/div>\r\n\t<div class=\"grve-element grve-text\">\r\n\t\t\t<p>&nbsp;<\/p>\n\r\n\t\t<\/div>\r\n\t<div class=\"grve-element grve-text\">\r\n\t\t\t<p><strong>Beratungszeiten SoSe 2026 Vorlesungszeit:<br \/>\n<\/strong>Gerne bekommst du einen Termin &#8211; nach vorheriger Anfrage per Mail!<\/p>\n<p><strong>Beratungszeiten Sommerferien 2026:<\/strong><br \/>\nEmails werden selbstverst\u00e4ndlich auch in den Ferien beantwortet!<\/p>\n\r\n\t\t<\/div>\r\n\t<\/div><\/div><div class=\"grve-column wpb_column grve-column-2-3\" ><div class=\"grve-column-wrapper\" ><div class=\"grve-row-inner grve-bookmark\">\r\n\t\t<div class=\"grve-column-inner wpb_column grve-column-1-3\">\r\n\t\t\t<div class=\"grve-column-wrapper-inner\">\r\n\t\t\t\r\n\t\t\t<\/div>\r\n\t\t<\/div>\r\n\t\r\n\t\t<div class=\"grve-column-inner wpb_column grve-column-1-3\">\r\n\t\t\t<div class=\"grve-column-wrapper-inner\">\r\n\t\t\t\r\n\t\t\t\t<div class=\"grve-team grve-element grve-layout-1\" style=\"\">\r\n\t\t\t<figure class=\"grve-image-hover grve-zoom-none\">\r\n\t\t\t\t\t\t\t\t<div class=\"grve-team-person\">\r\n\t\t\t\t\t<div class=\"grve-bg-light grve-hover-overlay grve-opacity-0\"><\/div>\r\n\t\t\t\t\t<img loading=\"lazy\" decoding=\"async\" width=\"1200\" height=\"1800\" src=\"https:\/\/www.oehweb.at\/wp-content\/uploads\/2025\/07\/Lukas-Plattner_geaendert.jpg\" class=\"attachment-full size-full\" alt=\"\" srcset=\"https:\/\/www.oehweb.at\/wp-content\/uploads\/2025\/07\/Lukas-Plattner_geaendert.jpg 1200w, https:\/\/www.oehweb.at\/wp-content\/uploads\/2025\/07\/Lukas-Plattner_geaendert-200x300.jpg 200w, https:\/\/www.oehweb.at\/wp-content\/uploads\/2025\/07\/Lukas-Plattner_geaendert-683x1024.jpg 683w, https:\/\/www.oehweb.at\/wp-content\/uploads\/2025\/07\/Lukas-Plattner_geaendert-768x1152.jpg 768w, https:\/\/www.oehweb.at\/wp-content\/uploads\/2025\/07\/Lukas-Plattner_geaendert-1024x1536.jpg 1024w\" sizes=\"auto, (max-width: 1200px) 100vw, 1200px\" \/>\t\t\t\t<\/div>\r\n\t\t\t\t<figcaption>\r\n\t\t\t\t\t<ul class=\"grve-team-social grve-align-center\">\r\n\t\t\t\t\t\t\t\t\t\t\t<\/ul>\r\n\t\t\t\t<\/figcaption>\r\n\t\t\t<\/figure>\r\n\t\t\t<div class=\"grve-team-description grve-align-center\">\r\n\t\t\t\t\t\t\t\t<div class=\"grve-team-identity grve-link-text\">Referent_in<\/div>\r\n\t\t\t\t\t\t\t\t\t\t\t\t<h6 class=\"grve-team-name grve-text-hover-primary-1 grve-h6\">Lukas Plattner<\/h6>\r\n\t\t\t\t\t\t\t<\/div>\r\n\t\t<\/div>\r\n\t\t\r\n\t\t\r\n\t\t\t<\/div>\r\n\t\t<\/div>\r\n\t\r\n\t\t<div class=\"grve-column-inner wpb_column grve-column-1-3\">\r\n\t\t\t<div class=\"grve-column-wrapper-inner\">\r\n\t\t\t\r\n\t\t\t\t<div class=\"grve-team grve-element grve-layout-1\" style=\"\">\r\n\t\t\t<figure class=\"grve-image-hover grve-zoom-none\">\r\n\t\t\t\t\t\t\t\t<div class=\"grve-team-person\">\r\n\t\t\t\t\t<div class=\"grve-bg-light grve-hover-overlay grve-opacity-0\"><\/div>\r\n\t\t\t\t\t<img loading=\"lazy\" decoding=\"async\" width=\"667\" height=\"1000\" src=\"https:\/\/www.oehweb.at\/wp-content\/uploads\/2020\/12\/OEH-Innsbruck-dummy.svg\" class=\"attachment-full size-full\" alt=\"\" \/>\t\t\t\t<\/div>\r\n\t\t\t\t<figcaption>\r\n\t\t\t\t\t<ul class=\"grve-team-social grve-align-center\">\r\n\t\t\t\t\t\t\t\t\t\t\t<\/ul>\r\n\t\t\t\t<\/figcaption>\r\n\t\t\t<\/figure>\r\n\t\t\t<div class=\"grve-team-description grve-align-center\">\r\n\t\t\t\t\t\t\t\t<div class=\"grve-team-identity grve-link-text\">SB<\/div>\r\n\t\t\t\t\t\t\t\t\t\t\t\t<h6 class=\"grve-team-name grve-text-hover-primary-1 grve-h6\">Florian Gruber<\/h6>\r\n\t\t\t\t\t\t\t<\/div>\r\n\t\t<\/div>\r\n\t\t\r\n\t\t\r\n\t\t\t<\/div>\r\n\t\t<\/div>\r\n\t<\/div><\/div><\/div><\/div><\/div><div class=\"grve-background-wrapper\"><\/div><\/div><div class=\"grve-section grve-row-section grve-fullwidth-background grve-padding-top-1x grve-padding-bottom-1x grve-bg-none\"  style=\"color:#000000;\"><div class=\"grve-container\"><div class=\"grve-row grve-bookmark grve-columns-gap-60\"><div class=\"grve-column wpb_column grve-column-1\"  style=\"color:#b2b2b2;\" ><div class=\"grve-column-wrapper vc_custom_1664533700097\" ><div class=\"grve-element grve-text\">\r\n\t\t\t<h3 class=\"center-mobile\"><strong>Relevante Dokumente<\/strong><\/h3>\n\r\n\t\t<\/div>\r\n\t<div class=\"grve-element grve-text\">\r\n\t\t\t\r\n\t\t<\/div>\r\n\t<div class=\"grve-element grve-text\">\r\n\t\t\t<p><a href=\"https:\/\/www.oehweb.at\/wp-content\/uploads\/2022\/02\/Positionspapier_Moderne_Lehre.pdf\"><strong>Positonspapier Modernisierung der Lehre<\/strong><\/a><\/p>\n\r\n\t\t<\/div>\r\n\t<div class=\"grve-element grve-text\">\r\n\t\t\t<p><a href=\"https:\/\/www.oehweb.at\/wp-content\/uploads\/2024\/03\/PositionspapierKI.pdf\"><strong>Positionspapier KI<\/strong><\/a><\/p>\n\r\n\t\t<\/div>\r\n\t<div class=\"grve-element grve-text\">\r\n\t\t\t<p><a href=\"https:\/\/www.oehweb.at\/wp-content\/uploads\/2023\/03\/OeH_Umfrage_Auswertung_Erhebungszeitraum_SoSe22.pdf\"><strong>Auswertung \u00d6H-Umfrage<\/strong><\/a><\/p>\n\r\n\t\t<\/div>\r\n\t<\/div><\/div><\/div><\/div><div class=\"grve-background-wrapper\"><\/div><\/div><div class=\"grve-section grve-row-section grve-fullwidth-background grve-padding-top-1x grve-padding-bottom-1x grve-bg-none\"><div class=\"grve-container\"><div class=\"grve-row grve-bookmark grve-columns-gap-30\"><div class=\"grve-column wpb_column grve-column-1\" ><div class=\"grve-column-wrapper\" ><div class=\"grve-element grve-text\">\r\n\t\t\t<h2>FAQs<\/h2>\n\r\n\t\t<\/div>\r\n\t<\/div><\/div><\/div><\/div><div class=\"grve-background-wrapper\"><\/div><\/div><div class=\"grve-section grve-row-section grve-fullwidth-background grve-padding-top-1x grve-padding-bottom-1x grve-bg-none\"><div class=\"grve-container\"><div class=\"grve-row grve-bookmark grve-columns-gap-10\"><div class=\"grve-column wpb_column grve-column-1-2\" ><div class=\"grve-column-wrapper\" ><div class=\"grve-element grve-text\">\r\n\t\t\t<div class=\"grve-container\">\n<div class=\"grve-row grve-bookmark grve-columns-gap-30\">\n<div class=\"grve-column wpb_column grve-column-1-2\">\n<div class=\"grve-column-wrapper\">\n<div class=\"grve-element grve-text grve-leader-text\">\n<h3><strong>UG Novelle<\/strong><\/h3>\n<hr style=\"border-color: #ff9000;\" \/>\n<\/div>\n<\/div>\n<\/div>\n<\/div>\n<\/div>\n\r\n\t\t<\/div>\r\n\t<div class=\"grve-element grve-accordion\"><ul class=\"grve-accordion-wrapper grve-action-accordion grve-style-1\"><li><div class=\"grve-title-wrapper grve-tab-link grve-align-left\" data-rel=\"#1669277104050-42e6fe6c-2704\"><div class=\"grve-accordion-arrow grve-accordion-plus grve-position-left\"><i class=\"fa fa-plus\"><\/i><\/div><h3 class=\"grve-title grve-h6\">Mindeststudienleistung<\/h3><\/div><div class=\"grve-accordion-content\" id=\"1669277104050-42e6fe6c-2704\"><div class=\"grve-element grve-text\">\r\n\t\t\t<ul>\n<li>Seit WS 22\/23 m\u00fcssen in jedem (neu oder wieder) aufgenommenen Bachelor- oder Diplomstudium min. 16 ECTS innerhalb der ersten vier Semestern absolviert werden. Bei Nichterbringung der Mindeststudienleistung erl\u00f6scht die Zulassung zum jeweiligen Studium und kann erst nach vier Semestern wieder erfolgen.<\/li>\n<\/ul>\n\r\n\t\t<\/div>\r\n\t<\/div><\/li><li><div class=\"grve-title-wrapper grve-tab-link grve-align-left\" data-rel=\"#1669277104087-a1b77cf9-7a67\"><div class=\"grve-accordion-arrow grve-accordion-plus grve-position-left\"><i class=\"fa fa-plus\"><\/i><\/div><h3 class=\"grve-title grve-h6\">STEOP<\/h3><\/div><div class=\"grve-accordion-content\" id=\"1669277104087-a1b77cf9-7a67\"><div class=\"grve-element grve-text\">\r\n\t\t\t<p>Alle STEOP-Pr\u00fcfungen m\u00fcssen positiv absolviert werden, damit du dein Studium weiter fortsetzten kannst. Im Curriculum kann vorgesehen werden, dass ohne absolvierte STEOP bis zu 22 ECTS vorgezogen werden k\u00f6nnen.<\/p>\n\r\n\t\t<\/div>\r\n\t<\/div><\/li><li><div class=\"grve-title-wrapper grve-tab-link grve-align-left\" data-rel=\"#1669277797102-84e30af3-d334\"><div class=\"grve-accordion-arrow grve-accordion-plus grve-position-left\"><i class=\"fa fa-plus\"><\/i><\/div><h3 class=\"grve-title grve-h6\">Beweislastumkehr<\/h3><\/div><div class=\"grve-accordion-content\" id=\"1669277797102-84e30af3-d334\"><div class=\"grve-element grve-text\">\r\n\t\t\t<p>M\u00f6chtest du dir anderswo erbrachte Studienleistungen anrechnen lassen, liegt die Beweislast nun bei der Universit\u00e4t. Sprich sie muss belegen, warum die Studienleistungen NICHT anerkannt werden \u2013 dabei wird nun auf die wesentlichen Lernergebnisse abgestellt.<\/p>\n\r\n\t\t<\/div>\r\n\t<\/div><\/li><li><div class=\"grve-title-wrapper grve-tab-link grve-align-left\" data-rel=\"#1669277832766-dc3db344-f610\"><div class=\"grve-accordion-arrow grve-accordion-plus grve-position-left\"><i class=\"fa fa-plus\"><\/i><\/div><h3 class=\"grve-title grve-h6\">Pr\u00fcfungsanerkennung<\/h3><\/div><div class=\"grve-accordion-content\" id=\"1669277832766-dc3db344-f610\"><div class=\"grve-element grve-text\">\r\n\t\t\t<p>Die Anerkennung von vor Studienzulassung absolvierten Lehrveranstaltungen oder Pr\u00fcfungen kann<strong>\u00a0<\/strong>nun nur mehr bis sp\u00e4testens Ende des zweiten Semesters beantragt\u00a0werden. Danach ist das f\u00fcr das betreffende Studium nicht mehr m\u00f6glich.<\/p>\n\r\n\t\t<\/div>\r\n\t<\/div><\/li><li><div class=\"grve-title-wrapper grve-tab-link grve-align-left\" data-rel=\"#1669277871182-f99a61ce-9ef0\"><div class=\"grve-accordion-arrow grve-accordion-plus grve-position-left\"><i class=\"fa fa-plus\"><\/i><\/div><h3 class=\"grve-title grve-h6\">Keine Nachfrist mehr<\/h3><\/div><div class=\"grve-accordion-content\" id=\"1669277871182-f99a61ce-9ef0\"><div class=\"grve-element grve-text\">\r\n\t\t\t<p>Seit dem WiSe 22\/23 gibt es keine Nachfrist mehr bez\u00fcglich der Zahlung des \u00d6H-Beitrages, der Fortsetzungsmeldung (31.10. WiSe; 31.03. SoSe) und der Zulassungsfrist zum Studium (05.09. WiSe; 05.02. SoSe).<\/p>\n\r\n\t\t<\/div>\r\n\t<\/div><\/li><\/ul><\/div><\/div><\/div><div class=\"grve-column wpb_column grve-column-1-2\" ><div class=\"grve-column-wrapper\" ><div class=\"grve-element grve-text\">\r\n\t\t\t<div class=\"grve-container\">\n<div class=\"grve-row grve-bookmark grve-columns-gap-30\">\n<div class=\"grve-column wpb_column grve-column-1-2\">\n<div class=\"grve-column-wrapper\">\n<div class=\"grve-element grve-text grve-leader-text\">\n<h3><strong>Pr\u00fcfungen<\/strong><\/h3>\n<hr style=\"border-color: #ff9000;\" \/>\n<\/div>\n<\/div>\n<\/div>\n<\/div>\n<\/div>\n\r\n\t\t<\/div>\r\n\t<div class=\"grve-element grve-accordion\"><ul class=\"grve-accordion-wrapper grve-action-accordion grve-style-1\"><li><div class=\"grve-title-wrapper grve-tab-link grve-align-left\" data-rel=\"#1669278025711-e2045af1-5b7f\"><div class=\"grve-accordion-arrow grve-accordion-plus grve-position-left\"><i class=\"fa fa-plus\"><\/i><\/div><h3 class=\"grve-title grve-h6\">Pr\u00fcfungstermine<\/h3><\/div><div class=\"grve-accordion-content\" id=\"1669278025711-e2045af1-5b7f\"><div class=\"grve-element grve-text\">\r\n\t\t\t<ul>\n<li><em>Vorlesungs- und Fachpr\u00fcfungen<\/em>\n<ul>\n<li>Es m\u00fcssen (bei semestralen LV) mindestens drei Pr\u00fcfungstermine pro Semester angeboten werden. Grunds\u00e4tzlich jeweils zu Beginn, Mitte und Ende des Semesters. Ebenso k\u00f6nnen Pr\u00fcfungen w\u00e4hrend der LV-freien Zeit angesetzt werden.<\/li>\n<\/ul>\n<\/li>\n<\/ul>\n<p>&nbsp;<\/p>\n<ul>\n<li><em>STEOP<\/em>\n<ul>\n<li>Es m\u00fcssen mindestens zwei Pr\u00fcfungstermine pro Semester zur Verf\u00fcgung gestellt werden.<\/li>\n<\/ul>\n<\/li>\n<\/ul>\n<p><em>\u00a0<\/em><\/p>\n<ul>\n<li><em>Pr\u00fcfungsabmeldung<\/em>\n<ul>\n<li>Du musst dich sp\u00e4testens drei Tage vor der Pr\u00fcfung abmelden. Anderenfalls und wenn kein wichtiger Grund vorliegt, wirst du f\u00fcr den n\u00e4chsten Termin gesperrt.<\/li>\n<\/ul>\n<\/li>\n<\/ul>\n\r\n\t\t<\/div>\r\n\t<\/div><\/li><li><div class=\"grve-title-wrapper grve-tab-link grve-align-left\" data-rel=\"#1669278025746-b7a7f033-7d74\"><div class=\"grve-accordion-arrow grve-accordion-plus grve-position-left\"><i class=\"fa fa-plus\"><\/i><\/div><h3 class=\"grve-title grve-h6\">Pr\u00fcfungsantritte<\/h3><\/div><div class=\"grve-accordion-content\" id=\"1669278025746-b7a7f033-7d74\"><div class=\"grve-element grve-text\">\r\n\t\t\t<ul>\n<li><em>Regul\u00e4re LV<\/em>\n<ul>\n<li>Du hast 5 Antritte. Handelt es sich um die letzte Pr\u00fcfung im Studium, steht dir laut H\u00e4rtefallantrag ein weiterer (sechster) zu.<\/li>\n<\/ul>\n<\/li>\n<\/ul>\n<p>&nbsp;<\/p>\n<ul>\n<li><em>Schulpraktika (Lehramt)<\/em>\n<ul>\n<li>2 Pr\u00fcfungsantritte, bei der letzten Pr\u00fcfung ebenfalls 3 Antritte und einen weiteren, wenn Vers\u00e4umnis ohne eigenes Verschulden vorliegt<\/li>\n<\/ul>\n<\/li>\n<li><strong>Was passiert, wenn ich zu einem Pr\u00fcfungsantritt nicht erscheine?<\/strong>\n<ul>\n<li>Du wirst f\u00fcr den n\u00e4chsten Pr\u00fcfungstermin gesperrt. Ausnahmen gibt es f\u00fcr wichtige Gr\u00fcnde, wenn z.B. auch die Abmeldung durch Verhinderung nicht m\u00f6glich war.<\/li>\n<\/ul>\n<\/li>\n<\/ul>\n<p>&nbsp;<\/p>\n<ul>\n<li><strong>Technische Probleme w\u00e4hrend der Pr\u00fcfung. <\/strong>\n<ul>\n<li>Wenn w\u00e4hrend der Pr\u00fcfung technische Probleme ohne dein Eigenverschulden auftreten, ist die Pr\u00fcfung vollends abzubrechen und der Pr\u00fcfungsantritt darf nicht angerechnet werden.<\/li>\n<\/ul>\n<\/li>\n<\/ul>\n<p>&nbsp;<\/p>\n<ul>\n<li><strong>Freiwillige Pr\u00fcfungswiederholung<\/strong>\n<ul>\n<li>Du kannst eine positiv beurteilte Pr\u00fcfung einmalig innerhalb von 12 Monaten wiederholen, l\u00e4ngstens bis zum Abschluss des betreffenden Studienabschnittes\/ Abschluss des betreffenden Studiums.<\/li>\n<\/ul>\n<\/li>\n<\/ul>\n<p>&nbsp;<\/p>\n<ul>\n<li><strong>Kommissionelle Pr\u00fcfung<\/strong>\n<ul>\n<li>Nach der dritten negativ absolvierten Pr\u00fcfung erfolgt eine kommissionelle Pr\u00fcfung. Der Termin und die Pr\u00fcferiInnen m\u00fcssen dir min. zwei Wochen vor der Pr\u00fcfung von der Universit\u00e4t mitgeteilt werden. Hinsichtlich der zweiten und dritten Pr\u00fcfer:innen kannst du W\u00fcnsche \u00e4u\u00dfern. Ggf. werden Formulare vom Pr\u00fcfungsreferat zur Verf\u00fcgung gestellt.<\/li>\n<\/ul>\n<\/li>\n<\/ul>\n\r\n\t\t<\/div>\r\n\t<\/div><\/li><\/ul><\/div><\/div><\/div><\/div><\/div><div class=\"grve-background-wrapper\"><\/div><\/div><div class=\"grve-section grve-row-section grve-fullwidth-background grve-padding-top-1x grve-padding-bottom-1x grve-bg-none\"><div class=\"grve-container\"><div class=\"grve-row grve-bookmark grve-columns-gap-30\"><div class=\"grve-column wpb_column grve-column-1-2\" ><div class=\"grve-column-wrapper\" ><div class=\"grve-element grve-text\">\r\n\t\t\t<div class=\"grve-container\">\n<div class=\"grve-row grve-bookmark grve-columns-gap-30\">\n<div class=\"grve-column wpb_column grve-column-1-2\">\n<div class=\"grve-column-wrapper\">\n<div class=\"grve-element grve-text grve-leader-text\">\n<h3><strong>Allgemeines<\/strong><\/h3>\n<hr style=\"border-color: #ff9000;\" \/>\n<\/div>\n<\/div>\n<\/div>\n<\/div>\n<\/div>\n\r\n\t\t<\/div>\r\n\t<div class=\"grve-element grve-accordion\"><ul class=\"grve-accordion-wrapper grve-action-accordion grve-style-1\"><li><div class=\"grve-title-wrapper grve-tab-link grve-align-left\" data-rel=\"#1669279526982-c83ff041-b59d\"><div class=\"grve-accordion-arrow grve-accordion-plus grve-position-left\"><i class=\"fa fa-plus\"><\/i><\/div><h3 class=\"grve-title grve-h6\">Seminarplatz<\/h3><\/div><div class=\"grve-accordion-content\" id=\"1669279526982-c83ff041-b59d\"><div class=\"grve-element grve-text\">\r\n\t\t\t<p>Die Uni MUSS gew\u00e4hrleisten, dass du dein Studium in Regelstudienzeit absolvieren kannst. W\u00fcrde sich deine Studienzeit ohne das jeweilige Seminar verl\u00e4ngern, hast du in der Regel ein Anrecht auf den Seminarplatz.<\/p>\n\r\n\t\t<\/div>\r\n\t<\/div><\/li><li><div class=\"grve-title-wrapper grve-tab-link grve-align-left\" data-rel=\"#1669279527021-ea1e0102-bf1a\"><div class=\"grve-accordion-arrow grve-accordion-plus grve-position-left\"><i class=\"fa fa-plus\"><\/i><\/div><h3 class=\"grve-title grve-h6\">Einsicht Pr\u00fcfungsunterlagen<\/h3><\/div><div class=\"grve-accordion-content\" id=\"1669279527021-ea1e0102-bf1a\"><div class=\"grve-element grve-text\">\r\n\t\t\t<p>Du hast das Recht, dir deine Pr\u00fcfungsunterlagen nach der abgelegten Pr\u00fcfung im Zeitraum von sechs Monaten ab Bekanntgabe der Beurteilung anzusehen. Es d\u00fcrfen auch Kopien\/Fotos angefertigt werden, mit Ausnahme von Multiple-Choice-Fragen.<\/p>\n\r\n\t\t<\/div>\r\n\t<\/div><\/li><li><div class=\"grve-title-wrapper grve-tab-link grve-align-left\" data-rel=\"#1669279527061-43cfc0f0-0d1c\"><div class=\"grve-accordion-arrow grve-accordion-plus grve-position-left\"><i class=\"fa fa-plus\"><\/i><\/div><h3 class=\"grve-title grve-h6\">Aufhebung Pr\u00fcfung aufgrund schweren Mangels<\/h3><\/div><div class=\"grve-accordion-content\" id=\"1669279527061-43cfc0f0-0d1c\"><div class=\"grve-element grve-text\">\r\n\t\t\t<p>Der Antrag auf Aufhebung der Pr\u00fcfung aufgrund schweren Mangels wurde auf vier Wochen nach Bekanntgabe der Beurteilung verl\u00e4ngert. Der Antrag ist innerhalb dieser Zeit beim Universit\u00e4tsstudienleiter einzubringen und der schwere Mangel glaubhaft zu machen.<\/p>\n\r\n\t\t<\/div>\r\n\t<\/div><\/li><\/ul><\/div><\/div><\/div><div class=\"grve-column wpb_column grve-column-1-2\" ><div class=\"grve-column-wrapper\" ><\/div><\/div><\/div><\/div><div class=\"grve-background-wrapper\"><\/div><\/div>","protected":false},"excerpt":{"rendered":"Internes Referat Bildungspolitik und Digitalisierung Das Bildungspolitische Referat setzt sich f\u00fcr die Verbesserung des Studienrechts f\u00fcr uns Studierende ein und ist f\u00fcr dich da, wenn du Fragen zum rechtlichen Rahmen deines Studiums hast. Verordnungen, Vorschriften und Gesetze Das BiPol-Referat hat die Aufgabe, sich mit bildungspolitischen Themen auseinanderzusetzen, die das Studierendenleben betreffen. Es informiert die Universit\u00e4tsvertretung, [...]","protected":false},"author":1,"featured_media":0,"parent":638,"menu_order":0,"comment_status":"closed","ping_status":"closed","template":"","meta":{"inline_featured_image":false,"footnotes":""},"class_list":["post-574","page","type-page","status-publish","hentry"],"yoast_head":"<!-- This site is optimized with the Yoast SEO plugin v21.8.1 - https:\/\/yoast.com\/wordpress\/plugins\/seo\/ -->\n<title>Bildungspolitik und Digitalisierung - \u00d6H Innsbruck<\/title>\n<meta name=\"robots\" content=\"index, follow, max-snippet:-1, max-image-preview:large, max-video-preview:-1\" \/>\n<link rel=\"canonical\" href=\"https:\/\/www.oehweb.at\/en\/deine-oeh\/referate\/bildungspolitik-und-digitalisierung\/\" \/>\n<meta property=\"og:locale\" content=\"en_GB\" \/>\n<meta property=\"og:type\" content=\"article\" \/>\n<meta property=\"og:title\" content=\"Bildungspolitik und Digitalisierung - \u00d6H Innsbruck\" \/>\n<meta property=\"og:url\" content=\"https:\/\/www.oehweb.at\/en\/deine-oeh\/referate\/bildungspolitik-und-digitalisierung\/\" \/>\n<meta property=\"og:site_name\" content=\"\u00d6H Innsbruck\" \/>\n<meta property=\"article:modified_time\" content=\"2026-07-02T08:33:33+00:00\" \/>\n<meta name=\"twitter:card\" content=\"summary_large_image\" \/>\n<meta name=\"twitter:label1\" content=\"Estimated reading time\" \/>\n\t<meta name=\"twitter:data1\" content=\"5 minutes\" \/>\n<script type=\"application\/ld+json\" class=\"yoast-schema-graph\">{\"@context\":\"https:\/\/schema.org\",\"@graph\":[{\"@type\":\"WebPage\",\"@id\":\"https:\/\/www.oehweb.at\/deine-oeh\/referate\/bildungspolitik-und-digitalisierung\/\",\"url\":\"https:\/\/www.oehweb.at\/deine-oeh\/referate\/bildungspolitik-und-digitalisierung\/\",\"name\":\"Bildungspolitik und Digitalisierung - \u00d6H Innsbruck\",\"isPartOf\":{\"@id\":\"https:\/\/www.oehweb.at\/#website\"},\"datePublished\":\"2020-11-16T11:14:48+00:00\",\"dateModified\":\"2026-07-02T08:33:33+00:00\",\"breadcrumb\":{\"@id\":\"https:\/\/www.oehweb.at\/deine-oeh\/referate\/bildungspolitik-und-digitalisierung\/#breadcrumb\"},\"inLanguage\":\"en-GB\",\"potentialAction\":[{\"@type\":\"ReadAction\",\"target\":[\"https:\/\/www.oehweb.at\/deine-oeh\/referate\/bildungspolitik-und-digitalisierung\/\"]}]},{\"@type\":\"BreadcrumbList\",\"@id\":\"https:\/\/www.oehweb.at\/deine-oeh\/referate\/bildungspolitik-und-digitalisierung\/#breadcrumb\",\"itemListElement\":[{\"@type\":\"ListItem\",\"position\":1,\"name\":\"Home\",\"item\":\"https:\/\/www.oehweb.at\/\"},{\"@type\":\"ListItem\",\"position\":2,\"name\":\"Deine \u00d6H\",\"item\":\"https:\/\/www.oehweb.at\/deine-oeh\/\"},{\"@type\":\"ListItem\",\"position\":3,\"name\":\"Referate\",\"item\":\"https:\/\/www.oehweb.at\/deine-oeh\/referate\/\"},{\"@type\":\"ListItem\",\"position\":4,\"name\":\"Bildungspolitik und Digitalisierung\"}]},{\"@type\":\"WebSite\",\"@id\":\"https:\/\/www.oehweb.at\/#website\",\"url\":\"https:\/\/www.oehweb.at\/\",\"name\":\"\u00d6H Innsbruck\",\"description\":\"Wir sind die \u00d6sterreichische Hochsch\u00fclerInnenschaft an der Universit\u00e4t Innsbruck\",\"publisher\":{\"@id\":\"https:\/\/www.oehweb.at\/#organization\"},\"potentialAction\":[{\"@type\":\"SearchAction\",\"target\":{\"@type\":\"EntryPoint\",\"urlTemplate\":\"https:\/\/www.oehweb.at\/?s={search_term_string}\"},\"query-input\":\"required name=search_term_string\"}],\"inLanguage\":\"en-GB\"},{\"@type\":\"Organization\",\"@id\":\"https:\/\/www.oehweb.at\/#organization\",\"name\":\"\u00d6H Innsrbruck\",\"url\":\"https:\/\/www.oehweb.at\/\",\"logo\":{\"@type\":\"ImageObject\",\"inLanguage\":\"en-GB\",\"@id\":\"https:\/\/www.oehweb.at\/#\/schema\/logo\/image\/\",\"url\":\"https:\/\/www.oehweb.at\/wp-content\/uploads\/2020\/11\/OEH-Innsbruck-Logo.svg\",\"contentUrl\":\"https:\/\/www.oehweb.at\/wp-content\/uploads\/2020\/11\/OEH-Innsbruck-Logo.svg\",\"width\":448,\"height\":255,\"caption\":\"\u00d6H Innsrbruck\"},\"image\":{\"@id\":\"https:\/\/www.oehweb.at\/#\/schema\/logo\/image\/\"}}]}<\/script>\n<!-- \/ Yoast SEO plugin. -->","yoast_head_json":{"title":"Bildungspolitik und Digitalisierung - \u00d6H Innsbruck","robots":{"index":"index","follow":"follow","max-snippet":"max-snippet:-1","max-image-preview":"max-image-preview:large","max-video-preview":"max-video-preview:-1"},"canonical":"https:\/\/www.oehweb.at\/en\/deine-oeh\/referate\/bildungspolitik-und-digitalisierung\/","og_locale":"en_GB","og_type":"article","og_title":"Bildungspolitik und Digitalisierung - \u00d6H Innsbruck","og_url":"https:\/\/www.oehweb.at\/en\/deine-oeh\/referate\/bildungspolitik-und-digitalisierung\/","og_site_name":"\u00d6H Innsbruck","article_modified_time":"2026-07-02T08:33:33+00:00","twitter_card":"summary_large_image","twitter_misc":{"Estimated reading time":"5 minutes"},"schema":{"@context":"https:\/\/schema.org","@graph":[{"@type":"WebPage","@id":"https:\/\/www.oehweb.at\/deine-oeh\/referate\/bildungspolitik-und-digitalisierung\/","url":"https:\/\/www.oehweb.at\/deine-oeh\/referate\/bildungspolitik-und-digitalisierung\/","name":"Bildungspolitik und Digitalisierung - \u00d6H Innsbruck","isPartOf":{"@id":"https:\/\/www.oehweb.at\/#website"},"datePublished":"2020-11-16T11:14:48+00:00","dateModified":"2026-07-02T08:33:33+00:00","breadcrumb":{"@id":"https:\/\/www.oehweb.at\/deine-oeh\/referate\/bildungspolitik-und-digitalisierung\/#breadcrumb"},"inLanguage":"en-GB","potentialAction":[{"@type":"ReadAction","target":["https:\/\/www.oehweb.at\/deine-oeh\/referate\/bildungspolitik-und-digitalisierung\/"]}]},{"@type":"BreadcrumbList","@id":"https:\/\/www.oehweb.at\/deine-oeh\/referate\/bildungspolitik-und-digitalisierung\/#breadcrumb","itemListElement":[{"@type":"ListItem","position":1,"name":"Home","item":"https:\/\/www.oehweb.at\/"},{"@type":"ListItem","position":2,"name":"Deine \u00d6H","item":"https:\/\/www.oehweb.at\/deine-oeh\/"},{"@type":"ListItem","position":3,"name":"Referate","item":"https:\/\/www.oehweb.at\/deine-oeh\/referate\/"},{"@type":"ListItem","position":4,"name":"Bildungspolitik und Digitalisierung"}]},{"@type":"WebSite","@id":"https:\/\/www.oehweb.at\/#website","url":"https:\/\/www.oehweb.at\/","name":"\u00d6H Innsbruck","description":"Wir sind die \u00d6sterreichische Hochsch\u00fclerInnenschaft an der Universit\u00e4t Innsbruck","publisher":{"@id":"https:\/\/www.oehweb.at\/#organization"},"potentialAction":[{"@type":"SearchAction","target":{"@type":"EntryPoint","urlTemplate":"https:\/\/www.oehweb.at\/?s={search_term_string}"},"query-input":"required name=search_term_string"}],"inLanguage":"en-GB"},{"@type":"Organization","@id":"https:\/\/www.oehweb.at\/#organization","name":"\u00d6H Innsrbruck","url":"https:\/\/www.oehweb.at\/","logo":{"@type":"ImageObject","inLanguage":"en-GB","@id":"https:\/\/www.oehweb.at\/#\/schema\/logo\/image\/","url":"https:\/\/www.oehweb.at\/wp-content\/uploads\/2020\/11\/OEH-Innsbruck-Logo.svg","contentUrl":"https:\/\/www.oehweb.at\/wp-content\/uploads\/2020\/11\/OEH-Innsbruck-Logo.svg","width":448,"height":255,"caption":"\u00d6H Innsrbruck"},"image":{"@id":"https:\/\/www.oehweb.at\/#\/schema\/logo\/image\/"}}]}},"_links":{"self":[{"href":"https:\/\/www.oehweb.at\/en\/wp-json\/wp\/v2\/pages\/574","targetHints":{"allow":["GET"]}}],"collection":[{"href":"https:\/\/www.oehweb.at\/en\/wp-json\/wp\/v2\/pages"}],"about":[{"href":"https:\/\/www.oehweb.at\/en\/wp-json\/wp\/v2\/types\/page"}],"author":[{"embeddable":true,"href":"https:\/\/www.oehweb.at\/en\/wp-json\/wp\/v2\/users\/1"}],"replies":[{"embeddable":true,"href":"https:\/\/www.oehweb.at\/en\/wp-json\/wp\/v2\/comments?post=574"}],"version-history":[{"count":178,"href":"https:\/\/www.oehweb.at\/en\/wp-json\/wp\/v2\/pages\/574\/revisions"}],"predecessor-version":[{"id":11640,"href":"https:\/\/www.oehweb.at\/en\/wp-json\/wp\/v2\/pages\/574\/revisions\/11640"}],"up":[{"embeddable":true,"href":"https:\/\/www.oehweb.at\/en\/wp-json\/wp\/v2\/pages\/638"}],"wp:attachment":[{"href":"https:\/\/www.oehweb.at\/en\/wp-json\/wp\/v2\/media?parent=574"}],"curies":[{"name":"wp","href":"https:\/\/api.w.org\/{rel}","templated":true}]}}