{"id":624,"date":"2020-11-17T08:47:03","date_gmt":"2020-11-17T07:47:03","guid":{"rendered":"https:\/\/www.oehweb.at\/deine-oeh-copy\/"},"modified":"2026-08-26T10:28:06","modified_gmt":"2026-08-26T08:28:06","slug":"kontakt","status":"publish","type":"page","link":"https:\/\/www.oehweb.at\/en\/kontakt\/","title":{"rendered":"Kontakt"},"content":{"rendered":"<div class=\"grve-section grve-row-section grve-fullwidth-background grve-padding-top-3x grve-padding-bottom-3x grve-bg-none grve-headings-light\"><div class=\"grve-container\"><div class=\"grve-row grve-bookmark grve-columns-gap-30\"><div class=\"grve-column wpb_column grve-column-1\" ><div class=\"grve-column-wrapper vc_custom_1605648603972\" ><\/div><\/div><\/div><\/div><div class=\"grve-background-wrapper\">  <div class=\"grve-bg-image grve-bg-center-center grve-bg-image-id-6978\"   style=\"background-image: url(https:\/\/www.oehweb.at\/wp-content\/uploads\/2023\/06\/Header-Baum-6.12.22-1.jpg);\"><\/div>  <div class=\"grve-bg-overlay\" style=\"background:rgba(27,29,31,0.64); background: linear-gradient(90deg,rgba(27,29,31,0.64) 0%,rgba(27,29,31,0.01) 100%);\"><\/div><\/div><\/div><div class=\"grve-section grve-row-section grve-fullwidth-background grve-bg-none\"  style=\"background:#ff9000;background: linear-gradient(90deg,#ff9000 0%,#ff9000 100%);padding-top: 15px;\"><div class=\"grve-container\"><div class=\"grve-row grve-bookmark grve-columns-gap-30\"><div class=\"grve-column wpb_column grve-column-1\" ><div class=\"grve-column-wrapper\" ><\/div><\/div><\/div><\/div><div class=\"grve-background-wrapper\"><\/div><\/div><div class=\"grve-section grve-row-section grve-fullwidth-background grve-padding-top-4x grve-padding-bottom-4x grve-bg-none grve-desktop-row-hide grve-tablet-row-hide grve-tablet-sm-row-hide grve-mobile-row-hide\"><div class=\"grve-container\"><div class=\"grve-row grve-bookmark grve-columns-gap-60\"><div class=\"grve-column wpb_column grve-column-1-3\" ><div class=\"grve-column-wrapper\" ><div class=\"grve-element grve-text\">\r\n\t\t\t<h1>So kannst du uns erreichen<\/h1>\n\r\n\t\t<\/div>\r\n\t<\/div><\/div><div class=\"grve-column wpb_column grve-column-2-3\" ><div class=\"grve-column-wrapper\" ><div class=\"grve-element grve-text grve-leader-text vc_custom_1706865756301\">\r\n\t\t\t<p><strong>Kontaktdaten findet ihr auf unserer Homepage (<\/strong><a href=\"http:\/\/www.oehweb.at\/en\/\"><strong>www.oehweb.at<\/strong><\/a><strong>) unter der jeweiligen <\/strong><a href=\"https:\/\/www.oehweb.at\/en\/referate\/\"><strong>Beratungsseite<\/strong><\/a><strong> bzw. <\/strong><a href=\"https:\/\/www.oehweb.at\/en\/fakultaetsvertretungen-fv\/\"><strong>Vertretungsseite<\/strong><\/a><strong> der \u00d6H Innsbruck.<\/strong><\/p>\n<p><strong>\u00a0Das \u00d6H Team<\/strong><\/p>\n\r\n\t\t<\/div>\r\n\t<div class=\"grve-element grve-text vc_custom_1778499706380\">\r\n\t\t\t<p><strong>\u00d6ffnungszeiten Vorlesungszeit<br \/>\n<\/strong><strong>\u00d6H Office Management<br \/>\n<\/strong>Mo\u00a0 09:00 \u2013 14:00 Uhr<br \/>\nDi\u00a0\u00a0\u00a0 09:00 \u2013 16:00 Uhr<br \/>\nMi\u00a0\u00a0 09:00 \u2013 16:00 Uhr<br \/>\nDo\u00a0\u00a0 09:00 \u2013 14:00 Uhr<br \/>\nFr\u00a0\u00a0\u00a0 09:00 \u2013 12:00 Uhr<\/p>\n<p><strong>E-Mail:<\/strong><span style=\"color: #000000;\"> <a href=\"mailto:sekretariat-oeh@uibk.ac.at\">sekretariat-oeh@uibk.ac.at<\/a><\/span><br \/>\n<strong>Telefon:<\/strong> +43 512 507-35505<\/p>\n\r\n\t\t<\/div>\r\n\t<div class=\"grve-element grve-text vc_custom_1606039906721\">\r\n\t\t\t<p>Post- und Rechnungsanschrift:<br \/>\nHochsch\u00fclerinnen- und Hochsch\u00fclerschaft<br \/>\nan der Universit\u00e4t Innsbruck<br \/>\nJosef-Hirn Stra\u00dfe 7 \u2013 <strong>Erdgescho\u00df<\/strong><br \/>\n6020 Innsbruck<\/p>\n\r\n\t\t<\/div>\r\n\t<\/div><\/div><\/div><\/div><div class=\"grve-background-wrapper\"><\/div><\/div><div class=\"grve-section grve-row-section grve-fullwidth-background grve-padding-top-4x grve-padding-bottom-4x grve-bg-none grve-desktop-row-hide grve-tablet-row-hide grve-tablet-sm-row-hide grve-mobile-row-hide\"><div class=\"grve-container\"><div class=\"grve-row grve-bookmark grve-columns-gap-60\"><div class=\"grve-column wpb_column grve-column-1-3\" ><div class=\"grve-column-wrapper\" ><div class=\"grve-element grve-text\">\r\n\t\t\t<h1>So kannst du uns erreichen<\/h1>\n\r\n\t\t<\/div>\r\n\t<\/div><\/div><div class=\"grve-column wpb_column grve-column-2-3\" ><div class=\"grve-column-wrapper\" ><div class=\"grve-element grve-text grve-leader-text vc_custom_1706865791650\">\r\n\t\t\t<p><strong>Kontaktdaten findet ihr auf unserer Homepage (<\/strong><a href=\"http:\/\/www.oehweb.at\/en\/\"><strong>www.oehweb.at<\/strong><\/a><strong>) unter der jeweiligen <\/strong><a href=\"https:\/\/www.oehweb.at\/en\/referate\/\"><strong>Beratungsseite<\/strong><\/a><strong> bzw. <\/strong><a href=\"https:\/\/www.oehweb.at\/en\/fakultaetsvertretungen-fv\/\"><strong>Vertretungsseite<\/strong><\/a><strong> der \u00d6H Innsbruck.<\/strong><\/p>\n<p><strong>\u00a0Das \u00d6H Team<\/strong><\/p>\n\r\n\t\t<\/div>\r\n\t<div class=\"grve-element grve-text vc_custom_1766058355894\">\r\n\t\t\t<p><strong>Betriebsurlaub im \u00d6H Sekretariat &#8211; <span style=\"color: #ff0000;\">von 22.12.2025 &#8211; 06.01.2026<\/span> &#8211; in dieser Zeit werden leider keine Mails beantwortet. Ebenso werden unsere B\u00f6rsen in dieser Zeit nicht betreut.<\/strong><\/p>\n<p><strong>E-Mail: <a href=\"mailto:sekretariat-oeh@uibk.ac.at\">sekretariat-oeh@uibk.ac.at<\/a><\/strong><br \/>\n<strong>Telefon:<\/strong> +43 512 507-35505<\/p>\n\r\n\t\t<\/div>\r\n\t<div class=\"grve-element grve-text vc_custom_1606039906721\">\r\n\t\t\t<p>Post- und Rechnungsanschrift:<br \/>\nHochsch\u00fclerinnen- und Hochsch\u00fclerschaft<br \/>\nan der Universit\u00e4t Innsbruck<br \/>\nJosef-Hirn Stra\u00dfe 7 \u2013 <strong>Erdgescho\u00df<\/strong><br \/>\n6020 Innsbruck<\/p>\n\r\n\t\t<\/div>\r\n\t<\/div><\/div><\/div><\/div><div class=\"grve-background-wrapper\"><\/div><\/div><div class=\"grve-section grve-row-section grve-fullwidth-background grve-padding-top-4x grve-padding-bottom-4x grve-bg-none\"><div class=\"grve-container\"><div class=\"grve-row grve-bookmark grve-columns-gap-60\"><div class=\"grve-column wpb_column grve-column-1-3\" ><div class=\"grve-column-wrapper\" ><div class=\"grve-element grve-text\">\r\n\t\t\t<h1>So kannst du uns erreichen<\/h1>\n\r\n\t\t<\/div>\r\n\t<\/div><\/div><div class=\"grve-column wpb_column grve-column-2-3\" ><div class=\"grve-column-wrapper\" ><div class=\"grve-element grve-text grve-leader-text vc_custom_1706865791650\">\r\n\t\t\t<p><strong>Kontaktdaten findet ihr auf unserer Homepage (<\/strong><a href=\"http:\/\/www.oehweb.at\/en\/\"><strong>www.oehweb.at<\/strong><\/a><strong>) unter der jeweiligen <\/strong><a href=\"https:\/\/www.oehweb.at\/en\/referate\/\"><strong>Beratungsseite<\/strong><\/a><strong> bzw. <\/strong><a href=\"https:\/\/www.oehweb.at\/en\/fakultaetsvertretungen-fv\/\"><strong>Vertretungsseite<\/strong><\/a><strong> der \u00d6H Innsbruck.<\/strong><\/p>\n<p><strong>\u00a0Das \u00d6H Team<\/strong><\/p>\n\r\n\t\t<\/div>\r\n\t<div class=\"grve-element grve-text vc_custom_1782464317155\">\r\n\t\t\t<p><strong>\u00d6ffnungszeiten vorlesungsfreie Zeit:<br \/>\n\u00d6H Office Management<br \/>\n<\/strong>Mo \u2013 Fr\u00a0 09:00 \u2013 12:00 Uhr<\/p>\n<p><strong>E-Mail: <a href=\"mailto:sekretariat-oeh@uibk.ac.at\">sekretariat-oeh@uibk.ac.at<\/a><\/strong><br \/>\n<strong>Telefon:<\/strong> +43 512 507-35505<\/p>\n\r\n\t\t<\/div>\r\n\t<div class=\"grve-element grve-text vc_custom_1606039906721\">\r\n\t\t\t<p>Post- und Rechnungsanschrift:<br \/>\nHochsch\u00fclerinnen- und Hochsch\u00fclerschaft<br \/>\nan der Universit\u00e4t Innsbruck<br \/>\nJosef-Hirn Stra\u00dfe 7 \u2013 <strong>Erdgescho\u00df<\/strong><br \/>\n6020 Innsbruck<\/p>\n\r\n\t\t<\/div>\r\n\t<\/div><\/div><\/div><\/div><div class=\"grve-background-wrapper\"><\/div><\/div><div class=\"grve-section grve-row-section grve-fullwidth-background grve-padding-top-3x grve-bg-none\"  style=\"background-color:#f4f4f4;\"><div class=\"grve-container\"><div class=\"grve-row grve-bookmark grve-columns-gap-60\"><div class=\"grve-column wpb_column grve-column-1-3\" ><div class=\"grve-column-wrapper\" ><div class=\"grve-element grve-text\">\r\n\t\t\t<h2>Unser \u00d6H<br \/>\nOffice Management<\/h2>\n\r\n\t\t<\/div>\r\n\t<\/div><\/div><div class=\"grve-column wpb_column grve-column-2-3\" ><div class=\"grve-column-wrapper\" ><div class=\"grve-element grve-text grve-leader-text vc_custom_1777022375370\">\r\n\t\t\t<p>Das \u00d6H Office Management befindet sich im Erdgeschoss des \u00d6H-Geb\u00e4udes, in der Josef-Hirn-Stra\u00dfe 7.<\/p>\n\r\n\t\t<\/div>\r\n\t<div class=\"grve-element grve-text vc_custom_1763642033078\">\r\n\t\t\t<p>W\u00e4hrend der \u00d6ffnungszeiten kannst du dich jederzeit mit Fragen und Anliegen an unser Sekretariat wenden.<br \/>\nIm Sekretatiat bekommst du deine Mensa Verg\u00fcnstigung sowie unsere kostenlosen \u00d6H-Goodies.<\/p>\n\r\n\t\t<\/div>\r\n\t<div class=\"grve-element grve-text\">\r\n\t\t\t\r\n\t\t<\/div>\r\n\t\r\n\t\t\t\t<div class=\"grve-team grve-element grve-layout-1\" style=\"\">\r\n\t\t\t<figure class=\"grve-image-hover grve-zoom-none\">\r\n\t\t\t\t\t\t\t\t<div class=\"grve-team-person\">\r\n\t\t\t\t\t<div class=\"grve-bg-light grve-hover-overlay grve-opacity-0\"><\/div>\r\n\t\t\t\t\t<img loading=\"lazy\" decoding=\"async\" width=\"1600\" height=\"777\" src=\"https:\/\/www.oehweb.at\/wp-content\/uploads\/2022\/12\/IMG-20190429-WA00021.jpg\" class=\"attachment-full size-full\" alt=\"\" srcset=\"https:\/\/www.oehweb.at\/wp-content\/uploads\/2022\/12\/IMG-20190429-WA00021.jpg 1600w, https:\/\/www.oehweb.at\/wp-content\/uploads\/2022\/12\/IMG-20190429-WA00021-300x146.jpg 300w, https:\/\/www.oehweb.at\/wp-content\/uploads\/2022\/12\/IMG-20190429-WA00021-1024x497.jpg 1024w, https:\/\/www.oehweb.at\/wp-content\/uploads\/2022\/12\/IMG-20190429-WA00021-768x373.jpg 768w, https:\/\/www.oehweb.at\/wp-content\/uploads\/2022\/12\/IMG-20190429-WA00021-1536x746.jpg 1536w\" sizes=\"auto, (max-width: 1600px) 100vw, 1600px\" \/>\t\t\t\t<\/div>\r\n\t\t\t\t<figcaption>\r\n\t\t\t\t\t<ul class=\"grve-team-social grve-align-center\">\r\n\t\t\t\t\t\t\t\t\t\t\t<\/ul>\r\n\t\t\t\t<\/figcaption>\r\n\t\t\t<\/figure>\r\n\t\t\t<div class=\"grve-team-description grve-align-center\">\r\n\t\t\t\t\t\t\t\t<div class=\"grve-team-identity grve-link-text\">\u00d6H Office Management<\/div>\r\n\t\t\t\t\t\t\t\t\t\t\t\t<h4 class=\"grve-team-name grve-text-hover-primary-1 grve-h4\">Barbara und Regina<\/h4>\r\n\t\t\t\t\t\t\t<\/div>\r\n\t\t<\/div>\r\n\t\t\r\n\t\t<\/div><\/div><div class=\"grve-column wpb_column grve-column-1-3\" ><div class=\"grve-column-wrapper\" ><\/div><\/div><div class=\"grve-column wpb_column grve-column-1\" ><div class=\"grve-column-wrapper\" ><div class=\"grve-element grve-text vc_custom_1605600925807\">\r\n\t\t\t<hr style=\"border-color: #ff9000;\" \/>\n\r\n\t\t<\/div>\r\n\t<\/div><\/div><\/div><\/div><div class=\"grve-background-wrapper\"><\/div><\/div><div class=\"grve-section grve-row-section grve-fullwidth-background grve-padding-bottom-4x grve-bg-none grve-desktop-row-hide grve-tablet-row-hide grve-tablet-sm-row-hide grve-mobile-row-hide\"  style=\"background-color:#f4f4f4;\"><div class=\"grve-container\"><div class=\"grve-row grve-bookmark grve-columns-gap-60\"><div class=\"grve-column wpb_column grve-column-1-2\" ><div class=\"grve-column-wrapper\" ><div class=\"grve-element grve-text vc_custom_1605601030011\">\r\n\t\t\t<h2>EDV<br \/>\nund Grafik<\/h2>\n\r\n\t\t<\/div>\r\n\t<div class=\"grve-element grve-text grve-leader-text vc_custom_1697105615319\">\r\n\t\t\t<p>Hier ist die erste Anlaufstelle aller \u00d6H-Mitarbeiter_innen bei Problemen rund um die EDV. Auch sind hier die Vorlagen f\u00fcr Drucksorten der \u00d6H erh\u00e4ltlich.<\/p>\n\r\n\t\t<\/div>\r\n\t<div class=\"grve-element grve-text vc_custom_1716285437717\">\r\n\t\t\t<p><strong>E-Mail:<\/strong><a href=\"mailto:kurt.herran@uibk.ac.at\"><span style=\"color: #000000;\"> kurt.herran@uibk.ac.at<\/span><\/a><br \/>\n<strong>Telefon:<\/strong> +43 512 507-35505<br \/>\n<strong>Adresse:<\/strong> Josef-Hirn-Stra\u00dfe 7, 2. Stock<\/p>\n\r\n\t\t<\/div>\r\n\t<\/div><\/div><div class=\"grve-column wpb_column grve-column-1-2\" ><div class=\"grve-column-wrapper\" ><div class=\"grve-row-inner grve-bookmark\">\r\n\t\t<div class=\"grve-column-inner wpb_column grve-column-2-3\">\r\n\t\t\t<div class=\"grve-column-wrapper-inner\">\r\n\t\t\t\r\n\t\t\t\t<div class=\"grve-team grve-element grve-layout-1\" style=\"\">\r\n\t\t\t<figure class=\"grve-image-hover grve-zoom-none\">\r\n\t\t\t\t\t\t\t\t<div class=\"grve-team-person\">\r\n\t\t\t\t\t<div class=\"grve-bg-light grve-hover-overlay grve-opacity-0\"><\/div>\r\n\t\t\t\t\t<img loading=\"lazy\" decoding=\"async\" width=\"343\" height=\"478\" src=\"https:\/\/www.oehweb.at\/wp-content\/uploads\/2025\/07\/Curtis-Juli-2025.jpg\" class=\"attachment-full size-full\" alt=\"\" srcset=\"https:\/\/www.oehweb.at\/wp-content\/uploads\/2025\/07\/Curtis-Juli-2025.jpg 343w, https:\/\/www.oehweb.at\/wp-content\/uploads\/2025\/07\/Curtis-Juli-2025-215x300.jpg 215w\" sizes=\"auto, (max-width: 343px) 100vw, 343px\" \/>\t\t\t\t<\/div>\r\n\t\t\t\t<figcaption>\r\n\t\t\t\t\t<ul class=\"grve-team-social grve-align-center\">\r\n\t\t\t\t\t\t\t\t\t\t\t<\/ul>\r\n\t\t\t\t<\/figcaption>\r\n\t\t\t<\/figure>\r\n\t\t\t<div class=\"grve-team-description grve-align-center\">\r\n\t\t\t\t\t\t\t\t<div class=\"grve-team-identity grve-link-text\">EDV und Grafik<\/div>\r\n\t\t\t\t\t\t\t\t\t\t\t\t<h4 class=\"grve-team-name grve-text-hover-primary-1 grve-h4\">Kurt Herran<\/h4>\r\n\t\t\t\t\t\t\t<\/div>\r\n\t\t<\/div>\r\n\t\t\r\n\t\t\r\n\t\t\t<\/div>\r\n\t\t<\/div>\r\n\t\r\n\t\t<div class=\"grve-column-inner wpb_column grve-column-1-3\">\r\n\t\t\t<div class=\"grve-column-wrapper-inner\">\r\n\t\t\t\r\n\t\t\t<\/div>\r\n\t\t<\/div>\r\n\t<\/div><\/div><\/div><\/div><\/div><div class=\"grve-background-wrapper\"><\/div><\/div><div class=\"grve-section grve-row-section grve-fullwidth-background grve-padding-bottom-4x grve-bg-none\"  style=\"background-color:#f4f4f4;\"><div class=\"grve-container\"><div class=\"grve-row grve-bookmark grve-columns-gap-60\"><div class=\"grve-column wpb_column grve-column-1-3\" ><div class=\"grve-column-wrapper\" ><\/div><\/div><div class=\"grve-column wpb_column grve-column-1-3\" ><div class=\"grve-column-wrapper\" ><div class=\"grve-element grve-text\">\r\n\t\t\t<p><a href=\"https:\/\/www.oehweb.at\/wp-content\/uploads\/2026\/08\/Curtis-Aushang-2026.jpg\"><img loading=\"lazy\" decoding=\"async\" class=\"alignnone wp-image-11713 size-full\" src=\"https:\/\/www.oehweb.at\/wp-content\/uploads\/2026\/08\/Curtis-Aushang-2026.jpg\" alt=\"\" width=\"596\" height=\"842\" srcset=\"https:\/\/www.oehweb.at\/wp-content\/uploads\/2026\/08\/Curtis-Aushang-2026.jpg 596w, https:\/\/www.oehweb.at\/wp-content\/uploads\/2026\/08\/Curtis-Aushang-2026-212x300.jpg 212w, https:\/\/www.oehweb.at\/wp-content\/uploads\/2026\/08\/Curtis-Aushang-2026-8x12.jpg 8w\" sizes=\"auto, (max-width: 596px) 100vw, 596px\" \/><\/a><\/p>\n\r\n\t\t<\/div>\r\n\t<\/div><\/div><div class=\"grve-column wpb_column grve-column-1-3\" ><div class=\"grve-column-wrapper\" ><\/div><\/div><\/div><\/div><div class=\"grve-background-wrapper\"><\/div><\/div><div class=\"grve-section grve-row-section grve-fullwidth grve-bg-none grve-custom-height grve-middle-content\" data-tablet-portrait-equal-columns=\"false\" data-mobile-equal-columns=\"false\"><div class=\"grve-container\"><div class=\"grve-row grve-bookmark grve-columns-gap-none\"><div class=\"grve-column wpb_column grve-column-1-2 grve-tablet-column-7-12 grve-tablet-sm-column-1\" ><div class=\"grve-column-wrapper vc_custom_1605601891872\" ><div class=\"grve-empty-space grve-height-2x\" style=\"\"><\/div><div class=\"grve-element grve-text\">\r\n\t\t\t<h2>Bleib in Kontakt<br \/>\nmit uns<\/h2>\n<p>Durch unsere Social-Media-Kan\u00e4le auf Instagram informieren wir dich regelm\u00e4\u00dfig \u00fcber Neuigkeiten zum Studium an der Uni Innsbruck und n\u00fctzliche Services, die wir anbieten.<\/p>\n\r\n\t\t<\/div>\r\n\t<div class=\"grve-empty-space grve-height-2x\" style=\"\"><\/div><\/div><\/div><div class=\"grve-column wpb_column grve-column-1-2 grve-headings-light grve-tablet-column-5-12 grve-tablet-sm-column-1\"  style=\"color:#ffffff;\" ><div class=\"grve-column-wrapper\" ><div class=\"grve-row-inner grve-bookmark vc_custom_1610089652229\">\r\n\t\t<div class=\"grve-column-inner wpb_column grve-column-1\">\r\n\t\t\t<div class=\"grve-column-wrapper-inner vc_custom_1610089420154\">\r\n\t\t\t<div class=\"grve-element grve-text grve-leader-text vc_custom_1605601844621\">\r\n\t\t\t<p style=\"text-align: center;\"><strong>Unsere Social-Media-Kan\u00e4le<\/strong><\/p>\n\r\n\t\t<\/div>\r\n\t<div class=\"grve-element grve-single-icon grve-align-center grve-medium grve-hover-effect grve-with-shape\" style=\"\"><a href=\"http:\/\/www.instagram.com\/oeh_innsbruck\/\" target=\"_blank\" rel=\"noopener noreferrer\">  <div class=\"grve-wrapper-icon grve-outline grve-circle grve-text-white\" style=\"\"><i class=\"fa fa-instagram grve-text-white\"><\/i><\/div><\/a><\/div>\r\n\t\t\t<\/div>\r\n\t\t<\/div>\r\n\t<\/div><div class=\"grve-row-inner grve-bookmark\">\r\n\t\t<div class=\"grve-column-inner wpb_column grve-column-1\">\r\n\t\t\t<div class=\"grve-column-wrapper-inner vc_custom_1605601854753\">\r\n\t\t\t<div class=\"grve-element grve-text grve-leader-text vc_custom_1605562871926\">\r\n\t\t\t<p style=\"text-align: center;\"><strong>Unsere Beratungs-, Hilfs- und Serviceleistungen<\/strong><\/p>\n\r\n\t\t<\/div>\r\n\t<div class=\"grve-element grve-align-center\"><a href=\"https:\/\/www.oehweb.at\/en\/services\/\" title=\"Services\" class=\"grve-btn grve-btn-small grve-round grve-bg-white grve-bg-hover-grey\"><span>unsere Zusatzangebote<\/span><\/a><\/div><div class=\"grve-element grve-align-center\"><a href=\"https:\/\/www.oehweb.at\/en\/referate\/\" title=\"Services\" class=\"grve-btn grve-btn-small grve-round grve-bg-white grve-bg-hover-grey\"><span>unsere Referate<\/span><\/a><\/div><div class=\"grve-element grve-align-center\"><a href=\"https:\/\/www.oehweb.at\/en\/fakultaetsvertretungen-fv\/\" title=\"Services\" class=\"grve-btn grve-btn-small grve-round grve-bg-white grve-bg-hover-grey\"><span>unsere Fakult\u00e4tsvertretungen<\/span><\/a><\/div>\r\n\t\t\t<\/div>\r\n\t\t<\/div>\r\n\t<\/div><\/div><\/div><\/div><\/div><div class=\"grve-background-wrapper\"><\/div><\/div>","protected":false},"excerpt":{"rendered":"So kannst du uns erreichen Kontaktdaten findet ihr auf unserer Homepage (www.oehweb.at) unter der jeweiligen Beratungsseite bzw. Vertretungsseite der \u00d6H Innsbruck. \u00a0Das \u00d6H Team \u00d6ffnungszeiten Vorlesungszeit \u00d6H Office Management Mo\u00a0 09:00 \u2013 14:00 Uhr Di\u00a0\u00a0\u00a0 09:00 \u2013 16:00 Uhr Mi\u00a0\u00a0 09:00 \u2013 16:00 Uhr Do\u00a0\u00a0 09:00 \u2013 14:00 Uhr Fr\u00a0\u00a0\u00a0 09:00 \u2013 12:00 Uhr E-Mail: [...]","protected":false},"author":1,"featured_media":0,"parent":0,"menu_order":0,"comment_status":"closed","ping_status":"closed","template":"","meta":{"inline_featured_image":false,"footnotes":""},"class_list":["post-624","page","type-page","status-publish","hentry"],"yoast_head":"<!-- This site is optimized with the Yoast SEO plugin v21.8.1 - https:\/\/yoast.com\/wordpress\/plugins\/seo\/ -->\n<title>Kontakt - \u00d6H Innsbruck<\/title>\n<meta name=\"robots\" content=\"index, follow, max-snippet:-1, max-image-preview:large, max-video-preview:-1\" \/>\n<link rel=\"canonical\" href=\"https:\/\/www.oehweb.at\/en\/kontakt\/\" \/>\n<meta property=\"og:locale\" content=\"en_GB\" \/>\n<meta property=\"og:type\" content=\"article\" \/>\n<meta property=\"og:title\" content=\"Kontakt - \u00d6H Innsbruck\" \/>\n<meta property=\"og:url\" content=\"https:\/\/www.oehweb.at\/en\/kontakt\/\" \/>\n<meta property=\"og:site_name\" content=\"\u00d6H Innsbruck\" \/>\n<meta property=\"article:modified_time\" content=\"2026-08-26T08:28:06+00:00\" \/>\n<meta property=\"og:image\" content=\"https:\/\/www.oehweb.at\/wp-content\/uploads\/2026\/08\/Curtis-Aushang-2026.jpg\" \/>\n<meta name=\"twitter:card\" content=\"summary_large_image\" \/>\n<meta name=\"twitter:label1\" content=\"Estimated reading time\" \/>\n\t<meta name=\"twitter:data1\" content=\"4 minutes\" \/>\n<script type=\"application\/ld+json\" class=\"yoast-schema-graph\">{\"@context\":\"https:\/\/schema.org\",\"@graph\":[{\"@type\":\"WebPage\",\"@id\":\"https:\/\/www.oehweb.at\/kontakt\/\",\"url\":\"https:\/\/www.oehweb.at\/kontakt\/\",\"name\":\"Kontakt - \u00d6H Innsbruck\",\"isPartOf\":{\"@id\":\"https:\/\/www.oehweb.at\/#website\"},\"datePublished\":\"2020-11-17T07:47:03+00:00\",\"dateModified\":\"2026-08-26T08:28:06+00:00\",\"breadcrumb\":{\"@id\":\"https:\/\/www.oehweb.at\/kontakt\/#breadcrumb\"},\"inLanguage\":\"en-GB\",\"potentialAction\":[{\"@type\":\"ReadAction\",\"target\":[\"https:\/\/www.oehweb.at\/kontakt\/\"]}]},{\"@type\":\"BreadcrumbList\",\"@id\":\"https:\/\/www.oehweb.at\/kontakt\/#breadcrumb\",\"itemListElement\":[{\"@type\":\"ListItem\",\"position\":1,\"name\":\"Home\",\"item\":\"https:\/\/www.oehweb.at\/\"},{\"@type\":\"ListItem\",\"position\":2,\"name\":\"Kontakt\"}]},{\"@type\":\"WebSite\",\"@id\":\"https:\/\/www.oehweb.at\/#website\",\"url\":\"https:\/\/www.oehweb.at\/\",\"name\":\"\u00d6H Innsbruck\",\"description\":\"Wir sind die \u00d6sterreichische Hochsch\u00fclerInnenschaft an der Universit\u00e4t Innsbruck\",\"publisher\":{\"@id\":\"https:\/\/www.oehweb.at\/#organization\"},\"potentialAction\":[{\"@type\":\"SearchAction\",\"target\":{\"@type\":\"EntryPoint\",\"urlTemplate\":\"https:\/\/www.oehweb.at\/?s={search_term_string}\"},\"query-input\":\"required name=search_term_string\"}],\"inLanguage\":\"en-GB\"},{\"@type\":\"Organization\",\"@id\":\"https:\/\/www.oehweb.at\/#organization\",\"name\":\"\u00d6H Innsrbruck\",\"url\":\"https:\/\/www.oehweb.at\/\",\"logo\":{\"@type\":\"ImageObject\",\"inLanguage\":\"en-GB\",\"@id\":\"https:\/\/www.oehweb.at\/#\/schema\/logo\/image\/\",\"url\":\"https:\/\/www.oehweb.at\/wp-content\/uploads\/2020\/11\/OEH-Innsbruck-Logo.svg\",\"contentUrl\":\"https:\/\/www.oehweb.at\/wp-content\/uploads\/2020\/11\/OEH-Innsbruck-Logo.svg\",\"width\":448,\"height\":255,\"caption\":\"\u00d6H Innsrbruck\"},\"image\":{\"@id\":\"https:\/\/www.oehweb.at\/#\/schema\/logo\/image\/\"}}]}<\/script>\n<!-- \/ Yoast SEO plugin. -->","yoast_head_json":{"title":"Kontakt - \u00d6H Innsbruck","robots":{"index":"index","follow":"follow","max-snippet":"max-snippet:-1","max-image-preview":"max-image-preview:large","max-video-preview":"max-video-preview:-1"},"canonical":"https:\/\/www.oehweb.at\/en\/kontakt\/","og_locale":"en_GB","og_type":"article","og_title":"Kontakt - \u00d6H Innsbruck","og_url":"https:\/\/www.oehweb.at\/en\/kontakt\/","og_site_name":"\u00d6H Innsbruck","article_modified_time":"2026-08-26T08:28:06+00:00","og_image":[{"url":"https:\/\/www.oehweb.at\/wp-content\/uploads\/2026\/08\/Curtis-Aushang-2026.jpg"}],"twitter_card":"summary_large_image","twitter_misc":{"Estimated reading time":"4 minutes"},"schema":{"@context":"https:\/\/schema.org","@graph":[{"@type":"WebPage","@id":"https:\/\/www.oehweb.at\/kontakt\/","url":"https:\/\/www.oehweb.at\/kontakt\/","name":"Kontakt - \u00d6H Innsbruck","isPartOf":{"@id":"https:\/\/www.oehweb.at\/#website"},"datePublished":"2020-11-17T07:47:03+00:00","dateModified":"2026-08-26T08:28:06+00:00","breadcrumb":{"@id":"https:\/\/www.oehweb.at\/kontakt\/#breadcrumb"},"inLanguage":"en-GB","potentialAction":[{"@type":"ReadAction","target":["https:\/\/www.oehweb.at\/kontakt\/"]}]},{"@type":"BreadcrumbList","@id":"https:\/\/www.oehweb.at\/kontakt\/#breadcrumb","itemListElement":[{"@type":"ListItem","position":1,"name":"Home","item":"https:\/\/www.oehweb.at\/"},{"@type":"ListItem","position":2,"name":"Kontakt"}]},{"@type":"WebSite","@id":"https:\/\/www.oehweb.at\/#website","url":"https:\/\/www.oehweb.at\/","name":"\u00d6H Innsbruck","description":"Wir sind die \u00d6sterreichische Hochsch\u00fclerInnenschaft an der Universit\u00e4t Innsbruck","publisher":{"@id":"https:\/\/www.oehweb.at\/#organization"},"potentialAction":[{"@type":"SearchAction","target":{"@type":"EntryPoint","urlTemplate":"https:\/\/www.oehweb.at\/?s={search_term_string}"},"query-input":"required name=search_term_string"}],"inLanguage":"en-GB"},{"@type":"Organization","@id":"https:\/\/www.oehweb.at\/#organization","name":"\u00d6H Innsrbruck","url":"https:\/\/www.oehweb.at\/","logo":{"@type":"ImageObject","inLanguage":"en-GB","@id":"https:\/\/www.oehweb.at\/#\/schema\/logo\/image\/","url":"https:\/\/www.oehweb.at\/wp-content\/uploads\/2020\/11\/OEH-Innsbruck-Logo.svg","contentUrl":"https:\/\/www.oehweb.at\/wp-content\/uploads\/2020\/11\/OEH-Innsbruck-Logo.svg","width":448,"height":255,"caption":"\u00d6H Innsrbruck"},"image":{"@id":"https:\/\/www.oehweb.at\/#\/schema\/logo\/image\/"}}]}},"_links":{"self":[{"href":"https:\/\/www.oehweb.at\/en\/wp-json\/wp\/v2\/pages\/624","targetHints":{"allow":["GET"]}}],"collection":[{"href":"https:\/\/www.oehweb.at\/en\/wp-json\/wp\/v2\/pages"}],"about":[{"href":"https:\/\/www.oehweb.at\/en\/wp-json\/wp\/v2\/types\/page"}],"author":[{"embeddable":true,"href":"https:\/\/www.oehweb.at\/en\/wp-json\/wp\/v2\/users\/1"}],"replies":[{"embeddable":true,"href":"https:\/\/www.oehweb.at\/en\/wp-json\/wp\/v2\/comments?post=624"}],"version-history":[{"count":126,"href":"https:\/\/www.oehweb.at\/en\/wp-json\/wp\/v2\/pages\/624\/revisions"}],"predecessor-version":[{"id":11714,"href":"https:\/\/www.oehweb.at\/en\/wp-json\/wp\/v2\/pages\/624\/revisions\/11714"}],"wp:attachment":[{"href":"https:\/\/www.oehweb.at\/en\/wp-json\/wp\/v2\/media?parent=624"}],"curies":[{"name":"wp","href":"https:\/\/api.w.org\/{rel}","templated":true}]}}