{"id":662,"date":"2020-11-17T19:57:49","date_gmt":"2020-11-17T18:57:49","guid":{"rendered":"https:\/\/www.oehweb.at\/deine-oeh\/fachschaften\/natwi-technik-copy\/"},"modified":"2026-07-22T11:49:28","modified_gmt":"2026-07-22T09:49:28","slug":"phil-hist","status":"publish","type":"page","link":"https:\/\/www.oehweb.at\/en\/deine-oeh\/fachschaften\/phil-hist\/","title":{"rendered":"Phil Hist"},"content":{"rendered":"<div class=\"grve-section grve-row-section grve-fullwidth-background grve-padding-top-4x grve-padding-bottom-4x grve-bg-none grve-headings-light\"  style=\"color:#ffffff;\"><div class=\"grve-container\"><div class=\"grve-row grve-bookmark grve-columns-gap-30\"><div class=\"grve-column wpb_column grve-column-1-2\" ><div class=\"grve-column-wrapper\" ><div class=\"grve-element grve-text grve-leader-text\">\r\n\t\t\t<div class=\"grve-small-text\"><span class=\"\">Fakult\u00e4tsvertretung (FV)<\/span><\/div>\n<h1>Phil Hist<\/h1>\n<p>Die <span class=\"\">Fakult\u00e4tsvertretung (FV)<\/span> f\u00fcr alle Studierenden der philosophisch-historischen Fakult\u00e4t.<\/p>\n\r\n\t\t<\/div>\r\n\t<\/div><\/div><div class=\"grve-column wpb_column grve-column-1-2\" ><div class=\"grve-column-wrapper\" ><\/div><\/div><\/div><\/div><div class=\"grve-background-wrapper\">  <div class=\"grve-bg-image grve-bg-center-center grve-bg-image-id-645\"   style=\"background-image: url(https:\/\/www.oehweb.at\/wp-content\/uploads\/2020\/11\/oeh-innsbruck-fachschaften.jpg);\"><\/div>  <div class=\"grve-bg-overlay\" style=\"background:rgba(27,29,31,0.5); background: linear-gradient(180deg,rgba(27,29,31,0.5) 0%,rgba(27,29,31,0.75) 100%);\"><\/div><\/div><\/div><div class=\"grve-section grve-row-section grve-fullwidth-background grve-bg-none\"  style=\"background:#ff9000;background: linear-gradient(90deg,#ff9000 0%,#ff9000 100%);padding-top: 15px;\"><div class=\"grve-container\"><div class=\"grve-row grve-bookmark grve-columns-gap-30\"><div class=\"grve-column wpb_column grve-column-1\" ><div class=\"grve-column-wrapper\" ><\/div><\/div><\/div><\/div><div class=\"grve-background-wrapper\"><\/div><\/div><div class=\"grve-section grve-row-section grve-fullwidth-background grve-padding-top-4x grve-padding-bottom-4x grve-bg-none\"  style=\"background-color:#f4f4f4;color:#000000;\"><div class=\"grve-container\"><div class=\"grve-row grve-bookmark grve-columns-gap-60\"><div class=\"grve-column wpb_column grve-column-5-6\" ><div class=\"grve-column-wrapper\" ><div class=\"grve-element grve-text grve-leader-text vc_custom_1784713645407\">\r\n\t\t\t<h2 style=\"font-size: 140%; line-height: 140%;\">FV Phil-Hist<\/h2>\n<p>Arch\u00e4ologien<br \/>\nClassica et Orientalia<br \/>\nEurop\u00e4ische Ethnologie<br \/>\nGeschichte und LA Geschichte und Politische Bildung<br \/>\nKunstgeschichte<br \/>\nPeace and Conflict Studies<br \/>\nPhilosophie und LA Ethik<\/p>\n<p><em>Gender, Kultur und Sozialer Wandel\u2013 <strong>wurde aufgel\u00f6st<\/strong> \u2013 die Beratung wird aber weiter erfolgen<br \/>\nMusikwissenschaften \u2013 <strong>wurde aufgel\u00f6st<\/strong> \u2013 die Beratung wird aber weiter erfolgen\u00a0<\/em><\/p>\n<p><em>StV Doktorat\/PhD Phil-Hist<\/em><\/p>\n\r\n\t\t<\/div>\r\n\t<div class=\"grve-element grve-text vc_custom_1668687631477\">\r\n\t\t\t<p>Die FV der philosophisch-historischen Fakult\u00e4t ist bem\u00fcht, dir bei Fragen und Problem zum oder w\u00e4hrend des Studiums zu helfen und dich zu beraten. Das Service-Angebot umfasst, Informationsmaterial, Internet, einen Raum f\u00fcr Lesezirkel und diverse Diskussionsrunden und Filmvorf\u00fchrungen.<\/p>\n\r\n\t\t<\/div>\r\n\t<\/div><\/div><div class=\"grve-column wpb_column grve-column-1-2\" ><div class=\"grve-column-wrapper\" ><div class=\"grve-element grve-text grve-leader-text zeilenabstand-medium vc_custom_1758871856187\">\r\n\t\t\t<p><strong>E-Mail: <\/strong><a href=\"mailto:FV-Phil-Hist@uibk.ac.at\">FV-Phil-Hist@uibk.ac.at<\/a><\/p>\n\r\n\t\t<\/div>\r\n\t<div class=\"grve-element grve-single-icon grve-align-left grve-medium\" style=\"\"><a href=\"https:\/\/www.instagram.com\/fv_phil_hist\/\">  <div class=\"grve-wrapper-icon grve-no-shape\" style=\"\"><i class=\"fab fa-instagram grve-text-primary-1\"><\/i><\/div><\/a><\/div><\/div><\/div><div class=\"grve-column wpb_column grve-column-1-2 zeilenabstand-medium\" ><div class=\"grve-column-wrapper\" ><div class=\"grve-element grve-text vc_custom_1605608482958\">\r\n\t\t\t<p><strong>Post- und Rechnungsanschrift:<\/strong><br \/>\nHochsch\u00fclerinnen- und Hochsch\u00fclerschaft<br \/>\nan der Universit\u00e4t Innsbruck<br \/>\nJosef-Hirn Stra\u00dfe 7<br \/>\n6020 Innsbruck<\/p>\n\r\n\t\t<\/div>\r\n\t<\/div><\/div><\/div><\/div><div class=\"grve-background-wrapper\"><\/div><\/div><div class=\"grve-section grve-row-section grve-fullwidth-background grve-padding-top-4x grve-bg-none\"  style=\"color:#000000;\"><div class=\"grve-container\"><div class=\"grve-row grve-bookmark grve-columns-gap-60\"><div class=\"grve-column wpb_column grve-column-1 grve-mobile-column-hide\" ><div class=\"grve-column-wrapper\" ><div class=\"grve-element grve-text grve-leader-text vc_custom_1605617992579\">\r\n\t\t\t<h2>Studienvertretungen<\/h2>\n\r\n\t\t<\/div>\r\n\t<\/div><\/div><div class=\"grve-column wpb_column grve-column-1 grve-desktop-column-hide grve-tablet-column-hide grve-tablet-sm-column-hide\" ><div class=\"grve-column-wrapper\" ><div class=\"grve-element grve-text grve-leader-text vc_custom_1605617996463\">\r\n\t\t\t<h2>Studien-<br \/>\nvertretungen<\/h2>\n\r\n\t\t<\/div>\r\n\t<\/div><\/div><\/div><\/div><div class=\"grve-background-wrapper\"><\/div><\/div><div class=\"grve-section grve-row-section grve-fullwidth-background grve-padding-bottom-1x grve-bg-none grve-custom-height grve-equal-column\"  style=\"color:#000000;\"><div class=\"grve-container\"><div class=\"grve-row grve-bookmark grve-columns-gap-25\"><div class=\"grve-column wpb_column grve-column-1-2 zeilenabstand-medium\" ><div class=\"grve-column-wrapper vc_custom_1605614547532\" ><div class=\"grve-element grve-text vc_custom_1783669107995\">\r\n\t\t\t<h4>StV Arch\u00e4ologien<\/h4>\n<p><strong>Beratungsstandort:<br \/>\n<\/strong>Innrain 52a<\/p>\n<p><strong>Beratungszeiten Sommerferien 2026:<\/strong><br \/>\nEmails werden selbstverst\u00e4ndlich auch in den Ferien beantwortet!<\/p>\n<p>&nbsp;<\/p>\n<p><strong>E-Mail: <\/strong><a href=\"mailto:StV-Archaeologien-oeh@uibk.ac.at\">StV-Archaeologien-oeh@uibk.ac.at<\/a><\/p>\n\r\n\t\t<\/div>\r\n\t<\/div><\/div><div class=\"grve-column wpb_column grve-column-1-2\" ><div class=\"grve-column-wrapper vc_custom_1605618297458\" ><div class=\"grve-element grve-text vc_custom_1783669116457\">\r\n\t\t\t<h4>StV Classica et Orientalia<\/h4>\n<p><strong>Beratungsstandort:<br \/>\n<\/strong>nach Vereinbarung<\/p>\n<p><strong>Beratungszeiten Sommerferien 2026:<\/strong><br \/>\nEmails werden selbstverst\u00e4ndlich auch in den Ferien beantwortet!<\/p>\n<p>&nbsp;<\/p>\n<p><strong>E-Mail: <\/strong><a href=\"mailto:stv-cleo-oeh@uibk.ac.at\">stv-cleo-oeh@uibk.ac.at<\/a><\/p>\n\r\n\t\t<\/div>\r\n\t<\/div><\/div><\/div><\/div><div class=\"grve-background-wrapper\"><\/div><\/div><div class=\"grve-section grve-row-section grve-fullwidth-background grve-padding-bottom-1x grve-bg-none grve-custom-height grve-equal-column\"  style=\"color:#000000;\"><div class=\"grve-container\"><div class=\"grve-row grve-bookmark grve-columns-gap-25\"><div class=\"grve-column wpb_column grve-column-1-2 zeilenabstand-medium\" ><div class=\"grve-column-wrapper vc_custom_1605614547532\" ><div class=\"grve-element grve-text vc_custom_1783669125434\">\r\n\t\t\t<h4 style=\"line-height: 28px;\">StV Europ\u00e4ische Ethnologie<\/h4>\n<p><strong>Beratungsstandort:<\/strong><br \/>\nWird noch bekannt gegeben<\/p>\n<p><strong>Beratungszeiten Sommerferien 2026:<\/strong><br \/>\nEmails werden selbstverst\u00e4ndlich auch in den Ferien beantwortet!<\/p>\n<p>&nbsp;<\/p>\n<p><strong>E-Mail: <\/strong><a href=\"mailto:StV-Europaeische-Ethnologie-oeh@uibk.ac.at\">StV-Europaeische-Ethnologie-oeh@uibk.ac.at<\/a><\/p>\n\r\n\t\t<\/div>\r\n\t<div class=\"grve-row-inner grve-bookmark\">\r\n\t\t<div class=\"grve-column-inner wpb_column grve-column-1-6 grve-mobile-column-1-3\">\r\n\t\t\t<div class=\"grve-column-wrapper-inner\">\r\n\t\t\t\r\n\t\t\t<\/div>\r\n\t\t<\/div>\r\n\t\r\n\t\t<div class=\"grve-column-inner wpb_column grve-column-1-6 grve-mobile-column-1-3\">\r\n\t\t\t<div class=\"grve-column-wrapper-inner\">\r\n\t\t\t\r\n\t\t\t<\/div>\r\n\t\t<\/div>\r\n\t\r\n\t\t<div class=\"grve-column-inner wpb_column grve-column-1-6\">\r\n\t\t\t<div class=\"grve-column-wrapper-inner\">\r\n\t\t\t\r\n\t\t\t<\/div>\r\n\t\t<\/div>\r\n\t\r\n\t\t<div class=\"grve-column-inner wpb_column grve-column-1-6\">\r\n\t\t\t<div class=\"grve-column-wrapper-inner\">\r\n\t\t\t\r\n\t\t\t<\/div>\r\n\t\t<\/div>\r\n\t\r\n\t\t<div class=\"grve-column-inner wpb_column grve-column-1-6\">\r\n\t\t\t<div class=\"grve-column-wrapper-inner\">\r\n\t\t\t\r\n\t\t\t<\/div>\r\n\t\t<\/div>\r\n\t\r\n\t\t<div class=\"grve-column-inner wpb_column grve-column-1-6\">\r\n\t\t\t<div class=\"grve-column-wrapper-inner\">\r\n\t\t\t\r\n\t\t\t<\/div>\r\n\t\t<\/div>\r\n\t<\/div><\/div><\/div><div class=\"grve-column wpb_column grve-column-1-2\" ><div class=\"grve-column-wrapper vc_custom_1605618297458\" ><div class=\"grve-element grve-text vc_custom_1783670025345\">\r\n\t\t\t<h4>StV Gender, Kultur und Sozialer Wandel<br \/>\n(interfakult\u00e4ren Masterstudiums Gender, Kultur und Sozialer Wandel)<\/h4>\n<p><em>\u00a0<strong>wurde aufgel\u00f6st<\/strong> \u2013 die Beratung wird aber weiterhin erfolgen.<\/em><\/p>\n<p><strong>Beratungsstandort:<\/strong><br \/>\nwird noch bekanntgegeben!<\/p>\n<p><strong>Beratungszeiten Sommerferien 2026:<\/strong><br \/>\nEmails werden selbstverst\u00e4ndlich auch in den Ferien beantwortet!<\/p>\n<p><strong>E-Mail: <\/strong><a href=\"mailto:stv-gender-oeh@uibk.ac.at\">stv-gender-oeh@uibk.ac.at<\/a><\/p>\n\r\n\t\t<\/div>\r\n\t<div class=\"grve-element grve-single-icon grve-align-left grve-medium\" style=\"\"><a href=\"https:\/\/www.facebook.com\/BaGru-Gender-Kultur-und-Sozialer-Wandel-105020413199082\/?ref=ts%20_blank\">  <div class=\"grve-wrapper-icon grve-no-shape\" style=\"\"><i class=\"fab fa-facebook-square grve-text-primary-1\"><\/i><\/div><\/a><\/div><\/div><\/div><\/div><\/div><div class=\"grve-background-wrapper\"><\/div><\/div><div class=\"grve-section grve-row-section grve-fullwidth-background grve-padding-bottom-1x grve-bg-none grve-custom-height grve-equal-column\"  style=\"color:#000000;\"><div class=\"grve-container\"><div class=\"grve-row grve-bookmark grve-columns-gap-25\"><div class=\"grve-column wpb_column grve-column-1-2 zeilenabstand-medium\" ><div class=\"grve-column-wrapper vc_custom_1605614547532\" ><div class=\"grve-element grve-text vc_custom_1783669150065\">\r\n\t\t\t<h4 style=\"line-height: 28px;\">StV Geschichte\u00a0 und Lehramt Geschichte und Politische Bildung<\/h4>\n<p><strong>Beratungsstandort:<\/strong><br \/>\nBruno Sander Haus, 5. Stock, Raum Nr. 60517<\/p>\n<p><strong>Beratungszeiten Sommerferien 2026:<\/strong><br \/>\nEmails werden selbstverst\u00e4ndlich auch in den Ferien beantwortet!<\/p>\n<p>&nbsp;<\/p>\n<p><strong>E-Mail: <\/strong><a href=\"mailto:StV-Geschichte-oeh@uibk.ac.at\">StV-Geschichte-oeh@uibk.ac.at<\/a><\/p>\n\r\n\t\t<\/div>\r\n\t<div class=\"grve-row-inner grve-bookmark\">\r\n\t\t<div class=\"grve-column-inner wpb_column grve-column-1-6 grve-mobile-column-1-3\">\r\n\t\t\t<div class=\"grve-column-wrapper-inner\">\r\n\t\t\t<div class=\"grve-element grve-single-icon grve-align-left grve-medium\" style=\"\"><a href=\"https:\/\/www.instagram.com\/stvgeschichteundlehramt\/?hl=de\">  <div class=\"grve-wrapper-icon grve-no-shape\" style=\"\"><i class=\"fab fa-instagram grve-text-primary-1\"><\/i><\/div><\/a><\/div>\r\n\t\t\t<\/div>\r\n\t\t<\/div>\r\n\t\r\n\t\t<div class=\"grve-column-inner wpb_column grve-column-1-6\">\r\n\t\t\t<div class=\"grve-column-wrapper-inner\">\r\n\t\t\t\r\n\t\t\t<\/div>\r\n\t\t<\/div>\r\n\t\r\n\t\t<div class=\"grve-column-inner wpb_column grve-column-1-6\">\r\n\t\t\t<div class=\"grve-column-wrapper-inner\">\r\n\t\t\t\r\n\t\t\t<\/div>\r\n\t\t<\/div>\r\n\t\r\n\t\t<div class=\"grve-column-inner wpb_column grve-column-1-6\">\r\n\t\t\t<div class=\"grve-column-wrapper-inner\">\r\n\t\t\t\r\n\t\t\t<\/div>\r\n\t\t<\/div>\r\n\t<\/div><\/div><\/div><div class=\"grve-column wpb_column grve-column-1-2\" ><div class=\"grve-column-wrapper vc_custom_1605618297458\" ><div class=\"grve-element grve-text vc_custom_1783669161512\">\r\n\t\t\t<h4 style=\"line-height: 28px;\">StV Kunstgeschichte<\/h4>\n<p><strong>Beratungsstandort:<br \/>\n<\/strong>Wird noch bekanntgegeben!<\/p>\n<p><strong>Beratungszeiten Sommerferien 2026:<\/strong><br \/>\nEmails werden selbstverst\u00e4ndlich auch in den Ferien beantwortet!<\/p>\n<p>&nbsp;<\/p>\n<p><strong>E-Mail: <\/strong><a href=\"mailto:StV-Kunstgeschichte-oeh@uibk.ac.at\">StV-Kunstgeschichte-oeh@uibk.ac.at<\/a><\/p>\n\r\n\t\t<\/div>\r\n\t<\/div><\/div><\/div><\/div><div class=\"grve-background-wrapper\"><\/div><\/div><div class=\"grve-section grve-row-section grve-fullwidth-background grve-padding-bottom-1x grve-bg-none grve-custom-height grve-equal-column\"  style=\"color:#000000;\"><div class=\"grve-container\"><div class=\"grve-row grve-bookmark grve-columns-gap-25\"><div class=\"grve-column wpb_column grve-column-1-2 zeilenabstand-medium\" ><div class=\"grve-column-wrapper vc_custom_1605614547532\" ><div class=\"grve-element grve-text vc_custom_1784713756663\">\r\n\t\t\t<h4>StV Musikwissenschaft<\/h4>\n<p><em>\u00a0<strong>wurde aufgel\u00f6st<\/strong> \u2013 die Beratung wird aber weiterhin erfolgen.<\/em><\/p>\n<p><strong>Beratungsstandort:<br \/>\n<\/strong>Wird per Terminanfrage bekanntgegeben!<\/p>\n<p><strong>Beratungszeiten Sommerferien 2026:<\/strong><br \/>\nEmails werden selbstverst\u00e4ndlich auch in den Ferien beantwortet!<\/p>\n<p><strong>E-Mail: <\/strong><a href=\"mailto:FV-Phil-Hist@uibk.ac.at\">FV-Phil-Hist@uibk.ac.at<\/a><\/p>\n\r\n\t\t<\/div>\r\n\t<\/div><\/div><div class=\"grve-column wpb_column grve-column-1-2\" ><div class=\"grve-column-wrapper vc_custom_1605618297458\" ><div class=\"grve-element grve-text vc_custom_1783669234326\">\r\n\t\t\t<h4>StV Peace and Conflict Studies<\/h4>\n<p><strong>Beratungsstandort:<br \/>\n<\/strong>Wird noch bekanntgegeben!<\/p>\n<p><strong>Beratungszeiten Sommerferien 2026:<\/strong><br \/>\nEmails werden selbstverst\u00e4ndlich auch in den Ferien beantwortet!<\/p>\n<p><strong>E-Mail: <\/strong><a href=\"mailto:stv-peace-conflict-oeh@uibk.ac.at\">stv-peace-conflict-oeh@uibk.ac.at<\/a><\/p>\n\r\n\t\t<\/div>\r\n\t<\/div><\/div><\/div><\/div><div class=\"grve-background-wrapper\"><\/div><\/div><div class=\"grve-section grve-row-section grve-fullwidth-background grve-padding-bottom-1x grve-bg-none grve-custom-height grve-equal-column\"  style=\"color:#000000;\"><div class=\"grve-container\"><div class=\"grve-row grve-bookmark grve-columns-gap-25\"><div class=\"grve-column wpb_column grve-column-1-2\" ><div class=\"grve-column-wrapper vc_custom_1605618297458\" ><div class=\"grve-element grve-text vc_custom_1783669243323\">\r\n\t\t\t<h4 style=\"line-height: 28px;\">StV Philosophie und Lehramt Ethik<\/h4>\n<p><strong>Beratungsstandort:<br \/>\n<\/strong>Bruno-Sander-Haus, 5. Stock, Raum 60517<\/p>\n<p><strong>Beratungszeiten Sommerferien 2026:<\/strong><br \/>\nEmails werden selbstverst\u00e4ndlich auch in den Ferien beantwortet!<\/p>\n<p><strong>E-Mail: <\/strong><a href=\"mailto:stv-philosophie-ethik-oeh@uibk.ac.at\">stv-philosophie-ethik-oeh@uibk.ac.at<\/a><br \/>\n<strong>Website: <\/strong><span style=\"color: #000000;\"><a href=\"https:\/\/www.uibk.ac.at\/de\/philosophie\/studium\/studienvertretung\/\">https:\/\/www.uibk.ac.at\/de\/philosophie\/studium\/studienvertretung\/<\/a><\/span><\/p>\n\r\n\t\t<\/div>\r\n\t<div class=\"grve-row-inner grve-bookmark\">\r\n\t\t<div class=\"grve-column-inner wpb_column grve-column-1-6 grve-mobile-column-1-3\">\r\n\t\t\t<div class=\"grve-column-wrapper-inner\">\r\n\t\t\t<div class=\"grve-element grve-single-icon grve-align-left grve-medium\" style=\"\"><a href=\"https:\/\/www.facebook.com\/profile.php?id=100095092466897\">  <div class=\"grve-wrapper-icon grve-no-shape\" style=\"\"><i class=\"fab fa-facebook-square grve-text-primary-1\"><\/i><\/div><\/a><\/div>\r\n\t\t\t<\/div>\r\n\t\t<\/div>\r\n\t\r\n\t\t<div class=\"grve-column-inner wpb_column grve-column-1-6 grve-mobile-column-1-3\">\r\n\t\t\t<div class=\"grve-column-wrapper-inner\">\r\n\t\t\t<div class=\"grve-element grve-single-icon grve-align-left grve-medium\" style=\"\"><a href=\"https:\/\/www.instagram.com\/stv_philosophie_la_ethik_uibk\/?igshid=MzRlODBiNWFlZA%3D%3D\">  <div class=\"grve-wrapper-icon grve-no-shape\" style=\"\"><i class=\"fab fa-instagram grve-text-primary-1\"><\/i><\/div><\/a><\/div>\r\n\t\t\t<\/div>\r\n\t\t<\/div>\r\n\t\r\n\t\t<div class=\"grve-column-inner wpb_column grve-column-1-6\">\r\n\t\t\t<div class=\"grve-column-wrapper-inner\">\r\n\t\t\t\r\n\t\t\t<\/div>\r\n\t\t<\/div>\r\n\t\r\n\t\t<div class=\"grve-column-inner wpb_column grve-column-1-6\">\r\n\t\t\t<div class=\"grve-column-wrapper-inner\">\r\n\t\t\t\r\n\t\t\t<\/div>\r\n\t\t<\/div>\r\n\t\r\n\t\t<div class=\"grve-column-inner wpb_column grve-column-1-6\">\r\n\t\t\t<div class=\"grve-column-wrapper-inner\">\r\n\t\t\t\r\n\t\t\t<\/div>\r\n\t\t<\/div>\r\n\t\r\n\t\t<div class=\"grve-column-inner wpb_column grve-column-1-6\">\r\n\t\t\t<div class=\"grve-column-wrapper-inner\">\r\n\t\t\t\r\n\t\t\t<\/div>\r\n\t\t<\/div>\r\n\t<\/div><\/div><\/div><\/div><\/div><div class=\"grve-background-wrapper\"><\/div><\/div><div class=\"grve-section grve-row-section grve-fullwidth-background grve-padding-bottom-1x grve-bg-none grve-custom-height grve-equal-column\"  style=\"color:#000000;\"><div class=\"grve-container\"><div class=\"grve-row grve-bookmark grve-columns-gap-25\"><div class=\"grve-column wpb_column grve-column-1\" ><div class=\"grve-column-wrapper vc_custom_1605618297458\" ><div class=\"grve-element grve-text vc_custom_1750940802924\">\r\n\t\t\t<h4 style=\"line-height: 28px;\"><em>StV Doktorat\/PhD Phil-Hist<\/em><\/h4>\n<p><strong>Leider ist die StV bei der Wahl nicht zustandegekommen!<br \/>\n\u2013 daher keine gew\u00e4hlte StV!<br \/>\n<\/strong><\/p>\n<p>Bei Fragen und Problemen k\u00f6nnt ihr euch aber gerne jederzeit an unsere FV-Phil.Hist (<a href=\"mailto:FV-Phil-Hist@uibk.ac.at\">FV-Phil-Hist@uibk.ac.at<\/a>) wenden, die euch so gut wie m\u00f6glich weiterhelfen werden!<\/p>\n\r\n\t\t<\/div>\r\n\t<\/div><\/div><\/div><\/div><div class=\"grve-background-wrapper\"><\/div><\/div>","protected":false},"excerpt":{"rendered":"Fakult\u00e4tsvertretung (FV) Phil Hist Die Fakult\u00e4tsvertretung (FV) f\u00fcr alle Studierenden der philosophisch-historischen Fakult\u00e4t. FV Phil-Hist Arch\u00e4ologien Classica et Orientalia Europ\u00e4ische Ethnologie Geschichte und LA Geschichte und Politische Bildung Kunstgeschichte Peace and Conflict Studies Philosophie und LA Ethik Gender, Kultur und Sozialer Wandel\u2013 wurde aufgel\u00f6st \u2013 die Beratung wird aber weiter erfolgen Musikwissenschaften \u2013 wurde aufgel\u00f6st [...]","protected":false},"author":1,"featured_media":0,"parent":640,"menu_order":0,"comment_status":"closed","ping_status":"closed","template":"","meta":{"inline_featured_image":false,"footnotes":""},"class_list":["post-662","page","type-page","status-publish","hentry"],"yoast_head":"<!-- This site is optimized with the Yoast SEO plugin v21.8.1 - https:\/\/yoast.com\/wordpress\/plugins\/seo\/ -->\n<title>Phil Hist - \u00d6H Innsbruck<\/title>\n<meta name=\"robots\" content=\"index, follow, max-snippet:-1, max-image-preview:large, max-video-preview:-1\" \/>\n<link rel=\"canonical\" href=\"https:\/\/www.oehweb.at\/en\/deine-oeh\/fachschaften\/phil-hist\/\" \/>\n<meta property=\"og:locale\" content=\"en_GB\" \/>\n<meta property=\"og:type\" content=\"article\" \/>\n<meta property=\"og:title\" content=\"Phil Hist - \u00d6H Innsbruck\" \/>\n<meta property=\"og:url\" content=\"https:\/\/www.oehweb.at\/en\/deine-oeh\/fachschaften\/phil-hist\/\" \/>\n<meta property=\"og:site_name\" content=\"\u00d6H Innsbruck\" \/>\n<meta property=\"article:modified_time\" content=\"2026-07-22T09:49:28+00:00\" \/>\n<meta name=\"twitter:card\" content=\"summary_large_image\" \/>\n<meta name=\"twitter:label1\" content=\"Estimated reading time\" \/>\n\t<meta name=\"twitter:data1\" content=\"5 minutes\" \/>\n<script type=\"application\/ld+json\" class=\"yoast-schema-graph\">{\"@context\":\"https:\/\/schema.org\",\"@graph\":[{\"@type\":\"WebPage\",\"@id\":\"https:\/\/www.oehweb.at\/deine-oeh\/fachschaften\/phil-hist\/\",\"url\":\"https:\/\/www.oehweb.at\/deine-oeh\/fachschaften\/phil-hist\/\",\"name\":\"Phil Hist - \u00d6H Innsbruck\",\"isPartOf\":{\"@id\":\"https:\/\/www.oehweb.at\/#website\"},\"datePublished\":\"2020-11-17T18:57:49+00:00\",\"dateModified\":\"2026-07-22T09:49:28+00:00\",\"breadcrumb\":{\"@id\":\"https:\/\/www.oehweb.at\/deine-oeh\/fachschaften\/phil-hist\/#breadcrumb\"},\"inLanguage\":\"en-GB\",\"potentialAction\":[{\"@type\":\"ReadAction\",\"target\":[\"https:\/\/www.oehweb.at\/deine-oeh\/fachschaften\/phil-hist\/\"]}]},{\"@type\":\"BreadcrumbList\",\"@id\":\"https:\/\/www.oehweb.at\/deine-oeh\/fachschaften\/phil-hist\/#breadcrumb\",\"itemListElement\":[{\"@type\":\"ListItem\",\"position\":1,\"name\":\"Home\",\"item\":\"https:\/\/www.oehweb.at\/\"},{\"@type\":\"ListItem\",\"position\":2,\"name\":\"Deine \u00d6H\",\"item\":\"https:\/\/www.oehweb.at\/deine-oeh\/\"},{\"@type\":\"ListItem\",\"position\":3,\"name\":\"Fakult\u00e4tsvertretung (FV)\",\"item\":\"https:\/\/www.oehweb.at\/deine-oeh\/fachschaften\/\"},{\"@type\":\"ListItem\",\"position\":4,\"name\":\"Phil Hist\"}]},{\"@type\":\"WebSite\",\"@id\":\"https:\/\/www.oehweb.at\/#website\",\"url\":\"https:\/\/www.oehweb.at\/\",\"name\":\"\u00d6H Innsbruck\",\"description\":\"Wir sind die \u00d6sterreichische Hochsch\u00fclerInnenschaft an der Universit\u00e4t Innsbruck\",\"publisher\":{\"@id\":\"https:\/\/www.oehweb.at\/#organization\"},\"potentialAction\":[{\"@type\":\"SearchAction\",\"target\":{\"@type\":\"EntryPoint\",\"urlTemplate\":\"https:\/\/www.oehweb.at\/?s={search_term_string}\"},\"query-input\":\"required name=search_term_string\"}],\"inLanguage\":\"en-GB\"},{\"@type\":\"Organization\",\"@id\":\"https:\/\/www.oehweb.at\/#organization\",\"name\":\"\u00d6H Innsrbruck\",\"url\":\"https:\/\/www.oehweb.at\/\",\"logo\":{\"@type\":\"ImageObject\",\"inLanguage\":\"en-GB\",\"@id\":\"https:\/\/www.oehweb.at\/#\/schema\/logo\/image\/\",\"url\":\"https:\/\/www.oehweb.at\/wp-content\/uploads\/2020\/11\/OEH-Innsbruck-Logo.svg\",\"contentUrl\":\"https:\/\/www.oehweb.at\/wp-content\/uploads\/2020\/11\/OEH-Innsbruck-Logo.svg\",\"width\":448,\"height\":255,\"caption\":\"\u00d6H Innsrbruck\"},\"image\":{\"@id\":\"https:\/\/www.oehweb.at\/#\/schema\/logo\/image\/\"}}]}<\/script>\n<!-- \/ Yoast SEO plugin. -->","yoast_head_json":{"title":"Phil Hist - \u00d6H Innsbruck","robots":{"index":"index","follow":"follow","max-snippet":"max-snippet:-1","max-image-preview":"max-image-preview:large","max-video-preview":"max-video-preview:-1"},"canonical":"https:\/\/www.oehweb.at\/en\/deine-oeh\/fachschaften\/phil-hist\/","og_locale":"en_GB","og_type":"article","og_title":"Phil Hist - \u00d6H Innsbruck","og_url":"https:\/\/www.oehweb.at\/en\/deine-oeh\/fachschaften\/phil-hist\/","og_site_name":"\u00d6H Innsbruck","article_modified_time":"2026-07-22T09:49:28+00:00","twitter_card":"summary_large_image","twitter_misc":{"Estimated reading time":"5 minutes"},"schema":{"@context":"https:\/\/schema.org","@graph":[{"@type":"WebPage","@id":"https:\/\/www.oehweb.at\/deine-oeh\/fachschaften\/phil-hist\/","url":"https:\/\/www.oehweb.at\/deine-oeh\/fachschaften\/phil-hist\/","name":"Phil Hist - \u00d6H Innsbruck","isPartOf":{"@id":"https:\/\/www.oehweb.at\/#website"},"datePublished":"2020-11-17T18:57:49+00:00","dateModified":"2026-07-22T09:49:28+00:00","breadcrumb":{"@id":"https:\/\/www.oehweb.at\/deine-oeh\/fachschaften\/phil-hist\/#breadcrumb"},"inLanguage":"en-GB","potentialAction":[{"@type":"ReadAction","target":["https:\/\/www.oehweb.at\/deine-oeh\/fachschaften\/phil-hist\/"]}]},{"@type":"BreadcrumbList","@id":"https:\/\/www.oehweb.at\/deine-oeh\/fachschaften\/phil-hist\/#breadcrumb","itemListElement":[{"@type":"ListItem","position":1,"name":"Home","item":"https:\/\/www.oehweb.at\/"},{"@type":"ListItem","position":2,"name":"Deine \u00d6H","item":"https:\/\/www.oehweb.at\/deine-oeh\/"},{"@type":"ListItem","position":3,"name":"Fakult\u00e4tsvertretung (FV)","item":"https:\/\/www.oehweb.at\/deine-oeh\/fachschaften\/"},{"@type":"ListItem","position":4,"name":"Phil Hist"}]},{"@type":"WebSite","@id":"https:\/\/www.oehweb.at\/#website","url":"https:\/\/www.oehweb.at\/","name":"\u00d6H Innsbruck","description":"Wir sind die \u00d6sterreichische Hochsch\u00fclerInnenschaft an der Universit\u00e4t Innsbruck","publisher":{"@id":"https:\/\/www.oehweb.at\/#organization"},"potentialAction":[{"@type":"SearchAction","target":{"@type":"EntryPoint","urlTemplate":"https:\/\/www.oehweb.at\/?s={search_term_string}"},"query-input":"required name=search_term_string"}],"inLanguage":"en-GB"},{"@type":"Organization","@id":"https:\/\/www.oehweb.at\/#organization","name":"\u00d6H Innsrbruck","url":"https:\/\/www.oehweb.at\/","logo":{"@type":"ImageObject","inLanguage":"en-GB","@id":"https:\/\/www.oehweb.at\/#\/schema\/logo\/image\/","url":"https:\/\/www.oehweb.at\/wp-content\/uploads\/2020\/11\/OEH-Innsbruck-Logo.svg","contentUrl":"https:\/\/www.oehweb.at\/wp-content\/uploads\/2020\/11\/OEH-Innsbruck-Logo.svg","width":448,"height":255,"caption":"\u00d6H Innsrbruck"},"image":{"@id":"https:\/\/www.oehweb.at\/#\/schema\/logo\/image\/"}}]}},"_links":{"self":[{"href":"https:\/\/www.oehweb.at\/en\/wp-json\/wp\/v2\/pages\/662","targetHints":{"allow":["GET"]}}],"collection":[{"href":"https:\/\/www.oehweb.at\/en\/wp-json\/wp\/v2\/pages"}],"about":[{"href":"https:\/\/www.oehweb.at\/en\/wp-json\/wp\/v2\/types\/page"}],"author":[{"embeddable":true,"href":"https:\/\/www.oehweb.at\/en\/wp-json\/wp\/v2\/users\/1"}],"replies":[{"embeddable":true,"href":"https:\/\/www.oehweb.at\/en\/wp-json\/wp\/v2\/comments?post=662"}],"version-history":[{"count":125,"href":"https:\/\/www.oehweb.at\/en\/wp-json\/wp\/v2\/pages\/662\/revisions"}],"predecessor-version":[{"id":11688,"href":"https:\/\/www.oehweb.at\/en\/wp-json\/wp\/v2\/pages\/662\/revisions\/11688"}],"up":[{"embeddable":true,"href":"https:\/\/www.oehweb.at\/en\/wp-json\/wp\/v2\/pages\/640"}],"wp:attachment":[{"href":"https:\/\/www.oehweb.at\/en\/wp-json\/wp\/v2\/media?parent=662"}],"curies":[{"name":"wp","href":"https:\/\/api.w.org\/{rel}","templated":true}]}}