{"id":666,"date":"2020-11-17T20:19:45","date_gmt":"2020-11-17T19:19:45","guid":{"rendered":"https:\/\/www.oehweb.at\/deine-oeh\/fachschaften\/phil-hist-copy\/"},"modified":"2026-07-10T09:43:43","modified_gmt":"2026-07-10T07:43:43","slug":"phil-kult","status":"publish","type":"page","link":"https:\/\/www.oehweb.at\/en\/deine-oeh\/fachschaften\/phil-kult\/","title":{"rendered":"Phil Kult"},"content":{"rendered":"<div class=\"grve-section grve-row-section grve-fullwidth-background grve-padding-top-4x grve-padding-bottom-4x grve-bg-none grve-headings-light\"  style=\"color:#ffffff;\"><div class=\"grve-container\"><div class=\"grve-row grve-bookmark grve-columns-gap-30\"><div class=\"grve-column wpb_column grve-column-1-2\" ><div class=\"grve-column-wrapper\" ><div class=\"grve-element grve-text grve-leader-text\">\r\n\t\t\t<div class=\"grve-small-text\"><span class=\"\">Fakult\u00e4tsvertretung (FV)<\/span><\/div>\n<h1>Phil Kult<\/h1>\n<p>Die <span class=\"\">Fakult\u00e4tsvertretung (FV)<\/span> f\u00fcr alle Studierenden der philologisch-kulturwissenschaftlichen Fakult\u00e4t.<\/p>\n\r\n\t\t<\/div>\r\n\t<\/div><\/div><div class=\"grve-column wpb_column grve-column-1-2\" ><div class=\"grve-column-wrapper\" ><\/div><\/div><\/div><\/div><div class=\"grve-background-wrapper\">  <div class=\"grve-bg-image grve-bg-center-center grve-bg-image-id-645\"   style=\"background-image: url(https:\/\/www.oehweb.at\/wp-content\/uploads\/2020\/11\/oeh-innsbruck-fachschaften.jpg);\"><\/div>  <div class=\"grve-bg-overlay\" style=\"background:rgba(27,29,31,0.5); background: linear-gradient(180deg,rgba(27,29,31,0.5) 0%,rgba(27,29,31,0.75) 100%);\"><\/div><\/div><\/div><div class=\"grve-section grve-row-section grve-fullwidth-background grve-bg-none\"  style=\"background:#ff9000;background: linear-gradient(90deg,#ff9000 0%,#ff9000 100%);padding-top: 15px;\"><div class=\"grve-container\"><div class=\"grve-row grve-bookmark grve-columns-gap-30\"><div class=\"grve-column wpb_column grve-column-1\" ><div class=\"grve-column-wrapper\" ><\/div><\/div><\/div><\/div><div class=\"grve-background-wrapper\"><\/div><\/div><div class=\"grve-section grve-row-section grve-fullwidth-background grve-padding-top-4x grve-padding-bottom-4x grve-bg-none\"  style=\"background-color:#f4f4f4;color:#000000;\"><div class=\"grve-container\"><div class=\"grve-row grve-bookmark grve-columns-gap-60\"><div class=\"grve-column wpb_column grve-column-1\" ><div class=\"grve-column-wrapper\" ><div class=\"grve-element grve-text grve-leader-text vc_custom_1778577680556\">\r\n\t\t\t<h2 style=\"font-size: 140%; line-height: 140%;\">FV Phil-Kult<\/h2>\n<p>Anglistik\/Amerikanistik und LA Englisch<br \/>\nGermanistik und LA Deutsch<br \/>\nRomanistik und LA Franz\u00f6sisch\/Italienisch\/Spanisch<br \/>\nTranslationswissenschaft<br \/>\nVergleichende Literaturwissenschaft<\/p>\n<p><em>Doktorat\/PhD Phil.Kult<\/em><br \/>\n<em>Master Medien<br \/>\nSlawistik und LA Russisch<\/em><br \/>\n<em>Sprachwissenschaft<\/em><br \/>\n<em>klassische Philologie und LA Latein\/Griechisch<\/em><\/p>\n\r\n\t\t<\/div>\r\n\t<div class=\"grve-element grve-text vc_custom_1770893453006\">\r\n\t\t\t<p>Die FV der philologisch-kulturwissenschaftlichen Fakult\u00e4t ist bem\u00fcht, dir bei Fragen und Problemen zum oder w\u00e4hrend des Studiums zu helfen und dich zu beraten. Das Service-Angebot umfasst, Informationsmaterial, Internet, einen Raum f\u00fcr Lesezirkel und diverse Diskussionsrunden und Filmvorf\u00fchrungen.<\/p>\n\r\n\t\t<\/div>\r\n\t<\/div><\/div><\/div><\/div><div class=\"grve-background-wrapper\"><\/div><\/div><div class=\"grve-section grve-row-section grve-fullwidth-background grve-bg-none\"  style=\"background-color:#f4f4f4;color:#000000;\"><div class=\"grve-container\"><div class=\"grve-row grve-bookmark grve-columns-gap-60\"><div class=\"grve-column wpb_column grve-column-1-2\" ><div class=\"grve-column-wrapper\" ><div class=\"grve-element grve-text grve-leader-text zeilenabstand-medium vc_custom_1770891583873\">\r\n\t\t\t<p><strong>E-Mail: <\/strong><a href=\"mailto:FV-Phil-Kult@uibk.ac.at\">FV-Phil-Kult@uibk.ac.at<\/a><\/p>\n\r\n\t\t<\/div>\r\n\t<div class=\"grve-element grve-text\">\r\n\t\t\t\r\n\t\t<\/div>\r\n\t<\/div><\/div><div class=\"grve-column wpb_column grve-column-1-2\" ><div class=\"grve-column-wrapper\" ><div class=\"grve-element grve-text vc_custom_1770892488325\">\r\n\t\t\t<p><strong>Post- und Rechnungsanschrift:<\/strong><br \/>\nHochsch\u00fclerinnen- und Hochsch\u00fclerschaft<br \/>\nan der Universit\u00e4t Innsbruck<br \/>\nJosef-Hirn Stra\u00dfe 7<br \/>\n6020 Innsbruck<\/p>\n\r\n\t\t<\/div>\r\n\t<\/div><\/div><\/div><\/div><div class=\"grve-background-wrapper\"><\/div><\/div><div class=\"grve-section grve-row-section grve-fullwidth-background grve-padding-top-4x grve-bg-none\"  style=\"color:#000000;\"><div class=\"grve-container\"><div class=\"grve-row grve-bookmark grve-columns-gap-60\"><div class=\"grve-column wpb_column grve-column-1 grve-mobile-column-hide\" ><div class=\"grve-column-wrapper\" ><div class=\"grve-element grve-text grve-leader-text vc_custom_1605617992579\">\r\n\t\t\t<h2>Studienvertretungen<\/h2>\n\r\n\t\t<\/div>\r\n\t<\/div><\/div><div class=\"grve-column wpb_column grve-column-1 grve-desktop-column-hide grve-tablet-column-hide grve-tablet-sm-column-hide\" ><div class=\"grve-column-wrapper\" ><div class=\"grve-element grve-text grve-leader-text vc_custom_1605617996463\">\r\n\t\t\t<h2>Studien-<br \/>\nvertretungen<\/h2>\n\r\n\t\t<\/div>\r\n\t<\/div><\/div><\/div><\/div><div class=\"grve-background-wrapper\"><\/div><\/div><div class=\"grve-section grve-row-section grve-fullwidth-background grve-padding-bottom-1x grve-bg-none grve-custom-height grve-equal-column\"  style=\"color:#000000;\"><div class=\"grve-container\"><div class=\"grve-row grve-bookmark grve-columns-gap-25\"><div class=\"grve-column wpb_column grve-column-1-2 zeilenabstand-medium\" ><div class=\"grve-column-wrapper vc_custom_1605614547532\" ><div class=\"grve-element grve-text vc_custom_1783669324383\">\r\n\t\t\t<h4 style=\"line-height: 28px;\">StV Anglistik\/Amerikanistik und LA Englisch<\/h4>\n<p><strong>Beratungsstandort:<\/strong><br \/>\nim Coffeeroom (Raum 40332, Innrain 52d)<\/p>\n<p><strong>Beratungszeiten Sommerferien 2026:<\/strong><br \/>\nEmails werden selbstverst\u00e4ndlich auch in den Ferien beantwortet!<\/p>\n<p>&nbsp;<\/p>\n<p><strong>E-Mail: <\/strong><a href=\"mailto:stv-englisch-oeh@uibk.ac.at\">stv-englisch-oeh@uibk.ac.at<\/a><\/p>\n\r\n\t\t<\/div>\r\n\t<div class=\"grve-row-inner grve-bookmark\">\r\n\t\t<div class=\"grve-column-inner wpb_column grve-column-1-6 grve-mobile-column-1-3\">\r\n\t\t\t<div class=\"grve-column-wrapper-inner\">\r\n\t\t\t<div class=\"grve-element grve-single-icon grve-align-left grve-medium\" style=\"\"><a href=\"https:\/\/www.instagram.com\/stv_englisch_uibk\/\" target=\"_blank\" rel=\"noopener noreferrer\">  <div class=\"grve-wrapper-icon grve-no-shape\" style=\"\"><i class=\"fab fa-instagram grve-text-primary-1\"><\/i><\/div><\/a><\/div>\r\n\t\t\t<\/div>\r\n\t\t<\/div>\r\n\t\r\n\t\t<div class=\"grve-column-inner wpb_column grve-column-1-6 grve-mobile-column-1-3\">\r\n\t\t\t<div class=\"grve-column-wrapper-inner\">\r\n\t\t\t\r\n\t\t\t<\/div>\r\n\t\t<\/div>\r\n\t\r\n\t\t<div class=\"grve-column-inner wpb_column grve-column-1-6\">\r\n\t\t\t<div class=\"grve-column-wrapper-inner\">\r\n\t\t\t\r\n\t\t\t<\/div>\r\n\t\t<\/div>\r\n\t\r\n\t\t<div class=\"grve-column-inner wpb_column grve-column-1-6\">\r\n\t\t\t<div class=\"grve-column-wrapper-inner\">\r\n\t\t\t\r\n\t\t\t<\/div>\r\n\t\t<\/div>\r\n\t\r\n\t\t<div class=\"grve-column-inner wpb_column grve-column-1-6\">\r\n\t\t\t<div class=\"grve-column-wrapper-inner\">\r\n\t\t\t\r\n\t\t\t<\/div>\r\n\t\t<\/div>\r\n\t\r\n\t\t<div class=\"grve-column-inner wpb_column grve-column-1-6\">\r\n\t\t\t<div class=\"grve-column-wrapper-inner\">\r\n\t\t\t\r\n\t\t\t<\/div>\r\n\t\t<\/div>\r\n\t<\/div><\/div><\/div><div class=\"grve-column wpb_column grve-column-1-2\" ><div class=\"grve-column-wrapper vc_custom_1605618297458\" ><div class=\"grve-element grve-text vc_custom_1783669333717\">\r\n\t\t\t<h4 style=\"line-height: 28px;\">StV Germanistik und LA Deutsch<\/h4>\n<p><strong>Beratungsstandort:<\/strong><br \/>\nBruno Sander Haus, 5. Stock, Raum Nr. 60513<\/p>\n<p><strong>Beratungszeiten Sommerferien 2026:<\/strong><br \/>\nEmails werden selbstverst\u00e4ndlich auch in den Ferien beantwortet!<\/p>\n<p>&nbsp;<\/p>\n<p><strong>E-Mail: <\/strong><a href=\"mailto:stv-germanistik-oeh@uibk.ac.at\">stv-germanistik-oeh@uibk.ac.at<\/a><\/p>\n\r\n\t\t<\/div>\r\n\t<div class=\"grve-row-inner grve-bookmark\">\r\n\t\t<div class=\"grve-column-inner wpb_column grve-column-1-6 grve-mobile-column-1-3\">\r\n\t\t\t<div class=\"grve-column-wrapper-inner\">\r\n\t\t\t\r\n\t\t\t<\/div>\r\n\t\t<\/div>\r\n\t\r\n\t\t<div class=\"grve-column-inner wpb_column grve-column-1-6 grve-mobile-column-1-3\">\r\n\t\t\t<div class=\"grve-column-wrapper-inner\">\r\n\t\t\t\r\n\t\t\t<\/div>\r\n\t\t<\/div>\r\n\t\r\n\t\t<div class=\"grve-column-inner wpb_column grve-column-1-6\">\r\n\t\t\t<div class=\"grve-column-wrapper-inner\">\r\n\t\t\t\r\n\t\t\t<\/div>\r\n\t\t<\/div>\r\n\t\r\n\t\t<div class=\"grve-column-inner wpb_column grve-column-1-6\">\r\n\t\t\t<div class=\"grve-column-wrapper-inner\">\r\n\t\t\t\r\n\t\t\t<\/div>\r\n\t\t<\/div>\r\n\t\r\n\t\t<div class=\"grve-column-inner wpb_column grve-column-1-6\">\r\n\t\t\t<div class=\"grve-column-wrapper-inner\">\r\n\t\t\t\r\n\t\t\t<\/div>\r\n\t\t<\/div>\r\n\t\r\n\t\t<div class=\"grve-column-inner wpb_column grve-column-1-6\">\r\n\t\t\t<div class=\"grve-column-wrapper-inner\">\r\n\t\t\t\r\n\t\t\t<\/div>\r\n\t\t<\/div>\r\n\t<\/div><\/div><\/div><\/div><\/div><div class=\"grve-background-wrapper\"><\/div><\/div><div class=\"grve-section grve-row-section grve-fullwidth-background grve-padding-bottom-1x grve-bg-none grve-custom-height grve-equal-column\"  style=\"color:#000000;\"><div class=\"grve-container\"><div class=\"grve-row grve-bookmark grve-columns-gap-25\"><div class=\"grve-column wpb_column grve-column-1-2 zeilenabstand-medium\" ><div class=\"grve-column-wrapper vc_custom_1605614547532\" ><div class=\"grve-element grve-text vc_custom_1783669346184\">\r\n\t\t\t<h4 style=\"line-height: 28px;\">StV Romanistik und<br \/>\nLA Franz\u00f6sisch \/ Italienisch \/ Spanisch<\/h4>\n<p><strong>Beratungsstandort:<\/strong><br \/>\nBruno Sander Haus, 5. Stock, Raum Nr. 60513<strong><br \/>\n<\/strong><\/p>\n<p><strong>Beratungszeiten Sommerferien 2026:<\/strong><br \/>\nEmails werden selbstverst\u00e4ndlich auch in den Ferien beantwortet!<\/p>\n<p>&nbsp;<\/p>\n<p><strong>E-Mail:<\/strong><span style=\"color: #000000;\"> <a href=\"mailto:StV-Romanistik-oeh@uibk.ac.at\">StV-Romanistik-oeh@uibk.ac.at<\/a><\/span><\/p>\n\r\n\t\t<\/div>\r\n\t<div class=\"grve-element grve-single-icon grve-align-left grve-medium\" style=\"\"><a href=\"https:\/\/www.facebook.com\/romanistik.innsbruck\">  <div class=\"grve-wrapper-icon grve-no-shape\" style=\"\"><i class=\"fa fa-facebook-square grve-text-primary-1\"><\/i><\/div><\/a><\/div><\/div><\/div><div class=\"grve-column wpb_column grve-column-1-2\" ><div class=\"grve-column-wrapper vc_custom_1605618297458\" ><div class=\"grve-element grve-text\">\r\n\t\t\t<h4>StV Translationswissenschaft<\/h4>\n<p><strong>Beratungsstandort<\/strong>:<br \/>\nDiplomandenraum im 3. Stock des Instituts oder nach Vereinbarung<\/p>\n<p><strong>Beratungszeiten Sommerferien 2026:<\/strong><br \/>\nEmails werden selbstverst\u00e4ndlich auch in den Ferien beantwortet!<\/p>\n<p>&nbsp;<\/p>\n<p>Bitte schreib uns eine E-Mail\u00a0mit den folgenden Infos, damit wir einen passenden Termin f\u00fcr dich finden k\u00f6nnen:<\/p>\n<ul>\n<li>In welchem Studiensabschnitt (MA oder BA) und Semester bist du?<\/li>\n<li>Was ist deine Sprachenkombi?<\/li>\n<li>Womit k\u00f6nnen wir dir helfen? Wenn du dein Problem nicht schriftlich mitteilen m\u00f6chtest, gib uns bitte Anhaltspunkte, damit das \u201crichtige\u201d StV-Mitglied zu dem Treffen kommen kann \ud83d\ude42<\/li>\n<li>Ein paar Terminvorschl\u00e4ge<\/li>\n<\/ul>\n<p>&nbsp;<\/p>\n<p><strong>E-Mail: <\/strong><a href=\"mailto:stv-translationswissenschaft-oeh@uibk.ac.at\">stv-translationswissenschaft-oeh@uibk.ac.at<\/a><br \/>\n<strong>Website:<\/strong> <a href=\"https:\/\/www.uibk.ac.at\/de\/translation\/personen\/studienvertretung\/\">https:\/\/www.uibk.ac.at\/de\/translation\/personen\/studienvertretung\/<\/a><strong><br \/>\n<\/strong><\/p>\n<p>Wir laden euch auch herzlich ein unserer WhatsApp-Gruppe (Link: <a href=\"https:\/\/chat.whatsapp.com\/LvRPCxTIoaSGktvBgwvySG\">https:\/\/chat.whatsapp.com\/LvRPCxTIoaSGktvBgwvySG<\/a>) beizutreten.<\/p>\n<p>Buddy: Doroti Domokos<br \/>\nBeratungszeiten: flexibel nach Vereinbarung.<br \/>\nBeratungsort: Diplomandenraum (3. Stock des Instituts f\u00fcr Translationswissenschaft)<br \/>\nIm Rahmen des Buddy-Mentoring-Systems unterst\u00fctze ich alle Erst- und Zweitsemestrigen beim Einstieg ins Studium. Solltet ihr Fragen, Anliegen oder Probleme haben, schreibt mir einfach eine Mail.<\/p>\n\r\n\t\t<\/div>\r\n\t<div class=\"grve-element grve-single-icon grve-align-left grve-medium\" style=\"\"><a href=\"https:\/\/www.instagram.com\/stv_trawi\/\">  <div class=\"grve-wrapper-icon grve-no-shape\" style=\"\"><i class=\"fab fa-instagram grve-text-primary-1\"><\/i><\/div><\/a><\/div><\/div><\/div><\/div><\/div><div class=\"grve-background-wrapper\"><\/div><\/div><div class=\"grve-section grve-row-section grve-fullwidth-background grve-padding-bottom-1x grve-bg-none grve-custom-height grve-equal-column\"  style=\"color:#000000;\"><div class=\"grve-container\"><div class=\"grve-row grve-bookmark grve-columns-gap-25\"><div class=\"grve-column wpb_column grve-column-1-2\" ><div class=\"grve-column-wrapper vc_custom_1605618297458\" ><div class=\"grve-element grve-text vc_custom_1783669422440\">\r\n\t\t\t<h4 style=\"line-height: 28px;\">StV Vergleichende Literaturwissenschaft<\/h4>\n<p><strong>Beratungsstandort:<\/strong><br \/>\nnach Absprache<\/p>\n<p><strong>Beratungszeiten Sommerferien 2026:<\/strong><br \/>\nEmails werden selbstverst\u00e4ndlich auch in den Ferien beantwortet!<\/p>\n<p>&nbsp;<\/p>\n<p><strong>E-Mail: <\/strong><a href=\"mailto:StV-Vergl-Literaturwissenschaft-oeh@uibk.ac.at\">StV-Vergl-Literaturwissenschaft-oeh@uibk.ac.at<\/a><\/p>\n\r\n\t\t<\/div>\r\n\t<div class=\"grve-row-inner grve-bookmark\">\r\n\t\t<div class=\"grve-column-inner wpb_column grve-column-1-6 grve-mobile-column-1-3\">\r\n\t\t\t<div class=\"grve-column-wrapper-inner\">\r\n\t\t\t\r\n\t\t\t<\/div>\r\n\t\t<\/div>\r\n\t\r\n\t\t<div class=\"grve-column-inner wpb_column grve-column-1-6 grve-mobile-column-1-3\">\r\n\t\t\t<div class=\"grve-column-wrapper-inner\">\r\n\t\t\t\r\n\t\t\t<\/div>\r\n\t\t<\/div>\r\n\t\r\n\t\t<div class=\"grve-column-inner wpb_column grve-column-1-6\">\r\n\t\t\t<div class=\"grve-column-wrapper-inner\">\r\n\t\t\t\r\n\t\t\t<\/div>\r\n\t\t<\/div>\r\n\t\r\n\t\t<div class=\"grve-column-inner wpb_column grve-column-1-6\">\r\n\t\t\t<div class=\"grve-column-wrapper-inner\">\r\n\t\t\t\r\n\t\t\t<\/div>\r\n\t\t<\/div>\r\n\t\r\n\t\t<div class=\"grve-column-inner wpb_column grve-column-1-6\">\r\n\t\t\t<div class=\"grve-column-wrapper-inner\">\r\n\t\t\t\r\n\t\t\t<\/div>\r\n\t\t<\/div>\r\n\t\r\n\t\t<div class=\"grve-column-inner wpb_column grve-column-1-6\">\r\n\t\t\t<div class=\"grve-column-wrapper-inner\">\r\n\t\t\t\r\n\t\t\t<\/div>\r\n\t\t<\/div>\r\n\t<\/div><\/div><\/div><div class=\"grve-column wpb_column grve-column-1-2 zeilenabstand-medium\" ><div class=\"grve-column-wrapper vc_custom_1605614547532\" ><\/div><\/div><\/div><\/div><div class=\"grve-background-wrapper\"><\/div><\/div><div class=\"grve-section grve-row-section grve-fullwidth-background grve-padding-bottom-1x grve-bg-none grve-custom-height grve-equal-column\"  style=\"color:#000000;\"><div class=\"grve-container\"><div class=\"grve-row grve-bookmark grve-columns-gap-25\"><div class=\"grve-column wpb_column grve-column-1 zeilenabstand-medium\" ><div class=\"grve-column-wrapper vc_custom_1605614547532\" ><div class=\"grve-element grve-text vc_custom_1778577784628\">\r\n\t\t\t<h4 style=\"line-height: 28px;\"><em>Doktorat\/PhD Phil.Kult<\/em><br \/>\n<em>Master Medien<br \/>\nSlawistik und LA Russisch<\/em><br \/>\n<em>Sprachwissenschaft<\/em><br \/>\n<em>klassische Philologie und LA Latein\/Griechisch<\/em><\/h4>\n<p><strong>Leider ist die jeweilige StV bei der Wahl nicht zustandegekommen!<br \/>\n\u2013 daher keine gew\u00e4hlte StV!<br \/>\n<\/strong><\/p>\n<p>Bei Fragen und Problemen k\u00f6nnt ihr euch aber gerne jederzeit an unsere FV-Phil.Kult (<a href=\"mailto:FV-Phil-Kult@uibk.ac.at\">FV-Phil-Kult@uibk.ac.at<\/a>) wenden, die euch so gut wie m\u00f6glich weiterhelfen werden!<\/p>\n\r\n\t\t<\/div>\r\n\t<\/div><\/div><\/div><\/div><div class=\"grve-background-wrapper\"><\/div><\/div>","protected":false},"excerpt":{"rendered":"Fakult\u00e4tsvertretung (FV) Phil Kult Die Fakult\u00e4tsvertretung (FV) f\u00fcr alle Studierenden der philologisch-kulturwissenschaftlichen Fakult\u00e4t. FV Phil-Kult Anglistik\/Amerikanistik und LA Englisch Germanistik und LA Deutsch Romanistik und LA Franz\u00f6sisch\/Italienisch\/Spanisch Translationswissenschaft Vergleichende Literaturwissenschaft Doktorat\/PhD Phil.Kult Master Medien Slawistik und LA Russisch Sprachwissenschaft klassische Philologie und LA Latein\/Griechisch Die FV der philologisch-kulturwissenschaftlichen Fakult\u00e4t ist bem\u00fcht, dir bei Fragen und [...]","protected":false},"author":1,"featured_media":0,"parent":640,"menu_order":0,"comment_status":"closed","ping_status":"closed","template":"","meta":{"inline_featured_image":false,"footnotes":""},"class_list":["post-666","page","type-page","status-publish","hentry"],"yoast_head":"<!-- This site is optimized with the Yoast SEO plugin v21.8.1 - https:\/\/yoast.com\/wordpress\/plugins\/seo\/ -->\n<title>Phil Kult - \u00d6H Innsbruck<\/title>\n<meta name=\"robots\" content=\"index, follow, max-snippet:-1, max-image-preview:large, max-video-preview:-1\" \/>\n<link rel=\"canonical\" href=\"https:\/\/www.oehweb.at\/en\/deine-oeh\/fachschaften\/phil-kult\/\" \/>\n<meta property=\"og:locale\" content=\"en_GB\" \/>\n<meta property=\"og:type\" content=\"article\" \/>\n<meta property=\"og:title\" content=\"Phil Kult - \u00d6H Innsbruck\" \/>\n<meta property=\"og:url\" content=\"https:\/\/www.oehweb.at\/en\/deine-oeh\/fachschaften\/phil-kult\/\" \/>\n<meta property=\"og:site_name\" content=\"\u00d6H Innsbruck\" \/>\n<meta property=\"article:modified_time\" content=\"2026-07-10T07:43:43+00:00\" \/>\n<meta name=\"twitter:card\" content=\"summary_large_image\" \/>\n<meta name=\"twitter:label1\" content=\"Estimated reading time\" \/>\n\t<meta name=\"twitter:data1\" content=\"4 minutes\" \/>\n<script type=\"application\/ld+json\" class=\"yoast-schema-graph\">{\"@context\":\"https:\/\/schema.org\",\"@graph\":[{\"@type\":\"WebPage\",\"@id\":\"https:\/\/www.oehweb.at\/deine-oeh\/fachschaften\/phil-kult\/\",\"url\":\"https:\/\/www.oehweb.at\/deine-oeh\/fachschaften\/phil-kult\/\",\"name\":\"Phil Kult - \u00d6H Innsbruck\",\"isPartOf\":{\"@id\":\"https:\/\/www.oehweb.at\/#website\"},\"datePublished\":\"2020-11-17T19:19:45+00:00\",\"dateModified\":\"2026-07-10T07:43:43+00:00\",\"breadcrumb\":{\"@id\":\"https:\/\/www.oehweb.at\/deine-oeh\/fachschaften\/phil-kult\/#breadcrumb\"},\"inLanguage\":\"en-GB\",\"potentialAction\":[{\"@type\":\"ReadAction\",\"target\":[\"https:\/\/www.oehweb.at\/deine-oeh\/fachschaften\/phil-kult\/\"]}]},{\"@type\":\"BreadcrumbList\",\"@id\":\"https:\/\/www.oehweb.at\/deine-oeh\/fachschaften\/phil-kult\/#breadcrumb\",\"itemListElement\":[{\"@type\":\"ListItem\",\"position\":1,\"name\":\"Home\",\"item\":\"https:\/\/www.oehweb.at\/\"},{\"@type\":\"ListItem\",\"position\":2,\"name\":\"Deine \u00d6H\",\"item\":\"https:\/\/www.oehweb.at\/deine-oeh\/\"},{\"@type\":\"ListItem\",\"position\":3,\"name\":\"Fakult\u00e4tsvertretung (FV)\",\"item\":\"https:\/\/www.oehweb.at\/deine-oeh\/fachschaften\/\"},{\"@type\":\"ListItem\",\"position\":4,\"name\":\"Phil Kult\"}]},{\"@type\":\"WebSite\",\"@id\":\"https:\/\/www.oehweb.at\/#website\",\"url\":\"https:\/\/www.oehweb.at\/\",\"name\":\"\u00d6H Innsbruck\",\"description\":\"Wir sind die \u00d6sterreichische Hochsch\u00fclerInnenschaft an der Universit\u00e4t Innsbruck\",\"publisher\":{\"@id\":\"https:\/\/www.oehweb.at\/#organization\"},\"potentialAction\":[{\"@type\":\"SearchAction\",\"target\":{\"@type\":\"EntryPoint\",\"urlTemplate\":\"https:\/\/www.oehweb.at\/?s={search_term_string}\"},\"query-input\":\"required name=search_term_string\"}],\"inLanguage\":\"en-GB\"},{\"@type\":\"Organization\",\"@id\":\"https:\/\/www.oehweb.at\/#organization\",\"name\":\"\u00d6H Innsrbruck\",\"url\":\"https:\/\/www.oehweb.at\/\",\"logo\":{\"@type\":\"ImageObject\",\"inLanguage\":\"en-GB\",\"@id\":\"https:\/\/www.oehweb.at\/#\/schema\/logo\/image\/\",\"url\":\"https:\/\/www.oehweb.at\/wp-content\/uploads\/2020\/11\/OEH-Innsbruck-Logo.svg\",\"contentUrl\":\"https:\/\/www.oehweb.at\/wp-content\/uploads\/2020\/11\/OEH-Innsbruck-Logo.svg\",\"width\":448,\"height\":255,\"caption\":\"\u00d6H Innsrbruck\"},\"image\":{\"@id\":\"https:\/\/www.oehweb.at\/#\/schema\/logo\/image\/\"}}]}<\/script>\n<!-- \/ Yoast SEO plugin. -->","yoast_head_json":{"title":"Phil Kult - \u00d6H Innsbruck","robots":{"index":"index","follow":"follow","max-snippet":"max-snippet:-1","max-image-preview":"max-image-preview:large","max-video-preview":"max-video-preview:-1"},"canonical":"https:\/\/www.oehweb.at\/en\/deine-oeh\/fachschaften\/phil-kult\/","og_locale":"en_GB","og_type":"article","og_title":"Phil Kult - \u00d6H Innsbruck","og_url":"https:\/\/www.oehweb.at\/en\/deine-oeh\/fachschaften\/phil-kult\/","og_site_name":"\u00d6H Innsbruck","article_modified_time":"2026-07-10T07:43:43+00:00","twitter_card":"summary_large_image","twitter_misc":{"Estimated reading time":"4 minutes"},"schema":{"@context":"https:\/\/schema.org","@graph":[{"@type":"WebPage","@id":"https:\/\/www.oehweb.at\/deine-oeh\/fachschaften\/phil-kult\/","url":"https:\/\/www.oehweb.at\/deine-oeh\/fachschaften\/phil-kult\/","name":"Phil Kult - \u00d6H Innsbruck","isPartOf":{"@id":"https:\/\/www.oehweb.at\/#website"},"datePublished":"2020-11-17T19:19:45+00:00","dateModified":"2026-07-10T07:43:43+00:00","breadcrumb":{"@id":"https:\/\/www.oehweb.at\/deine-oeh\/fachschaften\/phil-kult\/#breadcrumb"},"inLanguage":"en-GB","potentialAction":[{"@type":"ReadAction","target":["https:\/\/www.oehweb.at\/deine-oeh\/fachschaften\/phil-kult\/"]}]},{"@type":"BreadcrumbList","@id":"https:\/\/www.oehweb.at\/deine-oeh\/fachschaften\/phil-kult\/#breadcrumb","itemListElement":[{"@type":"ListItem","position":1,"name":"Home","item":"https:\/\/www.oehweb.at\/"},{"@type":"ListItem","position":2,"name":"Deine \u00d6H","item":"https:\/\/www.oehweb.at\/deine-oeh\/"},{"@type":"ListItem","position":3,"name":"Fakult\u00e4tsvertretung (FV)","item":"https:\/\/www.oehweb.at\/deine-oeh\/fachschaften\/"},{"@type":"ListItem","position":4,"name":"Phil Kult"}]},{"@type":"WebSite","@id":"https:\/\/www.oehweb.at\/#website","url":"https:\/\/www.oehweb.at\/","name":"\u00d6H Innsbruck","description":"Wir sind die \u00d6sterreichische Hochsch\u00fclerInnenschaft an der Universit\u00e4t Innsbruck","publisher":{"@id":"https:\/\/www.oehweb.at\/#organization"},"potentialAction":[{"@type":"SearchAction","target":{"@type":"EntryPoint","urlTemplate":"https:\/\/www.oehweb.at\/?s={search_term_string}"},"query-input":"required name=search_term_string"}],"inLanguage":"en-GB"},{"@type":"Organization","@id":"https:\/\/www.oehweb.at\/#organization","name":"\u00d6H Innsrbruck","url":"https:\/\/www.oehweb.at\/","logo":{"@type":"ImageObject","inLanguage":"en-GB","@id":"https:\/\/www.oehweb.at\/#\/schema\/logo\/image\/","url":"https:\/\/www.oehweb.at\/wp-content\/uploads\/2020\/11\/OEH-Innsbruck-Logo.svg","contentUrl":"https:\/\/www.oehweb.at\/wp-content\/uploads\/2020\/11\/OEH-Innsbruck-Logo.svg","width":448,"height":255,"caption":"\u00d6H Innsrbruck"},"image":{"@id":"https:\/\/www.oehweb.at\/#\/schema\/logo\/image\/"}}]}},"_links":{"self":[{"href":"https:\/\/www.oehweb.at\/en\/wp-json\/wp\/v2\/pages\/666","targetHints":{"allow":["GET"]}}],"collection":[{"href":"https:\/\/www.oehweb.at\/en\/wp-json\/wp\/v2\/pages"}],"about":[{"href":"https:\/\/www.oehweb.at\/en\/wp-json\/wp\/v2\/types\/page"}],"author":[{"embeddable":true,"href":"https:\/\/www.oehweb.at\/en\/wp-json\/wp\/v2\/users\/1"}],"replies":[{"embeddable":true,"href":"https:\/\/www.oehweb.at\/en\/wp-json\/wp\/v2\/comments?post=666"}],"version-history":[{"count":158,"href":"https:\/\/www.oehweb.at\/en\/wp-json\/wp\/v2\/pages\/666\/revisions"}],"predecessor-version":[{"id":11665,"href":"https:\/\/www.oehweb.at\/en\/wp-json\/wp\/v2\/pages\/666\/revisions\/11665"}],"up":[{"embeddable":true,"href":"https:\/\/www.oehweb.at\/en\/wp-json\/wp\/v2\/pages\/640"}],"wp:attachment":[{"href":"https:\/\/www.oehweb.at\/en\/wp-json\/wp\/v2\/media?parent=666"}],"curies":[{"name":"wp","href":"https:\/\/api.w.org\/{rel}","templated":true}]}}