{"id":679,"date":"2020-11-17T21:55:28","date_gmt":"2020-11-17T20:55:28","guid":{"rendered":"https:\/\/www.oehweb.at\/deine-oeh\/fachschaften\/bildungswissenschaften-copy\/"},"modified":"2026-07-10T09:47:27","modified_gmt":"2026-07-10T07:47:27","slug":"sowi","status":"publish","type":"page","link":"https:\/\/www.oehweb.at\/en\/deine-oeh\/fachschaften\/sowi\/","title":{"rendered":"SoWi"},"content":{"rendered":"<div class=\"grve-section grve-row-section grve-fullwidth-background grve-padding-top-4x grve-padding-bottom-4x grve-bg-none grve-headings-light\"  style=\"color:#ffffff;\"><div class=\"grve-container\"><div class=\"grve-row grve-bookmark grve-columns-gap-30\"><div class=\"grve-column wpb_column grve-column-2-3\" ><div class=\"grve-column-wrapper\" ><div class=\"grve-element grve-text grve-leader-text\">\r\n\t\t\t<div class=\"grve-small-text\"><span class=\"\">Fakult\u00e4tsvertretung (FV)<\/span><\/div>\n<h1>SoWi<\/h1>\n<p>Die <span class=\"\">Fakult\u00e4tsvertretung (FV)<\/span> f\u00fcr alle Studierenden der SoWi Innsbruck.<\/p>\n\r\n\t\t<\/div>\r\n\t<\/div><\/div><\/div><\/div><div class=\"grve-background-wrapper\">  <div class=\"grve-bg-image grve-bg-center-center grve-bg-image-id-645\"   style=\"background-image: url(https:\/\/www.oehweb.at\/wp-content\/uploads\/2020\/11\/oeh-innsbruck-fachschaften.jpg);\"><\/div>  <div class=\"grve-bg-overlay\" style=\"background:rgba(27,29,31,0.5); background: linear-gradient(180deg,rgba(27,29,31,0.5) 0%,rgba(27,29,31,0.75) 100%);\"><\/div><\/div><\/div><div class=\"grve-section grve-row-section grve-fullwidth-background grve-bg-none\"  style=\"background:#ff9000;background: linear-gradient(90deg,#ff9000 0%,#ff9000 100%);padding-top: 15px;\"><div class=\"grve-container\"><div class=\"grve-row grve-bookmark grve-columns-gap-30\"><div class=\"grve-column wpb_column grve-column-1\" ><div class=\"grve-column-wrapper\" ><\/div><\/div><\/div><\/div><div class=\"grve-background-wrapper\"><\/div><\/div><div class=\"grve-section grve-row-section grve-fullwidth-background grve-padding-top-4x grve-padding-bottom-4x grve-bg-none\"><div class=\"grve-container\"><div class=\"grve-row grve-bookmark grve-columns-gap-60\"><div class=\"grve-column wpb_column grve-column-5-6\" ><div class=\"grve-column-wrapper\" ><div class=\"grve-element grve-text grve-leader-text vc_custom_1688159528589\">\r\n\t\t\t<h2 style=\"font-size: 140%; line-height: 140%;\">FV SoWi<\/h2>\n<p>Bachelor SoWi<br \/>\nDoktorat\/PhD SoWi<br \/>\nInternationale Wirtschaftswissenschaften<br \/>\nMaster SoWi<\/p>\n\r\n\t\t<\/div>\r\n\t<div class=\"grve-element grve-text vc_custom_1668688470325\">\r\n\t\t\t<p>Egal worum es geht, die MitarbeiterInnen der <span class=\"\">Fakult\u00e4tsvertretung (FV)<\/span> SoWi stehen dir jederzeit mit Rat und Tat zur Seite. Neben Pr\u00fcfungsfragen, einer B\u00fccherb\u00f6rse und Mensabons kannst du dich auch \u00fcber Studienm\u00f6glichkeiten im Ausland informieren.<\/p>\n<p>Beim Ersti Tutorium wird euch alles rund um euer Studium erkl\u00e4rt und mit euch die Kursanmeldung durchgef\u00fchrt.<br \/>\nTeilnahme ist verpflichtend!<\/p>\n<div>\n<p>&nbsp;<\/p>\n<\/div>\n\r\n\t\t<\/div>\r\n\t<\/div><\/div><div class=\"grve-column wpb_column grve-column-1-2\" ><div class=\"grve-column-wrapper\" ><div class=\"grve-element grve-text zeilenabstand-medium\">\r\n\t\t\t<p><strong>Beratungsstandort:<\/strong><br \/>\nUniversit\u00e4tsstra\u00dfe 15, Parterre \u2013 westliche Richtung<\/p>\n<p>&nbsp;<\/p>\n<p><strong>E-Mail: <\/strong><a href=\"mailto:FV-Sowi@uibk.ac.at\">FV-Sowi@uibk.ac.at<\/a><br \/>\n<strong>Website:<\/strong> <span style=\"color: #000000;\"><a style=\"color: #000000;\" href=\"https:\/\/www.sowi-news.at\/\" target=\"_blank\" rel=\"noopener noreferrer\">www.sowi-news.at<\/a><\/span><br \/>\n<strong>Telefon:<\/strong> <a href=\"tel:+43 512 507-35640\">+43 512 507-35640<\/a><\/p>\n\r\n\t\t<\/div>\r\n\t<div class=\"grve-row-inner grve-bookmark\">\r\n\t\t<div class=\"grve-column-inner wpb_column grve-column-1-6\">\r\n\t\t\t<div class=\"grve-column-wrapper-inner\">\r\n\t\t\t<div class=\"grve-element grve-single-icon grve-align-left grve-medium\" style=\"\"><a href=\"https:\/\/www.linkedin.com\/company\/fv-sowi-innsbruck\/\">  <div class=\"grve-wrapper-icon grve-no-shape\" style=\"\"><i class=\"fab fa-linkedin grve-text-primary-1\"><\/i><\/div><\/a><\/div>\r\n\t\t\t<\/div>\r\n\t\t<\/div>\r\n\t\r\n\t\t<div class=\"grve-column-inner wpb_column grve-column-1-6\">\r\n\t\t\t<div class=\"grve-column-wrapper-inner\">\r\n\t\t\t<div class=\"grve-element grve-single-icon grve-align-left grve-medium\" style=\"\"><a href=\"https:\/\/www.instagram.com\/fv_sowi_ibk\/?hl=de\" target=\"_blank\" rel=\"noopener noreferrer\">  <div class=\"grve-wrapper-icon grve-no-shape\" style=\"\"><i class=\"fa fa-instagram grve-text-primary-1\"><\/i><\/div><\/a><\/div>\r\n\t\t\t<\/div>\r\n\t\t<\/div>\r\n\t\r\n\t\t<div class=\"grve-column-inner wpb_column grve-column-1-6\">\r\n\t\t\t<div class=\"grve-column-wrapper-inner\">\r\n\t\t\t\r\n\t\t\t<\/div>\r\n\t\t<\/div>\r\n\t\r\n\t\t<div class=\"grve-column-inner wpb_column grve-column-1-6\">\r\n\t\t\t<div class=\"grve-column-wrapper-inner\">\r\n\t\t\t\r\n\t\t\t<\/div>\r\n\t\t<\/div>\r\n\t\r\n\t\t<div class=\"grve-column-inner wpb_column grve-column-1-6\">\r\n\t\t\t<div class=\"grve-column-wrapper-inner\">\r\n\t\t\t\r\n\t\t\t<\/div>\r\n\t\t<\/div>\r\n\t\r\n\t\t<div class=\"grve-column-inner wpb_column grve-column-1-6\">\r\n\t\t\t<div class=\"grve-column-wrapper-inner\">\r\n\t\t\t\r\n\t\t\t<\/div>\r\n\t\t<\/div>\r\n\t<\/div><\/div><\/div><div class=\"grve-column wpb_column grve-column-1-2\" ><div class=\"grve-column-wrapper\" ><div class=\"grve-element grve-text vc_custom_1605608482958\">\r\n\t\t\t<p><strong>Post- und Rechnungsanschrift:<\/strong><br \/>\nHochsch\u00fclerinnen- und Hochsch\u00fclerschaft<br \/>\nan der Universit\u00e4t Innsbruck<br \/>\nJosef-Hirn Stra\u00dfe 7<br \/>\n6020 Innsbruck<\/p>\n\r\n\t\t<\/div>\r\n\t<div class=\"grve-element grve-text\">\r\n\t\t\t\r\n\t\t<\/div>\r\n\t<div class=\"grve-element grve-text\">\r\n\t\t\t<p>&nbsp;<\/p>\n\r\n\t\t<\/div>\r\n\t<div class=\"grve-element grve-text\">\r\n\t\t\t<p><strong>Beratungszeiten Sommerferien 2026<br \/>\n<\/strong>Montag 20.07 bis Freitag 24.07 jeweils 10-12 Uhr und 13-15 Uhr<br \/>\nEmails werden selbstverst\u00e4ndlich auch in den Ferien beantwortet!<\/p>\n<p><a href=\"https:\/\/www.oehweb.at\/wp-content\/uploads\/2026\/07\/Screenshot-2026-07-10-at-09-46-25-Instagram.png\"><img loading=\"lazy\" decoding=\"async\" class=\"alignnone wp-image-11667 size-medium\" src=\"https:\/\/www.oehweb.at\/wp-content\/uploads\/2026\/07\/Screenshot-2026-07-10-at-09-46-25-Instagram-240x300.png\" alt=\"\" width=\"240\" height=\"300\" srcset=\"https:\/\/www.oehweb.at\/wp-content\/uploads\/2026\/07\/Screenshot-2026-07-10-at-09-46-25-Instagram-240x300.png 240w, https:\/\/www.oehweb.at\/wp-content\/uploads\/2026\/07\/Screenshot-2026-07-10-at-09-46-25-Instagram-10x12.png 10w, https:\/\/www.oehweb.at\/wp-content\/uploads\/2026\/07\/Screenshot-2026-07-10-at-09-46-25-Instagram.png 480w\" sizes=\"auto, (max-width: 240px) 100vw, 240px\" \/><\/a><\/p>\n\r\n\t\t<\/div>\r\n\t<\/div><\/div><\/div><\/div><div class=\"grve-background-wrapper\"><\/div><\/div><div class=\"grve-section grve-row-section grve-fullwidth-background grve-padding-top-3x grve-padding-bottom-3x grve-bg-none grve-headings-light\"  style=\"background-color:#ff9000;color:#ffffff;\"><div class=\"grve-container\"><div class=\"grve-row grve-bookmark grve-columns-gap-none\"><div class=\"grve-column wpb_column grve-column-2-3\" ><div class=\"grve-column-wrapper\" ><div class=\"grve-element grve-text vc_custom_1605608407950\">\r\n\t\t\t<div class=\"cta-text\"><span style=\"color: #ffffff;\">Weitere Infos findest du auf dieser Website<\/span><\/div>\n\r\n\t\t<\/div>\r\n\t<\/div><\/div><div class=\"grve-column wpb_column grve-column-1-3\" ><div class=\"grve-column-wrapper\" ><div class=\"grve-element grve-align-center\"><a href=\"https:\/\/www.sowi-news.at\/\" title=\"Services\" target=\"_blank\" rel=\"noopener noreferrer\" class=\"grve-btn grve-btn-small grve-round grve-bg-white grve-bg-hover-grey\"><span>zur Website<\/span><\/a><\/div><\/div><\/div><\/div><\/div><div class=\"grve-background-wrapper\"><\/div><\/div>","protected":false},"excerpt":{"rendered":"Fakult\u00e4tsvertretung (FV) SoWi Die Fakult\u00e4tsvertretung (FV) f\u00fcr alle Studierenden der SoWi Innsbruck. FV SoWi Bachelor SoWi Doktorat\/PhD SoWi Internationale Wirtschaftswissenschaften Master SoWi Egal worum es geht, die MitarbeiterInnen der Fakult\u00e4tsvertretung (FV) SoWi stehen dir jederzeit mit Rat und Tat zur Seite. Neben Pr\u00fcfungsfragen, einer B\u00fccherb\u00f6rse und Mensabons kannst du dich auch \u00fcber Studienm\u00f6glichkeiten im Ausland [...]","protected":false},"author":1,"featured_media":0,"parent":640,"menu_order":0,"comment_status":"closed","ping_status":"closed","template":"","meta":{"inline_featured_image":false,"footnotes":""},"class_list":["post-679","page","type-page","status-publish","hentry"],"yoast_head":"<!-- This site is optimized with the Yoast SEO plugin v21.8.1 - https:\/\/yoast.com\/wordpress\/plugins\/seo\/ -->\n<title>SoWi - \u00d6H Innsbruck<\/title>\n<meta name=\"robots\" content=\"index, follow, max-snippet:-1, max-image-preview:large, max-video-preview:-1\" \/>\n<link rel=\"canonical\" href=\"https:\/\/www.oehweb.at\/en\/deine-oeh\/fachschaften\/sowi\/\" \/>\n<meta property=\"og:locale\" content=\"en_GB\" \/>\n<meta property=\"og:type\" content=\"article\" \/>\n<meta property=\"og:title\" content=\"SoWi - \u00d6H Innsbruck\" \/>\n<meta property=\"og:url\" content=\"https:\/\/www.oehweb.at\/en\/deine-oeh\/fachschaften\/sowi\/\" \/>\n<meta property=\"og:site_name\" content=\"\u00d6H Innsbruck\" \/>\n<meta property=\"article:modified_time\" content=\"2026-07-10T07:47:27+00:00\" \/>\n<meta property=\"og:image\" content=\"https:\/\/www.oehweb.at\/wp-content\/uploads\/2026\/07\/Screenshot-2026-07-10-at-09-46-25-Instagram-240x300.png\" \/>\n<meta name=\"twitter:card\" content=\"summary_large_image\" \/>\n<meta name=\"twitter:label1\" content=\"Estimated reading time\" \/>\n\t<meta name=\"twitter:data1\" content=\"2 minutes\" \/>\n<script type=\"application\/ld+json\" class=\"yoast-schema-graph\">{\"@context\":\"https:\/\/schema.org\",\"@graph\":[{\"@type\":\"WebPage\",\"@id\":\"https:\/\/www.oehweb.at\/deine-oeh\/fachschaften\/sowi\/\",\"url\":\"https:\/\/www.oehweb.at\/deine-oeh\/fachschaften\/sowi\/\",\"name\":\"SoWi - \u00d6H Innsbruck\",\"isPartOf\":{\"@id\":\"https:\/\/www.oehweb.at\/#website\"},\"datePublished\":\"2020-11-17T20:55:28+00:00\",\"dateModified\":\"2026-07-10T07:47:27+00:00\",\"breadcrumb\":{\"@id\":\"https:\/\/www.oehweb.at\/deine-oeh\/fachschaften\/sowi\/#breadcrumb\"},\"inLanguage\":\"en-GB\",\"potentialAction\":[{\"@type\":\"ReadAction\",\"target\":[\"https:\/\/www.oehweb.at\/deine-oeh\/fachschaften\/sowi\/\"]}]},{\"@type\":\"BreadcrumbList\",\"@id\":\"https:\/\/www.oehweb.at\/deine-oeh\/fachschaften\/sowi\/#breadcrumb\",\"itemListElement\":[{\"@type\":\"ListItem\",\"position\":1,\"name\":\"Home\",\"item\":\"https:\/\/www.oehweb.at\/\"},{\"@type\":\"ListItem\",\"position\":2,\"name\":\"Deine \u00d6H\",\"item\":\"https:\/\/www.oehweb.at\/deine-oeh\/\"},{\"@type\":\"ListItem\",\"position\":3,\"name\":\"Fakult\u00e4tsvertretung (FV)\",\"item\":\"https:\/\/www.oehweb.at\/deine-oeh\/fachschaften\/\"},{\"@type\":\"ListItem\",\"position\":4,\"name\":\"SoWi\"}]},{\"@type\":\"WebSite\",\"@id\":\"https:\/\/www.oehweb.at\/#website\",\"url\":\"https:\/\/www.oehweb.at\/\",\"name\":\"\u00d6H Innsbruck\",\"description\":\"Wir sind die \u00d6sterreichische Hochsch\u00fclerInnenschaft an der Universit\u00e4t Innsbruck\",\"publisher\":{\"@id\":\"https:\/\/www.oehweb.at\/#organization\"},\"potentialAction\":[{\"@type\":\"SearchAction\",\"target\":{\"@type\":\"EntryPoint\",\"urlTemplate\":\"https:\/\/www.oehweb.at\/?s={search_term_string}\"},\"query-input\":\"required name=search_term_string\"}],\"inLanguage\":\"en-GB\"},{\"@type\":\"Organization\",\"@id\":\"https:\/\/www.oehweb.at\/#organization\",\"name\":\"\u00d6H Innsrbruck\",\"url\":\"https:\/\/www.oehweb.at\/\",\"logo\":{\"@type\":\"ImageObject\",\"inLanguage\":\"en-GB\",\"@id\":\"https:\/\/www.oehweb.at\/#\/schema\/logo\/image\/\",\"url\":\"https:\/\/www.oehweb.at\/wp-content\/uploads\/2020\/11\/OEH-Innsbruck-Logo.svg\",\"contentUrl\":\"https:\/\/www.oehweb.at\/wp-content\/uploads\/2020\/11\/OEH-Innsbruck-Logo.svg\",\"width\":448,\"height\":255,\"caption\":\"\u00d6H Innsrbruck\"},\"image\":{\"@id\":\"https:\/\/www.oehweb.at\/#\/schema\/logo\/image\/\"}}]}<\/script>\n<!-- \/ Yoast SEO plugin. -->","yoast_head_json":{"title":"SoWi - \u00d6H Innsbruck","robots":{"index":"index","follow":"follow","max-snippet":"max-snippet:-1","max-image-preview":"max-image-preview:large","max-video-preview":"max-video-preview:-1"},"canonical":"https:\/\/www.oehweb.at\/en\/deine-oeh\/fachschaften\/sowi\/","og_locale":"en_GB","og_type":"article","og_title":"SoWi - \u00d6H Innsbruck","og_url":"https:\/\/www.oehweb.at\/en\/deine-oeh\/fachschaften\/sowi\/","og_site_name":"\u00d6H Innsbruck","article_modified_time":"2026-07-10T07:47:27+00:00","og_image":[{"url":"https:\/\/www.oehweb.at\/wp-content\/uploads\/2026\/07\/Screenshot-2026-07-10-at-09-46-25-Instagram-240x300.png"}],"twitter_card":"summary_large_image","twitter_misc":{"Estimated reading time":"2 minutes"},"schema":{"@context":"https:\/\/schema.org","@graph":[{"@type":"WebPage","@id":"https:\/\/www.oehweb.at\/deine-oeh\/fachschaften\/sowi\/","url":"https:\/\/www.oehweb.at\/deine-oeh\/fachschaften\/sowi\/","name":"SoWi - \u00d6H Innsbruck","isPartOf":{"@id":"https:\/\/www.oehweb.at\/#website"},"datePublished":"2020-11-17T20:55:28+00:00","dateModified":"2026-07-10T07:47:27+00:00","breadcrumb":{"@id":"https:\/\/www.oehweb.at\/deine-oeh\/fachschaften\/sowi\/#breadcrumb"},"inLanguage":"en-GB","potentialAction":[{"@type":"ReadAction","target":["https:\/\/www.oehweb.at\/deine-oeh\/fachschaften\/sowi\/"]}]},{"@type":"BreadcrumbList","@id":"https:\/\/www.oehweb.at\/deine-oeh\/fachschaften\/sowi\/#breadcrumb","itemListElement":[{"@type":"ListItem","position":1,"name":"Home","item":"https:\/\/www.oehweb.at\/"},{"@type":"ListItem","position":2,"name":"Deine \u00d6H","item":"https:\/\/www.oehweb.at\/deine-oeh\/"},{"@type":"ListItem","position":3,"name":"Fakult\u00e4tsvertretung (FV)","item":"https:\/\/www.oehweb.at\/deine-oeh\/fachschaften\/"},{"@type":"ListItem","position":4,"name":"SoWi"}]},{"@type":"WebSite","@id":"https:\/\/www.oehweb.at\/#website","url":"https:\/\/www.oehweb.at\/","name":"\u00d6H Innsbruck","description":"Wir sind die \u00d6sterreichische Hochsch\u00fclerInnenschaft an der Universit\u00e4t Innsbruck","publisher":{"@id":"https:\/\/www.oehweb.at\/#organization"},"potentialAction":[{"@type":"SearchAction","target":{"@type":"EntryPoint","urlTemplate":"https:\/\/www.oehweb.at\/?s={search_term_string}"},"query-input":"required name=search_term_string"}],"inLanguage":"en-GB"},{"@type":"Organization","@id":"https:\/\/www.oehweb.at\/#organization","name":"\u00d6H Innsrbruck","url":"https:\/\/www.oehweb.at\/","logo":{"@type":"ImageObject","inLanguage":"en-GB","@id":"https:\/\/www.oehweb.at\/#\/schema\/logo\/image\/","url":"https:\/\/www.oehweb.at\/wp-content\/uploads\/2020\/11\/OEH-Innsbruck-Logo.svg","contentUrl":"https:\/\/www.oehweb.at\/wp-content\/uploads\/2020\/11\/OEH-Innsbruck-Logo.svg","width":448,"height":255,"caption":"\u00d6H Innsrbruck"},"image":{"@id":"https:\/\/www.oehweb.at\/#\/schema\/logo\/image\/"}}]}},"_links":{"self":[{"href":"https:\/\/www.oehweb.at\/en\/wp-json\/wp\/v2\/pages\/679","targetHints":{"allow":["GET"]}}],"collection":[{"href":"https:\/\/www.oehweb.at\/en\/wp-json\/wp\/v2\/pages"}],"about":[{"href":"https:\/\/www.oehweb.at\/en\/wp-json\/wp\/v2\/types\/page"}],"author":[{"embeddable":true,"href":"https:\/\/www.oehweb.at\/en\/wp-json\/wp\/v2\/users\/1"}],"replies":[{"embeddable":true,"href":"https:\/\/www.oehweb.at\/en\/wp-json\/wp\/v2\/comments?post=679"}],"version-history":[{"count":71,"href":"https:\/\/www.oehweb.at\/en\/wp-json\/wp\/v2\/pages\/679\/revisions"}],"predecessor-version":[{"id":11668,"href":"https:\/\/www.oehweb.at\/en\/wp-json\/wp\/v2\/pages\/679\/revisions\/11668"}],"up":[{"embeddable":true,"href":"https:\/\/www.oehweb.at\/en\/wp-json\/wp\/v2\/pages\/640"}],"wp:attachment":[{"href":"https:\/\/www.oehweb.at\/en\/wp-json\/wp\/v2\/media?parent=679"}],"curies":[{"name":"wp","href":"https:\/\/api.w.org\/{rel}","templated":true}]}}