{"id":682,"date":"2020-11-17T22:05:22","date_gmt":"2020-11-17T21:05:22","guid":{"rendered":"https:\/\/www.oehweb.at\/deine-oeh\/fachschaften\/powi-soz-copy\/"},"modified":"2026-07-10T09:50:20","modified_gmt":"2026-07-10T07:50:20","slug":"technik","status":"publish","type":"page","link":"https:\/\/www.oehweb.at\/en\/deine-oeh\/fachschaften\/technik\/","title":{"rendered":"Technik"},"content":{"rendered":"<div class=\"grve-section grve-row-section grve-fullwidth-background grve-padding-top-4x grve-padding-bottom-4x grve-bg-none grve-headings-light\"  style=\"color:#ffffff;\"><div class=\"grve-container\"><div class=\"grve-row grve-bookmark grve-columns-gap-30\"><div class=\"grve-column wpb_column grve-column-2-3\" ><div class=\"grve-column-wrapper\" ><div class=\"grve-element grve-text grve-leader-text\">\r\n\t\t\t<div class=\"grve-small-text\"><span class=\"\">Fakult\u00e4tsvertretung (FV)<\/span><\/div>\n<h1>Technik<\/h1>\n<p>Die <span class=\"\">Fakult\u00e4tsvertretung (FV)<\/span> f\u00fcr alle Studierenden der Fakult\u00e4t f\u00fcr Architektur und der Fakult\u00e4t f\u00fcr Technische Wissenschaften.<\/p>\n\r\n\t\t<\/div>\r\n\t<\/div><\/div><\/div><\/div><div class=\"grve-background-wrapper\">  <div class=\"grve-bg-image grve-bg-center-center grve-bg-image-id-645\"   style=\"background-image: url(https:\/\/www.oehweb.at\/wp-content\/uploads\/2020\/11\/oeh-innsbruck-fachschaften.jpg);\"><\/div>  <div class=\"grve-bg-overlay\" style=\"background:rgba(27,29,31,0.5); background: linear-gradient(180deg,rgba(27,29,31,0.5) 0%,rgba(27,29,31,0.75) 100%);\"><\/div><\/div><\/div><div class=\"grve-section grve-row-section grve-fullwidth-background grve-bg-none\"  style=\"background:#ff9000;background: linear-gradient(90deg,#ff9000 0%,#ff9000 100%);padding-top: 15px;\"><div class=\"grve-container\"><div class=\"grve-row grve-bookmark grve-columns-gap-30\"><div class=\"grve-column wpb_column grve-column-1\" ><div class=\"grve-column-wrapper\" ><\/div><\/div><\/div><\/div><div class=\"grve-background-wrapper\"><\/div><\/div><div class=\"grve-section grve-row-section grve-fullwidth-background grve-padding-top-4x grve-padding-bottom-4x grve-bg-none\"  style=\"background-color:#f4f4f4;color:#000000;\"><div class=\"grve-container\"><div class=\"grve-row grve-bookmark grve-columns-gap-60\"><div class=\"grve-column wpb_column grve-column-5-6\" ><div class=\"grve-column-wrapper\" ><div class=\"grve-element grve-text grve-leader-text vc_custom_1701940528928\">\r\n\t\t\t<h2 style=\"font-size: 140%; line-height: 140%;\">FV Technik<\/h2>\n<p>Technische Wissenschaften<br \/>\nArchitektur<\/p>\n<p><em>Doktorat\/PhD Technik<\/em><\/p>\n\r\n\t\t<\/div>\r\n\t<div class=\"grve-element grve-text vc_custom_1778580327152\">\r\n\t\t\t<p>Die\u00a0<span class=\"\">Fakult\u00e4tsvertretung (FV)<\/span> Technik ist deine \u00d6H Vertretung f\u00fcr technische Studieng\u00e4nge am Campus Technik.<\/p>\n<p>Wir sind Ansprechpartner sollte es Probleme oder Beratungsbedarf in einem der Studieng\u00e4nge der Fakult\u00e4t f\u00fcr Architektur oder der Fakult\u00e4t f\u00fcr Technische Wissenschaften geben. F\u00fcr die naturwissenschaftlichen Studieng\u00e4nge an der Technik kannst du dich gerne an die <a href=\"https:\/\/www.oehweb.at\/en\/natwi-technik\/\">FV NatWi Technik<\/a> wenden.<\/p>\n<p>F\u00fcr studiengangspezifische Fragen oder Beratung stehen dir die jeweiligen <strong>St<\/strong>udien<strong>v<\/strong>ertretungen zur ihren Beratungszeiten vor Ort oder telefonisch und ansonsten per Email zur Verf\u00fcgung:<\/p>\n<ul>\n<li>StV Technische Wissenschaften (Bau- und Umweltingenieurwissenschaften, Mechatronik, Elektrotechnik)<\/li>\n<li>StV Architektur<\/li>\n<li>StV PhD\/Doktorat Technik<\/li>\n<\/ul>\n\r\n\t\t<\/div>\r\n\t<\/div><\/div><div class=\"grve-column wpb_column grve-column-1-2\" ><div class=\"grve-column-wrapper\" ><div class=\"grve-element grve-text zeilenabstand-medium vc_custom_1759738126156\">\r\n\t\t\t<p><strong>Beratungsstandort: (\u00d6H B\u00fcro Technik)<\/strong><br \/>\nTechnikerstra\u00dfe 13, Bauingenieurgeb\u00e4ude im S\u00fcdosten<br \/>\nEG Raum EG 04a<\/p>\n<p><strong>E-Mail:<\/strong><span style=\"color: #000000;\"><a href=\"mailto:FV-Technik@uibk.ac.at\"> FV-Technik@uibk.ac.at<\/a><br \/>\n<\/span><strong>Telefon:<\/strong> <a href=\"tel:+43 512 507-35670\">+43 512 507-35670<\/a><\/p>\n\r\n\t\t<\/div>\r\n\t<div class=\"grve-row-inner grve-bookmark\">\r\n\t\t<div class=\"grve-column-inner wpb_column grve-column-1-6\">\r\n\t\t\t<div class=\"grve-column-wrapper-inner\">\r\n\t\t\t\r\n\t\t\t<\/div>\r\n\t\t<\/div>\r\n\t\r\n\t\t<div class=\"grve-column-inner wpb_column grve-column-1-6\">\r\n\t\t\t<div class=\"grve-column-wrapper-inner\">\r\n\t\t\t\r\n\t\t\t<\/div>\r\n\t\t<\/div>\r\n\t\r\n\t\t<div class=\"grve-column-inner wpb_column grve-column-1-6\">\r\n\t\t\t<div class=\"grve-column-wrapper-inner\">\r\n\t\t\t\r\n\t\t\t<\/div>\r\n\t\t<\/div>\r\n\t\r\n\t\t<div class=\"grve-column-inner wpb_column grve-column-1-6\">\r\n\t\t\t<div class=\"grve-column-wrapper-inner\">\r\n\t\t\t\r\n\t\t\t<\/div>\r\n\t\t<\/div>\r\n\t\r\n\t\t<div class=\"grve-column-inner wpb_column grve-column-1-6\">\r\n\t\t\t<div class=\"grve-column-wrapper-inner\">\r\n\t\t\t\r\n\t\t\t<\/div>\r\n\t\t<\/div>\r\n\t\r\n\t\t<div class=\"grve-column-inner wpb_column grve-column-1-6\">\r\n\t\t\t<div class=\"grve-column-wrapper-inner\">\r\n\t\t\t\r\n\t\t\t<\/div>\r\n\t\t<\/div>\r\n\t<\/div><\/div><\/div><div class=\"grve-column wpb_column grve-column-1-2 zeilenabstand-medium\" ><div class=\"grve-column-wrapper\" ><div class=\"grve-element grve-text vc_custom_1605608482958\">\r\n\t\t\t<p><strong>Post- und Rechnungsanschrift:<\/strong><br \/>\nHochsch\u00fclerinnen- und Hochsch\u00fclerschaft<br \/>\nan der Universit\u00e4t Innsbruck<br \/>\nJosef-Hirn Stra\u00dfe 7<br \/>\n6020 Innsbruck<\/p>\n\r\n\t\t<\/div>\r\n\t<\/div><\/div><\/div><\/div><div class=\"grve-background-wrapper\"><\/div><\/div><div class=\"grve-section grve-row-section grve-fullwidth-background grve-padding-top-4x grve-bg-none\"  style=\"color:#000000;\"><div class=\"grve-container\"><div class=\"grve-row grve-bookmark grve-columns-gap-60\"><div class=\"grve-column wpb_column grve-column-1 grve-mobile-column-hide\" ><div class=\"grve-column-wrapper\" ><div class=\"grve-element grve-text grve-leader-text vc_custom_1605617992579\">\r\n\t\t\t<h2>Studienvertretungen<\/h2>\n\r\n\t\t<\/div>\r\n\t<\/div><\/div><div class=\"grve-column wpb_column grve-column-1 grve-desktop-column-hide grve-tablet-column-hide grve-tablet-sm-column-hide\" ><div class=\"grve-column-wrapper\" ><div class=\"grve-element grve-text grve-leader-text vc_custom_1605617996463\">\r\n\t\t\t<h2>Studien-<br \/>\nvertretungen<\/h2>\n\r\n\t\t<\/div>\r\n\t<\/div><\/div><\/div><\/div><div class=\"grve-background-wrapper\"><\/div><\/div><div class=\"grve-section grve-row-section grve-fullwidth-background grve-padding-bottom-1x grve-bg-none grve-custom-height grve-equal-column\"  style=\"color:#000000;\"><div class=\"grve-container\"><div class=\"grve-row grve-bookmark grve-columns-gap-25\"><div class=\"grve-column wpb_column grve-column-1-2 zeilenabstand-medium\" ><div class=\"grve-column-wrapper vc_custom_1605614547532\" ><div class=\"grve-element grve-text vc_custom_1783669809211\">\r\n\t\t\t<h4 style=\"line-height: 28px;\">StV Architektur<\/h4>\n<p><strong>Beratungsstandort:<\/strong><br \/>\nTechnikerstra\u00dfe 13,<br \/>\nBauingenieurgeb\u00e4ude,EG Raum EG 04a<\/p>\n<p><strong>Beratungszeiten Sommerferien 2026:<\/strong><br \/>\nEmails werden selbstverst\u00e4ndlich auch in den Ferien beantwortet!<\/p>\n<p>&nbsp;<\/p>\n<p><span style=\"font-size: 12.0pt; color: black;\"><strong>E-Mail:<\/strong> <a href=\"mailto:StV-Architektur-oeh@uibk.ac.at\">StV-Architektur-oeh@uibk.ac.at<\/a><\/span><\/p>\n\r\n\t\t<\/div>\r\n\t<div class=\"grve-row-inner grve-bookmark\">\r\n\t\t<div class=\"grve-column-inner wpb_column grve-column-1-6\">\r\n\t\t\t<div class=\"grve-column-wrapper-inner\">\r\n\t\t\t<div class=\"grve-element grve-single-icon grve-align-left grve-medium\" style=\"\"><a href=\"https:\/\/www.instagram.com\/stv_architektur_uibk\/\">  <div class=\"grve-wrapper-icon grve-no-shape\" style=\"\"><i class=\"fa fa-instagram grve-text-primary-1\"><\/i><\/div><\/a><\/div>\r\n\t\t\t<\/div>\r\n\t\t<\/div>\r\n\t\r\n\t\t<div class=\"grve-column-inner wpb_column grve-column-1-6\">\r\n\t\t\t<div class=\"grve-column-wrapper-inner\">\r\n\t\t\t\r\n\t\t\t<\/div>\r\n\t\t<\/div>\r\n\t\r\n\t\t<div class=\"grve-column-inner wpb_column grve-column-1-6\">\r\n\t\t\t<div class=\"grve-column-wrapper-inner\">\r\n\t\t\t\r\n\t\t\t<\/div>\r\n\t\t<\/div>\r\n\t\r\n\t\t<div class=\"grve-column-inner wpb_column grve-column-1-6\">\r\n\t\t\t<div class=\"grve-column-wrapper-inner\">\r\n\t\t\t\r\n\t\t\t<\/div>\r\n\t\t<\/div>\r\n\t\r\n\t\t<div class=\"grve-column-inner wpb_column grve-column-1-6\">\r\n\t\t\t<div class=\"grve-column-wrapper-inner\">\r\n\t\t\t\r\n\t\t\t<\/div>\r\n\t\t<\/div>\r\n\t\r\n\t\t<div class=\"grve-column-inner wpb_column grve-column-1-6\">\r\n\t\t\t<div class=\"grve-column-wrapper-inner\">\r\n\t\t\t\r\n\t\t\t<\/div>\r\n\t\t<\/div>\r\n\t<\/div><\/div><\/div><div class=\"grve-column wpb_column grve-column-1-2\" ><div class=\"grve-column-wrapper vc_custom_1605618297458\" ><div class=\"grve-element grve-text vc_custom_1783669817860\">\r\n\t\t\t<h4 style=\"line-height: 28px;\">StV Technische Wissenschaften<\/h4>\n<p><strong>Beratungsstandort:<\/strong><br \/>\nTechnikerstra\u00dfe 13,<br \/>\nBauingenieurgeb\u00e4ude,EG Raum EG 04a<\/p>\n<p><strong>Beratungszeiten Sommerferien 2026:<\/strong><br \/>\nEmails werden selbstverst\u00e4ndlich auch in den Ferien beantwortet!<\/p>\n<p>&nbsp;<\/p>\n<p><strong>E-Mail: <\/strong><a href=\"mailto:stv-techn-wissenschaften-oeh@uibk.ac.at\">stv-techn-wissenschaften-oeh@uibk.ac.at<\/a><\/p>\n\r\n\t\t<\/div>\r\n\t<div class=\"grve-row-inner grve-bookmark\">\r\n\t\t<div class=\"grve-column-inner wpb_column grve-column-1-6\">\r\n\t\t\t<div class=\"grve-column-wrapper-inner\">\r\n\t\t\t<div class=\"grve-element grve-single-icon grve-align-left grve-medium\" style=\"\"><a href=\"https:\/\/www.instagram.com\/technischewissenschaften_ibk\/\">  <div class=\"grve-wrapper-icon grve-no-shape\" style=\"\"><i class=\"fab fa-instagram grve-text-primary-1\"><\/i><\/div><\/a><\/div>\r\n\t\t\t<\/div>\r\n\t\t<\/div>\r\n\t\r\n\t\t<div class=\"grve-column-inner wpb_column grve-column-1-6\">\r\n\t\t\t<div class=\"grve-column-wrapper-inner\">\r\n\t\t\t\r\n\t\t\t<\/div>\r\n\t\t<\/div>\r\n\t\r\n\t\t<div class=\"grve-column-inner wpb_column grve-column-1-6\">\r\n\t\t\t<div class=\"grve-column-wrapper-inner\">\r\n\t\t\t\r\n\t\t\t<\/div>\r\n\t\t<\/div>\r\n\t\r\n\t\t<div class=\"grve-column-inner wpb_column grve-column-1-6\">\r\n\t\t\t<div class=\"grve-column-wrapper-inner\">\r\n\t\t\t\r\n\t\t\t<\/div>\r\n\t\t<\/div>\r\n\t\r\n\t\t<div class=\"grve-column-inner wpb_column grve-column-1-6\">\r\n\t\t\t<div class=\"grve-column-wrapper-inner\">\r\n\t\t\t\r\n\t\t\t<\/div>\r\n\t\t<\/div>\r\n\t\r\n\t\t<div class=\"grve-column-inner wpb_column grve-column-1-6\">\r\n\t\t\t<div class=\"grve-column-wrapper-inner\">\r\n\t\t\t\r\n\t\t\t<\/div>\r\n\t\t<\/div>\r\n\t<\/div><\/div><\/div><\/div><\/div><div class=\"grve-background-wrapper\"><\/div><\/div><div class=\"grve-section grve-row-section grve-fullwidth-background grve-padding-bottom-1x grve-bg-none grve-custom-height grve-equal-column\"  style=\"color:#000000;\"><div class=\"grve-container\"><div class=\"grve-row grve-bookmark grve-columns-gap-25\"><div class=\"grve-column wpb_column grve-column-1 zeilenabstand-medium\" ><div class=\"grve-column-wrapper vc_custom_1605614547532\" ><div class=\"grve-element grve-text vc_custom_1715859103646\">\r\n\t\t\t<h4>StV Doktorat\/PhD Technik<\/h4>\n<p><strong>Leider ist die\u00a0 StV bei der Wahl nicht zustandegekommen!<br \/>\n\u2013 daher keine gew\u00e4hlte StV!<br \/>\n<\/strong><\/p>\n<p>Bei Fragen und Problemen k\u00f6nnt ihr euch aber gerne jederzeit an unsere FV-Technik (<a href=\"mailto:FV-Technik@uibk.ac.at\">FV-Technik@uibk.ac.at<\/a>) wenden, die euch so gut wie m\u00f6glich weiterhelfen werden!<\/p>\n\r\n\t\t<\/div>\r\n\t<\/div><\/div><\/div><\/div><div class=\"grve-background-wrapper\"><\/div><\/div>","protected":false},"excerpt":{"rendered":"Fakult\u00e4tsvertretung (FV) Technik Die Fakult\u00e4tsvertretung (FV) f\u00fcr alle Studierenden der Fakult\u00e4t f\u00fcr Architektur und der Fakult\u00e4t f\u00fcr Technische Wissenschaften. FV Technik Technische Wissenschaften Architektur Doktorat\/PhD Technik Die\u00a0Fakult\u00e4tsvertretung (FV) Technik ist deine \u00d6H Vertretung f\u00fcr technische Studieng\u00e4nge am Campus Technik. Wir sind Ansprechpartner sollte es Probleme oder Beratungsbedarf in einem der Studieng\u00e4nge der Fakult\u00e4t f\u00fcr Architektur [...]","protected":false},"author":1,"featured_media":0,"parent":640,"menu_order":0,"comment_status":"closed","ping_status":"closed","template":"","meta":{"inline_featured_image":false,"footnotes":""},"class_list":["post-682","page","type-page","status-publish","hentry"],"yoast_head":"<!-- This site is optimized with the Yoast SEO plugin v21.8.1 - https:\/\/yoast.com\/wordpress\/plugins\/seo\/ -->\n<title>Technik - \u00d6H Innsbruck<\/title>\n<meta name=\"robots\" content=\"index, follow, max-snippet:-1, max-image-preview:large, max-video-preview:-1\" \/>\n<link rel=\"canonical\" href=\"https:\/\/www.oehweb.at\/en\/deine-oeh\/fachschaften\/technik\/\" \/>\n<meta property=\"og:locale\" content=\"en_GB\" \/>\n<meta property=\"og:type\" content=\"article\" \/>\n<meta property=\"og:title\" content=\"Technik - \u00d6H Innsbruck\" \/>\n<meta property=\"og:url\" content=\"https:\/\/www.oehweb.at\/en\/deine-oeh\/fachschaften\/technik\/\" \/>\n<meta property=\"og:site_name\" content=\"\u00d6H Innsbruck\" \/>\n<meta property=\"article:modified_time\" content=\"2026-07-10T07:50:20+00:00\" \/>\n<meta name=\"twitter:card\" content=\"summary_large_image\" \/>\n<meta name=\"twitter:label1\" content=\"Estimated reading time\" \/>\n\t<meta name=\"twitter:data1\" content=\"3 minutes\" \/>\n<script type=\"application\/ld+json\" class=\"yoast-schema-graph\">{\"@context\":\"https:\/\/schema.org\",\"@graph\":[{\"@type\":\"WebPage\",\"@id\":\"https:\/\/www.oehweb.at\/deine-oeh\/fachschaften\/technik\/\",\"url\":\"https:\/\/www.oehweb.at\/deine-oeh\/fachschaften\/technik\/\",\"name\":\"Technik - \u00d6H Innsbruck\",\"isPartOf\":{\"@id\":\"https:\/\/www.oehweb.at\/#website\"},\"datePublished\":\"2020-11-17T21:05:22+00:00\",\"dateModified\":\"2026-07-10T07:50:20+00:00\",\"breadcrumb\":{\"@id\":\"https:\/\/www.oehweb.at\/deine-oeh\/fachschaften\/technik\/#breadcrumb\"},\"inLanguage\":\"en-GB\",\"potentialAction\":[{\"@type\":\"ReadAction\",\"target\":[\"https:\/\/www.oehweb.at\/deine-oeh\/fachschaften\/technik\/\"]}]},{\"@type\":\"BreadcrumbList\",\"@id\":\"https:\/\/www.oehweb.at\/deine-oeh\/fachschaften\/technik\/#breadcrumb\",\"itemListElement\":[{\"@type\":\"ListItem\",\"position\":1,\"name\":\"Home\",\"item\":\"https:\/\/www.oehweb.at\/\"},{\"@type\":\"ListItem\",\"position\":2,\"name\":\"Deine \u00d6H\",\"item\":\"https:\/\/www.oehweb.at\/deine-oeh\/\"},{\"@type\":\"ListItem\",\"position\":3,\"name\":\"Fakult\u00e4tsvertretung (FV)\",\"item\":\"https:\/\/www.oehweb.at\/deine-oeh\/fachschaften\/\"},{\"@type\":\"ListItem\",\"position\":4,\"name\":\"Technik\"}]},{\"@type\":\"WebSite\",\"@id\":\"https:\/\/www.oehweb.at\/#website\",\"url\":\"https:\/\/www.oehweb.at\/\",\"name\":\"\u00d6H Innsbruck\",\"description\":\"Wir sind die \u00d6sterreichische Hochsch\u00fclerInnenschaft an der Universit\u00e4t Innsbruck\",\"publisher\":{\"@id\":\"https:\/\/www.oehweb.at\/#organization\"},\"potentialAction\":[{\"@type\":\"SearchAction\",\"target\":{\"@type\":\"EntryPoint\",\"urlTemplate\":\"https:\/\/www.oehweb.at\/?s={search_term_string}\"},\"query-input\":\"required name=search_term_string\"}],\"inLanguage\":\"en-GB\"},{\"@type\":\"Organization\",\"@id\":\"https:\/\/www.oehweb.at\/#organization\",\"name\":\"\u00d6H Innsrbruck\",\"url\":\"https:\/\/www.oehweb.at\/\",\"logo\":{\"@type\":\"ImageObject\",\"inLanguage\":\"en-GB\",\"@id\":\"https:\/\/www.oehweb.at\/#\/schema\/logo\/image\/\",\"url\":\"https:\/\/www.oehweb.at\/wp-content\/uploads\/2020\/11\/OEH-Innsbruck-Logo.svg\",\"contentUrl\":\"https:\/\/www.oehweb.at\/wp-content\/uploads\/2020\/11\/OEH-Innsbruck-Logo.svg\",\"width\":448,\"height\":255,\"caption\":\"\u00d6H Innsrbruck\"},\"image\":{\"@id\":\"https:\/\/www.oehweb.at\/#\/schema\/logo\/image\/\"}}]}<\/script>\n<!-- \/ Yoast SEO plugin. -->","yoast_head_json":{"title":"Technik - \u00d6H Innsbruck","robots":{"index":"index","follow":"follow","max-snippet":"max-snippet:-1","max-image-preview":"max-image-preview:large","max-video-preview":"max-video-preview:-1"},"canonical":"https:\/\/www.oehweb.at\/en\/deine-oeh\/fachschaften\/technik\/","og_locale":"en_GB","og_type":"article","og_title":"Technik - \u00d6H Innsbruck","og_url":"https:\/\/www.oehweb.at\/en\/deine-oeh\/fachschaften\/technik\/","og_site_name":"\u00d6H Innsbruck","article_modified_time":"2026-07-10T07:50:20+00:00","twitter_card":"summary_large_image","twitter_misc":{"Estimated reading time":"3 minutes"},"schema":{"@context":"https:\/\/schema.org","@graph":[{"@type":"WebPage","@id":"https:\/\/www.oehweb.at\/deine-oeh\/fachschaften\/technik\/","url":"https:\/\/www.oehweb.at\/deine-oeh\/fachschaften\/technik\/","name":"Technik - \u00d6H Innsbruck","isPartOf":{"@id":"https:\/\/www.oehweb.at\/#website"},"datePublished":"2020-11-17T21:05:22+00:00","dateModified":"2026-07-10T07:50:20+00:00","breadcrumb":{"@id":"https:\/\/www.oehweb.at\/deine-oeh\/fachschaften\/technik\/#breadcrumb"},"inLanguage":"en-GB","potentialAction":[{"@type":"ReadAction","target":["https:\/\/www.oehweb.at\/deine-oeh\/fachschaften\/technik\/"]}]},{"@type":"BreadcrumbList","@id":"https:\/\/www.oehweb.at\/deine-oeh\/fachschaften\/technik\/#breadcrumb","itemListElement":[{"@type":"ListItem","position":1,"name":"Home","item":"https:\/\/www.oehweb.at\/"},{"@type":"ListItem","position":2,"name":"Deine \u00d6H","item":"https:\/\/www.oehweb.at\/deine-oeh\/"},{"@type":"ListItem","position":3,"name":"Fakult\u00e4tsvertretung (FV)","item":"https:\/\/www.oehweb.at\/deine-oeh\/fachschaften\/"},{"@type":"ListItem","position":4,"name":"Technik"}]},{"@type":"WebSite","@id":"https:\/\/www.oehweb.at\/#website","url":"https:\/\/www.oehweb.at\/","name":"\u00d6H Innsbruck","description":"Wir sind die \u00d6sterreichische Hochsch\u00fclerInnenschaft an der Universit\u00e4t Innsbruck","publisher":{"@id":"https:\/\/www.oehweb.at\/#organization"},"potentialAction":[{"@type":"SearchAction","target":{"@type":"EntryPoint","urlTemplate":"https:\/\/www.oehweb.at\/?s={search_term_string}"},"query-input":"required name=search_term_string"}],"inLanguage":"en-GB"},{"@type":"Organization","@id":"https:\/\/www.oehweb.at\/#organization","name":"\u00d6H Innsrbruck","url":"https:\/\/www.oehweb.at\/","logo":{"@type":"ImageObject","inLanguage":"en-GB","@id":"https:\/\/www.oehweb.at\/#\/schema\/logo\/image\/","url":"https:\/\/www.oehweb.at\/wp-content\/uploads\/2020\/11\/OEH-Innsbruck-Logo.svg","contentUrl":"https:\/\/www.oehweb.at\/wp-content\/uploads\/2020\/11\/OEH-Innsbruck-Logo.svg","width":448,"height":255,"caption":"\u00d6H Innsrbruck"},"image":{"@id":"https:\/\/www.oehweb.at\/#\/schema\/logo\/image\/"}}]}},"_links":{"self":[{"href":"https:\/\/www.oehweb.at\/en\/wp-json\/wp\/v2\/pages\/682","targetHints":{"allow":["GET"]}}],"collection":[{"href":"https:\/\/www.oehweb.at\/en\/wp-json\/wp\/v2\/pages"}],"about":[{"href":"https:\/\/www.oehweb.at\/en\/wp-json\/wp\/v2\/types\/page"}],"author":[{"embeddable":true,"href":"https:\/\/www.oehweb.at\/en\/wp-json\/wp\/v2\/users\/1"}],"replies":[{"embeddable":true,"href":"https:\/\/www.oehweb.at\/en\/wp-json\/wp\/v2\/comments?post=682"}],"version-history":[{"count":93,"href":"https:\/\/www.oehweb.at\/en\/wp-json\/wp\/v2\/pages\/682\/revisions"}],"predecessor-version":[{"id":11669,"href":"https:\/\/www.oehweb.at\/en\/wp-json\/wp\/v2\/pages\/682\/revisions\/11669"}],"up":[{"embeddable":true,"href":"https:\/\/www.oehweb.at\/en\/wp-json\/wp\/v2\/pages\/640"}],"wp:attachment":[{"href":"https:\/\/www.oehweb.at\/en\/wp-json\/wp\/v2\/media?parent=682"}],"curies":[{"name":"wp","href":"https:\/\/api.w.org\/{rel}","templated":true}]}}