{"id":685,"date":"2020-11-17T22:18:54","date_gmt":"2020-11-17T21:18:54","guid":{"rendered":"https:\/\/www.oehweb.at\/deine-oeh\/fachschaften\/sowi-copy\/"},"modified":"2026-07-10T09:51:11","modified_gmt":"2026-07-10T07:51:11","slug":"theologie","status":"publish","type":"page","link":"https:\/\/www.oehweb.at\/en\/deine-oeh\/fachschaften\/theologie\/","title":{"rendered":"Theologie"},"content":{"rendered":"<div class=\"grve-section grve-row-section grve-fullwidth-background grve-padding-top-4x grve-padding-bottom-4x grve-bg-none grve-headings-light\"  style=\"color:#ffffff;\"><div class=\"grve-container\"><div class=\"grve-row grve-bookmark grve-columns-gap-30\"><div class=\"grve-column wpb_column grve-column-1-2\" ><div class=\"grve-column-wrapper\" ><div class=\"grve-element grve-text grve-leader-text\">\r\n\t\t\t<div class=\"grve-small-text\"><span class=\"\">Fakult\u00e4tsvertretung (FV)<\/span><\/div>\n<h1>Theologie<\/h1>\n<p>Die <span class=\"\">Fakult\u00e4tsvertretung (FV)<\/span> f\u00fcr alle Studierenden der Katholisch-Theologischen Fakult\u00e4t.<\/p>\n\r\n\t\t<\/div>\r\n\t<\/div><\/div><div class=\"grve-column wpb_column grve-column-1-2\" ><div class=\"grve-column-wrapper\" ><\/div><\/div><\/div><\/div><div class=\"grve-background-wrapper\">  <div class=\"grve-bg-image grve-bg-center-center grve-bg-image-id-645\"   style=\"background-image: url(https:\/\/www.oehweb.at\/wp-content\/uploads\/2020\/11\/oeh-innsbruck-fachschaften.jpg);\"><\/div>  <div class=\"grve-bg-overlay\" style=\"background:rgba(27,29,31,0.5); background: linear-gradient(180deg,rgba(27,29,31,0.5) 0%,rgba(27,29,31,0.75) 100%);\"><\/div><\/div><\/div><div class=\"grve-section grve-row-section grve-fullwidth-background grve-bg-none\"  style=\"background:#ff9000;background: linear-gradient(90deg,#ff9000 0%,#ff9000 100%);padding-top: 15px;\"><div class=\"grve-container\"><div class=\"grve-row grve-bookmark grve-columns-gap-30\"><div class=\"grve-column wpb_column grve-column-1\" ><div class=\"grve-column-wrapper\" ><\/div><\/div><\/div><\/div><div class=\"grve-background-wrapper\"><\/div><\/div><div class=\"grve-section grve-row-section grve-fullwidth-background grve-padding-top-4x grve-padding-bottom-4x grve-bg-none\"  style=\"color:#000000;\"><div class=\"grve-container\"><div class=\"grve-row grve-bookmark grve-columns-gap-60\"><div class=\"grve-column wpb_column grve-column-5-6\" ><div class=\"grve-column-wrapper\" ><div class=\"grve-element grve-text grve-leader-text vc_custom_1778576856571\">\r\n\t\t\t<h2 style=\"font-size: 140%; line-height: 140%;\">FV Theologie<\/h2>\n<p>Philosophie an der Katholisch-Theologischen Fakult\u00e4t<br \/>\nKatholische Theologie und Religionsp\u00e4dagogik<br \/>\n<em>Doktorat\/PhD Theologie<\/em> &#8211; <strong>wurde aufgel\u00f6st<\/strong> &#8211; die Beratung \u00fcbernimmt die FV Theologie<\/p>\n<p><em>\u00a0<\/em><\/p>\n<p><em>\u00a0<\/em><\/p>\n\r\n\t\t<\/div>\r\n\t<div class=\"grve-element grve-text vc_custom_1605648021057\">\r\n\t\t\t<p>Du interessierst dich f\u00fcr ein Studium an der Katholisch-Theologischen Fakult\u00e4t oder studierst schon und bist auf der Suche nach Hilfe und Probleml\u00f6sung? Wir sind erste Anlaufstelle f\u00fcr Fragen rund um die theologischen Studienrichtungen und bei Problemen, die das Studium so mit sich bringt.<\/p>\n\r\n\t\t<\/div>\r\n\t<\/div><\/div><div class=\"grve-column wpb_column grve-column-1-2\" ><div class=\"grve-column-wrapper\" ><div class=\"grve-element grve-text zeilenabstand-medium\">\r\n\t\t\t<p><strong>Beratungsstandort:<\/strong><br \/>\nKarl-Rahner-Platz 1 (Arkadenhof)<\/p>\n<p><strong>Beratungszeiten Sommerferien 2026:<\/strong><br \/>\nEmails werden selbstverst\u00e4ndlich auch in den Ferien beantwortet!<\/p>\n<p>&nbsp;<\/p>\n<p><strong>E-Mail: <\/strong><a href=\"mailto:FV-Theologie@uibk.ac.at\">FV-Theologie@uibk.ac.at<\/a><br \/>\n<strong>E-Mail:<\/strong> <a href=\"mailto:StV-Philosophie-Theologie-oeh@uibk.ac.at\">StV-Philosophie-Theologie-oeh@uibk.ac.at<\/a><br \/>\n<strong>Telefon:<\/strong> <a href=\"tel:+43 512 507-35690\">+43 512 507-35690<\/a><\/p>\n\r\n\t\t<\/div>\r\n\t<div class=\"grve-row-inner grve-bookmark\">\r\n\t\t<div class=\"grve-column-inner wpb_column grve-column-1-4\">\r\n\t\t\t<div class=\"grve-column-wrapper-inner\">\r\n\t\t\t<div class=\"grve-element grve-single-icon grve-align-left grve-medium\" style=\"\"><a href=\"https:\/\/www.instagram.com\/fv.theologie.uibk?igsh=MXFpbjJqZ2d4eDl3ag%3D%3D\">  <div class=\"grve-wrapper-icon grve-no-shape\" style=\"\"><i class=\"fab fa-instagram grve-text-primary-1\"><\/i><\/div><\/a><\/div>\r\n\t\t\t<\/div>\r\n\t\t<\/div>\r\n\t\r\n\t\t<div class=\"grve-column-inner wpb_column grve-column-1-4\">\r\n\t\t\t<div class=\"grve-column-wrapper-inner\">\r\n\t\t\t\r\n\t\t\t<\/div>\r\n\t\t<\/div>\r\n\t\r\n\t\t<div class=\"grve-column-inner wpb_column grve-column-1-4\">\r\n\t\t\t<div class=\"grve-column-wrapper-inner\">\r\n\t\t\t\r\n\t\t\t<\/div>\r\n\t\t<\/div>\r\n\t<\/div><\/div><\/div><div class=\"grve-column wpb_column grve-column-1-2\" ><div class=\"grve-column-wrapper\" ><div class=\"grve-element grve-text vc_custom_1605608482958\">\r\n\t\t\t<p><strong>Post- und Rechnungsanschrift:<\/strong><br \/>\nHochsch\u00fclerinnen- und Hochsch\u00fclerschaft<br \/>\nan der Universit\u00e4t Innsbruck<br \/>\nJosef-Hirn Stra\u00dfe 7<br \/>\n6020 Innsbruck<\/p>\n\r\n\t\t<\/div>\r\n\t<div class=\"grve-element grve-text\">\r\n\t\t\t<p>Die FV Theologie ist auch mit zwei stimmberechtigten Mandatar*innen bei der \u00d6KT, der \u00f6sterreichischen Konferenz der Theologiestudierenden, einem bundesweiten Vertretungsorgan aller <span class=\"\">Fakult\u00e4tsvertretung <\/span>und\u00a0 di\u00f6zesanen Ausbildungszentren f\u00fcr Theologiestudierende, vertreten.<\/p>\n<p>F\u00fcr weitere Infos zur \u00d6KT: <a href=\"https:\/\/www.dioezese-linz.at\/institution\/9090\/studium\/oekt\">https:\/\/www.dioezese-linz.at\/institution\/9090\/studium\/oekt<\/a><\/p>\n\r\n\t\t<\/div>\r\n\t<\/div><\/div><\/div><\/div><div class=\"grve-background-wrapper\"><\/div><\/div>","protected":false},"excerpt":{"rendered":"Fakult\u00e4tsvertretung (FV) Theologie Die Fakult\u00e4tsvertretung (FV) f\u00fcr alle Studierenden der Katholisch-Theologischen Fakult\u00e4t. FV Theologie Philosophie an der Katholisch-Theologischen Fakult\u00e4t Katholische Theologie und Religionsp\u00e4dagogik Doktorat\/PhD Theologie - wurde aufgel\u00f6st - die Beratung \u00fcbernimmt die FV Theologie \u00a0 \u00a0 Du interessierst dich f\u00fcr ein Studium an der Katholisch-Theologischen Fakult\u00e4t oder studierst schon und bist auf der Suche [...]","protected":false},"author":1,"featured_media":0,"parent":640,"menu_order":0,"comment_status":"closed","ping_status":"closed","template":"","meta":{"inline_featured_image":false,"footnotes":""},"class_list":["post-685","page","type-page","status-publish","hentry"],"yoast_head":"<!-- This site is optimized with the Yoast SEO plugin v21.8.1 - https:\/\/yoast.com\/wordpress\/plugins\/seo\/ -->\n<title>Theologie - \u00d6H Innsbruck<\/title>\n<meta name=\"robots\" content=\"index, follow, max-snippet:-1, max-image-preview:large, max-video-preview:-1\" \/>\n<link rel=\"canonical\" href=\"https:\/\/www.oehweb.at\/en\/deine-oeh\/fachschaften\/theologie\/\" \/>\n<meta property=\"og:locale\" content=\"en_GB\" \/>\n<meta property=\"og:type\" content=\"article\" \/>\n<meta property=\"og:title\" content=\"Theologie - \u00d6H Innsbruck\" \/>\n<meta property=\"og:url\" content=\"https:\/\/www.oehweb.at\/en\/deine-oeh\/fachschaften\/theologie\/\" \/>\n<meta property=\"og:site_name\" content=\"\u00d6H Innsbruck\" \/>\n<meta property=\"article:modified_time\" content=\"2026-07-10T07:51:11+00:00\" \/>\n<meta name=\"twitter:card\" content=\"summary_large_image\" \/>\n<meta name=\"twitter:label1\" content=\"Estimated reading time\" \/>\n\t<meta name=\"twitter:data1\" content=\"2 minutes\" \/>\n<script type=\"application\/ld+json\" class=\"yoast-schema-graph\">{\"@context\":\"https:\/\/schema.org\",\"@graph\":[{\"@type\":\"WebPage\",\"@id\":\"https:\/\/www.oehweb.at\/deine-oeh\/fachschaften\/theologie\/\",\"url\":\"https:\/\/www.oehweb.at\/deine-oeh\/fachschaften\/theologie\/\",\"name\":\"Theologie - \u00d6H Innsbruck\",\"isPartOf\":{\"@id\":\"https:\/\/www.oehweb.at\/#website\"},\"datePublished\":\"2020-11-17T21:18:54+00:00\",\"dateModified\":\"2026-07-10T07:51:11+00:00\",\"breadcrumb\":{\"@id\":\"https:\/\/www.oehweb.at\/deine-oeh\/fachschaften\/theologie\/#breadcrumb\"},\"inLanguage\":\"en-GB\",\"potentialAction\":[{\"@type\":\"ReadAction\",\"target\":[\"https:\/\/www.oehweb.at\/deine-oeh\/fachschaften\/theologie\/\"]}]},{\"@type\":\"BreadcrumbList\",\"@id\":\"https:\/\/www.oehweb.at\/deine-oeh\/fachschaften\/theologie\/#breadcrumb\",\"itemListElement\":[{\"@type\":\"ListItem\",\"position\":1,\"name\":\"Home\",\"item\":\"https:\/\/www.oehweb.at\/\"},{\"@type\":\"ListItem\",\"position\":2,\"name\":\"Deine \u00d6H\",\"item\":\"https:\/\/www.oehweb.at\/deine-oeh\/\"},{\"@type\":\"ListItem\",\"position\":3,\"name\":\"Fakult\u00e4tsvertretung (FV)\",\"item\":\"https:\/\/www.oehweb.at\/deine-oeh\/fachschaften\/\"},{\"@type\":\"ListItem\",\"position\":4,\"name\":\"Theologie\"}]},{\"@type\":\"WebSite\",\"@id\":\"https:\/\/www.oehweb.at\/#website\",\"url\":\"https:\/\/www.oehweb.at\/\",\"name\":\"\u00d6H Innsbruck\",\"description\":\"Wir sind die \u00d6sterreichische Hochsch\u00fclerInnenschaft an der Universit\u00e4t Innsbruck\",\"publisher\":{\"@id\":\"https:\/\/www.oehweb.at\/#organization\"},\"potentialAction\":[{\"@type\":\"SearchAction\",\"target\":{\"@type\":\"EntryPoint\",\"urlTemplate\":\"https:\/\/www.oehweb.at\/?s={search_term_string}\"},\"query-input\":\"required name=search_term_string\"}],\"inLanguage\":\"en-GB\"},{\"@type\":\"Organization\",\"@id\":\"https:\/\/www.oehweb.at\/#organization\",\"name\":\"\u00d6H Innsrbruck\",\"url\":\"https:\/\/www.oehweb.at\/\",\"logo\":{\"@type\":\"ImageObject\",\"inLanguage\":\"en-GB\",\"@id\":\"https:\/\/www.oehweb.at\/#\/schema\/logo\/image\/\",\"url\":\"https:\/\/www.oehweb.at\/wp-content\/uploads\/2020\/11\/OEH-Innsbruck-Logo.svg\",\"contentUrl\":\"https:\/\/www.oehweb.at\/wp-content\/uploads\/2020\/11\/OEH-Innsbruck-Logo.svg\",\"width\":448,\"height\":255,\"caption\":\"\u00d6H Innsrbruck\"},\"image\":{\"@id\":\"https:\/\/www.oehweb.at\/#\/schema\/logo\/image\/\"}}]}<\/script>\n<!-- \/ Yoast SEO plugin. -->","yoast_head_json":{"title":"Theologie - \u00d6H Innsbruck","robots":{"index":"index","follow":"follow","max-snippet":"max-snippet:-1","max-image-preview":"max-image-preview:large","max-video-preview":"max-video-preview:-1"},"canonical":"https:\/\/www.oehweb.at\/en\/deine-oeh\/fachschaften\/theologie\/","og_locale":"en_GB","og_type":"article","og_title":"Theologie - \u00d6H Innsbruck","og_url":"https:\/\/www.oehweb.at\/en\/deine-oeh\/fachschaften\/theologie\/","og_site_name":"\u00d6H Innsbruck","article_modified_time":"2026-07-10T07:51:11+00:00","twitter_card":"summary_large_image","twitter_misc":{"Estimated reading time":"2 minutes"},"schema":{"@context":"https:\/\/schema.org","@graph":[{"@type":"WebPage","@id":"https:\/\/www.oehweb.at\/deine-oeh\/fachschaften\/theologie\/","url":"https:\/\/www.oehweb.at\/deine-oeh\/fachschaften\/theologie\/","name":"Theologie - \u00d6H Innsbruck","isPartOf":{"@id":"https:\/\/www.oehweb.at\/#website"},"datePublished":"2020-11-17T21:18:54+00:00","dateModified":"2026-07-10T07:51:11+00:00","breadcrumb":{"@id":"https:\/\/www.oehweb.at\/deine-oeh\/fachschaften\/theologie\/#breadcrumb"},"inLanguage":"en-GB","potentialAction":[{"@type":"ReadAction","target":["https:\/\/www.oehweb.at\/deine-oeh\/fachschaften\/theologie\/"]}]},{"@type":"BreadcrumbList","@id":"https:\/\/www.oehweb.at\/deine-oeh\/fachschaften\/theologie\/#breadcrumb","itemListElement":[{"@type":"ListItem","position":1,"name":"Home","item":"https:\/\/www.oehweb.at\/"},{"@type":"ListItem","position":2,"name":"Deine \u00d6H","item":"https:\/\/www.oehweb.at\/deine-oeh\/"},{"@type":"ListItem","position":3,"name":"Fakult\u00e4tsvertretung (FV)","item":"https:\/\/www.oehweb.at\/deine-oeh\/fachschaften\/"},{"@type":"ListItem","position":4,"name":"Theologie"}]},{"@type":"WebSite","@id":"https:\/\/www.oehweb.at\/#website","url":"https:\/\/www.oehweb.at\/","name":"\u00d6H Innsbruck","description":"Wir sind die \u00d6sterreichische Hochsch\u00fclerInnenschaft an der Universit\u00e4t Innsbruck","publisher":{"@id":"https:\/\/www.oehweb.at\/#organization"},"potentialAction":[{"@type":"SearchAction","target":{"@type":"EntryPoint","urlTemplate":"https:\/\/www.oehweb.at\/?s={search_term_string}"},"query-input":"required name=search_term_string"}],"inLanguage":"en-GB"},{"@type":"Organization","@id":"https:\/\/www.oehweb.at\/#organization","name":"\u00d6H Innsrbruck","url":"https:\/\/www.oehweb.at\/","logo":{"@type":"ImageObject","inLanguage":"en-GB","@id":"https:\/\/www.oehweb.at\/#\/schema\/logo\/image\/","url":"https:\/\/www.oehweb.at\/wp-content\/uploads\/2020\/11\/OEH-Innsbruck-Logo.svg","contentUrl":"https:\/\/www.oehweb.at\/wp-content\/uploads\/2020\/11\/OEH-Innsbruck-Logo.svg","width":448,"height":255,"caption":"\u00d6H Innsrbruck"},"image":{"@id":"https:\/\/www.oehweb.at\/#\/schema\/logo\/image\/"}}]}},"_links":{"self":[{"href":"https:\/\/www.oehweb.at\/en\/wp-json\/wp\/v2\/pages\/685","targetHints":{"allow":["GET"]}}],"collection":[{"href":"https:\/\/www.oehweb.at\/en\/wp-json\/wp\/v2\/pages"}],"about":[{"href":"https:\/\/www.oehweb.at\/en\/wp-json\/wp\/v2\/types\/page"}],"author":[{"embeddable":true,"href":"https:\/\/www.oehweb.at\/en\/wp-json\/wp\/v2\/users\/1"}],"replies":[{"embeddable":true,"href":"https:\/\/www.oehweb.at\/en\/wp-json\/wp\/v2\/comments?post=685"}],"version-history":[{"count":53,"href":"https:\/\/www.oehweb.at\/en\/wp-json\/wp\/v2\/pages\/685\/revisions"}],"predecessor-version":[{"id":11670,"href":"https:\/\/www.oehweb.at\/en\/wp-json\/wp\/v2\/pages\/685\/revisions\/11670"}],"up":[{"embeddable":true,"href":"https:\/\/www.oehweb.at\/en\/wp-json\/wp\/v2\/pages\/640"}],"wp:attachment":[{"href":"https:\/\/www.oehweb.at\/en\/wp-json\/wp\/v2\/media?parent=685"}],"curies":[{"name":"wp","href":"https:\/\/api.w.org\/{rel}","templated":true}]}}