{"id":701,"date":"2020-11-17T22:44:33","date_gmt":"2020-11-17T21:44:33","guid":{"rendered":"https:\/\/www.oehweb.at\/deine-oeh\/interne-referate\/basisreferat-copy\/"},"modified":"2026-08-18T08:19:42","modified_gmt":"2026-08-18T06:19:42","slug":"dokumente","status":"publish","type":"page","link":"https:\/\/www.oehweb.at\/en\/deine-oeh\/dokumente\/","title":{"rendered":"Dokumente"},"content":{"rendered":"<div class=\"grve-section grve-row-section grve-fullwidth-background grve-padding-top-3x grve-padding-bottom-3x grve-bg-none grve-headings-light\"  style=\"color:#ffffff;\"><div class=\"grve-container\"><div class=\"grve-row grve-bookmark grve-columns-gap-30\"><div class=\"grve-column wpb_column grve-column-1-2\" ><div class=\"grve-column-wrapper\" ><div class=\"grve-element grve-text grve-leader-text\">\r\n\t\t\t<div class=\"grve-small-text\"><span class=\"\">Deine \u00d6H<\/span><\/div>\n<h1>Dokumente<\/h1>\n<p>T\u00e4tigkeitsberichte, Protokolle und rechtliche Grundlagen der \u00d6H.<\/p>\n\r\n\t\t<\/div>\r\n\t<\/div><\/div><\/div><\/div><div class=\"grve-background-wrapper\">  <div class=\"grve-bg-image grve-bg-center-center grve-bg-image-id-568\"   style=\"background-image: url(https:\/\/www.oehweb.at\/wp-content\/uploads\/2020\/11\/oeh-innsbruck-basisreferat.jpg);\"><\/div>  <div class=\"grve-bg-overlay\" style=\"background:rgba(27,29,31,0.5); background: linear-gradient(180deg,rgba(27,29,31,0.5) 0%,rgba(27,29,31,0.75) 100%);\"><\/div><\/div><\/div><div class=\"grve-section grve-row-section grve-fullwidth-background grve-bg-none\"  style=\"background:#ff9000;background: linear-gradient(90deg,#ff9000 0%,#ff9000 100%);padding-top: 15px;\"><div class=\"grve-container\"><div class=\"grve-row grve-bookmark grve-columns-gap-30\"><div class=\"grve-column wpb_column grve-column-1\" ><div class=\"grve-column-wrapper\" ><\/div><\/div><\/div><\/div><div class=\"grve-background-wrapper\"><\/div><\/div><div class=\"grve-section grve-row-section grve-fullwidth-background grve-padding-top-4x grve-bg-none\"  style=\"color:#000000;\"><div class=\"grve-container\"><div class=\"grve-row grve-bookmark grve-columns-gap-60\"><div class=\"grve-column wpb_column grve-column-1-2\" ><div class=\"grve-column-wrapper\" ><div class=\"grve-element grve-text\">\r\n\t\t\t<h2 class=\"headline-smaller-mobile\">T\u00e4tigkeitsberichte Referate<\/h2>\n\r\n\t\t<\/div>\r\n\t<div class=\"grve-element grve-text vc_custom_1605651009314\">\r\n\t\t\t<hr style=\"border-color: #ff9000;\" \/>\n\r\n\t\t<\/div>\r\n\t<div class=\"grve-element grve-accordion\"><ul class=\"grve-accordion-wrapper grve-action-accordion grve-style-1\"><li><div class=\"grve-title-wrapper grve-tab-link grve-align-left\" data-rel=\"#1658132085275-80f2236e-1702\"><div class=\"grve-accordion-arrow grve-accordion-plus grve-position-left\"><i class=\"fa fa-plus\"><\/i><\/div><h3 class=\"grve-title grve-h6\">T\u00e4tigkeitsberichte der Referate<\/h3><\/div><div class=\"grve-accordion-content\" id=\"1658132085275-80f2236e-1702\"><div class=\"grve-element grve-text\">\r\n\t\t\t<p><strong>Referat f\u00fcr ausl\u00e4ndische Studierende<\/strong><br \/>\n<a href=\"https:\/\/www.oehweb.at\/wp-content\/uploads\/2026\/06\/Taetigkeitsbericht-Auslaenderreferat-Sose-26.pdf\">zum T\u00e4tigkeitsbericht<\/a><\/p>\n<p><strong>Basisreferat<\/strong><br \/>\n<a href=\"https:\/\/www.oehweb.at\/wp-content\/uploads\/2026\/07\/Taetigkeitsbericht_Basisreferat_260630_231714.pdf\">zum T\u00e4tigkeitsbericht<\/a><\/p>\n<p><strong>Referat f\u00fcr Bildungspolitik und Digitalisierung<\/strong><br \/>\n<a href=\"https:\/\/www.oehweb.at\/wp-content\/uploads\/2026\/06\/Taetigkeitsbericht_SoSe_BiPol.pdf\">zum T\u00e4tigkeitsbericht<\/a><\/p>\n<p><strong>Referat f\u00fcr Queerfeminismus und Gleichbehandlung<\/strong><br \/>\n<a href=\"https:\/\/www.oehweb.at\/wp-content\/uploads\/2026\/06\/Frauen-Gleichbehanldung-und-Queer_Taetigkeitsbericht-2.pdf\">zum T\u00e4tigkeitsbericht<\/a><\/p>\n<p><strong>Referat f\u00fcr Heime und Wohnen<\/strong><br \/>\n<a href=\"https:\/\/www.oehweb.at\/wp-content\/uploads\/2026\/07\/Taetigkeitsbericht-Wohnen-SoSe26.pdf\">zum T\u00e4tigkeitsbericht<\/a><\/p>\n<p><strong>Referat f\u00fcr Internationales<\/strong><br \/>\n<a href=\"https:\/\/www.oehweb.at\/wp-content\/uploads\/2026\/06\/T.Bericht_SoSe26_Int.pdf\">zum T\u00e4tigkeitsbericht<\/a><\/p>\n<p><strong>Referat f\u00fcr \u00d6ffentlichkeitsarbeit<\/strong><br \/>\n<a href=\"https:\/\/www.oehweb.at\/wp-content\/uploads\/2026\/06\/Taetigkeitsbericht-Oeffi-SoSe-2026.pdf\">zum T\u00e4tigkeitsbericht<\/a><\/p>\n<p><strong>Referat f\u00fcr PlagiatsCheck<\/strong><br \/>\n<a href=\"https:\/\/www.oehweb.at\/wp-content\/uploads\/2026\/06\/T.Bericht_PlagCheck.pdf\">zum T\u00e4tigkeitsbericht<\/a><\/p>\n<p><strong>Referat f\u00fcr Sozialpolitik<\/strong><br \/>\n<a href=\"https:\/\/www.oehweb.at\/wp-content\/uploads\/2026\/06\/Taetigkeitsbereich-SozRef-SoSe26.pdf\">zum T\u00e4tigkeitsbericht<\/a><\/p>\n<p><strong>Referat f\u00fcr Sport und Gesundheit<\/strong><br \/>\n<a href=\"https:\/\/www.oehweb.at\/wp-content\/uploads\/2026\/06\/Taetigkeitsbericht-Referat-fuer-Gesundheit-und-Sport-SS2026.pdf\">zum T\u00e4tigkeitsbericht<\/a><\/p>\n<p><strong>Referat f\u00fcr Studierenden- und Maturantinnenberatung<\/strong><br \/>\n<a href=\"https:\/\/www.oehweb.at\/wp-content\/uploads\/2026\/06\/StuMaTaetigkeitsbericht-_26.pdf\">zum T\u00e4tigkeitsbericht<\/a><\/p>\n<p><strong>Referat f\u00fcr Barrierefreiheit<\/strong><br \/>\n<a href=\"https:\/\/www.oehweb.at\/wp-content\/uploads\/2026\/06\/Taetigkeitsbericht_SS26_StudierenMitBeeintraechtigung.pdf\">zum T\u00e4tigkeitsbericht<\/a><\/p>\n<p><strong>Referat f\u00fcr Umwelt und Nachhaltigkeit<\/strong><br \/>\n<a href=\"https:\/\/www.oehweb.at\/wp-content\/uploads\/2026\/06\/Taetigkeitsbericht_Referat-fuer-Umwelt-und-Nachhaltigkeit_SoSe_2026.pdf\">zum T\u00e4tigkeitsbericht<\/a><\/p>\n<p><strong>Referat f\u00fcr UNIpress<\/strong><br \/>\n<a href=\"https:\/\/www.oehweb.at\/wp-content\/uploads\/2026\/06\/Taetigkeitsbericht-UNIpress-S2026.pdf\">zum T\u00e4tigkeitsbericht<\/a><\/p>\n<p><strong>Referat f\u00fcr Verbund LehrerInnenbildung West<\/strong><br \/>\n<a href=\"https:\/\/www.oehweb.at\/wp-content\/uploads\/2026\/06\/Taetigkeitsbericht_VLBW_SoSe26.pdf\">zum T\u00e4tigkeitsbericht<\/a><\/p>\n<p><strong>Referat f\u00fcr wirtschaftliche Angelegenheiten<\/strong><br \/>\n<a href=\"https:\/\/www.oehweb.at\/wp-content\/uploads\/2026\/07\/WiRef-Taetigkeitsbericht-Sommersemester-2026.pdf\">zum T\u00e4tigkeitsbericht<\/a><\/p>\n\r\n\t\t<\/div>\r\n\t<\/div><\/li><\/ul><\/div><\/div><\/div><div class=\"grve-column wpb_column grve-column-1-2\" ><div class=\"grve-column-wrapper\" ><div class=\"grve-element grve-text\">\r\n\t\t\t<h2 class=\"headline-smaller-mobile\">T\u00e4tigkeitsberichte Fakult\u00e4tsvertretungen (FV)<\/h2>\n\r\n\t\t<\/div>\r\n\t<div class=\"grve-element grve-text vc_custom_1605651009314\">\r\n\t\t\t<hr style=\"border-color: #ff9000;\" \/>\n\r\n\t\t<\/div>\r\n\t<div class=\"grve-element grve-accordion\"><ul class=\"grve-accordion-wrapper grve-action-accordion grve-style-1\"><li><div class=\"grve-title-wrapper grve-tab-link grve-align-left\" data-rel=\"#1658132986194-e4ce037f-205d\"><div class=\"grve-accordion-arrow grve-accordion-plus grve-position-left\"><i class=\"fa fa-plus\"><\/i><\/div><h3 class=\"grve-title grve-h6\">T\u00e4tigkeitsberichte der Fakult\u00e4tsvertretungen (FV)<\/h3><\/div><div class=\"grve-accordion-content\" id=\"1658132986194-e4ce037f-205d\"><div class=\"grve-element grve-text\">\r\n\t\t\t<p><strong>FV BiWi<\/strong><br \/>\n<a href=\"https:\/\/www.oehweb.at\/wp-content\/uploads\/2026\/07\/Taetigkeitsbericht_FV_Bildungswissenschaften_2025_26.pdf\">zum T\u00e4tigkeitsbericht<\/a><\/p>\n<p><strong>FV JUS<\/strong><br \/>\n<a href=\"https:\/\/www.oehweb.at\/wp-content\/uploads\/2026\/07\/Taetigkeitsbericht-FV-JUS-2025-2026.pdf\">zum T\u00e4tigkeitsbericht<\/a><\/p>\n<p><strong> FV NatWi Technik<\/strong><br \/>\n<a href=\"https:\/\/www.oehweb.at\/wp-content\/uploads\/2026\/06\/WJ25-26_Taetigkeitsbericht-FV-NatWiTechnik.pdf\">zum T\u00e4tigkeitsbericht<\/a><\/p>\n<p><strong>FV Phil.Hist.<\/strong><br \/>\n<a href=\"https:\/\/www.oehweb.at\/wp-content\/uploads\/2026\/06\/Taetigkeitsbericht-FV-PHIL-HIST-2025-2026.pdf\">zum T\u00e4tigkeitsbericht<\/a><\/p>\n<p><strong>FV Phil.Kult.<\/strong><br \/>\n<a href=\"https:\/\/www.oehweb.at\/wp-content\/uploads\/2026\/07\/Taetigkeitenbericht_FVPhilKult_2025_2026.pdf\">zum T\u00e4tigkeitsbericht<\/a><\/p>\n<p><strong>FV NatWi Innrain<\/strong><br \/>\n<a href=\"https:\/\/www.oehweb.at\/wp-content\/uploads\/2026\/07\/Taetigkeitsbericht-FV-NatWi-Innrain-2025_26.pdf\">zum T\u00e4tigkeitsbericht<\/a><\/p>\n<p><strong>FV Powi.Soz<\/strong><br \/>\n<a href=\"https:\/\/www.oehweb.at\/wp-content\/uploads\/2026\/07\/Taetigkeitsbericht-der-Fakultaetsvertretung-POWI.pdf\">zum T\u00e4tigkeitsbericht<\/a><\/p>\n<p><strong>FV LehrerInnenbildung<\/strong><br \/>\n<a href=\"https:\/\/www.oehweb.at\/wp-content\/uploads\/2026\/07\/Jahresbericht_FV_LA_Std_Jahr2526.pdf\">zum T\u00e4tigkeitsbericht<\/a><\/p>\n<p><strong>FV Technik<\/strong><br \/>\n<a href=\"https:\/\/www.oehweb.at\/wp-content\/uploads\/2026\/07\/FVT-WJ25-26_Taetigkeitsbericht.pdf\">zum T\u00e4tigkeitsbericht<\/a><\/p>\n<p><strong>FV SoWi<\/strong><br \/>\n<a href=\"https:\/\/www.oehweb.at\/wp-content\/uploads\/2026\/06\/2025_26_Taetigkeitsbericht_FV-SoWi.pdf\">zum T\u00e4tigkeitsbericht<\/a><\/p>\n<p><strong>FV Theologie<\/strong><br \/>\n<a href=\"https:\/\/www.oehweb.at\/wp-content\/uploads\/2026\/06\/TB_FV-Theologie_26-06-2026.pdf\">zum T\u00e4tigkeitsbericht<\/a><\/p>\n<p><strong>FV Psycho Sport<\/strong><br \/>\n<a href=\"https:\/\/www.oehweb.at\/wp-content\/uploads\/2026\/08\/Taetigkeitsbericht-SOSE-2026-FV-Psycho-Sport_.pdf\">zum T\u00e4tigkeitsbericht<\/a><\/p>\n\r\n\t\t<\/div>\r\n\t<\/div><\/li><\/ul><\/div><\/div><\/div><\/div><\/div><div class=\"grve-background-wrapper\"><\/div><\/div><div class=\"grve-section grve-row-section grve-fullwidth-background grve-padding-top-1x grve-bg-none\"  style=\"color:#000000;\"><div class=\"grve-container\"><div class=\"grve-row grve-bookmark grve-columns-gap-60\"><div class=\"grve-column wpb_column grve-column-1\" ><div class=\"grve-column-wrapper\" ><div class=\"grve-element grve-text vc_custom_1605651009314\">\r\n\t\t\t<hr style=\"border-color: #ff9000;\" \/>\n\r\n\t\t<\/div>\r\n\t<\/div><\/div><\/div><\/div><div class=\"grve-background-wrapper\"><\/div><\/div><div class=\"grve-section grve-row-section grve-fullwidth-background grve-padding-top-1x grve-bg-none\"  style=\"color:#000000;\"><div class=\"grve-container\"><div class=\"grve-row grve-bookmark grve-columns-gap-60\"><div class=\"grve-column wpb_column grve-column-1-2\" ><div class=\"grve-column-wrapper\" ><div class=\"grve-element grve-text\">\r\n\t\t\t<h2 class=\"headline-smaller-mobile\">Rechtskr\u00e4ftige<br \/>\nProtokolle<\/h2>\n\r\n\t\t<\/div>\r\n\t<\/div><\/div><div class=\"grve-column wpb_column grve-column-1-2\" ><div class=\"grve-column-wrapper\" ><div class=\"grve-element grve-accordion\"><ul class=\"grve-accordion-wrapper grve-action-accordion grve-style-1\"><li><div class=\"grve-title-wrapper grve-tab-link grve-align-left\" data-rel=\"#1654634568476-2c7cdddc-740d\"><div class=\"grve-accordion-arrow grve-accordion-plus grve-position-left\"><i class=\"fa fa-plus\"><\/i><\/div><h3 class=\"grve-title grve-h6\">Protokolle der UV-Sitzungen<\/h3><\/div><div class=\"grve-accordion-content\" id=\"1654634568476-2c7cdddc-740d\"><div class=\"grve-element grve-text\">\r\n\t\t\t<p>Hier findest du die Protokolle unserer UV-Sitzungen.<\/p>\n\r\n\t\t<\/div>\r\n\t<\/div><\/li><li><div class=\"grve-title-wrapper grve-tab-link grve-align-left\" data-rel=\"#1654634568509-ded202c2-d0c8\"><div class=\"grve-accordion-arrow grve-accordion-plus grve-position-left\"><i class=\"fa fa-plus\"><\/i><\/div><h3 class=\"grve-title grve-h6\">Funktionsperiode: 2025 - 2027<\/h3><\/div><div class=\"grve-accordion-content\" id=\"1654634568509-ded202c2-d0c8\"><div class=\"grve-element grve-text\">\r\n\t\t\t<p><strong>Protokoll der 1. a. o. UV-Sitzung im Sommersemester 2026<\/strong><br \/>\n<a href=\"https:\/\/www.oehweb.at\/wp-content\/uploads\/2026\/06\/Protokoll-1.-a.-o.-UV-Sitzung-SoSe-2026-am-18.05.2026.pdf\">zum Protokoll<\/a><\/p>\n<p><strong>Protokoll der 1. o. UV-Sitzung im Sommersemester 2026<\/strong><br \/>\n<a href=\"https:\/\/www.oehweb.at\/wp-content\/uploads\/2026\/05\/Protokoll-1.-o.-UV-Sitzung-SoSe-2026-am-27.03.2026.pdf\">zum Protokoll<\/a><\/p>\n<p><strong>Protokoll der 2. o. UV-Sitzung im Wintersemester 2025\/2026<\/strong><br \/>\n<a href=\"https:\/\/www.oehweb.at\/wp-content\/uploads\/2026\/03\/Protokoll-2.-o.-UV-Sitzung-WiSe-2025_2026-am-23.01.2026.pdf\">zum Protokoll<\/a><\/p>\n<p><strong>Protokoll der 1. o. UV-Sitzung im Wintersemester 2025\/2026 &#8211; Richtigstellung<\/strong><br \/>\n<a href=\"https:\/\/www.oehweb.at\/wp-content\/uploads\/2026\/01\/Richtigstellung-zum-Protokoll-1.-o.-UV-Sitzung-WiSe-2025_2026-am-22.10.2025.pdf\">zum Protokoll<\/a><\/p>\n<p><strong>Protokoll der 1. o. UV-Sitzung im Wintersemester 2025\/2026<\/strong><br \/>\n<a href=\"https:\/\/www.oehweb.at\/wp-content\/uploads\/2026\/01\/Protokoll-1.-o.-UV-Sitzung-WiSe-2025_2026-am-22.10.2025.pdf\">zum Protokoll<\/a><\/p>\n\r\n\t\t<\/div>\r\n\t<\/div><\/li><li><div class=\"grve-title-wrapper grve-tab-link grve-align-left\" data-rel=\"#1762343170823-1b9ea4e1-ec45\"><div class=\"grve-accordion-arrow grve-accordion-plus grve-position-left\"><i class=\"fa fa-plus\"><\/i><\/div><h3 class=\"grve-title grve-h6\">Funktionsperiode: 2023 - 2025<\/h3><\/div><div class=\"grve-accordion-content\" id=\"1762343170823-1b9ea4e1-ec45\"><div class=\"grve-element grve-text\">\r\n\t\t\t<p><strong>Protokoll der 2. o. UV-Sitzung im Sommersemester 2025<\/strong><br \/>\n<a href=\"https:\/\/www.oehweb.at\/wp-content\/uploads\/2025\/11\/Protokoll-2.-o.-UV-Sitzung-SoSe-2025-am-12.06.2025.pdf\">zum Protokoll<\/a><\/p>\n<p><strong>Protokoll der 1. o. UV-Sitzung im Sommersemester 2025 &#8211; Richtigstellung<\/strong><br \/>\n<a href=\"https:\/\/www.oehweb.at\/wp-content\/uploads\/2025\/06\/Richtigstellung-zum-Protokoll-1.-o.-UV-Sitzung-SoSe-2025-am-20.03.2025.pdf\">zum Protokoll<\/a><\/p>\n<p><strong>Protokoll der 1. o. UV-Sitzung im Sommersemester 2025<\/strong><br \/>\n<a href=\"https:\/\/www.oehweb.at\/wp-content\/uploads\/2025\/06\/Protokoll-1.-o.-UV-Sitzung-SoSe-2025-am-20.03.2025.pdf\">zum Protokoll<\/a><\/p>\n<p><strong>Protokoll der 2. o. UV-Sitzung im Wintersemester 2024\/2025 &#8211; Richtigstellung<\/strong><br \/>\n<a href=\"https:\/\/www.oehweb.at\/wp-content\/uploads\/2025\/03\/Richtigstellung-zum-Protokoll-2.-o.-UV-Sitzung-WiSe-2024_2025-am-16.01.2025.pdf\">zum Protokoll<\/a><\/p>\n<p><strong>Protokoll der 2. o. UV-Sitzung im Wintersemester 2024\/2025<\/strong><br \/>\n<a href=\"https:\/\/www.oehweb.at\/wp-content\/uploads\/2025\/03\/Protokoll-2.-o.-UV-Sitzung-WiSe-2024_2025-am-16.01.2025.pdf\">zum Protokoll<\/a><\/p>\n<p><strong>Protokoll der 1. o. UV-Sitzung im Wintersemester 2024\/2025<\/strong><br \/>\n<a href=\"https:\/\/www.oehweb.at\/wp-content\/uploads\/2025\/01\/Protokoll-1.-o.-UV-Sitzung-WiSe-2024-am-15.10.2024.pdf\">zum Protokoll<\/a><\/p>\n<p><strong>Protokoll der 2. o. UV-Sitzung im Sommersemester 2024<\/strong><br \/>\n<a href=\"https:\/\/www.oehweb.at\/wp-content\/uploads\/2024\/10\/Protokoll-2.-o.-UV-Sitzung-SoSe-2024-am-10.06.2024.pdf\">zum Protokoll<\/a><\/p>\n<p><strong>Protokoll der 1. o. UV-Sitzung im Sommersemester 2024 &#8211; Richtigstellung<\/strong><br \/>\n<a href=\"https:\/\/www.oehweb.at\/wp-content\/uploads\/2024\/06\/Richtigstellung-Protokoll-1.-o.-UV-Sitzung-SoSe-2024-am-22.03.2024.pdf\">zum Protokoll<\/a><\/p>\n<p><strong>Protokoll der 1. o. UV-Sitzung im Sommersemester 2024<\/strong><br \/>\n<a href=\"https:\/\/www.oehweb.at\/wp-content\/uploads\/2024\/06\/Protokoll-1.-o.-UV-Sitzung-SoSe-2024-am-22.03.2024.pdf\">zum Protokoll<\/a><\/p>\n<p><strong>Protokoll der 2. o. UV-Sitzung im Wintersemester 2023\/2024<\/strong><br \/>\n<a href=\"https:\/\/www.oehweb.at\/wp-content\/uploads\/2024\/03\/Protokoll-2.-o.-UV-Sitzung-WiSe-2023_2024-am-19.01.2024.pdf\">zum Protokoll<\/a><\/p>\n<p><strong>Protokoll der 1. o. UV-Sitzung im Wintersemester 2023\/2024<\/strong><br \/>\n<a href=\"https:\/\/www.oehweb.at\/wp-content\/uploads\/2024\/01\/Protokoll-1.-o.-UV-Sitzung-WiSe-2023_2024-am-25.10.2023.pdf\">zum Protokoll<\/a><\/p>\n\r\n\t\t<\/div>\r\n\t<\/div><\/li><li><div class=\"grve-title-wrapper grve-tab-link grve-align-left\" data-rel=\"#1698652391049-0523f062-51d4\"><div class=\"grve-accordion-arrow grve-accordion-plus grve-position-left\"><i class=\"fa fa-plus\"><\/i><\/div><h3 class=\"grve-title grve-h6\">Funktionsperiode: 2021 - 2023<\/h3><\/div><div class=\"grve-accordion-content\" id=\"1698652391049-0523f062-51d4\"><div class=\"grve-element grve-text\">\r\n\t\t\t<p><strong>Protokoll der 2. o. UV-Sitzung im Sommersemester 2023<\/strong><br \/>\n<a href=\"https:\/\/www.oehweb.at\/wp-content\/uploads\/2023\/10\/Protokoll-2.-o.-UV-Sitzung-SoSe-2023-am-27.06.2023.pdf\">zum Protokoll<\/a><\/p>\n<p><strong>Protokoll der 1. o. UV-Sitzung im Sommersemester 2023<\/strong><br \/>\n<a href=\"https:\/\/www.oehweb.at\/wp-content\/uploads\/2023\/09\/Protokoll-1.-o.-UV-Sitzung-SoSe-2023-am-20.03.2023.pdf\">zum Protokoll<\/a><\/p>\n<p><strong>Protokoll der 3. o. UV-Sitzung im Wintersemester 2022\/2023<\/strong><br \/>\n<a href=\"https:\/\/www.oehweb.at\/wp-content\/uploads\/2023\/03\/Protokoll-3.-o.-UV-Sitzung-WiSe-2022_2023-am-23.01.2023.pdf\">zum Protokoll<\/a><\/p>\n<p><strong>Protokoll der 2. o. UV-Sitzung im Wintersemester 2022\/2023<\/strong><br \/>\n<a href=\"https:\/\/www.oehweb.at\/wp-content\/uploads\/2023\/01\/Protokoll-2.-o.-UV-Sitzung-WiSe-2022_2023-am-06.12.2022.pdf\">zum Protokoll<\/a><\/p>\n<p><strong>Protokoll der 1. o. UV-Sitzung im Wintersemester 2022\/2023<\/strong><br \/>\n<a href=\"https:\/\/www.oehweb.at\/wp-content\/uploads\/2023\/01\/Protokoll-1.-o.-UV-Sitzung-WiSe-2022_2023-am-21.10.2022.pdf\">zum Protokoll<\/a><\/p>\n<p><strong>Protokoll der 2. o. UV-Sitzung im Sommersemester 2022 &#8211; Richtigstellung<\/strong><br \/>\n<a href=\"https:\/\/www.oehweb.at\/wp-content\/uploads\/2022\/10\/Protokoll-2.-o.-UV-Sitzung-SoSe-2022-am-07.06.2022.pdf\">zum Protokoll<\/a><\/p>\n<p><strong>Protokoll der 2. o. UV-Sitzung im Sommersemester 2022<\/strong><br \/>\n<a href=\"https:\/\/www.oehweb.at\/wp-content\/uploads\/2022\/10\/Protokoll-2.-o.-UV-Sitzung-SoSe-2022-am-07.06.2022.pdf\">zum Protokoll<\/a><\/p>\n<p><strong>Protokoll der 1. o. UV-Sitzung im Sommersemester 2022<\/strong><br \/>\n<a href=\"https:\/\/www.oehweb.at\/wp-content\/uploads\/2022\/06\/Protokoll-1.-o.-UV-Sitzung-SoSe-2022-am-22.03.2022.pdf\">zum Protokoll<\/a><\/p>\n<p><strong>Protokoll der 1. a. o. UV-Sitzung im Wintersemester 2021\/2022<\/strong><br \/>\n<a href=\"https:\/\/www.oehweb.at\/wp-content\/uploads\/2022\/03\/Protokoll-1.-a.-o.-UV-Sitzung-WiSe-2021_2022-am-22.02.2022.pdf\">zum Protokoll<\/a><\/p>\n<p><strong>Protokoll der 2. o. UV-Sitzung im Wintersemester 2021\/2022 &#8211; Richtigstellung<\/strong><br \/>\n<a href=\"https:\/\/www.oehweb.at\/wp-content\/uploads\/2022\/06\/Richtigstellung-Protokoll-1.-a.-o.-UV-Sitzung-WiSe-2021_2022-am-22.02.2022.pdf\">zum Protokoll<\/a><\/p>\n<p><strong>Protokoll der 2. o. UV-Sitzung im Wintersemester 2021\/2022<\/strong><br \/>\n<a href=\"https:\/\/www.oehweb.at\/wp-content\/uploads\/2022\/02\/Protokoll-2.-o.-UV-Sitzung-WiSe-2021_2022-am-23.11.2021.pdf\">zum Protokoll<\/a><\/p>\n<p><strong>Protokoll der 1. o. UV-Sitzung im Wintersemester 2021\/2022 &#8211; Richtigstellung<\/strong><br \/>\n<a href=\"https:\/\/www.oehweb.at\/wp-content\/uploads\/2021\/11\/Richtigstellung-zum-Protokoll-1.-o.-UV-Sitzung-WiSe-2021_2022-am-19.10.2021.pdf\">zum Protokoll<\/a><\/p>\n<p><strong>Protokoll der 1. o. UV-Sitzung im Wintersemester 2021\/2022<\/strong><br \/>\n<a href=\"https:\/\/www.oehweb.at\/wp-content\/uploads\/2021\/11\/Protokoll-1.-o.-UV-Sitzung-WiSe-2021_2022-am-19.10.2021.pdf\">zum Protokoll<\/a><\/p>\n\r\n\t\t<\/div>\r\n\t<\/div><\/li><li><div class=\"grve-title-wrapper grve-tab-link grve-align-left\" data-rel=\"#1654634775210-124434ac-7f46\"><div class=\"grve-accordion-arrow grve-accordion-plus grve-position-left\"><i class=\"fa fa-plus\"><\/i><\/div><h3 class=\"grve-title grve-h6\">Funktionsperiode: 2019 - 2021<\/h3><\/div><div class=\"grve-accordion-content\" id=\"1654634775210-124434ac-7f46\"><div class=\"grve-element grve-text\">\r\n\t\t\t<p><strong>Protokoll der 3. a. o. UV-Sitzung im Sommersemester 2021<\/strong><br \/>\n<a href=\"https:\/\/www.oehweb.at\/wp-content\/uploads\/2021\/10\/Protokoll-3.a.o.-UV-Sitzung-SoSe-2021_02.09.2021.pdf\">zum Protokoll<\/a><\/p>\n<p><strong>Protokoll der 2. a. o. UV-Sitzung im Sommersemester 2021<\/strong><br \/>\n<a href=\"https:\/\/www.oehweb.at\/wp-content\/uploads\/2021\/09\/Protokoll-2.a.o.-UV-Sitzung-SoSe-2021_02.08.2021.pdf\">zum Protokoll<\/a><\/p>\n<p><strong>Protokoll der 2. o. UV-Sitzung im Sommersemester 2021 &#8211; Richtigstellung<\/strong><br \/>\n<a href=\"https:\/\/www.oehweb.at\/wp-content\/uploads\/2021\/08\/Richtigstellung-zum-ProtUV_2.o.-UV-Sitzung-im-SS2021-am-24.06.2021.pdf\" target=\"_blank\" rel=\"noopener noreferrer\">zum Protokoll<\/a><\/p>\n<p><strong>Protokoll der 2. o. UV-Sitzung im Sommersemester 2021<\/strong><br \/>\n<a href=\"https:\/\/www.oehweb.at\/wp-content\/uploads\/2021\/08\/ProtUV_2.o.-UV-Sitzung-im-SS2021-am-24.06.2021.pdf\">zum Protokoll<\/a><\/p>\n<p><strong>Protokoll der 1. a. o. UV-Sitzung im Sommersemester 2021<\/strong><br \/>\n<a href=\"https:\/\/www.oehweb.at\/wp-content\/uploads\/2021\/06\/ProtUV_1.a.-o.-UV-Sitzung-im-SS2021-am-07.05.2021.pdf\">zum Protokoll<\/a><\/p>\n<p><strong>Protokoll der 1. o. UV-Sitzung im Sommersemester 2021<\/strong><br \/>\n<a href=\"https:\/\/www.oehweb.at\/wp-content\/uploads\/2021\/05\/ProtUV_1.o.-UV-Sitzung-im-SS2021-am-25.03.2021.pdf\">zum Protokoll<\/a><\/p>\n<p><strong>Protokoll der 2. o. UV-Sitzung im Wintersemester 2020\/2021<\/strong><br \/>\n<a href=\"https:\/\/www.oehweb.at\/wp-content\/uploads\/2021\/04\/ProtUV_2.o.-UV-Sitzung-im-WS20_21-am-29.01.2021.pdf\">zum Protokoll<\/a><\/p>\n<p><strong>Protokoll der 1. o. UV-Sitzung im Wintersemester 2020\/2021<\/strong><br \/>\n<a href=\"https:\/\/www.oehweb.at\/wp-content\/uploads\/2021\/01\/ProtUV_1.o.-UV-Sitzung-im-WS2020_2021-am-22.10.2020.pdf\" target=\"_blank\" rel=\"noopener noreferrer\">zum Protokoll<\/a><\/p>\n<p><strong>Protokoll der 1. a. o. UV-Sitzung im Sommersemester 2020 &#8211; Richtigstellung<\/strong><br \/>\n<a href=\"https:\/\/www.oehweb.at\/wp-content\/uploads\/protokolle\/Richtigstellung_ProtUV_1.a.o.-UV-Sitzung-im-SS2020.pdf\" target=\"_blank\" rel=\"noopener noreferrer\">zum Protokoll<\/a><\/p>\n<p><strong>Protokoll der 1. a. o. UV-Sitzung im Sommersemester 2020<\/strong><br \/>\n<a href=\"https:\/\/www.oehweb.at\/wp-content\/uploads\/protokolle\/ProtUV_1.a.o.-UV-Sitzung-im-SS2020-am-12.08.2020.pdf\" target=\"_blank\" rel=\"noopener noreferrer\">zum Protokoll<\/a><\/p>\n<p><strong>Protokoll der 2. o. UV-Sitzung im Sommersemester 2020 &#8211; Richtigstellung<\/strong><br \/>\n<a href=\"https:\/\/www.oehweb.at\/wp-content\/uploads\/2021\/01\/Richtigstellung_ProtUV_2.o.-UV-Sitzung-im-SS2020.pdf\" target=\"_blank\" rel=\"noopener noreferrer\">zum Protokoll<\/a><\/p>\n<p><strong>Protokoll der 2. o. UV-Sitzung im Sommersemester 2020<\/strong><br \/>\n<a href=\"https:\/\/www.oehweb.at\/wp-content\/uploads\/protokolle\/ProtUV_2.o.-UV-Sitzung-im-SS2020-am-23.06.2020.pdf\" target=\"_blank\" rel=\"noopener noreferrer\">zum Protokoll<\/a><\/p>\n<p><strong>Protokoll der 1. o. UV-Sitzung im Sommersemester 2020 &#8211; Richtigstellung<\/strong><br \/>\n<a href=\"https:\/\/www.oehweb.at\/wp-content\/uploads\/protokolle\/Richtigstellung_ProtUV_1.o.-UV-Sitzung-im-SS2020.pdf\" target=\"_blank\" rel=\"noopener noreferrer\">zum Protokoll<\/a><\/p>\n<p><strong>Protokoll der 1. o. UV-Sitzung im Sommersemester 2020<\/strong><br \/>\n<a href=\"https:\/\/www.oehweb.at\/wp-content\/uploads\/protokolle\/ProtUV_1.o.-UV-Sitzung-im-SS2020-am-18.05.2020.pdf\" target=\"_blank\" rel=\"noopener noreferrer\">zum Protokoll<\/a><\/p>\n<p><strong>Protokoll der 2. o. UV-Sitzung im Wintersemester 2019\/20<\/strong><br \/>\n<a href=\"https:\/\/www.oehweb.at\/wp-content\/uploads\/protokolle\/ProtUV_2.o.-UV-Sitzung-im-WS19_20.pdf\" target=\"_blank\" rel=\"noopener noreferrer\">zum Protokoll<\/a><\/p>\n<p><strong>Protokoll der 1. o. UV-Sitzung im Wintersemester 2019\/20<\/strong><br \/>\n<a href=\"https:\/\/www.oehweb.at\/wp-content\/uploads\/protokolle\/ProtUV_1.o.-UV-Sitzung-im-WS19_20.pdf\" target=\"_blank\" rel=\"noopener noreferrer\">zum Protokoll<\/a><\/p>\n<p><strong>Protokoll der 2. o. UV-Sitzung im Sommersemester 2019<\/strong><br \/>\n<a href=\"https:\/\/www.oehweb.at\/wp-content\/uploads\/protokolle\/ProtUV_2.o.-UV-Sitzung-im-SS2019.pdf\" target=\"_blank\" rel=\"noopener noreferrer\">zum Protokoll<\/a><\/p>\n\r\n\t\t<\/div>\r\n\t<\/div><\/li><\/ul><\/div><\/div><\/div><div class=\"grve-column wpb_column grve-column-1\" ><div class=\"grve-column-wrapper\" ><div class=\"grve-element grve-text vc_custom_1605651009314\">\r\n\t\t\t<hr style=\"border-color: #ff9000;\" \/>\n\r\n\t\t<\/div>\r\n\t<\/div><\/div><\/div><\/div><div class=\"grve-background-wrapper\"><\/div><\/div><div class=\"grve-section grve-row-section grve-fullwidth-background grve-padding-top-1x grve-bg-none\"  style=\"color:#000000;\"><div class=\"grve-container\"><div class=\"grve-row grve-bookmark grve-columns-gap-60\"><div class=\"grve-column wpb_column grve-column-1-2\" ><div class=\"grve-column-wrapper\" ><div class=\"grve-element grve-text\">\r\n\t\t\t<h2 class=\"headline-smaller-mobile\">Beschl\u00fcsse<\/h2>\n\r\n\t\t<\/div>\r\n\t<\/div><\/div><div class=\"grve-column wpb_column grve-column-1-2\" ><div class=\"grve-column-wrapper\" ><div class=\"grve-element grve-accordion\"><ul class=\"grve-accordion-wrapper grve-action-accordion grve-style-1\"><li><div class=\"grve-title-wrapper grve-tab-link grve-align-left\" data-rel=\"#1733130499405-fd63f516-980f\"><div class=\"grve-accordion-arrow grve-accordion-plus grve-position-left\"><i class=\"fa fa-plus\"><\/i><\/div><h3 class=\"grve-title grve-h6\">Beschl\u00fcsse der UV-Sitzungen<\/h3><\/div><div class=\"grve-accordion-content\" id=\"1733130499405-fd63f516-980f\"><div class=\"grve-element grve-text\">\r\n\t\t\t<p>Hier findest du die Beschl\u00fcsse unserer UV-Sitzungen.<\/p>\n\r\n\t\t<\/div>\r\n\t<\/div><\/li><li><div class=\"grve-title-wrapper grve-tab-link grve-align-left\" data-rel=\"#1733130499440-f3adc456-bf61\"><div class=\"grve-accordion-arrow grve-accordion-plus grve-position-left\"><i class=\"fa fa-plus\"><\/i><\/div><h3 class=\"grve-title grve-h6\">Funktionsperiode: 2025 - 2027<\/h3><\/div><div class=\"grve-accordion-content\" id=\"1733130499440-f3adc456-bf61\"><div class=\"grve-element grve-text\">\r\n\t\t\t<p><strong>Beschlussprotokoll zur 2. o. UV-Sitzung im Sommersemester 2026<\/strong><br \/>\n<a href=\"https:\/\/www.oehweb.at\/wp-content\/uploads\/2026\/06\/Beschlussprotokoll_15.06.2026.pdf\">zum Protokoll<\/a><\/p>\n<p><strong>Beschlussprotokoll zur 1. o. UV-Sitzung im Sommersemester 2026<\/strong><br \/>\n<a href=\"https:\/\/www.oehweb.at\/wp-content\/uploads\/2026\/06\/Beschlussprotokoll_27.03.2026.pdf\">zum Protokoll<\/a><\/p>\n<p><strong>Beschlussprotokoll zur 2. o. UV-Sitzung im Wintersemester 2025\/2026<\/strong><br \/>\n<a href=\"https:\/\/www.oehweb.at\/wp-content\/uploads\/2026\/01\/Beschlussprotokoll_23.01.2026.pdf\">zum Protokoll<\/a><\/p>\n<p><strong>Beschlussprotokoll zur 1. o. UV-Sitzung im Wintersemester 2025\/2026<\/strong><br \/>\n<a href=\"https:\/\/www.oehweb.at\/wp-content\/uploads\/2025\/10\/Beschlussprotokoll_22.10.2025.pdf\">zum Protokoll<\/a><\/p>\n\r\n\t\t<\/div>\r\n\t<\/div><\/li><li><div class=\"grve-title-wrapper grve-tab-link grve-align-left\" data-rel=\"#1761293712171-24282552-9edf\"><div class=\"grve-accordion-arrow grve-accordion-plus grve-position-left\"><i class=\"fa fa-plus\"><\/i><\/div><h3 class=\"grve-title grve-h6\">Funktionsperiode: 2023 - 2025<\/h3><\/div><div class=\"grve-accordion-content\" id=\"1761293712171-24282552-9edf\"><div class=\"grve-element grve-text\">\r\n\t\t\t<p><strong>Beschlussprotokoll zur 2. o. UV-Sitzung im Sommersemester 2025<\/strong><br \/>\n<a href=\"https:\/\/www.oehweb.at\/wp-content\/uploads\/2025\/06\/Beschlussprotokoll_12.06.2025.pdf\">zum Protokoll<\/a><\/p>\n<p><strong>Beschlussprotokoll zur 1. o. UV-Sitzung im Sommersemester 2025<\/strong><br \/>\n<a href=\"https:\/\/www.oehweb.at\/wp-content\/uploads\/2025\/03\/Beschlussprotokoll_20.03.2025.pdf\">zum Protokoll<\/a><\/p>\n<p><strong>Beschlussprotokoll zur 2. o. UV-Sitzung im Wintersemester 2024\/2025<\/strong><br \/>\n<a href=\"https:\/\/www.oehweb.at\/wp-content\/uploads\/2025\/01\/Beschlussprotokoll_16.01.2025.pdf\">zum Protokoll<\/a><\/p>\n<p><strong>Beschlussprotokoll zur 1. o. UV-Sitzung im Wintersemester 2024\/2025<\/strong><br \/>\n<a href=\"https:\/\/www.oehweb.at\/wp-content\/uploads\/2024\/10\/Beschlussprotokoll_15102024.pdf\">zum Protokoll<\/a><\/p>\n<p><strong>Beschlussprotokoll zur 2. o. UV-Sitzung im Sommersemester 2024<\/strong><br \/>\n<a href=\"https:\/\/www.oehweb.at\/wp-content\/uploads\/2024\/12\/Beschlussprotokoll_10062024.pdf\">zum Protokoll<\/a><\/p>\n<p><strong>Beschlussprotokoll zur 1. o. UV-Sitzung im Sommersemester 2024<\/strong><br \/>\n<a href=\"https:\/\/www.oehweb.at\/wp-content\/uploads\/2024\/12\/Beschlussprotokoll_22032024.pdf\">zum Protokoll<\/a><\/p>\n<p><strong>Beschlussprotokoll zur 2. o. UV-Sitzung im Wintersemester 2023\/2024<\/strong><br \/>\n<a href=\"https:\/\/www.oehweb.at\/wp-content\/uploads\/2024\/12\/Beschlussprotokoll_19012024.pdf\">zum Protokoll<\/a><\/p>\n<p><strong>Beschlussprotokoll zur 1. o. UV-Sitzung im Wintersemester 2023\/2024<\/strong><br \/>\n<a href=\"https:\/\/www.oehweb.at\/wp-content\/uploads\/2024\/12\/Beschlussprotokoll_25102023.pdf\">zum Protokoll<\/a><\/p>\n\r\n\t\t<\/div>\r\n\t<\/div><\/li><\/ul><\/div><\/div><\/div><div class=\"grve-column wpb_column grve-column-1\" ><div class=\"grve-column-wrapper\" ><div class=\"grve-element grve-text vc_custom_1605651009314\">\r\n\t\t\t<hr style=\"border-color: #ff9000;\" \/>\n\r\n\t\t<\/div>\r\n\t<\/div><\/div><\/div><\/div><div class=\"grve-background-wrapper\"><\/div><\/div><div class=\"grve-section grve-row-section grve-fullwidth-background grve-padding-top-1x grve-bg-none\"  style=\"color:#000000;\"><div class=\"grve-container\"><div class=\"grve-row grve-bookmark grve-columns-gap-60\"><div class=\"grve-column wpb_column grve-column-1-2\" ><div class=\"grve-column-wrapper\" ><div class=\"grve-element grve-text\">\r\n\t\t\t<h2 class=\"headline-smaller-mobile\">Wahlergebnisse<br \/>\n\u00d6H-Wahl 2025<\/h2>\n\r\n\t\t<\/div>\r\n\t<\/div><\/div><div class=\"grve-column wpb_column grve-column-1-2\" ><div class=\"grve-column-wrapper\" ><div class=\"grve-element grve-text vc_custom_1749724158870\">\r\n\t\t\t<p><strong>\u00d6H-Wahlergebnis 2025 \u2013 Studienvertretungen<\/strong><br \/>\n<strong><a href=\"https:\/\/www.oehweb.at\/wp-content\/uploads\/2025\/05\/Ergebnisse-StV-Wahl-2025.pdf\">zum Dokument<\/a><br \/>\n<\/strong><\/p>\n<p><strong>\u00d6H-Wahlergebnis 2025 \u2013 Hochschulvertretung<br \/>\n<a href=\"https:\/\/www.oehweb.at\/wp-content\/uploads\/2025\/05\/Wahlergebnisse_Hochschulvertretungswahl.pdf\">zum Dokument<\/a><\/strong><br \/>\n<em><strong><br \/>\n<\/strong><\/em><\/p>\n<p><strong>\u00d6H-Wahlergebnis 2025 \u2013 Bundesvertretung<br \/>\n<a href=\"https:\/\/www.oehweb.at\/wp-content\/uploads\/2025\/05\/Wahlergebnis-Bundesvertretung.pdf\"><span style=\"color: #000000;\">zum Dokument<\/span><\/a><\/strong><\/p>\n\r\n\t\t<\/div>\r\n\t<\/div><\/div><div class=\"grve-column wpb_column grve-column-1\" ><div class=\"grve-column-wrapper\" ><div class=\"grve-element grve-text vc_custom_1605651009314\">\r\n\t\t\t<hr style=\"border-color: #ff9000;\" \/>\n\r\n\t\t<\/div>\r\n\t<\/div><\/div><\/div><\/div><div class=\"grve-background-wrapper\"><\/div><\/div><div class=\"grve-section grve-row-section grve-fullwidth-background grve-padding-top-1x grve-bg-none grve-desktop-row-hide grve-tablet-row-hide grve-tablet-sm-row-hide grve-mobile-row-hide\"  style=\"color:#000000;\"><div class=\"grve-container\"><div class=\"grve-row grve-bookmark grve-columns-gap-60\"><div class=\"grve-column wpb_column grve-column-1-2\" ><div class=\"grve-column-wrapper\" ><div class=\"grve-element grve-text\">\r\n\t\t\t<h2 class=\"headline-smaller-mobile\">Wahlergebnisse<br \/>\n\u00d6H-Wahl 2023<\/h2>\n\r\n\t\t<\/div>\r\n\t<\/div><\/div><div class=\"grve-column wpb_column grve-column-1-2\" ><div class=\"grve-column-wrapper\" ><div class=\"grve-element grve-text vc_custom_1747653862014\">\r\n\t\t\t<p><strong>\u00d6H-Wahlergebnis 2023 \u2013 Studienvertretungen<\/strong><br \/>\n<strong><a href=\"https:\/\/www.oehweb.at\/wp-content\/uploads\/2023\/05\/Kundmachung-STV-OeH-Wahl-2023.pdf\">zum Dokument<\/a><br \/>\n<a href=\"https:\/\/www.oehweb.at\/wp-content\/uploads\/2023\/05\/Kundmachung-Korrektur-StV-Erdwissenschaften.pdf\">Korrektur der Kundmachung \u2013 StV Erdwissenschaften<\/a><br \/>\n<\/strong><\/p>\n<p><strong>\u00d6H-Wahlergebnis 2023 \u2013 Hochschulvertretung<br \/>\n<a href=\"https:\/\/www.oehweb.at\/wp-content\/uploads\/2023\/05\/Wahlergebnisse_Hochschulvertretungswahl.pdf\">zum Dokument<\/a><\/strong><br \/>\n<em><strong><a href=\"https:\/\/wahlergebnisse2023.oeh.ac.at\/#uni15\">zum Ergebnis<\/a><br \/>\n<\/strong><\/em><\/p>\n<p><strong>\u00d6H-Wahlergebnis 2023 \u2013 Bundesvertretung<br \/>\n<em><a href=\"https:\/\/wahlergebnisse2023.oeh.ac.at\/#uni0\">zum Ergebnis<\/a><\/em><\/strong><\/p>\n\r\n\t\t<\/div>\r\n\t<\/div><\/div><div class=\"grve-column wpb_column grve-column-1\" ><div class=\"grve-column-wrapper\" ><div class=\"grve-element grve-text vc_custom_1605651009314\">\r\n\t\t\t<hr style=\"border-color: #ff9000;\" \/>\n\r\n\t\t<\/div>\r\n\t<\/div><\/div><\/div><\/div><div class=\"grve-background-wrapper\"><\/div><\/div><div class=\"grve-section grve-row-section grve-fullwidth-background grve-padding-top-1x grve-padding-bottom-3x grve-bg-none\"  style=\"color:#000000;\"><div class=\"grve-container\"><div class=\"grve-row grve-bookmark grve-columns-gap-60\"><div class=\"grve-column wpb_column grve-column-1-2\" ><div class=\"grve-column-wrapper\" ><div class=\"grve-element grve-text\">\r\n\t\t\t<h2 class=\"headline-smaller-mobile\">Rechtliche<br \/>\nGrundlagen<\/h2>\n\r\n\t\t<\/div>\r\n\t<\/div><\/div><div class=\"grve-column wpb_column grve-column-1-2\" ><div class=\"grve-column-wrapper\" ><div class=\"grve-element grve-text\">\r\n\t\t\t\r\n\t\t<\/div>\r\n\t<div class=\"grve-element grve-text vc_custom_1783583919532\">\r\n\t\t\t<p><strong>Satzung der \u00d6H Innsbruck\u00a0<\/strong><br \/>\n<a style=\"color: #ff9000;\" href=\"https:\/\/www.oehweb.at\/wp-content\/uploads\/2026\/06\/Satzung-der-OeH-Innsbruck_01.07.2026.pdf\">zum Dokument<\/a><br \/>\n<strong>Anhang I &#8211; FV und StV Satzung der \u00d6H Innsbruck\u00a0<\/strong><br \/>\n<a style=\"color: #ff9000;\" href=\"https:\/\/www.oehweb.at\/wp-content\/uploads\/2026\/03\/Anhang-1-StVen-und-FVen.pdf\">zum Dokument<\/a><br \/>\n<strong>Anhang II &#8211; Referate Satzung der \u00d6H Innsbruck\u00a0<\/strong><br \/>\n<a style=\"color: #ff9000;\" href=\"https:\/\/www.oehweb.at\/wp-content\/uploads\/2026\/06\/Anhang-2-Referate.pdf\">zum Dokument<\/a><br \/>\n<strong>Anhang III &#8211; Aussch\u00fcsse Satzung der \u00d6H Innsbruck\u00a0<\/strong><br \/>\n<a style=\"color: #ff9000;\" href=\"https:\/\/www.oehweb.at\/wp-content\/uploads\/2026\/06\/Anhang-3-Ausschuesse.pdf\">zum Dokument<\/a><\/p>\n<p><strong>Gebarungsordnung<\/strong><br \/>\n<a style=\"color: #ff9000;\" href=\"https:\/\/www.oehweb.at\/wp-content\/uploads\/2026\/02\/Gebarungsordnung_fuer_UV-23.01.2026.pdf\">zum Dokument<\/a><\/p>\n<p><strong>Studienrechtliche Bestimmungen<\/strong><br \/>\n<a style=\"color: #ff9000;\" href=\"https:\/\/www.uibk.ac.at\/zentraler-rechtsdienst\/richtlinien-und-verordnungen-des-rektorats\/studienrecht\/\" target=\"_blank\" rel=\"noopener noreferrer\">zum Link<\/a><\/p>\n<p><a href=\"https:\/\/www.ris.bka.gv.at\/GeltendeFassung.wxe?Abfrage=Bundesnormen&amp;Gesetzesnummer=20008892\"><strong>Gesamte Rechtsvorschrift f\u00fcr Hochsch\u00fclerinnen- und Hochsch\u00fclerschaftsgesetz 2014<\/strong><\/a><br \/>\n<a href=\"https:\/\/www.ris.bka.gv.at\/GeltendeFassung.wxe?Abfrage=Bundesnormen&amp;Gesetzesnummer=20009048\"><strong>Gesamte Rechtsvorschrift f\u00fcr Hochsch\u00fclerinnen- und Hochsch\u00fclerschaftswahlordnung\u00a02014<\/strong><\/a><br \/>\n<a href=\"https:\/\/www.ris.bka.gv.at\/eli\/bgbl\/II\/2021\/106\/20210309?ResultFunctionToken=e5f47425-dd43-4710-9446-18fcf2d9f14e&amp;Position=1&amp;Sort=0%7cAsc&amp;Abfrage=BgblAuth&amp;Titel=&amp;Bgblnummer=&amp;SucheNachGesetzen=False&amp;SucheNachKundmachungen=False&amp;SucheNachVerordnungen=False&amp;SucheNachSonstiges=False&amp;SucheNachTeil1=False&amp;SucheNachTeil2=False&amp;SucheNachTeil3=False&amp;Einbringer=&amp;VonDatum=09.03.2021&amp;BisDatum=10.03.2021&amp;ImRisSeitVonDatum=09.03.2021&amp;ImRisSeitBisDatum=10.03.2021&amp;ImRisSeit=Undefined&amp;ResultPageSize=100&amp;Suchworte=\">\u00c4nderung der Hochsch\u00fclerinnen- und Hochsch\u00fclerschaftswahlordnung 2014<br \/>\nBGBl. II Nr. 106\/2021<\/a><\/p>\n<p><a href=\"https:\/\/www.ris.bka.gv.at\/GeltendeFassung.wxe?Abfrage=Bundesnormen&amp;Gesetzesnummer=20002128\"><strong>Universit\u00e4tsgesetz<\/strong><\/a><\/p>\n<p><a href=\"https:\/\/www.bmbwf.gv.at\/Themen\/HS-Uni\/Hochschulsystem\/Gesetzliche-Grundlagen\/UG-Novelle-2021-faq\/Fragen-und-Antworten-Studierende.html\"><span class=\"title\">UG-Novelle 2021: Die wichtigsten Fragen und Antworten f\u00fcr Studierende\u00a0<\/span><\/a><\/p>\n\r\n\t\t<\/div>\r\n\t<div class=\"grve-element grve-text\">\r\n\t\t\t<p><a href=\"https:\/\/www.oehweb.at\/wp-content\/uploads\/2022\/10\/AGB-Bu\u0308cherbo\u0308rse.pdf\"><strong>AGB \u2013 B\u00fccherb\u00f6rse<\/strong><\/a><\/p>\n\r\n\t\t<\/div>\r\n\t<\/div><\/div><\/div><\/div><div class=\"grve-background-wrapper\"><\/div><\/div><div class=\"grve-section grve-row-section grve-fullwidth-background grve-padding-top-1x grve-padding-bottom-3x grve-bg-none\"  style=\"color:#000000;\"><div class=\"grve-container\"><div class=\"grve-row grve-bookmark grve-columns-gap-60\"><div class=\"grve-column wpb_column grve-column-1-2\" ><div class=\"grve-column-wrapper\" ><div class=\"grve-element grve-text\">\r\n\t\t\t<h2 class=\"headline-smaller-mobile\"><strong>Jahresvoranschlag und Jahresabschluss<\/strong><\/h2>\n\r\n\t\t<\/div>\r\n\t<\/div><\/div><div class=\"grve-column wpb_column grve-column-1-2\" ><div class=\"grve-column-wrapper\" ><div class=\"grve-element grve-text\">\r\n\t\t\t\r\n\t\t<\/div>\r\n\t<div class=\"grve-element grve-text vc_custom_1783589858498\">\r\n\t\t\t<p><a href=\"https:\/\/www.oehweb.at\/wp-content\/uploads\/2026\/06\/JVA-26-27_BF_15_06_2026-2_260601_133948.pdf\"><span style=\"color: #0000ff;\">\u00d6H Jahresvoranschlag 2026\/2027<\/span><\/a><br \/>\nlaut UV-Beschluss vom 15.06.2026<\/p>\n<p><a href=\"https:\/\/www.oehweb.at\/wp-content\/uploads\/2026\/01\/Pruefbericht-2024_2025_23.01.2026.pdf\"><span style=\"color: #3366ff;\"><span style=\"color: #0000ff;\">\u00d6H Jahresabschluss \u2013 Bilanz und GuV 2024\/2025<\/span><\/span><\/a><\/p>\n\r\n\t\t<\/div>\r\n\t<\/div><\/div><\/div><\/div><div class=\"grve-background-wrapper\"><\/div><\/div>","protected":false},"excerpt":{"rendered":"Deine \u00d6H Dokumente T\u00e4tigkeitsberichte, Protokolle und rechtliche Grundlagen der \u00d6H. T\u00e4tigkeitsberichte Referate T\u00e4tigkeitsberichte der Referate Referat f\u00fcr ausl\u00e4ndische Studierende zum T\u00e4tigkeitsbericht Basisreferat zum T\u00e4tigkeitsbericht Referat f\u00fcr Bildungspolitik und Digitalisierung zum T\u00e4tigkeitsbericht Referat f\u00fcr Queerfeminismus und Gleichbehandlung zum T\u00e4tigkeitsbericht Referat f\u00fcr Heime und Wohnen zum T\u00e4tigkeitsbericht Referat f\u00fcr Internationales zum T\u00e4tigkeitsbericht Referat f\u00fcr \u00d6ffentlichkeitsarbeit zum T\u00e4tigkeitsbericht [...]","protected":false},"author":1,"featured_media":0,"parent":282,"menu_order":0,"comment_status":"closed","ping_status":"closed","template":"","meta":{"inline_featured_image":false,"footnotes":""},"class_list":["post-701","page","type-page","status-publish","hentry"],"yoast_head":"<!-- This site is optimized with the Yoast SEO plugin v21.8.1 - https:\/\/yoast.com\/wordpress\/plugins\/seo\/ -->\n<title>Dokumente - \u00d6H Innsbruck<\/title>\n<meta name=\"robots\" content=\"index, follow, max-snippet:-1, max-image-preview:large, max-video-preview:-1\" \/>\n<link rel=\"canonical\" href=\"https:\/\/www.oehweb.at\/en\/deine-oeh\/dokumente\/\" \/>\n<meta property=\"og:locale\" content=\"en_GB\" \/>\n<meta property=\"og:type\" content=\"article\" \/>\n<meta property=\"og:title\" content=\"Dokumente - \u00d6H Innsbruck\" \/>\n<meta property=\"og:url\" content=\"https:\/\/www.oehweb.at\/en\/deine-oeh\/dokumente\/\" \/>\n<meta property=\"og:site_name\" content=\"\u00d6H Innsbruck\" \/>\n<meta property=\"article:modified_time\" content=\"2026-08-18T06:19:42+00:00\" \/>\n<meta name=\"twitter:card\" content=\"summary_large_image\" \/>\n<meta name=\"twitter:label1\" content=\"Estimated reading time\" \/>\n\t<meta name=\"twitter:data1\" content=\"7 minutes\" \/>\n<script type=\"application\/ld+json\" class=\"yoast-schema-graph\">{\"@context\":\"https:\/\/schema.org\",\"@graph\":[{\"@type\":\"WebPage\",\"@id\":\"https:\/\/www.oehweb.at\/deine-oeh\/dokumente\/\",\"url\":\"https:\/\/www.oehweb.at\/deine-oeh\/dokumente\/\",\"name\":\"Dokumente - \u00d6H Innsbruck\",\"isPartOf\":{\"@id\":\"https:\/\/www.oehweb.at\/#website\"},\"datePublished\":\"2020-11-17T21:44:33+00:00\",\"dateModified\":\"2026-08-18T06:19:42+00:00\",\"breadcrumb\":{\"@id\":\"https:\/\/www.oehweb.at\/deine-oeh\/dokumente\/#breadcrumb\"},\"inLanguage\":\"en-GB\",\"potentialAction\":[{\"@type\":\"ReadAction\",\"target\":[\"https:\/\/www.oehweb.at\/deine-oeh\/dokumente\/\"]}]},{\"@type\":\"BreadcrumbList\",\"@id\":\"https:\/\/www.oehweb.at\/deine-oeh\/dokumente\/#breadcrumb\",\"itemListElement\":[{\"@type\":\"ListItem\",\"position\":1,\"name\":\"Home\",\"item\":\"https:\/\/www.oehweb.at\/\"},{\"@type\":\"ListItem\",\"position\":2,\"name\":\"Deine \u00d6H\",\"item\":\"https:\/\/www.oehweb.at\/deine-oeh\/\"},{\"@type\":\"ListItem\",\"position\":3,\"name\":\"Dokumente\"}]},{\"@type\":\"WebSite\",\"@id\":\"https:\/\/www.oehweb.at\/#website\",\"url\":\"https:\/\/www.oehweb.at\/\",\"name\":\"\u00d6H Innsbruck\",\"description\":\"Wir sind die \u00d6sterreichische Hochsch\u00fclerInnenschaft an der Universit\u00e4t Innsbruck\",\"publisher\":{\"@id\":\"https:\/\/www.oehweb.at\/#organization\"},\"potentialAction\":[{\"@type\":\"SearchAction\",\"target\":{\"@type\":\"EntryPoint\",\"urlTemplate\":\"https:\/\/www.oehweb.at\/?s={search_term_string}\"},\"query-input\":\"required name=search_term_string\"}],\"inLanguage\":\"en-GB\"},{\"@type\":\"Organization\",\"@id\":\"https:\/\/www.oehweb.at\/#organization\",\"name\":\"\u00d6H Innsrbruck\",\"url\":\"https:\/\/www.oehweb.at\/\",\"logo\":{\"@type\":\"ImageObject\",\"inLanguage\":\"en-GB\",\"@id\":\"https:\/\/www.oehweb.at\/#\/schema\/logo\/image\/\",\"url\":\"https:\/\/www.oehweb.at\/wp-content\/uploads\/2020\/11\/OEH-Innsbruck-Logo.svg\",\"contentUrl\":\"https:\/\/www.oehweb.at\/wp-content\/uploads\/2020\/11\/OEH-Innsbruck-Logo.svg\",\"width\":448,\"height\":255,\"caption\":\"\u00d6H Innsrbruck\"},\"image\":{\"@id\":\"https:\/\/www.oehweb.at\/#\/schema\/logo\/image\/\"}}]}<\/script>\n<!-- \/ Yoast SEO plugin. -->","yoast_head_json":{"title":"Dokumente - \u00d6H Innsbruck","robots":{"index":"index","follow":"follow","max-snippet":"max-snippet:-1","max-image-preview":"max-image-preview:large","max-video-preview":"max-video-preview:-1"},"canonical":"https:\/\/www.oehweb.at\/en\/deine-oeh\/dokumente\/","og_locale":"en_GB","og_type":"article","og_title":"Dokumente - \u00d6H Innsbruck","og_url":"https:\/\/www.oehweb.at\/en\/deine-oeh\/dokumente\/","og_site_name":"\u00d6H Innsbruck","article_modified_time":"2026-08-18T06:19:42+00:00","twitter_card":"summary_large_image","twitter_misc":{"Estimated reading time":"7 minutes"},"schema":{"@context":"https:\/\/schema.org","@graph":[{"@type":"WebPage","@id":"https:\/\/www.oehweb.at\/deine-oeh\/dokumente\/","url":"https:\/\/www.oehweb.at\/deine-oeh\/dokumente\/","name":"Dokumente - \u00d6H Innsbruck","isPartOf":{"@id":"https:\/\/www.oehweb.at\/#website"},"datePublished":"2020-11-17T21:44:33+00:00","dateModified":"2026-08-18T06:19:42+00:00","breadcrumb":{"@id":"https:\/\/www.oehweb.at\/deine-oeh\/dokumente\/#breadcrumb"},"inLanguage":"en-GB","potentialAction":[{"@type":"ReadAction","target":["https:\/\/www.oehweb.at\/deine-oeh\/dokumente\/"]}]},{"@type":"BreadcrumbList","@id":"https:\/\/www.oehweb.at\/deine-oeh\/dokumente\/#breadcrumb","itemListElement":[{"@type":"ListItem","position":1,"name":"Home","item":"https:\/\/www.oehweb.at\/"},{"@type":"ListItem","position":2,"name":"Deine \u00d6H","item":"https:\/\/www.oehweb.at\/deine-oeh\/"},{"@type":"ListItem","position":3,"name":"Dokumente"}]},{"@type":"WebSite","@id":"https:\/\/www.oehweb.at\/#website","url":"https:\/\/www.oehweb.at\/","name":"\u00d6H Innsbruck","description":"Wir sind die \u00d6sterreichische Hochsch\u00fclerInnenschaft an der Universit\u00e4t Innsbruck","publisher":{"@id":"https:\/\/www.oehweb.at\/#organization"},"potentialAction":[{"@type":"SearchAction","target":{"@type":"EntryPoint","urlTemplate":"https:\/\/www.oehweb.at\/?s={search_term_string}"},"query-input":"required name=search_term_string"}],"inLanguage":"en-GB"},{"@type":"Organization","@id":"https:\/\/www.oehweb.at\/#organization","name":"\u00d6H Innsrbruck","url":"https:\/\/www.oehweb.at\/","logo":{"@type":"ImageObject","inLanguage":"en-GB","@id":"https:\/\/www.oehweb.at\/#\/schema\/logo\/image\/","url":"https:\/\/www.oehweb.at\/wp-content\/uploads\/2020\/11\/OEH-Innsbruck-Logo.svg","contentUrl":"https:\/\/www.oehweb.at\/wp-content\/uploads\/2020\/11\/OEH-Innsbruck-Logo.svg","width":448,"height":255,"caption":"\u00d6H Innsrbruck"},"image":{"@id":"https:\/\/www.oehweb.at\/#\/schema\/logo\/image\/"}}]}},"_links":{"self":[{"href":"https:\/\/www.oehweb.at\/en\/wp-json\/wp\/v2\/pages\/701","targetHints":{"allow":["GET"]}}],"collection":[{"href":"https:\/\/www.oehweb.at\/en\/wp-json\/wp\/v2\/pages"}],"about":[{"href":"https:\/\/www.oehweb.at\/en\/wp-json\/wp\/v2\/types\/page"}],"author":[{"embeddable":true,"href":"https:\/\/www.oehweb.at\/en\/wp-json\/wp\/v2\/users\/1"}],"replies":[{"embeddable":true,"href":"https:\/\/www.oehweb.at\/en\/wp-json\/wp\/v2\/comments?post=701"}],"version-history":[{"count":369,"href":"https:\/\/www.oehweb.at\/en\/wp-json\/wp\/v2\/pages\/701\/revisions"}],"predecessor-version":[{"id":11698,"href":"https:\/\/www.oehweb.at\/en\/wp-json\/wp\/v2\/pages\/701\/revisions\/11698"}],"up":[{"embeddable":true,"href":"https:\/\/www.oehweb.at\/en\/wp-json\/wp\/v2\/pages\/282"}],"wp:attachment":[{"href":"https:\/\/www.oehweb.at\/en\/wp-json\/wp\/v2\/media?parent=701"}],"curies":[{"name":"wp","href":"https:\/\/api.w.org\/{rel}","templated":true}]}}