{"id":9481,"date":"2025-02-04T09:11:29","date_gmt":"2025-02-04T08:11:29","guid":{"rendered":"https:\/\/www.oehweb.at\/?page_id=9481"},"modified":"2026-06-16T10:30:07","modified_gmt":"2026-06-16T08:30:07","slug":"oeh-wahlen-2025","status":"publish","type":"page","link":"https:\/\/www.oehweb.at\/en\/oeh-wahlen-2025\/","title":{"rendered":"\u00d6H Wahlen 2025"},"content":{"rendered":"<div class=\"grve-section grve-row-section grve-fullwidth-background grve-padding-top-3x grve-padding-bottom-3x grve-bg-none grve-headings-light grve-mobile-row-hide\"  style=\"color:#ffffff;\"><div class=\"grve-container\"><div class=\"grve-row grve-bookmark grve-columns-gap-30\"><div class=\"grve-column wpb_column grve-column-2-3\" ><div class=\"grve-column-wrapper\" ><div class=\"grve-element grve-text grve-leader-text vc_custom_1744878890767\">\r\n\t\t\t<p><img loading=\"lazy\" decoding=\"async\" class=\"alignnone size-full wp-image-9835\" src=\"https:\/\/www.oehweb.at\/wp-content\/uploads\/2025\/04\/Bild1.png\" alt=\"\" width=\"165\" height=\"130\" \/><\/p>\n<p>\u00d6H Wahlen 2025<\/p>\n\r\n\t\t<\/div>\r\n\t<\/div><\/div><\/div><\/div><div class=\"grve-background-wrapper\">  <div class=\"grve-bg-image grve-bg-right-center grve-bg-image-id-6978\"   style=\"background-image: url(https:\/\/www.oehweb.at\/wp-content\/uploads\/2023\/06\/Header-Baum-6.12.22-1.jpg);\"><\/div>  <div class=\"grve-bg-overlay\" style=\"background:rgba(0,0,0,0.5); background: linear-gradient(90deg,rgba(0,0,0,0.5) 0%,rgba(0,0,0,0.01) 100%);\"><\/div><\/div><\/div><div class=\"grve-section grve-row-section grve-fullwidth-background grve-padding-top-3x grve-padding-bottom-3x grve-bg-none grve-headings-light grve-desktop-row-hide grve-tablet-row-hide grve-tablet-sm-row-hide\"  style=\"color:#ffffff;\"><div class=\"grve-container\"><div class=\"grve-row grve-bookmark grve-columns-gap-30\"><div class=\"grve-column wpb_column grve-column-1-2\" ><div class=\"grve-column-wrapper\" ><div class=\"grve-element grve-text grve-leader-text vc_custom_1744878913837\">\r\n\t\t\t<p><img loading=\"lazy\" decoding=\"async\" class=\"alignnone size-full wp-image-9835\" src=\"https:\/\/www.oehweb.at\/wp-content\/uploads\/2025\/04\/Bild1.png\" alt=\"\" width=\"165\" height=\"130\" \/><\/p>\n<p>\u00d6H Wahlen 2025<\/p>\n\r\n\t\t<\/div>\r\n\t<\/div><\/div><div class=\"grve-column wpb_column grve-column-1-2\" ><div class=\"grve-column-wrapper\" ><\/div><\/div><\/div><\/div><div class=\"grve-background-wrapper\">  <div class=\"grve-bg-image grve-bg-right-center grve-bg-image-id-6978\"   style=\"background-image: url(https:\/\/www.oehweb.at\/wp-content\/uploads\/2023\/06\/Header-Baum-6.12.22-1.jpg);\"><\/div>  <div class=\"grve-bg-overlay\" style=\"background:rgba(0,0,0,0.5); background: linear-gradient(90deg,rgba(0,0,0,0.5) 0%,rgba(0,0,0,0.01) 100%);\"><\/div><\/div><\/div><div class=\"grve-section grve-row-section grve-fullwidth-background grve-padding-top-1x grve-padding-bottom-1x grve-bg-none\"  style=\"background:#ff9000;background: linear-gradient(90deg,#ff9000 0%,rgba(25,180,215,0.9) 100%);\"><div class=\"grve-container\"><div class=\"grve-row grve-bookmark grve-columns-gap-30\"><div class=\"grve-column wpb_column grve-column-1\" ><div class=\"grve-column-wrapper\" ><div class=\"grve-element grve-text\">\r\n\t\t\t<div class=\"grve-column wpb_column grve-column-1-2\">\n<div class=\"grve-column-wrapper\">\n<div class=\"grve-element grve-text\">\n<h2 class=\"headline-smaller-mobile\">Wahlergebnisse<br \/>\nzur \u00d6H-Wahl 2025<\/h2>\n<\/div>\n<\/div>\n<\/div>\n<div class=\"grve-column wpb_column grve-column-1-2\">\n<div class=\"grve-column-wrapper\">\n<div class=\"grve-element grve-text vc_custom_1621584919085\">\n<div id=\"grve-main-content\">\n<div class=\"grve-main-content-wrapper clearfix\">\n<article id=\"post-2345\" class=\"grve-single-post post-2345 post type-post status-publish format-standard has-post-thumbnail hentry category-allgemein\">\n<div id=\"grve-single-content\">\n<div>\n<div class=\"grve-container\">\n<p><strong>\u00d6H-Wahlergebnis 2025 \u2013 Hochschulvertretung<br \/>\n<a href=\"https:\/\/www.oehweb.at\/wp-content\/uploads\/2025\/05\/Wahlergebnisse_Hochschulvertretungswahl.pdf\">zum Dokument<\/a><\/strong><\/p>\n<p><strong>\u00d6H-Wahlergebnis 2025 \u2013 Studienvertretungen<\/strong><br \/>\n<a href=\"https:\/\/www.oehweb.at\/wp-content\/uploads\/2025\/05\/Ergebnisse-StV-Wahl-2025.pdf\"><strong>zum Dokument<\/strong><\/a><\/p>\n<p><strong>\u00d6H-Wahlergebnis 2025 \u2013 Bundesvertretung<br \/>\n<a href=\"https:\/\/www.oehweb.at\/wp-content\/uploads\/2025\/05\/Wahlergebnis-Bundesvertretung.pdf\">zum Dokument<\/a><br \/>\n<\/strong><strong><em><br \/>\n<\/em><\/strong><\/p>\n<\/div>\n<\/div>\n<\/div>\n<\/article>\n<\/div>\n<\/div>\n<\/div>\n<\/div>\n<\/div>\n<div class=\"grve-container\"><\/div>\n<div><\/div>\n\r\n\t\t<\/div>\r\n\t<\/div><\/div><\/div><\/div><div class=\"grve-background-wrapper\"><\/div><\/div><div class=\"grve-section grve-row-section grve-fullwidth-background grve-padding-top-1x grve-padding-bottom-1x grve-bg-none grve-desktop-row-hide grve-tablet-row-hide grve-tablet-sm-row-hide grve-mobile-row-hide\"  style=\"background:#ff9000;background: linear-gradient(90deg,#ff9000 0%,rgba(25,180,215,0.9) 100%);\"><div class=\"grve-container\"><div class=\"grve-row grve-bookmark grve-columns-gap-30\"><div class=\"grve-column wpb_column grve-column-1\" ><div class=\"grve-column-wrapper\" ><div class=\"grve-element grve-text grve-leader-text vc_custom_1738573780906\">\r\n\t\t\t<h5><strong>Hier findest du alle aktuellen Daten zur \u00d6H-Wahl 2025<\/strong><\/h5>\n<p><strong>13. &#8211; 15. Mai 2025<\/strong><\/p>\n\r\n\t\t<\/div>\r\n\t<div class=\"grve-element grve-text\">\r\n\t\t\t<h2 class=\"headline-smaller-mobile\">Kundmachungen<br \/>\nzur \u00d6H-Wahl 2025<\/h2>\n<p><a href=\"https:\/\/www.oehweb.at\/wp-content\/uploads\/2025\/03\/access_times_Universitaet.pdf\"><strong>Einsichtnahme W\u00e4hler_innenverzeichnis 2025<\/strong><\/a><\/p>\n<p><a href=\"https:\/\/www.oehweb.at\/wp-content\/uploads\/2025\/02\/Wahltageverordnung-OeH-Wahl-2025.pdf\"><strong>Wahltagsverordnung 2025<\/strong><\/a><\/p>\n<p><a href=\"https:\/\/www.oehweb.at\/wp-content\/uploads\/2025\/02\/Einbringungsstelle-OeH-Wahl-2025.pdf\"><strong>Einbringungsstelle 2025<\/strong><\/a><\/p>\n<p><strong>\u00d6ffnungszeiten<\/strong> f\u00fcr die Einbringung von <strong>Kandidaturen<\/strong> bei Mag. Lang (Zentraler Rechtsdienst) sind folgende:<\/p>\n<p>Montag bis Donnerstag 09:30 bis 11:30 und 13:30 bis 15:30 und<br \/>\nFreitag 09:30 bis 11:30 Uhr<br \/>\noder nach Vereinbarung.<\/p>\n<p>Frist f\u00fcr Kandidaturen &#8211; Studienvertretungen ab 25.03.2025 \u2013 17.04.2025<br \/>\nFrist f\u00fcr Wahlvorschl\u00e4ge Universit\u00e4tsvertung ab 25.03.2025 \u2013 08.04.2025<\/p>\n\r\n\t\t<\/div>\r\n\t<div class=\"grve-element grve-text\">\r\n\t\t\t\r\n\t\t<\/div>\r\n\t<\/div><\/div><\/div><\/div><div class=\"grve-background-wrapper\"><\/div><\/div><div class=\"grve-section grve-row-section grve-fullwidth-background grve-padding-top-1x grve-padding-bottom-1x grve-bg-none\"  style=\"background:#ff9000;background: linear-gradient(90deg,#ff9000 0%,rgba(25,180,215,0.9) 100%);\"><div class=\"grve-container\"><div class=\"grve-row grve-bookmark grve-columns-gap-30\"><div class=\"grve-column wpb_column grve-column-1\" ><div class=\"grve-column-wrapper\" ><div class=\"grve-element grve-text grve-leader-text vc_custom_1738573780906\">\r\n\t\t\t<h5><strong>Hier findest du alle aktuellen Daten zur \u00d6H-Wahl 2025<\/strong><\/h5>\n<p><strong>13. &#8211; 15. Mai 2025<\/strong><\/p>\n\r\n\t\t<\/div>\r\n\t<div class=\"grve-element grve-text\">\r\n\t\t\t<h2 class=\"headline-smaller-mobile\">Kundmachungen<br \/>\nzur \u00d6H-Wahl 2025<\/h2>\n<p><a href=\"https:\/\/www.oehweb.at\/wp-content\/uploads\/2025\/03\/access_times_Universitaet.pdf\"><strong>Einsichtnahme W\u00e4hler_innenverzeichnis 2025<\/strong><\/a><\/p>\n<p><a href=\"https:\/\/www.oehweb.at\/wp-content\/uploads\/2025\/02\/Wahltageverordnung-OeH-Wahl-2025.pdf\"><strong>Wahltagsverordnung 2025<\/strong><\/a><\/p>\n<p><a href=\"https:\/\/www.oehweb.at\/wp-content\/uploads\/2025\/02\/Einbringungsstelle-OeH-Wahl-2025.pdf\"><strong>Einbringungsstelle 2025<\/strong><\/a><\/p>\n<p><a href=\"https:\/\/www.oehweb.at\/wp-content\/uploads\/2025\/04\/Kundmachung-Wahlstandorte-und-Wahlzeiten_2025_.pdf\"><strong>Wahlstandorte und Wahlzeiten 2025<\/strong><\/a><\/p>\n<p><a href=\"https:\/\/www.oehweb.at\/wp-content\/uploads\/2025\/05\/OeH-Wahlen-2025_Verbotszonen.pdf\"><strong>Kundmachung Verbotszonen \u00d6H Wahl 2025<\/strong><\/a><\/p>\n\r\n\t\t<\/div>\r\n\t<div class=\"grve-element grve-text\">\r\n\t\t\t\r\n\t\t<\/div>\r\n\t<\/div><\/div><\/div><\/div><div class=\"grve-background-wrapper\"><\/div><\/div><div class=\"grve-section grve-row-section grve-fullwidth-background grve-padding-top-3x grve-padding-bottom-3x grve-bg-none grve-headings-light\"  style=\"background:#000ed8;background: linear-gradient(135deg,#000ed8 0%,rgba(255,144,0,0.8) 100%);color:#ffffff;\"><div class=\"grve-container\"><div class=\"grve-row grve-bookmark grve-columns-gap-30\"><div class=\"grve-column wpb_column grve-column-1 link-color-white\" ><div class=\"grve-column-wrapper\" ><div class=\"grve-element grve-text\">\r\n\t\t\t<h2><strong>Kundmachungen<br \/>\nWahlvorschl\u00e4ge zur \u00d6H Wahl 2025<\/strong><\/h2>\n<p><a href=\"https:\/\/www.oehweb.at\/wp-content\/uploads\/2025\/04\/Wahlwerbende-Gruppen-HV_2025_aktuell.pdf\"><strong>Kundmachung Wahlvorschl\u00e4ge HV 2025<\/strong><\/a><\/p>\n<p><a href=\"https:\/\/www.oehweb.at\/wp-content\/uploads\/2025\/04\/BV-Kundmachung-2025.pdf\"><strong>Kundmachung Wahlvorschl\u00e4ge BV \u00d6H Wahl 2025<\/strong><\/a><\/p>\n<p><a href=\"https:\/\/www.oehweb.at\/wp-content\/uploads\/2025\/04\/Kundmachung-Studienvertretungen-2025.pdf\"><strong>Kundmachung Kandidaturen StV \u00d6H Wahl 2025<\/strong><\/a><\/p>\n<p><a href=\"https:\/\/www.oehweb.at\/wp-content\/uploads\/2025\/05\/Korrektur-StV-Integriertes-Diplomstudium.pdf\"><strong>Korrektur Kundmachung Kandidaturen StV Integriertes Diplomstudium \u00d6H Wahl 2025<\/strong><\/a><\/p>\n\r\n\t\t<\/div>\r\n\t<div class=\"grve-element grve-text vc_custom_1676542845118\">\r\n\t\t\t\r\n\t\t<\/div>\r\n\t<\/div><\/div><\/div><\/div><div class=\"grve-background-wrapper\"><\/div><\/div><div class=\"grve-section grve-row-section grve-fullwidth-background grve-padding-top-3x grve-padding-bottom-3x grve-bg-none grve-headings-light\"  style=\"background:#ff9000;background: linear-gradient(135deg,#ff9000 0%,rgba(255,144,0,0.8) 100%);color:#ffffff;\"><div class=\"grve-container\"><div class=\"grve-row grve-bookmark grve-columns-gap-30\"><div class=\"grve-column wpb_column grve-column-1 link-color-white\" ><div class=\"grve-column-wrapper\" ><div class=\"grve-element grve-text vc_custom_1676542845118\">\r\n\t\t\t\r\n\t\t<\/div>\r\n\t<div class=\"grve-element grve-text\">\r\n\t\t\t<h2><strong>Hier findest du die Wahlausgabe der UNIpress<\/strong><\/h2>\n<p><a href=\"https:\/\/www.unipress.at\/wp-content\/uploads\/2025\/05\/UNIpress_OEH_Wahl25_archiv_2.pdf\">UNIpress_OEH_Wahl25_archiv_2.pdf<\/a><\/p>\n\r\n\t\t<\/div>\r\n\t<div class=\"grve-element grve-text vc_custom_1738574545045\">\r\n\t\t\t<div style=\"font-size: 20px;\"><strong>Alle Infos zur \u00d6H Wahl 2025<br \/>\n<\/strong><\/div>\n\r\n\t\t<\/div>\r\n\t<div class=\"grve-element grve-accordion\"><ul class=\"grve-accordion-wrapper grve-action-accordion grve-style-1\"><li><div class=\"grve-title-wrapper grve-tab-link grve-align-left\" data-rel=\"#1681222139655-ad44d179-bd0a\"><div class=\"grve-accordion-arrow grve-accordion-plus grve-position-left\"><i class=\"fa fa-plus\"><\/i><\/div><h3 class=\"grve-title grve-h6\">\u00d6H Wahlen - How to do<\/h3><\/div><div class=\"grve-accordion-content\" id=\"1681222139655-ad44d179-bd0a\"><div class=\"grve-element grve-text\">\r\n\t\t\t<p>Alle zwei Jahre finden die \u00d6H-Wahlen statt, bei welchen du die M\u00f6glichkeit hast, deine Vertretung f\u00fcr die n\u00e4chsten zwei Jahre zu w\u00e4hlen.<br \/>\nNutze deine Stimme um die Zukunft deines Studiums mitzubestimmen!<\/p>\n<p>Wenn du an den Wahltagen verhindert bist, kannst du auch eine Briefwahlkarte beantragen. Achtung! Per Brief kannst du nur die Universit\u00e4tsvertretung und die Bundesvertretung w\u00e4hlen. Deine Studienvertretung kannst du nur vor Ort w\u00e4hlen.<\/p>\n<p><strong>Wann finden die \u00d6H Wahlen statt?<br \/>\n<\/strong>Von 13. bis 15. Mai 2025<\/p>\n<p><strong>Wer darf w\u00e4hlen?<br \/>\n<\/strong>Wahlberechtigt sind <strong>alle ordentlichen \u00d6H Mitglieder (Studierende),<\/strong> wenn sie ihren \u00d6H-Beitrag f\u00fcrs Sommersemester 2025 bis sp\u00e4testens 25. M\u00e4rz eingezahlt haben (Besser 2 Tage vorher einzahlen!!). Auch Incomings (an die Hochschule gekommen) sowie Outcomings (gerade auf Auslandssemester) haben die M\u00f6glichkeit, zu w\u00e4hlen.<\/p>\n<p><strong>Was wird gew\u00e4hlt?<br \/>\n<\/strong>Die \u00d6H Wahlen erstrecken sich auf 3 Ebenen:<br \/>\nDu kannst auf den Stimmzetteln deine Studienvertretung (StV), die Universit\u00e4tsvertretung (UV), und die Bundesvertretung (BV) w\u00e4hlen. Die UV ist die lokale Vertretung an deiner Hochschule \u2013 in deinem Fall die \u00d6H Innsbruck. Die BV ist die bundesweite Vertretung aller Hochschulen, die sogenannte Bundes \u00d6H. Die UV sowie auch die BV werden nach Listen gew\u00e4hlt. Die Studienvertretung vertritt dein jeweiliges Studium und wird direkt nach Personen gew\u00e4hlt. Also informiere dich bestenfalls auch dar\u00fcber, wer in deinem Studium kandidiert.<\/p>\n\r\n\t\t<\/div>\r\n\t<\/div><\/li><li><div class=\"grve-title-wrapper grve-tab-link grve-align-left\" data-rel=\"#1681222139713-c40bf90a-47c3\"><div class=\"grve-accordion-arrow grve-accordion-plus grve-position-left\"><i class=\"fa fa-plus\"><\/i><\/div><h3 class=\"grve-title grve-h6\">Kandidatur bei den \u00d6H Wahlen<\/h3><\/div><div class=\"grve-accordion-content\" id=\"1681222139713-c40bf90a-47c3\"><div class=\"grve-element grve-text\">\r\n\t\t\t<p>Dear students,<\/p>\n<p>Wir haben f\u00fcr dich s\u00e4mtliche Informationen zusammengestellt, die du f\u00fcr eine Kandidatur als Studienvertreter_in brauchen k\u00f6nntest.<\/p>\n<ul>\n<li><strong>Kandidatur f\u00fcr die Universit\u00e4tsvertretung der Universit\u00e4t Innsbruck<\/strong><\/li>\n<\/ul>\n<p>Um f\u00fcr die Universit\u00e4tsvertretung zu kandidieren, musst du Teil einer wahlwerbenden Gruppe sein. Die aktuell in der Universit\u00e4tsvertretung vertretenen wahlwerbenden Gruppen findest du auf: <a href=\"https:\/\/www.oehweb.at\/en\/deine-oeh\/\">Deine \u00d6H &#8211; \u00d6H Innsbruck (oehweb.at)<\/a><\/p>\n<p><strong>Die Einbringung von Wahlvorschl\u00e4gen ist erst ab Beginn der Einbringungsfrist am 25.03.2025 m\u00f6glich.<\/strong><\/p>\n<p><strong>Fristende f\u00fcr Wahlvorschl\u00e4ge: 08.04.2025<\/strong><\/p>\n<ul>\n<li><strong>Kandidatur f\u00fcr die Studienvertretung <\/strong><em>(Es ist eine Personenwahl, unabh\u00e4ngig von Fraktionen)<\/em><strong><br \/>\n<\/strong><\/li>\n<\/ul>\n<p>Folgende Informationen kommen direkt aus der Wahlkommission und erkl\u00e4ren dir alles, was du f\u00fcr die Kandidatur f\u00fcr die Studienvertretung wissen musst:<\/p>\n<p>Um selbst passiv wahlberechtigt als Studienvertreter_in zu sein (= gew\u00e4hlt werden zu k\u00f6nnen) m\u00fcssen folgende Voraussetzungen gegeben sein:<\/p>\n<p>Mindestens 18 Jahre alt (bis zum ersten Wahltag)<\/p>\n<p>Zulassung zu einem Studium\u00a0oder die\u00a0Fortsetzungsmeldung eines Studiums<\/p>\n<p><u>Einlangen<\/u> des \u00d6H-Beitrages bis zum <strong>25.03.2025<\/strong> (besser 2 -3 Tage vorher einzahlen!!)<br \/>\n<em>\u00dcberpr\u00fcfung dazu im LFU online &#8211; Zahlungsbest\u00e4tigung<\/em><\/p>\n<p>Inskription eines Studiums, das der zu w\u00e4hlenden Studienvertretung zugeordnet ist.<\/p>\n<p><strong>Die Einbringung von Kandidaturen ist erst ab Beginn der Einbringungsfrist am 25.03.2025 m\u00f6glich.<\/strong><\/p>\n<p><strong><br \/>\n<\/strong><strong>Fristende Kanditaturen: 17.04.2025<br \/>\n<\/strong><em>Bis sp\u00e4testens <strong>17.04.2025<\/strong> muss die Kandidatur samt Studienbest\u00e4tigung in der Rechtsabteilung der UNI (Mag. Lang) eingelangt sein \u2013 siehe:<br \/>\n<strong><a href=\"https:\/\/www.oehweb.at\/wp-content\/uploads\/2025\/02\/Einbringungsstelle-OeH-Wahl-2025.pdf\">https:\/\/www.oehweb.at\/wp-content\/uploads\/2025\/02\/Einbringungsstelle-OeH-Wahl-2025.pdf<\/a><\/strong><\/em><\/p>\n<p><em>Achtung beim Brief \u2013 dieser muss am 17.04.2025 in der Rechtsabteilung eingelangt sein, sonst ist die Kandidatur nicht g\u00fcltig!)<\/em><\/p>\n<p>F\u00fcr die Kandidatur ist dieses Formular auszuf\u00fcllen:<\/p>\n<p><a href=\"https:\/\/www.oehweb.at\/wp-content\/uploads\/2023\/03\/II_79_2019_Anlage_6_ausfuellbar.pdf\"><strong>https:\/\/www.oehweb.at\/wp-content\/uploads\/2023\/03\/II_79_2019_Anlage_6_ausfuellbar.pdf<\/strong><\/a><\/p>\n<p>&nbsp;<\/p>\n<p><strong><u>Hinweis:<\/u><\/strong> Eine Kandidatur vor dem <strong>25.03.2025<\/strong> ist nicht m\u00f6glich!<\/p>\n\r\n\t\t<\/div>\r\n\t<\/div><\/li><li><div class=\"grve-title-wrapper grve-tab-link grve-align-left\" data-rel=\"#1681222139768-88a2eb75-9f9b\"><div class=\"grve-accordion-arrow grve-accordion-plus grve-position-left\"><i class=\"fa fa-plus\"><\/i><\/div><h3 class=\"grve-title grve-h6\">Formulare zur Einbringung von Wahlvorschl\u00e4gen und Kandidaturen<\/h3><\/div><div class=\"grve-accordion-content\" id=\"1681222139768-88a2eb75-9f9b\"><div class=\"grve-element grve-text\">\r\n\t\t\t<h2><strong>Hochschulvertretung<\/strong><\/h2>\n<p><strong><a href=\"https:\/\/www.oehweb.at\/wp-content\/uploads\/2023\/03\/II_79_2019_Anlage_3_ausfuellbar.pdf\">Wahlvorschlag HV &#8211; Anlage 3<\/a><\/strong><\/p>\n<p><strong><a href=\"https:\/\/www.oehweb.at\/wp-content\/uploads\/2023\/03\/II_106_2021_Anlage_3a_ausfuellbar.pdf\">Zustimmungserkl\u00e4rung zur Kandidatur auf der HV Liste &#8211; Anlage 3a<\/a><\/strong><\/p>\n<p><a href=\"https:\/\/www.oehweb.at\/wp-content\/uploads\/2023\/03\/II_79_2019_Anlage_5_ausfuellbar.pdf\"><strong>Unterst\u00fctzungserkl\u00e4rungen f\u00fcr HV Liste (Liste gesamt) \u2013 Anlage 5<\/strong><\/a><\/p>\n<p><a href=\"https:\/\/www.oehweb.at\/wp-content\/uploads\/2023\/03\/II_106_2021_Anlage_5a_ausfuellbar.pdf\"><strong>Unterst\u00fctzungserkl\u00e4rung f\u00fcr HV Liste (Einzeln) \u2013 Anlage 5a<\/strong><\/a><\/p>\n<p><a href=\"https:\/\/www.oehweb.at\/wp-content\/uploads\/2023\/03\/II_106_2021_Anlage_5b_ausfuellbar.pdf\"><strong>Unterst\u00fctzungserkl\u00e4rung f\u00fcr bestehende HV Liste (Mandatar_in der Liste &amp; ZBV) gem\u00e4\u00df \u00a7 27 Abs 8 HSWO \u2013 Anlage 5b<\/strong><\/a><\/p>\n<p>Die Kandidat_innen haben sowohl auf dem Wahlvorschlag Anlage 3 als auch auf der Zustimmungserkl\u00e4rung Anlage 3a zu unterzeichnen!<\/p>\n<h2><strong>Studienvertretung<\/strong><\/h2>\n<p><a href=\"https:\/\/www.oehweb.at\/wp-content\/uploads\/2023\/03\/II_79_2019_Anlage_6_ausfuellbar.pdf\"><strong>Bekanntgabe der Kandidatur StV \u2013 Anlage 6<\/strong><\/a><\/p>\n<p><strong>Hinweis zur g\u00fcltigen Kandidatur als StudienvertreterIn<br \/>\n<\/strong>Vor- und Familienname<br \/>\nGeburtsjahr<br \/>\nAdresse und PLZ<br \/>\nBezeichnung des Studiums<br \/>\nMartrikelnummer\/ Registration number of the University<br \/>\nMailadresse ( \u2026@student.uibk.ac.at)<br \/>\nConfirmation of enrolment<\/p>\n<p><a href=\"https:\/\/www.oehweb.at\/wp-content\/uploads\/2025\/02\/Einbringungsstelle-OeH-Wahl-2025.pdf\">https:\/\/www.oehweb.at\/wp-content\/uploads\/2025\/02\/Einbringungsstelle-OeH-Wahl-2025.pdf<\/a><\/p>\n\r\n\t\t<\/div>\r\n\t<\/div><\/li><li><div class=\"grve-title-wrapper grve-tab-link grve-align-left\" data-rel=\"#1741867852330-2177b0a4-dbd5\"><div class=\"grve-accordion-arrow grve-accordion-plus grve-position-left\"><i class=\"fa fa-plus\"><\/i><\/div><h3 class=\"grve-title grve-h6\">Briefwahl<\/h3><\/div><div class=\"grve-accordion-content\" id=\"1741867852330-2177b0a4-dbd5\"><div class=\"grve-element grve-text\">\r\n\t\t\t<div class=\"page-header\">\n<h1 class=\"entry-title\">FAQs zur Briefwahl<\/h1>\n<p class=\"entry-title\"><em>&#8211; von der Bundes\u00d6H Seite \u00fcbernommen:<\/em><\/p>\n<\/div>\n<div class=\"page-content\">\n<p>Auch bei dieser Wahl kannst du deine Stimme wieder per Briefwahl abgeben. <strong>Ab 3. April<\/strong> kannst du \u00fcber unser Wahlportal eine Wahlkarte beantragen<\/p>\n<p><strong>Aber Achtung:<\/strong> Nur die Wahlen der Bundesvertretung und der Hochschulvertretungen sind auch durch Briefwahl in Form der \u00dcbermittlung einer Wahlkarte zul\u00e4ssig. Wenn du schon eine Wahlkarte beantragt hast, aber dann trotzdem pers\u00f6nlich w\u00e4hlen gehen m\u00f6chtest, musst du deine unausgef\u00fcllte und nicht unterschriebene Wahlkarte und alle beiliegenden Dokumente unbedingt zum Wahllokal mitnehmen. Solltest du deine Wahlkarte bereits unterschrieben bzw. vollst\u00e4ndig ausgef\u00fcllt haben (auch, wenn du sie noch nicht abgeschickt hast), ist eine Wahl vor Ort ausnahmslos <b>NICHT mehr m\u00f6glich<\/b>! Dies gilt auch f\u00fcr den Fall, <b>wenn du nur die Studienvertretung vor Ort w\u00e4hlen m\u00f6chtest.<\/b><\/p>\n<p>Die Beantragung einer Briefwahlkarte erfolgt \u00fcber folgenden Link: <a href=\"https:\/\/wahlportal.oeh.ac.at\" target=\"_blank\" rel=\"noopener\">wahlportal.oeh.ac.at<\/a><\/p>\n<p>Bei weiteren Fragen helfen wir dir gerne unter <a href=\"mailto:oehwahl25@oeh.ac.at\">oehwahl25 AT oeh.ac.at<\/a> weiter.<\/p>\n<p><strong>FAQs zur Briefwahl:<\/strong><\/p>\n<ul>\n<li><strong>Wann finden die \u00d6H-Wahlen statt?<\/strong><br \/>\nDie bundesweiten \u00d6H-Wahlen 2025 finden von 13. Mai bis 15. Mai statt.<\/li>\n<\/ul>\n<ul>\n<li><strong>Wer darf w\u00e4hlen?<\/strong><br \/>\nWahlberechtigt sind\u00a0<strong>alle ordentlichen \u00d6H Mitglieder (Studierende)<\/strong> wenn sie sich f\u00fcr das Sommersemester 2025 bis sp\u00e4testens 25. M\u00e4rz r\u00fcckgemeldet haben. Auch Incomings (an die Hochschule gekommen), Outgoings (gerade auf Auslandssemester, individuelle oder ausl\u00e4ndische Studierende) haben die M\u00f6glichkeit zu w\u00e4hlen.<\/li>\n<\/ul>\n<ul>\n<li><strong>Wer kann eine Wahlkarte beantragen und wie?<\/strong><br \/>\n\u00dcber unser <a href=\"https:\/\/wahlportal.oeh.ac.at\" target=\"_blank\" rel=\"noopener\">Wahlportal<\/a> k\u00f6nnen <strong>ab 3. April<\/strong> alle Wahlberechtigten eine Briefwahlkarte beantragt.<\/li>\n<\/ul>\n<ul>\n<li><strong>Was per Brief w\u00e4hlen?<\/strong><br \/>\nPer Briefwahl k\u00f6nnen nur die Hochschul- und Bundesvertretung gew\u00e4hlt werden. Die Studienvertretung kann nur direkt an der Hochschule vor Ort gew\u00e4hlt werden. Beachte, dass eine Mischung aus Brief- und Pr\u00e4senzwahl nicht m\u00f6glich ist.<\/li>\n<\/ul>\n<ul>\n<li><strong>Wann ist der sp\u00e4teste Zeitpunkt, um die Briefwahl zu beantragen?<\/strong><br \/>\nBeantragt werden kann die Briefwahlkarte ab <strong>03. April 2025<\/strong> bis eine Woche vor dem ersten Wahltag, also <strong>06<\/strong><strong>. Mai 2025<\/strong>.<\/li>\n<\/ul>\n<ul>\n<li><strong>Wie erfolgt die Zustellung der Wahlkarte?<\/strong><br \/>\nDie Wahlkarte wird per Post an die Wohnadresse geschickt. Wenn die Wahlkarte an eine andere Adresse geschickt werden soll, muss die gew\u00fcnschte Adresse im Antrag angegeben werden.<\/li>\n<\/ul>\n<ul>\n<li><strong>Bis wann muss meine Wahlkarte bei der Wahlkommission eintreffen, damit sie gez\u00e4hlt wird?<\/strong><br \/>\nDie Wahlkarte muss bis sp\u00e4testens 18.00 Uhr am 14.05.2025 bei der Wahlkommission einlangen und korrekt ausgef\u00fcllt sein, damit die Stimme auch g\u00fcltig ist.<\/li>\n<\/ul>\n<ul>\n<li><strong>Wohin bringe ich meine ausgef\u00fcllten Wahlkarten?<\/strong><br \/>\nDie Wahlkarte kann entweder in den n\u00e4chstgelegenen Postkasten eingeworfen oder pers\u00f6nlich bei der Wahlkommission der \u00d6H in der Taubstummengasse 7, 1040 Wien, 4. Stock, rechter Trakt (\u00d6ffnungszeiten: Mo \u2013 Mi 10 \u2013 12 Uhr, Do 11 \u2013 14 Uhr) abgegeben werden. Die <strong>ausgef\u00fcllte<\/strong> Wahlkarte kann <strong>nicht<\/strong> an den Wahltagen bei deiner Wahlkommission vor Ort abgegeben werden<\/li>\n<\/ul>\n<ul>\n<li><strong>Was mache ich, wenn ich keine Sozialversicherungsnummer habe?<\/strong><br \/>\nAnstatt der Sozialversicherungsnummer kann das Ersatzkennzeichen angegeben werden.<br \/>\nFehlt das Ersatzkennzeichen, ist es eine Ausstellung der Wahlkarte nicht m\u00f6glich.<br \/>\nDetaillierte Anfordernisse zur Beantragung der Wahlkarte findest du im \u00a7 53 HSWO.<\/li>\n<\/ul>\n<ul>\n<li><strong>Ich bin f\u00fcr mehrere Hochschulen wahlberechtigt. Ist es m\u00f6glich, nur f\u00fcr eine Hochschule eine Wahlkarte zu beantragen?<br \/>\n<\/strong>Eine Wahlkarte muss nur einmal beantragt werden. Du bekommst dann automatisch die Stimmzettel f\u00fcr die BV und alle HV(en), f\u00fcr die du wahlberechtigt bist, zugesendet.<\/li>\n<\/ul>\n<ul>\n<li><strong>Ich bin f\u00fcr mehrere Hochschulen wahlberechtigt. Kann ich an der einen Hochschule f\u00fcr alle meine Wahlen w\u00e4hlen?<br \/>\n<\/strong>Die BV ist immer an der ersten Bildungseinrichtung zu w\u00e4hlen, an der man zum Wahlvorgang erscheint.<br \/>\nDaher kann man beim Wahlvorgang an der ersten Bildungseinrichtung die BV, die dortige HV und die STV f\u00fcr sein dortiges Studium w\u00e4hlen.<br \/>\nStudiert man auch noch an einer zweiten Bildungseinrichtung kann man vor Ort an der zweiten Hochschule dann die dortige HV und die STV f\u00fcr sein dortiges Studium w\u00e4hlen. Die Wahl mehrerer HVen an einer Hochschule ist nicht m\u00f6glich.<\/li>\n<\/ul>\n<ul>\n<li><strong>Wie bekomme ich als Nicht-\u00d6sterreicher_in ein Ersatzkennzeichen?<br \/>\n<\/strong>Das Ersatzkennzeichen wird durch die Bildungeinrichtungen vergeben, fu\u0308r diejenigen, die keine \u00f6sterreichische SV-Nummer haben. Bitte log dich auf deiner Online Hochschulenplattform ein und schau bei deinen Pers\u00f6nlichen Daten nach \u2013 da sollte dein Ersatzkennzeichen auffindbar sein.<\/li>\n<\/ul>\n<ul>\n<li><strong>Wie erfolgt die Authentifikation bei der Briefwahl?<br \/>\n<\/strong>Die Authentifikation erfolgt entweder mit Handy Signatur, B\u00fcrgerkarte, ID-Austria oder mit Upload eines Ausweisdokuments.<\/li>\n<\/ul>\n<ul>\n<li><strong>Falsche Versandadresse f\u00fcr Briefwahl \u2013 Was tun?<br \/>\n<\/strong>Leider kann der Wahlkartenantrag nicht mehr berichtigt bzw. zur\u00fcckgezogen werden.<\/li>\n<\/ul>\n<ul>\n<li><strong>Erhalte ich eine Best\u00e4tigungsmail, nach dem Wahlantrag? Woher wei\u00df ich, dass alles funktioniert hat?<br \/>\n<\/strong>Ja. Wenn dieser von der Wahlkommission der \u00d6H bearbeitet worden ist, wird eine Benachrichtigung versendet.<\/li>\n<\/ul>\n<ul>\n<li><strong>Ich bin an mehreren Hochschulen wahlberechtigt. Kann ich einmal per Briefwahl und die restlichen Hochschulen vor Ort w\u00e4hlen?<br \/>\n<\/strong>Das ist nicht m\u00f6glich. Wenn man eine Wahlkarte beantragt, bekommt man den Stimmzettel f\u00fcr die Bundesvertretung und die Stimmzettel f\u00fcr alle Hochschulvertretungen, f\u00fcr die eine Wahlberechtigung besteht, zugesendet. \u00a7 51 HSWO 2014 f\u00fchrt dazu aus: \u201eWurde eine Wahlkarte von einer oder einem Wahlberechtigten beantragt und an diese oder diesen versandt oder von dieser oder diesem bei der Wahlkommission der \u00d6sterreichischen Hochsch\u00fclerinnen- und Hochsch\u00fclerschaft abgeholt, ist eine pers\u00f6nliche Stimmabgabe vor der zust\u00e4ndigen Wahlkommission oder Unterwahlkommission oder Unterkommission f\u00fcr die Wahl der Bundesvertretung, der Hochschulvertretung und der Studienvertretung nur unter Abgabe dieser Wahlkarte samt allen Unterlagen m\u00f6glich. Nach erfolgter Abgabe der Wahlkarte samt allen Unterlagen ist eine pers\u00f6nliche Stimmabgabe vor allen \u00fcbrigen Wahlkommissionen oder Unterwahlkommissionen oder Unterkommission, bei denen ein weiteres Wahlrecht besteht, zul\u00e4ssig.\u201c<\/li>\n<\/ul>\n<h3>Achtung<\/h3>\n<hr \/>\n<p>Wurde bereits eine Briefwahlkarte beantragt, kann die Studienvertretung nur gew\u00e4hlt werden, wenn s\u00e4mtliche zugesendeten Briefwahlunterlagen unausgef\u00fcllt vor Ort in einem Wahllokal gegen Stimmzettel eingetauscht werden. Die beiliegende Eidesstaatliche Erkl\u00e4rung darf ebenfalls noch nicht ausgef\u00fcllt sein.<\/p>\n<\/div>\n\r\n\t\t<\/div>\r\n\t<\/div><\/li><li><div class=\"grve-title-wrapper grve-tab-link grve-align-left\" data-rel=\"#1741869079827-a3d7e6bd-f282\"><div class=\"grve-accordion-arrow grve-accordion-plus grve-position-left\"><i class=\"fa fa-plus\"><\/i><\/div><h3 class=\"grve-title grve-h6\">Zusammenfassung der Fristen f\u00fcr die \u00d6H Wahl 2025<\/h3><\/div><div class=\"grve-accordion-content\" id=\"1741869079827-a3d7e6bd-f282\"><div class=\"grve-element grve-text\">\r\n\t\t\t<p>aktive und passive Wahlberechtigung<em> (Einzahlung des \u00d6H-Beitrags SoSe 2025, besser 2 Tage vorher)<\/em>:<br \/>\n<strong>bis 25. M\u00e4rz 2025<\/strong><\/p>\n<p>Einreichfrist f\u00fcr Wahlvorschl\u00e4ge <em>(inkl. Zustimmungserkl\u00e4rungen und ben\u00f6tigter Unterst\u00fctzungserkl\u00e4rungen)<\/em> zur Universit\u00e4tsvertretung<strong>:<\/strong><br \/>\n<strong>25. M\u00e4rz bis 08. April 2025<\/strong><\/p>\n<p>Einreichfrist f\u00fcr die Bekanntgabe der Kandidatur zur Studienvertretung:<br \/>\n<strong>25. M\u00e4rz bis 17. April 2025<\/strong><\/p>\n<p>Frist zur Einsichtnahme ins W\u00e4hler_innenverzeichnis und zur Einbringung von schriftlichen Einspr\u00fcchen gegen das W\u00e4hler_innenverzeichnis:<br \/>\n<strong>03. April bis 08. April 2025<\/strong><\/p>\n<p>Frist f\u00fcr die Beantragung einer Wahlkarte:<br \/>\n<strong>03. April bis 06. Mai 2025<\/strong><\/p>\n<p>Frist f\u00fcr die Verlautbarung der Ergebnisse:<br \/>\n<strong>15. bis 22. Mai 2025<\/strong><\/p>\n\r\n\t\t<\/div>\r\n\t<\/div><\/li><\/ul><\/div><\/div><\/div><\/div><\/div><div class=\"grve-background-wrapper\"><\/div><\/div><div class=\"grve-section grve-row-section grve-fullwidth-background grve-padding-bottom-1x grve-bg-none\"><div class=\"grve-container\"><div class=\"grve-row grve-bookmark grve-columns-gap-30\"><div class=\"grve-column wpb_column grve-column-1\" ><div class=\"grve-column-wrapper\" ><div class=\"grve-element grve-text\">\r\n\t\t\t<div class=\"grve-column wpb_column grve-column-1-2\">\n<div class=\"grve-column-wrapper\">\n<div class=\"grve-element grve-text\">\n<h2 class=\"headline-smaller-mobile\"><strong>Rechtliche<br \/>\n<\/strong><strong>Grundlagen<\/strong><\/h2>\n<p>siehe:<\/p>\n<blockquote class=\"wp-embedded-content\" data-secret=\"F5iib8IRG2\"><p>\n<a href=\"https:\/\/www.oehweb.at\/en\/deine-oeh\/dokumente\/\">Dokumente<\/a>\n<\/p><\/blockquote>\n<p><iframe loading=\"lazy\" class=\"wp-embedded-content\" sandbox=\"allow-scripts\" security=\"restricted\" style=\"position: absolute; visibility: hidden;\" title=\"&#8222;Dokumente&#8220; &#8211; \u00d6H Innsbruck\" src=\"https:\/\/www.oehweb.at\/deine-oeh\/dokumente\/embed\/#?secret=ocPug7N5HM#?secret=F5iib8IRG2\" data-secret=\"F5iib8IRG2\" width=\"600\" height=\"338\" frameborder=\"0\" marginwidth=\"0\" marginheight=\"0\" scrolling=\"no\"><\/iframe><\/p>\n<p>&nbsp;<\/p>\n<\/div>\n<\/div>\n<\/div>\n\r\n\t\t<\/div>\r\n\t<\/div><\/div><\/div><\/div><div class=\"grve-background-wrapper\"><\/div><\/div>","protected":false},"excerpt":{"rendered":"\u00d6H Wahlen 2025 \u00d6H Wahlen 2025 Wahlergebnisse zur \u00d6H-Wahl 2025 \u00d6H-Wahlergebnis 2025 \u2013 Hochschulvertretung zum Dokument \u00d6H-Wahlergebnis 2025 \u2013 Studienvertretungen zum Dokument \u00d6H-Wahlergebnis 2025 \u2013 Bundesvertretung zum Dokument Hier findest du alle aktuellen Daten zur \u00d6H-Wahl 2025 13. - 15. Mai 2025 Kundmachungen zur \u00d6H-Wahl 2025 Einsichtnahme W\u00e4hler_innenverzeichnis 2025 Wahltagsverordnung 2025 Einbringungsstelle 2025 \u00d6ffnungszeiten f\u00fcr [...]","protected":false},"author":5,"featured_media":0,"parent":0,"menu_order":0,"comment_status":"closed","ping_status":"closed","template":"","meta":{"inline_featured_image":false,"footnotes":""},"class_list":["post-9481","page","type-page","status-publish","hentry"],"yoast_head":"<!-- This site is optimized with the Yoast SEO plugin v21.8.1 - https:\/\/yoast.com\/wordpress\/plugins\/seo\/ -->\n<title>\u00d6H Wahlen 2025 - \u00d6H Innsbruck<\/title>\n<meta name=\"robots\" content=\"index, follow, max-snippet:-1, max-image-preview:large, max-video-preview:-1\" \/>\n<link rel=\"canonical\" href=\"https:\/\/www.oehweb.at\/en\/oeh-wahlen-2025\/\" \/>\n<meta property=\"og:locale\" content=\"en_GB\" \/>\n<meta property=\"og:type\" content=\"article\" \/>\n<meta property=\"og:title\" content=\"\u00d6H Wahlen 2025 - \u00d6H Innsbruck\" \/>\n<meta property=\"og:url\" content=\"https:\/\/www.oehweb.at\/en\/oeh-wahlen-2025\/\" \/>\n<meta property=\"og:site_name\" content=\"\u00d6H Innsbruck\" \/>\n<meta property=\"article:modified_time\" content=\"2026-06-16T08:30:07+00:00\" \/>\n<meta property=\"og:image\" content=\"https:\/\/www.oehweb.at\/wp-content\/uploads\/2025\/04\/Bild1.png\" \/>\n<meta name=\"twitter:card\" content=\"summary_large_image\" \/>\n<meta name=\"twitter:label1\" content=\"Estimated reading time\" \/>\n\t<meta name=\"twitter:data1\" content=\"11 minutes\" \/>\n<script type=\"application\/ld+json\" class=\"yoast-schema-graph\">{\"@context\":\"https:\/\/schema.org\",\"@graph\":[{\"@type\":\"WebPage\",\"@id\":\"https:\/\/www.oehweb.at\/oeh-wahlen-2025\/\",\"url\":\"https:\/\/www.oehweb.at\/oeh-wahlen-2025\/\",\"name\":\"\u00d6H Wahlen 2025 - \u00d6H Innsbruck\",\"isPartOf\":{\"@id\":\"https:\/\/www.oehweb.at\/#website\"},\"datePublished\":\"2025-02-04T08:11:29+00:00\",\"dateModified\":\"2026-06-16T08:30:07+00:00\",\"breadcrumb\":{\"@id\":\"https:\/\/www.oehweb.at\/oeh-wahlen-2025\/#breadcrumb\"},\"inLanguage\":\"en-GB\",\"potentialAction\":[{\"@type\":\"ReadAction\",\"target\":[\"https:\/\/www.oehweb.at\/oeh-wahlen-2025\/\"]}]},{\"@type\":\"BreadcrumbList\",\"@id\":\"https:\/\/www.oehweb.at\/oeh-wahlen-2025\/#breadcrumb\",\"itemListElement\":[{\"@type\":\"ListItem\",\"position\":1,\"name\":\"Home\",\"item\":\"https:\/\/www.oehweb.at\/\"},{\"@type\":\"ListItem\",\"position\":2,\"name\":\"\u00d6H Wahlen 2025\"}]},{\"@type\":\"WebSite\",\"@id\":\"https:\/\/www.oehweb.at\/#website\",\"url\":\"https:\/\/www.oehweb.at\/\",\"name\":\"\u00d6H Innsbruck\",\"description\":\"Wir sind die \u00d6sterreichische Hochsch\u00fclerInnenschaft an der Universit\u00e4t Innsbruck\",\"publisher\":{\"@id\":\"https:\/\/www.oehweb.at\/#organization\"},\"potentialAction\":[{\"@type\":\"SearchAction\",\"target\":{\"@type\":\"EntryPoint\",\"urlTemplate\":\"https:\/\/www.oehweb.at\/?s={search_term_string}\"},\"query-input\":\"required name=search_term_string\"}],\"inLanguage\":\"en-GB\"},{\"@type\":\"Organization\",\"@id\":\"https:\/\/www.oehweb.at\/#organization\",\"name\":\"\u00d6H Innsrbruck\",\"url\":\"https:\/\/www.oehweb.at\/\",\"logo\":{\"@type\":\"ImageObject\",\"inLanguage\":\"en-GB\",\"@id\":\"https:\/\/www.oehweb.at\/#\/schema\/logo\/image\/\",\"url\":\"https:\/\/www.oehweb.at\/wp-content\/uploads\/2020\/11\/OEH-Innsbruck-Logo.svg\",\"contentUrl\":\"https:\/\/www.oehweb.at\/wp-content\/uploads\/2020\/11\/OEH-Innsbruck-Logo.svg\",\"width\":448,\"height\":255,\"caption\":\"\u00d6H Innsrbruck\"},\"image\":{\"@id\":\"https:\/\/www.oehweb.at\/#\/schema\/logo\/image\/\"}}]}<\/script>\n<!-- \/ Yoast SEO plugin. -->","yoast_head_json":{"title":"\u00d6H Wahlen 2025 - \u00d6H Innsbruck","robots":{"index":"index","follow":"follow","max-snippet":"max-snippet:-1","max-image-preview":"max-image-preview:large","max-video-preview":"max-video-preview:-1"},"canonical":"https:\/\/www.oehweb.at\/en\/oeh-wahlen-2025\/","og_locale":"en_GB","og_type":"article","og_title":"\u00d6H Wahlen 2025 - \u00d6H Innsbruck","og_url":"https:\/\/www.oehweb.at\/en\/oeh-wahlen-2025\/","og_site_name":"\u00d6H Innsbruck","article_modified_time":"2026-06-16T08:30:07+00:00","og_image":[{"url":"https:\/\/www.oehweb.at\/wp-content\/uploads\/2025\/04\/Bild1.png"}],"twitter_card":"summary_large_image","twitter_misc":{"Estimated reading time":"11 minutes"},"schema":{"@context":"https:\/\/schema.org","@graph":[{"@type":"WebPage","@id":"https:\/\/www.oehweb.at\/oeh-wahlen-2025\/","url":"https:\/\/www.oehweb.at\/oeh-wahlen-2025\/","name":"\u00d6H Wahlen 2025 - \u00d6H Innsbruck","isPartOf":{"@id":"https:\/\/www.oehweb.at\/#website"},"datePublished":"2025-02-04T08:11:29+00:00","dateModified":"2026-06-16T08:30:07+00:00","breadcrumb":{"@id":"https:\/\/www.oehweb.at\/oeh-wahlen-2025\/#breadcrumb"},"inLanguage":"en-GB","potentialAction":[{"@type":"ReadAction","target":["https:\/\/www.oehweb.at\/oeh-wahlen-2025\/"]}]},{"@type":"BreadcrumbList","@id":"https:\/\/www.oehweb.at\/oeh-wahlen-2025\/#breadcrumb","itemListElement":[{"@type":"ListItem","position":1,"name":"Home","item":"https:\/\/www.oehweb.at\/"},{"@type":"ListItem","position":2,"name":"\u00d6H Wahlen 2025"}]},{"@type":"WebSite","@id":"https:\/\/www.oehweb.at\/#website","url":"https:\/\/www.oehweb.at\/","name":"\u00d6H Innsbruck","description":"Wir sind die \u00d6sterreichische Hochsch\u00fclerInnenschaft an der Universit\u00e4t Innsbruck","publisher":{"@id":"https:\/\/www.oehweb.at\/#organization"},"potentialAction":[{"@type":"SearchAction","target":{"@type":"EntryPoint","urlTemplate":"https:\/\/www.oehweb.at\/?s={search_term_string}"},"query-input":"required name=search_term_string"}],"inLanguage":"en-GB"},{"@type":"Organization","@id":"https:\/\/www.oehweb.at\/#organization","name":"\u00d6H Innsrbruck","url":"https:\/\/www.oehweb.at\/","logo":{"@type":"ImageObject","inLanguage":"en-GB","@id":"https:\/\/www.oehweb.at\/#\/schema\/logo\/image\/","url":"https:\/\/www.oehweb.at\/wp-content\/uploads\/2020\/11\/OEH-Innsbruck-Logo.svg","contentUrl":"https:\/\/www.oehweb.at\/wp-content\/uploads\/2020\/11\/OEH-Innsbruck-Logo.svg","width":448,"height":255,"caption":"\u00d6H Innsrbruck"},"image":{"@id":"https:\/\/www.oehweb.at\/#\/schema\/logo\/image\/"}}]}},"_links":{"self":[{"href":"https:\/\/www.oehweb.at\/en\/wp-json\/wp\/v2\/pages\/9481","targetHints":{"allow":["GET"]}}],"collection":[{"href":"https:\/\/www.oehweb.at\/en\/wp-json\/wp\/v2\/pages"}],"about":[{"href":"https:\/\/www.oehweb.at\/en\/wp-json\/wp\/v2\/types\/page"}],"author":[{"embeddable":true,"href":"https:\/\/www.oehweb.at\/en\/wp-json\/wp\/v2\/users\/5"}],"replies":[{"embeddable":true,"href":"https:\/\/www.oehweb.at\/en\/wp-json\/wp\/v2\/comments?post=9481"}],"version-history":[{"count":83,"href":"https:\/\/www.oehweb.at\/en\/wp-json\/wp\/v2\/pages\/9481\/revisions"}],"predecessor-version":[{"id":11504,"href":"https:\/\/www.oehweb.at\/en\/wp-json\/wp\/v2\/pages\/9481\/revisions\/11504"}],"wp:attachment":[{"href":"https:\/\/www.oehweb.at\/en\/wp-json\/wp\/v2\/media?parent=9481"}],"curies":[{"name":"wp","href":"https:\/\/api.w.org\/{rel}","templated":true}]}}